
{"id":23678,"date":"2025-05-27T10:13:11","date_gmt":"2025-05-27T08:13:11","guid":{"rendered":"https:\/\/www.plantedforests.org\/?post_type=tribe_events&#038;p=23678"},"modified":"2025-05-30T15:16:40","modified_gmt":"2025-05-30T13:16:40","slug":"webinar-after-the-storm-pathways-to-forest-recovery-and-restoration-in-ireland-and-beyond","status":"publish","type":"tribe_events","link":"https:\/\/www.plantedforests.org\/pt\/event\/webinar-after-the-storm-pathways-to-forest-recovery-and-restoration-in-ireland-and-beyond\/","title":{"rendered":"Webinar\u00a0\u201cAfter the Storm: Pathways to Forest Recovery and Restoration in Ireland and Beyond\u201d"},"content":{"rendered":"<div  class=\"tribe-events-schedule tribe-clearfix\" >\n\t<p class=\"tribe-events-schedule__datetime\">\n\t\t<span class=\"tribe-events-schedule__date tribe-events-schedule__date--start\">\n\t\t\t11 Junho 2025\t\t<\/span>\n\n\t\t\t\t\t<span class=\"tribe-events-schedule__separator tribe-events-schedule__separator--date\">\n\t\t\t\t @ \t\t\t<\/span>\n\t\t\t<span class=\"tribe-events-schedule__time tribe-events-schedule__time--start\">\n\t\t\t\t16:00\t\t\t<\/span>\n\t\t\n\t\t\t\t\t\t\t\t\t<span class=\"tribe-events-schedule__separator tribe-events-schedule__separator--time\">\n\t\t\t\t\t &#8211; \t\t\t\t<\/span>\n\t\t\t\n\t\t\t\t\t\t\t<span class=\"tribe-events-schedule__time tribe-events-schedule__time--end\">\n\t\t\t\t\t17:30\t\t\t\t<\/span>\n\t\t\t\n\t\t\t\t\t\t\t<span class=\"tribe-events-schedule__timezone\">CEST<\/span>\n\t\t\t\t\t\t<\/p>\n<\/div>\n\n\n\n<p class=\"has-black-color has-text-color has-link-color wp-elements-a051eb3c525a7d7cbe722d30e389dc17\">On the wake of Storm Eowyn \u2013 which occurred this year on 24 January 2025 and brought unprecedented wind speeds and widespread disruption across Ireland \u2013 forest landscapes have suffered significant damage across the country.<\/p>\n\n\n\n<p class=\"has-black-color has-text-color has-link-color wp-elements-0982307358a66594bc1d7c4056ce2ec3\">This webinar, organized under SUPERB project&#8217;s \u201cForest Restoration Talks\u201d series in collaboration with the European Integrate Network, TRANSFORMIT project and FoRISK facility, brings together forestry professionals, environmental scientists, policymakers, and a landowner to examine the extent and nature of the storm-related damage in Ireland as well as look at other European examples of major forest disturbances.<\/p>\n\n\n\n<p class=\"has-black-color has-text-color has-link-color wp-elements-1d9f1791ed951a4adef22f9d1d21cb19\">Together, we\u2019ll explore the immediate impacts, assess longer-term ecological and economic implications, and discuss practices for recovery, resilience planning and climate adaptation measures.<\/p>\n\n\n\n<p class=\"has-black-color has-text-color has-link-color wp-elements-849f8877874f35090f9d5d3eef7d56e9\"><strong>Key Themes and Questions:<\/strong><\/p>\n\n\n\n<ul class=\"wp-block-list has-black-color has-text-color has-link-color wp-elements-ea9017c0850a16c2d6104cd74a426f5f\">\n<li>How can we better deal with future disturbances across European forests?<\/li>\n\n\n\n<li>How do we transform \/ adapt our forests to make them more climate resilient?<\/li>\n\n\n\n<li>What can we learn from past experiences to recover and restore forests in an integrative way?<\/li>\n\n\n\n<li>What are current preliminary findings on storm damage across different forest types and regions?<\/li>\n\n\n\n<li>What are strategies to salvage logging, replant and protect biodiversity after storm damage?<\/li>\n\n\n\n<li>How can policy and funding from government and EU support recovery?<\/li>\n<\/ul>\n\n\n\n<p class=\"has-black-color has-text-color has-link-color wp-elements-c5afb79af12fd6b929eabc16c56e1ac9\"><strong>Panelists<\/strong>:<\/p>\n\n\n\n<p class=\"has-black-color has-text-color has-link-color wp-elements-558647cd799e81db2545ddf251096e9b\">\u2013 <em>Noel Kelly<\/em>, Irish forest owner majorly affected by storm <em>\u00c9owyn<\/em><\/p>\n\n\n\n<p class=\"has-black-color has-text-color has-link-color wp-elements-e4bac73b9e994f64de53951d5de870c7\">\u2013 <strong><em>Christophe Orazio <\/em>from <a href=\"https:\/\/r.mail.resonateforest.org\/mk\/cl\/f\/sh\/6rqJfgq8dIZPfDeQgWPYsJGpCIV\/Ny5hjpOuJz4d\">IEFC<\/a><\/strong>&nbsp;(Aquitaine, France) brings in knowledge and expertise on forest risk management and climate change adaptation<\/p>\n\n\n\n<p class=\"has-black-color has-text-color has-link-color wp-elements-43568da3532f3c1af35ece5d18ac46cc\">\u2013 <em>Jo O\u2019Hara<\/em>&nbsp;is a professional Chartered Forester, director of FutureArk Ltd and a non-executive board member of <a href=\"https:\/\/r.mail.resonateforest.org\/mk\/cl\/f\/sh\/6rqJfgq8dIb4hfwaApp6nuOkpbX\/2CoJPvmpn3_6\">Forestry and Land Scotland<\/a>. She brings in policy and strategy expertise in relation to change management.<\/p>\n\n\n\n<p class=\"has-black-color has-text-color has-link-color wp-elements-5a21248ad1728b21df83b4c7febc678c\">\u2013 Irish Ministry representative <em>(TBA)<\/em><\/p>\n\n\n\n<p class=\"has-black-color has-text-color has-link-color wp-elements-afbe69728f72769be9512543c90109c7\">\u2013 <em>Dr. Carolin Stiehl<\/em>&nbsp;from <a href=\"https:\/\/r.mail.resonateforest.org\/mk\/cl\/f\/sh\/6rqJfgq8dIcjk8Ejf9EejVWgSuZ\/BPdU-qsq7mje\">Wald &amp; Holz NRW<\/a>&nbsp;brings in expertise in forest management and restoration implications after major forest disturbance.<\/p>\n\n\n\n<p class=\"has-text-color has-link-color wp-elements-4e8c3861fb463cead002b26ade5094b0\" style=\"color:#006633\"><strong><a href=\"https:\/\/us02web.zoom.us\/webinar\/register\/WN_q5PagtkpTQeRGU7skdJjvA#\/registration\" target=\"_blank\" rel=\"noreferrer noopener\">REGISTRATION<\/a><\/strong><\/p>\n\n\n<div  class=\"tribe-block tribe-block__event-price\" >\n\t\t<\/div>\n\n\n\n\n<div  class=\"tribe-block tribe-block__venue tribe-clearfix\" >\n\t\n\t\t\n\t<\/div>\n\n\n\n\n\t<div  class=\"tribe-block tribe-block__events-link\" >\n\t\t<div class=\"tribe-events tribe-common\">\n\t\t\t<div class=\"tribe-events-c-subscribe-dropdown__container\">\n\t\t\t\t<div class=\"tribe-events-c-subscribe-dropdown\">\n\t\t\t\t\t<div class=\"tribe-common-c-btn-border tribe-events-c-subscribe-dropdown__button\">\n\t\t\t\t\t\t<svg\n\t class=\"tribe-common-c-svgicon tribe-common-c-svgicon--cal-export tribe-events-c-subscribe-dropdown__export-icon\" \taria-hidden=\"true\"\n\tviewBox=\"0 0 23 17\"\n\txmlns=\"http:\/\/www.w3.org\/2000\/svg\"\n>\n\t<path fill-rule=\"evenodd\" clip-rule=\"evenodd\" d=\"M.128.896V16.13c0 .211.145.383.323.383h15.354c.179 0 .323-.172.323-.383V.896c0-.212-.144-.383-.323-.383H.451C.273.513.128.684.128.896Zm16 6.742h-.901V4.679H1.009v10.729h14.218v-3.336h.901V7.638ZM1.01 1.614h14.218v2.058H1.009V1.614Z\" \/>\n\t<path d=\"M20.5 9.846H8.312M18.524 6.953l2.89 2.909-2.855 2.855\" stroke-width=\"1.2\" stroke-linecap=\"round\" stroke-linejoin=\"round\"\/>\n<\/svg>\n\t\t\t\t\t\t<button\n\t\t\t\t\t\t\tclass=\"tribe-events-c-subscribe-dropdown__button-text\"\n\t\t\t\t\t\t\taria-expanded=\"false\"\n\t\t\t\t\t\t\taria-controls=\"tribe-events-subscribe-dropdown-content\"\n\t\t\t\t\t\t\taria-label=\"View links to add events to your calendar\"\n\t\t\t\t\t\t>\n\t\t\t\t\t\t\tAdicionar ao calend\u00e1rio\t\t\t\t\t\t<\/button>\n\t\t\t\t\t\t<svg\n\t class=\"tribe-common-c-svgicon tribe-common-c-svgicon--caret-down tribe-events-c-subscribe-dropdown__button-icon\" \taria-hidden=\"true\"\n\tviewBox=\"0 0 10 7\"\n\txmlns=\"http:\/\/www.w3.org\/2000\/svg\"\n>\n\t<path fill-rule=\"evenodd\" clip-rule=\"evenodd\" d=\"M1.008.609L5 4.6 8.992.61l.958.958L5 6.517.05 1.566l.958-.958z\" class=\"tribe-common-c-svgicon__svg-fill\"\/>\n<\/svg>\n\t\t\t\t\t<\/div>\n\t\t\t\t\t<div id=\"tribe-events-subscribe-dropdown-content\" class=\"tribe-events-c-subscribe-dropdown__content\">\n\t\t\t\t\t\t<ul class=\"tribe-events-c-subscribe-dropdown__list\">\n\t\t\t\t\t\t\t\t\t\t\t\t\t\t\t<li class=\"tribe-events-c-subscribe-dropdown__list-item tribe-events-c-subscribe-dropdown__list-item--gcal\">\n\t\t\t\t\t\t\t\t\t<a\n\t\t\t\t\t\t\t\t\t\thref=\"https:\/\/www.google.com\/calendar\/event?action=TEMPLATE&#038;dates=20250611T160000\/20250611T173000&#038;text=Webinar%C2%A0%E2%80%9CAfter%20the%20Storm%3A%20Pathways%20to%20Forest%20Recovery%20and%20Restoration%20in%20Ireland%20and%20Beyond%E2%80%9D&#038;details=%3Cp+class%3D%22has-black-color+has-text-color+has-link-color%22%3EOn+the+wake+of+Storm+Eowyn+%E2%80%93+which+occurred+this+year+on+24+January+2025+and+brought+unprecedented+wind+speeds+and+widespread+disruption+across+Ireland+%E2%80%93+forest+landscapes+have+suffered+significant+damage+across+the+country.%3C%2Fp%3E+%3Cp+class%3D%22has-black-color+has-text-color+has-link-color%22%3EThis+webinar%2C+organized+under+SUPERB+project%27s+%E2%80%9CForest+Restoration+Talks%E2%80%9D+series+in+collaboration+with+the+European+Integrate+Network%2C+TRANSFORMIT+project+and+FoRISK+facility%2C+brings+together+forestry+professionals%2C+environmental+scientists%2C+policymakers%2C+and+a+landowner+to+examine+the+extent+and+nature+of+the+storm-related+damage+in+Ireland+as+well+as+look+at+other+European+examples+of+major+forest+disturbances.%3C%2Fp%3E+%3Cp+class%3D%22has-black-color+has-text-color+has-link-color%22%3ETogether%2C+we%E2%80%99ll+explore+the+immediate+impacts%2C+assess+longer-term+ecological+and+economic+implications%2C+and+discuss+practices+for+recovery%2C+resilience+pla%3C%2Fp%3E+%28Veja+a+descri%C3%A7%C3%A3o+completa+de+evento+aqui%3A+https%3A%2F%2Fwww.plantedforests.org%2Fpt%2Fevent%2Fwebinar-after-the-storm-pathways-to-forest-recovery-and-restoration-in-ireland-and-beyond%2F%29&#038;trp=false&#038;ctz=Europe\/Paris&#038;sprop=website:https:\/\/www.plantedforests.org\/pt\"\n\t\t\t\t\t\t\t\t\t\tclass=\"tribe-events-c-subscribe-dropdown__list-item-link\"\n\t\t\t\t\t\t\t\t\t\ttarget=\"_blank\"\n\t\t\t\t\t\t\t\t\t\trel=\"noopener noreferrer nofollow noindex\"\n\t\t\t\t\t\t\t\t\t>\n\t\t\t\t\t\t\t\t\t\tCalend\u00e1rio Google\t\t\t\t\t\t\t\t\t<\/a>\n\t\t\t\t\t\t\t\t<\/li>\n\t\t\t\t\t\t\t\t\t\t\t\t\t\t\t<li class=\"tribe-events-c-subscribe-dropdown__list-item tribe-events-c-subscribe-dropdown__list-item--ical\">\n\t\t\t\t\t\t\t\t\t<a\n\t\t\t\t\t\t\t\t\t\thref=\"\"\n\t\t\t\t\t\t\t\t\t\tclass=\"tribe-events-c-subscribe-dropdown__list-item-link\"\n\t\t\t\t\t\t\t\t\t\ttarget=\"_blank\"\n\t\t\t\t\t\t\t\t\t\trel=\"noopener noreferrer nofollow noindex\"\n\t\t\t\t\t\t\t\t\t>\n\t\t\t\t\t\t\t\t\t\tiCalendar\t\t\t\t\t\t\t\t\t<\/a>\n\t\t\t\t\t\t\t\t<\/li>\n\t\t\t\t\t\t\t\t\t\t\t\t\t\t\t<li class=\"tribe-events-c-subscribe-dropdown__list-item tribe-events-c-subscribe-dropdown__list-item--outlook-365\">\n\t\t\t\t\t\t\t\t\t<a\n\t\t\t\t\t\t\t\t\t\thref=\"\"\n\t\t\t\t\t\t\t\t\t\tclass=\"tribe-events-c-subscribe-dropdown__list-item-link\"\n\t\t\t\t\t\t\t\t\t\ttarget=\"_blank\"\n\t\t\t\t\t\t\t\t\t\trel=\"noopener noreferrer nofollow noindex\"\n\t\t\t\t\t\t\t\t\t>\n\t\t\t\t\t\t\t\t\t\tOutlook 365\t\t\t\t\t\t\t\t\t<\/a>\n\t\t\t\t\t\t\t\t<\/li>\n\t\t\t\t\t\t\t\t\t\t\t\t\t\t\t<li class=\"tribe-events-c-subscribe-dropdown__list-item tribe-events-c-subscribe-dropdown__list-item--outlook-live\">\n\t\t\t\t\t\t\t\t\t<a\n\t\t\t\t\t\t\t\t\t\thref=\"\"\n\t\t\t\t\t\t\t\t\t\tclass=\"tribe-events-c-subscribe-dropdown__list-item-link\"\n\t\t\t\t\t\t\t\t\t\ttarget=\"_blank\"\n\t\t\t\t\t\t\t\t\t\trel=\"noopener noreferrer nofollow noindex\"\n\t\t\t\t\t\t\t\t\t>\n\t\t\t\t\t\t\t\t\t\tOutlook Live\t\t\t\t\t\t\t\t\t<\/a>\n\t\t\t\t\t\t\t\t<\/li>\n\t\t\t\t\t\t\t\t\t\t\t\t\t<\/ul>\n\t\t\t\t\t<\/div>\n\t\t\t\t<\/div>\n\t\t\t<\/div>\n\t\t<\/div>\n\t<\/div>\n\n","protected":false},"excerpt":{"rendered":"<p>On the wake of Storm Eowyn \u2013 which occurred this year on 24 January 2025 and brought unprecedented wind speeds and widespread disruption across Ireland \u2013 forest landscapes have suffered [&hellip;]<\/p>\n","protected":false},"author":101,"featured_media":0,"template":"","meta":{"_acf_changed":false,"_eb_attr":"","_EventAllDay":false,"_EventTimezone":"Europe\/Paris","_EventStartDate":"2025-06-11 16:00:00","_EventEndDate":"2025-06-11 17:30:00","_EventStartDateUTC":"2025-06-11 14:00:00","_EventEndDateUTC":"2025-06-11 15:30:00","_EventShowMap":false,"_EventShowMapLink":false,"_EventURL":"","_EventCost":"","_EventCostDescription":"","_EventCurrencySymbol":"\u20ac","_EventCurrencyCode":"EUR","_EventCurrencyPosition":"suffix","_EventDateTimeSeparator":" @ ","_EventTimeRangeSeparator":" - ","_EventOrganizerID":[],"_EventVenueID":[],"_OrganizerEmail":"","_OrganizerPhone":"","_OrganizerWebsite":"","_VenueAddress":"","_VenueCity":"","_VenueCountry":"","_VenueProvince":"","_VenueState":"","_VenueZip":"","_VenuePhone":"","_VenueURL":"","_VenueStateProvince":"","_VenueLat":"","_VenueLng":"","_VenueShowMap":false,"_VenueShowMapLink":false,"_tribe_events_status":"","_tribe_events_status_reason":"","activitypub_content_warning":null,"activitypub_content_visibility":"","activitypub_max_image_attachments":4,"activitypub_interaction_policy_quote":"anyone","activitypub_status":"federated","footnotes":""},"tags":[],"tribe_events_cat":[],"class_list":["post-23678","tribe_events","type-tribe_events","status-publish","hentry"],"translation":{"provider":"WPGlobus","version":"3.0.2","language":"pt","enabled_languages":["gb","fr","es","pt"],"languages":{"gb":{"title":true,"content":true,"excerpt":false},"fr":{"title":false,"content":false,"excerpt":false},"es":{"title":false,"content":false,"excerpt":false},"pt":{"title":false,"content":false,"excerpt":false}}},"acf":[],"yoast_head":"<!-- This site is optimized with the Yoast SEO plugin v27.5 - https:\/\/yoast.com\/product\/yoast-seo-wordpress\/ -->\n<title>Webinar\u00a0\u201cAfter the Storm: Pathways to Forest Recovery and Restoration in Ireland and Beyond\u201d - Instituto Europeu De Floresta Plantada - IEFC<\/title>\n<meta name=\"robots\" content=\"index, follow, max-snippet:-1, max-image-preview:large, max-video-preview:-1\" \/>\n<link rel=\"canonical\" href=\"https:\/\/www.plantedforests.org\/event\/webinar-after-the-storm-pathways-to-forest-recovery-and-restoration-in-ireland-and-beyond\/\" \/>\n<meta property=\"og:locale\" content=\"pt_PT\" \/>\n<meta property=\"og:type\" content=\"article\" \/>\n<meta property=\"og:title\" content=\"Webinar\u00a0\u201cAfter the Storm: Pathways to Forest Recovery and Restoration in Ireland and Beyond\u201d - Instituto Europeu De Floresta Plantada - IEFC\" \/>\n<meta property=\"og:url\" content=\"https:\/\/www.plantedforests.org\/event\/webinar-after-the-storm-pathways-to-forest-recovery-and-restoration-in-ireland-and-beyond\/\" \/>\n<meta property=\"og:site_name\" content=\"Instituto Europeu De Floresta Plantada - IEFC\" \/>\n<meta property=\"article:modified_time\" content=\"2025-05-30T13:16:40+00:00\" \/>\n<meta name=\"twitter:card\" content=\"summary_large_image\" \/>\n<meta name=\"twitter:site\" content=\"@IEFCPlantForest\" \/>\n<meta name=\"twitter:label1\" content=\"Tempo estimado de leitura\" \/>\n\t<meta name=\"twitter:data1\" content=\"2 minutos\" \/>\n<script type=\"application\/ld+json\" class=\"yoast-schema-graph\">{\"@context\":\"https:\\\/\\\/schema.org\",\"@graph\":[{\"@type\":\"WebPage\",\"@id\":\"https:\\\/\\\/www.plantedforests.org\\\/event\\\/webinar-after-the-storm-pathways-to-forest-recovery-and-restoration-in-ireland-and-beyond\\\/\",\"url\":\"https:\\\/\\\/www.plantedforests.org\\\/event\\\/webinar-after-the-storm-pathways-to-forest-recovery-and-restoration-in-ireland-and-beyond\\\/\",\"name\":\"Webinar\u00a0\u201cAfter the Storm: Pathways to Forest Recovery and Restoration in Ireland and Beyond\u201d - Instituto Europeu De Floresta Plantada - IEFC\",\"isPartOf\":{\"@id\":\"https:\\\/\\\/www.plantedforests.org\\\/fr\\\/#website\"},\"datePublished\":\"2025-05-27T08:13:11+00:00\",\"dateModified\":\"2025-05-30T13:16:40+00:00\",\"breadcrumb\":{\"@id\":\"https:\\\/\\\/www.plantedforests.org\\\/event\\\/webinar-after-the-storm-pathways-to-forest-recovery-and-restoration-in-ireland-and-beyond\\\/#breadcrumb\"},\"inLanguage\":\"pt-PT\",\"potentialAction\":[{\"@type\":\"ReadAction\",\"target\":[\"https:\\\/\\\/www.plantedforests.org\\\/event\\\/webinar-after-the-storm-pathways-to-forest-recovery-and-restoration-in-ireland-and-beyond\\\/\"]}]},{\"@type\":\"BreadcrumbList\",\"@id\":\"https:\\\/\\\/www.plantedforests.org\\\/event\\\/webinar-after-the-storm-pathways-to-forest-recovery-and-restoration-in-ireland-and-beyond\\\/#breadcrumb\",\"itemListElement\":[{\"@type\":\"ListItem\",\"position\":1,\"name\":\"Accueil\",\"item\":\"https:\\\/\\\/www.plantedforests.org\\\/\"},{\"@type\":\"ListItem\",\"position\":2,\"name\":\"Events\",\"item\":\"https:\\\/\\\/www.plantedforests.org\\\/events\\\/\"},{\"@type\":\"ListItem\",\"position\":3,\"name\":\"Webinar\u00a0\u201cAfter the Storm: Pathways to Forest Recovery and Restoration in Ireland and Beyond\u201d\"}]},{\"@type\":\"WebSite\",\"@id\":\"https:\\\/\\\/www.plantedforests.org\\\/fr\\\/#website\",\"url\":\"https:\\\/\\\/www.plantedforests.org\\\/fr\\\/\",\"name\":\"Instituto Europeu De Floresta Plantada - IEFC\",\"description\":\"A rede IEFC para a gest\u00e3o sustent\u00e1vel e resili\u00eancia das florestas cultivadas\",\"publisher\":{\"@id\":\"https:\\\/\\\/www.plantedforests.org\\\/fr\\\/#organization\"},\"potentialAction\":[{\"@type\":\"SearchAction\",\"target\":{\"@type\":\"EntryPoint\",\"urlTemplate\":\"https:\\\/\\\/www.plantedforests.org\\\/fr\\\/?s={search_term_string}\"},\"query-input\":{\"@type\":\"PropertyValueSpecification\",\"valueRequired\":true,\"valueName\":\"search_term_string\"}}],\"inLanguage\":\"pt-PT\"},{\"@type\":\"Organization\",\"@id\":\"https:\\\/\\\/www.plantedforests.org\\\/fr\\\/#organization\",\"name\":\"Institut Europ\u00e9en de la For\u00eat Cultiv\u00e9e - Plantedforests.org\",\"url\":\"https:\\\/\\\/www.plantedforests.org\\\/fr\\\/\",\"logo\":{\"@type\":\"ImageObject\",\"inLanguage\":\"pt-PT\",\"@id\":\"https:\\\/\\\/www.plantedforests.org\\\/fr\\\/#\\\/schema\\\/logo\\\/image\\\/\",\"url\":\"https:\\\/\\\/www.plantedforests.org\\\/wp-content\\\/uploads\\\/2022\\\/07\\\/Logo_iefc__FR.png\",\"contentUrl\":\"https:\\\/\\\/www.plantedforests.org\\\/wp-content\\\/uploads\\\/2022\\\/07\\\/Logo_iefc__FR.png\",\"width\":2031,\"height\":1001,\"caption\":\"Institut Europ\u00e9en de la For\u00eat Cultiv\u00e9e - Plantedforests.org\"},\"image\":{\"@id\":\"https:\\\/\\\/www.plantedforests.org\\\/fr\\\/#\\\/schema\\\/logo\\\/image\\\/\"},\"sameAs\":[\"https:\\\/\\\/x.com\\\/IEFCPlantForest\",\"https:\\\/\\\/www.linkedin.com\\\/company\\\/71728047\\\/\"]}]}<\/script>\n<!-- \/ Yoast SEO plugin. -->","yoast_head_json":{"title":"Webinar\u00a0\u201cAfter the Storm: Pathways to Forest Recovery and Restoration in Ireland and Beyond\u201d - Instituto Europeu De Floresta Plantada - IEFC","robots":{"index":"index","follow":"follow","max-snippet":"max-snippet:-1","max-image-preview":"max-image-preview:large","max-video-preview":"max-video-preview:-1"},"canonical":"https:\/\/www.plantedforests.org\/event\/webinar-after-the-storm-pathways-to-forest-recovery-and-restoration-in-ireland-and-beyond\/","og_locale":"pt_PT","og_type":"article","og_title":"Webinar\u00a0\u201cAfter the Storm: Pathways to Forest Recovery and Restoration in Ireland and Beyond\u201d - Instituto Europeu De Floresta Plantada - IEFC","og_url":"https:\/\/www.plantedforests.org\/event\/webinar-after-the-storm-pathways-to-forest-recovery-and-restoration-in-ireland-and-beyond\/","og_site_name":"Instituto Europeu De Floresta Plantada - IEFC","article_modified_time":"2025-05-30T13:16:40+00:00","twitter_card":"summary_large_image","twitter_site":"@IEFCPlantForest","twitter_misc":{"Tempo estimado de leitura":"2 minutos"},"schema":{"@context":"https:\/\/schema.org","@graph":[{"@type":"WebPage","@id":"https:\/\/www.plantedforests.org\/event\/webinar-after-the-storm-pathways-to-forest-recovery-and-restoration-in-ireland-and-beyond\/","url":"https:\/\/www.plantedforests.org\/event\/webinar-after-the-storm-pathways-to-forest-recovery-and-restoration-in-ireland-and-beyond\/","name":"Webinar\u00a0\u201cAfter the Storm: Pathways to Forest Recovery and Restoration in Ireland and Beyond\u201d - Instituto Europeu De Floresta Plantada - IEFC","isPartOf":{"@id":"https:\/\/www.plantedforests.org\/fr\/#website"},"datePublished":"2025-05-27T08:13:11+00:00","dateModified":"2025-05-30T13:16:40+00:00","breadcrumb":{"@id":"https:\/\/www.plantedforests.org\/event\/webinar-after-the-storm-pathways-to-forest-recovery-and-restoration-in-ireland-and-beyond\/#breadcrumb"},"inLanguage":"pt-PT","potentialAction":[{"@type":"ReadAction","target":["https:\/\/www.plantedforests.org\/event\/webinar-after-the-storm-pathways-to-forest-recovery-and-restoration-in-ireland-and-beyond\/"]}]},{"@type":"BreadcrumbList","@id":"https:\/\/www.plantedforests.org\/event\/webinar-after-the-storm-pathways-to-forest-recovery-and-restoration-in-ireland-and-beyond\/#breadcrumb","itemListElement":[{"@type":"ListItem","position":1,"name":"Accueil","item":"https:\/\/www.plantedforests.org\/"},{"@type":"ListItem","position":2,"name":"Events","item":"https:\/\/www.plantedforests.org\/events\/"},{"@type":"ListItem","position":3,"name":"Webinar\u00a0\u201cAfter the Storm: Pathways to Forest Recovery and Restoration in Ireland and Beyond\u201d"}]},{"@type":"WebSite","@id":"https:\/\/www.plantedforests.org\/fr\/#website","url":"https:\/\/www.plantedforests.org\/fr\/","name":"Instituto Europeu De Floresta Plantada - IEFC","description":"A rede IEFC para a gest\u00e3o sustent\u00e1vel e resili\u00eancia das florestas cultivadas","publisher":{"@id":"https:\/\/www.plantedforests.org\/fr\/#organization"},"potentialAction":[{"@type":"SearchAction","target":{"@type":"EntryPoint","urlTemplate":"https:\/\/www.plantedforests.org\/fr\/?s={search_term_string}"},"query-input":{"@type":"PropertyValueSpecification","valueRequired":true,"valueName":"search_term_string"}}],"inLanguage":"pt-PT"},{"@type":"Organization","@id":"https:\/\/www.plantedforests.org\/fr\/#organization","name":"Institut Europ\u00e9en de la For\u00eat Cultiv\u00e9e - Plantedforests.org","url":"https:\/\/www.plantedforests.org\/fr\/","logo":{"@type":"ImageObject","inLanguage":"pt-PT","@id":"https:\/\/www.plantedforests.org\/fr\/#\/schema\/logo\/image\/","url":"https:\/\/www.plantedforests.org\/wp-content\/uploads\/2022\/07\/Logo_iefc__FR.png","contentUrl":"https:\/\/www.plantedforests.org\/wp-content\/uploads\/2022\/07\/Logo_iefc__FR.png","width":2031,"height":1001,"caption":"Institut Europ\u00e9en de la For\u00eat Cultiv\u00e9e - Plantedforests.org"},"image":{"@id":"https:\/\/www.plantedforests.org\/fr\/#\/schema\/logo\/image\/"},"sameAs":["https:\/\/x.com\/IEFCPlantForest","https:\/\/www.linkedin.com\/company\/71728047\/"]}]}},"_links":{"self":[{"href":"https:\/\/www.plantedforests.org\/pt\/wp-json\/wp\/v2\/tribe_events\/23678","targetHints":{"allow":["GET"]}}],"collection":[{"href":"https:\/\/www.plantedforests.org\/pt\/wp-json\/wp\/v2\/tribe_events"}],"about":[{"href":"https:\/\/www.plantedforests.org\/pt\/wp-json\/wp\/v2\/types\/tribe_events"}],"author":[{"embeddable":true,"href":"https:\/\/www.plantedforests.org\/pt\/wp-json\/wp\/v2\/users\/101"}],"version-history":[{"count":10,"href":"https:\/\/www.plantedforests.org\/pt\/wp-json\/wp\/v2\/tribe_events\/23678\/revisions"}],"predecessor-version":[{"id":23808,"href":"https:\/\/www.plantedforests.org\/pt\/wp-json\/wp\/v2\/tribe_events\/23678\/revisions\/23808"}],"wp:attachment":[{"href":"https:\/\/www.plantedforests.org\/pt\/wp-json\/wp\/v2\/media?parent=23678"}],"wp:term":[{"taxonomy":"post_tag","embeddable":true,"href":"https:\/\/www.plantedforests.org\/pt\/wp-json\/wp\/v2\/tags?post=23678"},{"taxonomy":"tribe_events_cat","embeddable":true,"href":"https:\/\/www.plantedforests.org\/pt\/wp-json\/wp\/v2\/tribe_events_cat?post=23678"}],"curies":[{"name":"wp","href":"https:\/\/api.w.org\/{rel}","templated":true}]}}