
{"id":21353,"date":"2025-01-17T11:11:46","date_gmt":"2025-01-17T10:11:46","guid":{"rendered":"https:\/\/www.plantedforests.org\/?post_type=tribe_events&#038;p=21353"},"modified":"2025-06-10T16:12:27","modified_gmt":"2025-06-10T14:12:27","slug":"visites-detudes-internationales","status":"publish","type":"tribe_events","link":"https:\/\/www.plantedforests.org\/pt\/event\/visites-detudes-internationales\/","title":{"rendered":"Visites d&#8217;\u00e9tudes internationales pour comprendre les innovations d\u00e9velopp\u00e9es par les groupes op\u00e9rationnels europ\u00e9ens sur la for\u00eat"},"content":{"rendered":"<div  class=\"tribe-events-schedule tribe-clearfix\" >\n\t<p class=\"tribe-events-schedule__datetime\">\n\t\t<span class=\"tribe-events-schedule__date tribe-events-schedule__date--start\">\n\t\t\t22 Abril 2025\t\t<\/span>\n\n\t\t\t\t\t<span class=\"tribe-events-schedule__separator tribe-events-schedule__separator--date\">\n\t\t\t\t @ \t\t\t<\/span>\n\t\t\t<span class=\"tribe-events-schedule__time tribe-events-schedule__time--start\">\n\t\t\t\t08:00\t\t\t<\/span>\n\t\t\n\t\t\t\t\t\t\t\t\t<span class=\"tribe-events-schedule__separator tribe-events-schedule__separator--time\">\n\t\t\t\t\t &#8211; \t\t\t\t<\/span>\n\t\t\t\n\t\t\t\t\t\t\t<span class=\"tribe-events-schedule__date tribe-events-schedule__date--end\">\n\t\t\t\t\t26 Junho 2025\t\t\t\t<\/span>\n\n\t\t\t\t\t\t\t\t\t<span class=\"tribe-events-schedule__separator tribe-events-schedule__separator--date\">\n\t\t\t\t\t\t @ \t\t\t\t\t<\/span>\n\t\t\t\t\t<span class=\"tribe-events-schedule__time tribe-events-schedule__time--end\">\n\t\t\t\t\t\t17:00\t\t\t\t\t<\/span>\n\t\t\t\t\n\t\t\t\n\t\t\t\t\t\t\t<span class=\"tribe-events-schedule__timezone\">CEST<\/span>\n\t\t\t\t\t\t<\/p>\n<\/div>\n\n\n\n<p class=\"has-black-color has-text-color has-link-color wp-elements-492610b9e4f4753a9c4a4394d49ca065\">Des visites d&#8217;\u00e9tudes th\u00e9matiques sont organis\u00e9es entre avril et juin 2025. Les \u00e9changes se feront en langue anglaise. Vous trouverez ci-joint la liste des visites avec les liens vers les pages des \u00e9v\u00e9nements et les inscriptions.<br>&#8211; Mobilisation de bois &gt; 27-29 mai 2025, Gori\u0161ka, Slov\u00e9nie<br>&#8211; Adaptation des for\u00eats au changement climatique &gt; 4-6 juin 2025, Caen, France<br><strong>&#8211; Gestion foresti\u00e8re durable et services \u00e9cosyst\u00e9miques &gt; 23-26 juin 2025, Calabre, Italie<\/strong><br>&#8211; Produits forestiers non ligneux &gt; 6-8 mai 2025, Le\u00f3n, Espagne<br>&#8211; Agroforesterie &gt; 22-24 avril 2025, Alc\u00e1cer do Sal, Portugal<\/p>\n\n\n\n<p class=\"has-black-color has-text-color has-link-color wp-elements-8e6e08cdc6f7ae042fc9f1aac30f1f8a\">Le programme de ces visites d&#8217;\u00e9tudes internationales offre aux praticiens \u00e9trangers une occasion unique d&#8217;apprendre directement aupr\u00e8s des groupes op\u00e9rationnels (GO). Chaque visite comprendra la visite d&#8217;un GO du pays h\u00f4te et pr\u00e9sentera les activit\u00e9s et les d\u00e9veloppements de trois GO diff\u00e9rents en pr\u00e9sence de leurs repr\u00e9sentants. Les participants d\u00e9couvriront alors de nouvelles connaissances et pratiques dans les secteurs de la foresterie et de l&#8217;agroforesterie qu&#8217;ils pourront transf\u00e9rer \u00e0 leur tour dans leur propre pays.<\/p>\n\n\n\n<p class=\"has-black-color has-text-color has-link-color wp-elements-7f3909a4f2713bee9b8b87ee3e2107db\">Vous \u00eates vivement invit\u00e9s \u00e0 vous inscrire rapidement aux visites d&#8217;\u00e9tude th\u00e9matiques de votre choix. Les places \u00e9tant limit\u00e9es et les frais de d\u00e9placement \u00e9tant pris en charge, les partenaires du projet FOREST4EU se r\u00e9serve le droit de s\u00e9lectionner les participants afin de garantir l&#8217;\u00e9quilibre des profils et pays participants.<\/p>\n\n\n\n<p><a href=\"https:\/\/www.plantedforests.org\/wp-content\/uploads\/2024\/12\/Study-Visits_CALL.pdf\">Plus d&#8217;informations et inscriptions<\/a> <em>(in english)<\/em><\/p>\n\n\n<div  class=\"tribe-block tribe-block__event-price\" >\n\t\t<\/div>\n\n\n\n\n<div  class=\"tribe-block tribe-block__venue tribe-clearfix\" >\n\t\n\t\t\n\t<\/div>\n\n\n\n\n\t<div  class=\"tribe-block tribe-block__events-link\" >\n\t\t<div class=\"tribe-events tribe-common\">\n\t\t\t<div class=\"tribe-events-c-subscribe-dropdown__container\">\n\t\t\t\t<div class=\"tribe-events-c-subscribe-dropdown\">\n\t\t\t\t\t<div class=\"tribe-common-c-btn-border tribe-events-c-subscribe-dropdown__button\">\n\t\t\t\t\t\t<svg\n\t class=\"tribe-common-c-svgicon tribe-common-c-svgicon--cal-export tribe-events-c-subscribe-dropdown__export-icon\" \taria-hidden=\"true\"\n\tviewBox=\"0 0 23 17\"\n\txmlns=\"http:\/\/www.w3.org\/2000\/svg\"\n>\n\t<path fill-rule=\"evenodd\" clip-rule=\"evenodd\" d=\"M.128.896V16.13c0 .211.145.383.323.383h15.354c.179 0 .323-.172.323-.383V.896c0-.212-.144-.383-.323-.383H.451C.273.513.128.684.128.896Zm16 6.742h-.901V4.679H1.009v10.729h14.218v-3.336h.901V7.638ZM1.01 1.614h14.218v2.058H1.009V1.614Z\" \/>\n\t<path d=\"M20.5 9.846H8.312M18.524 6.953l2.89 2.909-2.855 2.855\" stroke-width=\"1.2\" stroke-linecap=\"round\" stroke-linejoin=\"round\"\/>\n<\/svg>\n\t\t\t\t\t\t<button\n\t\t\t\t\t\t\tclass=\"tribe-events-c-subscribe-dropdown__button-text\"\n\t\t\t\t\t\t\taria-expanded=\"false\"\n\t\t\t\t\t\t\taria-controls=\"tribe-events-subscribe-dropdown-content\"\n\t\t\t\t\t\t\taria-label=\"View links to add events to your calendar\"\n\t\t\t\t\t\t>\n\t\t\t\t\t\t\tAdicionar ao calend\u00e1rio\t\t\t\t\t\t<\/button>\n\t\t\t\t\t\t<svg\n\t class=\"tribe-common-c-svgicon tribe-common-c-svgicon--caret-down tribe-events-c-subscribe-dropdown__button-icon\" \taria-hidden=\"true\"\n\tviewBox=\"0 0 10 7\"\n\txmlns=\"http:\/\/www.w3.org\/2000\/svg\"\n>\n\t<path fill-rule=\"evenodd\" clip-rule=\"evenodd\" d=\"M1.008.609L5 4.6 8.992.61l.958.958L5 6.517.05 1.566l.958-.958z\" class=\"tribe-common-c-svgicon__svg-fill\"\/>\n<\/svg>\n\t\t\t\t\t<\/div>\n\t\t\t\t\t<div id=\"tribe-events-subscribe-dropdown-content\" class=\"tribe-events-c-subscribe-dropdown__content\">\n\t\t\t\t\t\t<ul class=\"tribe-events-c-subscribe-dropdown__list\">\n\t\t\t\t\t\t\t\t\t\t\t\t\t\t\t<li class=\"tribe-events-c-subscribe-dropdown__list-item tribe-events-c-subscribe-dropdown__list-item--gcal\">\n\t\t\t\t\t\t\t\t\t<a\n\t\t\t\t\t\t\t\t\t\thref=\"https:\/\/www.google.com\/calendar\/event?action=TEMPLATE&#038;dates=20250422T080000\/20250626T170000&#038;text=Visites%20d%26%238217%3B%C3%A9tudes%20internationales%20pour%20comprendre%20les%20innovations%20d%C3%A9velopp%C3%A9es%20par%20les%20groupes%20op%C3%A9rationnels%20europ%C3%A9ens%20sur%20la%20for%C3%AAt&#038;details=%3Cp+class%3D%22has-black-color+has-text-color+has-link-color%22%3EDes+visites+d%27%C3%A9tudes+th%C3%A9matiques+sont+organis%C3%A9es+entre+avril+et+juin+2025.+Les+%C3%A9changes+se+feront+en+langue+anglaise.+Vous+trouverez+ci-joint+la+liste+des+visites+avec+les+liens+vers+les+pages+des+%C3%A9v%C3%A9nements+et+les+inscriptions.%3Cbr+%2F%3E-+Mobilisation+de+bois+%26gt%3B+27-29+mai+2025%2C+Gori%C5%A1ka%2C+Slov%C3%A9nie%3Cbr+%2F%3E-+Adaptation+des+for%C3%AAts+au+changement+climatique+%26gt%3B+4-6+juin+2025%2C+Caen%2C+France%3Cbr+%2F%3E%3Cstrong%3E-+Gestion+foresti%C3%A8re+durable+et+services+%C3%A9cosyst%C3%A9miques+%26gt%3B+23-26+juin+2025%2C+Calabre%2C+Italie%3C%2Fstrong%3E%3Cbr+%2F%3E-+Produits+forestiers+non+ligneux+%26gt%3B+6-8+mai+2025%2C+Le%C3%B3n%2C+Espagne%3Cbr+%2F%3E-+Agroforesterie+%26gt%3B+22-24+avril+2025%2C+Alc%C3%A1cer+do+Sal%2C+Portugal%3C%2Fp%3E+%3Cp+class%3D%22has-black-color+has-text-color+has-link-color%22%3ELe+programme+de+ces+visites+d%27%C3%A9tudes+internationales+offre+aux+praticiens+%C3%A9trangers+une+occasion+unique+d%27apprendre+directement+aupr%C3%A8s+des+groupes+op%C3%A9rationnels+%28GO%29.+Chaque+visite+comprendra+la+visite+d%27un+GO+du+pays+h%C3%B4t%3C%2Fp%3E+%28Veja+a+descri%C3%A7%C3%A3o+completa+de+evento+aqui%3A+https%3A%2F%2Fwww.plantedforests.org%2Fpt%2Fevent%2Fvisites-detudes-internationales%2F%29&#038;trp=false&#038;ctz=Europe\/Paris&#038;sprop=website:https:\/\/www.plantedforests.org\/pt\"\n\t\t\t\t\t\t\t\t\t\tclass=\"tribe-events-c-subscribe-dropdown__list-item-link\"\n\t\t\t\t\t\t\t\t\t\ttarget=\"_blank\"\n\t\t\t\t\t\t\t\t\t\trel=\"noopener noreferrer nofollow noindex\"\n\t\t\t\t\t\t\t\t\t>\n\t\t\t\t\t\t\t\t\t\tCalend\u00e1rio Google\t\t\t\t\t\t\t\t\t<\/a>\n\t\t\t\t\t\t\t\t<\/li>\n\t\t\t\t\t\t\t\t\t\t\t\t\t\t\t<li class=\"tribe-events-c-subscribe-dropdown__list-item tribe-events-c-subscribe-dropdown__list-item--ical\">\n\t\t\t\t\t\t\t\t\t<a\n\t\t\t\t\t\t\t\t\t\thref=\"\"\n\t\t\t\t\t\t\t\t\t\tclass=\"tribe-events-c-subscribe-dropdown__list-item-link\"\n\t\t\t\t\t\t\t\t\t\ttarget=\"_blank\"\n\t\t\t\t\t\t\t\t\t\trel=\"noopener noreferrer nofollow noindex\"\n\t\t\t\t\t\t\t\t\t>\n\t\t\t\t\t\t\t\t\t\tiCalendar\t\t\t\t\t\t\t\t\t<\/a>\n\t\t\t\t\t\t\t\t<\/li>\n\t\t\t\t\t\t\t\t\t\t\t\t\t\t\t<li class=\"tribe-events-c-subscribe-dropdown__list-item tribe-events-c-subscribe-dropdown__list-item--outlook-365\">\n\t\t\t\t\t\t\t\t\t<a\n\t\t\t\t\t\t\t\t\t\thref=\"\"\n\t\t\t\t\t\t\t\t\t\tclass=\"tribe-events-c-subscribe-dropdown__list-item-link\"\n\t\t\t\t\t\t\t\t\t\ttarget=\"_blank\"\n\t\t\t\t\t\t\t\t\t\trel=\"noopener noreferrer nofollow noindex\"\n\t\t\t\t\t\t\t\t\t>\n\t\t\t\t\t\t\t\t\t\tOutlook 365\t\t\t\t\t\t\t\t\t<\/a>\n\t\t\t\t\t\t\t\t<\/li>\n\t\t\t\t\t\t\t\t\t\t\t\t\t\t\t<li class=\"tribe-events-c-subscribe-dropdown__list-item tribe-events-c-subscribe-dropdown__list-item--outlook-live\">\n\t\t\t\t\t\t\t\t\t<a\n\t\t\t\t\t\t\t\t\t\thref=\"\"\n\t\t\t\t\t\t\t\t\t\tclass=\"tribe-events-c-subscribe-dropdown__list-item-link\"\n\t\t\t\t\t\t\t\t\t\ttarget=\"_blank\"\n\t\t\t\t\t\t\t\t\t\trel=\"noopener noreferrer nofollow noindex\"\n\t\t\t\t\t\t\t\t\t>\n\t\t\t\t\t\t\t\t\t\tOutlook Live\t\t\t\t\t\t\t\t\t<\/a>\n\t\t\t\t\t\t\t\t<\/li>\n\t\t\t\t\t\t\t\t\t\t\t\t\t<\/ul>\n\t\t\t\t\t<\/div>\n\t\t\t\t<\/div>\n\t\t\t<\/div>\n\t\t<\/div>\n\t<\/div>\n\n","protected":false},"excerpt":{"rendered":"<p>Des visites d&#8217;\u00e9tudes th\u00e9matiques sont organis\u00e9es entre avril et juin 2025. Les \u00e9changes se feront en langue anglaise. Vous trouverez ci-joint la liste des visites avec les liens vers les [&hellip;]<\/p>\n","protected":false},"author":101,"featured_media":0,"template":"","meta":{"_acf_changed":false,"_eb_attr":"","_EventAllDay":false,"_EventTimezone":"Europe\/Paris","_EventStartDate":"2025-04-22 08:00:00","_EventEndDate":"2025-06-26 17:00:00","_EventStartDateUTC":"2025-04-22 06:00:00","_EventEndDateUTC":"2025-06-26 15:00:00","_EventShowMap":false,"_EventShowMapLink":false,"_EventURL":"","_EventCost":"","_EventCostDescription":"","_EventCurrencySymbol":"\u20ac","_EventCurrencyCode":"EUR","_EventCurrencyPosition":"suffix","_EventDateTimeSeparator":" @ ","_EventTimeRangeSeparator":" - ","_EventOrganizerID":[],"_EventVenueID":[],"_OrganizerEmail":"","_OrganizerPhone":"","_OrganizerWebsite":"","_VenueAddress":"","_VenueCity":"","_VenueCountry":"","_VenueProvince":"","_VenueState":"","_VenueZip":"","_VenuePhone":"","_VenueURL":"","_VenueStateProvince":"","_VenueLat":"","_VenueLng":"","_VenueShowMap":false,"_VenueShowMapLink":false,"_tribe_events_status":"","_tribe_events_status_reason":"","activitypub_content_warning":"","activitypub_content_visibility":"","activitypub_max_image_attachments":4,"activitypub_interaction_policy_quote":"anyone","activitypub_status":"federated","footnotes":""},"tags":[],"tribe_events_cat":[],"class_list":["post-21353","tribe_events","type-tribe_events","status-publish","hentry"],"translation":{"provider":"WPGlobus","version":"3.0.2","language":"pt","enabled_languages":["gb","fr","es","pt"],"languages":{"gb":{"title":true,"content":true,"excerpt":false},"fr":{"title":false,"content":false,"excerpt":false},"es":{"title":false,"content":false,"excerpt":false},"pt":{"title":false,"content":false,"excerpt":false}}},"acf":[],"yoast_head":"<!-- This site is optimized with the Yoast SEO plugin v27.5 - https:\/\/yoast.com\/product\/yoast-seo-wordpress\/ -->\n<title>Visites d&#039;\u00e9tudes internationales pour comprendre les innovations d\u00e9velopp\u00e9es par les groupes op\u00e9rationnels europ\u00e9ens sur la for\u00eat - Instituto Europeu De Floresta Plantada - IEFC<\/title>\n<meta name=\"robots\" content=\"index, follow, max-snippet:-1, max-image-preview:large, max-video-preview:-1\" \/>\n<link rel=\"canonical\" href=\"https:\/\/www.plantedforests.org\/event\/visites-detudes-internationales\/\" \/>\n<meta property=\"og:locale\" content=\"pt_PT\" \/>\n<meta property=\"og:type\" content=\"article\" \/>\n<meta property=\"og:title\" content=\"Visites d&#039;\u00e9tudes internationales pour comprendre les innovations d\u00e9velopp\u00e9es par les groupes op\u00e9rationnels europ\u00e9ens sur la for\u00eat - Instituto Europeu De Floresta Plantada - IEFC\" \/>\n<meta property=\"og:url\" content=\"https:\/\/www.plantedforests.org\/event\/visites-detudes-internationales\/\" \/>\n<meta property=\"og:site_name\" content=\"Instituto Europeu De Floresta Plantada - IEFC\" \/>\n<meta property=\"article:modified_time\" content=\"2025-06-10T14:12:27+00:00\" \/>\n<meta name=\"twitter:card\" content=\"summary_large_image\" \/>\n<meta name=\"twitter:site\" content=\"@IEFCPlantForest\" \/>\n<meta name=\"twitter:label1\" content=\"Tempo estimado de leitura\" \/>\n\t<meta name=\"twitter:data1\" content=\"2 minutos\" \/>\n<script type=\"application\/ld+json\" class=\"yoast-schema-graph\">{\"@context\":\"https:\\\/\\\/schema.org\",\"@graph\":[{\"@type\":\"WebPage\",\"@id\":\"https:\\\/\\\/www.plantedforests.org\\\/event\\\/visites-detudes-internationales\\\/\",\"url\":\"https:\\\/\\\/www.plantedforests.org\\\/event\\\/visites-detudes-internationales\\\/\",\"name\":\"Visites d'\u00e9tudes internationales pour comprendre les innovations d\u00e9velopp\u00e9es par les groupes op\u00e9rationnels europ\u00e9ens sur la for\u00eat - Instituto Europeu De Floresta Plantada - IEFC\",\"isPartOf\":{\"@id\":\"https:\\\/\\\/www.plantedforests.org\\\/fr\\\/#website\"},\"datePublished\":\"2025-01-17T10:11:46+00:00\",\"dateModified\":\"2025-06-10T14:12:27+00:00\",\"breadcrumb\":{\"@id\":\"https:\\\/\\\/www.plantedforests.org\\\/event\\\/visites-detudes-internationales\\\/#breadcrumb\"},\"inLanguage\":\"pt-PT\",\"potentialAction\":[{\"@type\":\"ReadAction\",\"target\":[\"https:\\\/\\\/www.plantedforests.org\\\/event\\\/visites-detudes-internationales\\\/\"]}]},{\"@type\":\"BreadcrumbList\",\"@id\":\"https:\\\/\\\/www.plantedforests.org\\\/event\\\/visites-detudes-internationales\\\/#breadcrumb\",\"itemListElement\":[{\"@type\":\"ListItem\",\"position\":1,\"name\":\"Accueil\",\"item\":\"https:\\\/\\\/www.plantedforests.org\\\/\"},{\"@type\":\"ListItem\",\"position\":2,\"name\":\"Events\",\"item\":\"https:\\\/\\\/www.plantedforests.org\\\/events\\\/\"},{\"@type\":\"ListItem\",\"position\":3,\"name\":\"Visites d&#8217;\u00e9tudes internationales pour comprendre les innovations d\u00e9velopp\u00e9es par les groupes op\u00e9rationnels europ\u00e9ens sur la for\u00eat\"}]},{\"@type\":\"WebSite\",\"@id\":\"https:\\\/\\\/www.plantedforests.org\\\/fr\\\/#website\",\"url\":\"https:\\\/\\\/www.plantedforests.org\\\/fr\\\/\",\"name\":\"Instituto Europeu De Floresta Plantada - IEFC\",\"description\":\"A rede IEFC para a gest\u00e3o sustent\u00e1vel e resili\u00eancia das florestas cultivadas\",\"publisher\":{\"@id\":\"https:\\\/\\\/www.plantedforests.org\\\/fr\\\/#organization\"},\"potentialAction\":[{\"@type\":\"SearchAction\",\"target\":{\"@type\":\"EntryPoint\",\"urlTemplate\":\"https:\\\/\\\/www.plantedforests.org\\\/fr\\\/?s={search_term_string}\"},\"query-input\":{\"@type\":\"PropertyValueSpecification\",\"valueRequired\":true,\"valueName\":\"search_term_string\"}}],\"inLanguage\":\"pt-PT\"},{\"@type\":\"Organization\",\"@id\":\"https:\\\/\\\/www.plantedforests.org\\\/fr\\\/#organization\",\"name\":\"Institut Europ\u00e9en de la For\u00eat Cultiv\u00e9e - Plantedforests.org\",\"url\":\"https:\\\/\\\/www.plantedforests.org\\\/fr\\\/\",\"logo\":{\"@type\":\"ImageObject\",\"inLanguage\":\"pt-PT\",\"@id\":\"https:\\\/\\\/www.plantedforests.org\\\/fr\\\/#\\\/schema\\\/logo\\\/image\\\/\",\"url\":\"https:\\\/\\\/www.plantedforests.org\\\/wp-content\\\/uploads\\\/2022\\\/07\\\/Logo_iefc__FR.png\",\"contentUrl\":\"https:\\\/\\\/www.plantedforests.org\\\/wp-content\\\/uploads\\\/2022\\\/07\\\/Logo_iefc__FR.png\",\"width\":2031,\"height\":1001,\"caption\":\"Institut Europ\u00e9en de la For\u00eat Cultiv\u00e9e - Plantedforests.org\"},\"image\":{\"@id\":\"https:\\\/\\\/www.plantedforests.org\\\/fr\\\/#\\\/schema\\\/logo\\\/image\\\/\"},\"sameAs\":[\"https:\\\/\\\/x.com\\\/IEFCPlantForest\",\"https:\\\/\\\/www.linkedin.com\\\/company\\\/71728047\\\/\"]}]}<\/script>\n<!-- \/ Yoast SEO plugin. -->","yoast_head_json":{"title":"Visites d'\u00e9tudes internationales pour comprendre les innovations d\u00e9velopp\u00e9es par les groupes op\u00e9rationnels europ\u00e9ens sur la for\u00eat - Instituto Europeu De Floresta Plantada - IEFC","robots":{"index":"index","follow":"follow","max-snippet":"max-snippet:-1","max-image-preview":"max-image-preview:large","max-video-preview":"max-video-preview:-1"},"canonical":"https:\/\/www.plantedforests.org\/event\/visites-detudes-internationales\/","og_locale":"pt_PT","og_type":"article","og_title":"Visites d'\u00e9tudes internationales pour comprendre les innovations d\u00e9velopp\u00e9es par les groupes op\u00e9rationnels europ\u00e9ens sur la for\u00eat - Instituto Europeu De Floresta Plantada - IEFC","og_url":"https:\/\/www.plantedforests.org\/event\/visites-detudes-internationales\/","og_site_name":"Instituto Europeu De Floresta Plantada - IEFC","article_modified_time":"2025-06-10T14:12:27+00:00","twitter_card":"summary_large_image","twitter_site":"@IEFCPlantForest","twitter_misc":{"Tempo estimado de leitura":"2 minutos"},"schema":{"@context":"https:\/\/schema.org","@graph":[{"@type":"WebPage","@id":"https:\/\/www.plantedforests.org\/event\/visites-detudes-internationales\/","url":"https:\/\/www.plantedforests.org\/event\/visites-detudes-internationales\/","name":"Visites d'\u00e9tudes internationales pour comprendre les innovations d\u00e9velopp\u00e9es par les groupes op\u00e9rationnels europ\u00e9ens sur la for\u00eat - Instituto Europeu De Floresta Plantada - IEFC","isPartOf":{"@id":"https:\/\/www.plantedforests.org\/fr\/#website"},"datePublished":"2025-01-17T10:11:46+00:00","dateModified":"2025-06-10T14:12:27+00:00","breadcrumb":{"@id":"https:\/\/www.plantedforests.org\/event\/visites-detudes-internationales\/#breadcrumb"},"inLanguage":"pt-PT","potentialAction":[{"@type":"ReadAction","target":["https:\/\/www.plantedforests.org\/event\/visites-detudes-internationales\/"]}]},{"@type":"BreadcrumbList","@id":"https:\/\/www.plantedforests.org\/event\/visites-detudes-internationales\/#breadcrumb","itemListElement":[{"@type":"ListItem","position":1,"name":"Accueil","item":"https:\/\/www.plantedforests.org\/"},{"@type":"ListItem","position":2,"name":"Events","item":"https:\/\/www.plantedforests.org\/events\/"},{"@type":"ListItem","position":3,"name":"Visites d&#8217;\u00e9tudes internationales pour comprendre les innovations d\u00e9velopp\u00e9es par les groupes op\u00e9rationnels europ\u00e9ens sur la for\u00eat"}]},{"@type":"WebSite","@id":"https:\/\/www.plantedforests.org\/fr\/#website","url":"https:\/\/www.plantedforests.org\/fr\/","name":"Instituto Europeu De Floresta Plantada - IEFC","description":"A rede IEFC para a gest\u00e3o sustent\u00e1vel e resili\u00eancia das florestas cultivadas","publisher":{"@id":"https:\/\/www.plantedforests.org\/fr\/#organization"},"potentialAction":[{"@type":"SearchAction","target":{"@type":"EntryPoint","urlTemplate":"https:\/\/www.plantedforests.org\/fr\/?s={search_term_string}"},"query-input":{"@type":"PropertyValueSpecification","valueRequired":true,"valueName":"search_term_string"}}],"inLanguage":"pt-PT"},{"@type":"Organization","@id":"https:\/\/www.plantedforests.org\/fr\/#organization","name":"Institut Europ\u00e9en de la For\u00eat Cultiv\u00e9e - Plantedforests.org","url":"https:\/\/www.plantedforests.org\/fr\/","logo":{"@type":"ImageObject","inLanguage":"pt-PT","@id":"https:\/\/www.plantedforests.org\/fr\/#\/schema\/logo\/image\/","url":"https:\/\/www.plantedforests.org\/wp-content\/uploads\/2022\/07\/Logo_iefc__FR.png","contentUrl":"https:\/\/www.plantedforests.org\/wp-content\/uploads\/2022\/07\/Logo_iefc__FR.png","width":2031,"height":1001,"caption":"Institut Europ\u00e9en de la For\u00eat Cultiv\u00e9e - Plantedforests.org"},"image":{"@id":"https:\/\/www.plantedforests.org\/fr\/#\/schema\/logo\/image\/"},"sameAs":["https:\/\/x.com\/IEFCPlantForest","https:\/\/www.linkedin.com\/company\/71728047\/"]}]}},"_links":{"self":[{"href":"https:\/\/www.plantedforests.org\/pt\/wp-json\/wp\/v2\/tribe_events\/21353","targetHints":{"allow":["GET"]}}],"collection":[{"href":"https:\/\/www.plantedforests.org\/pt\/wp-json\/wp\/v2\/tribe_events"}],"about":[{"href":"https:\/\/www.plantedforests.org\/pt\/wp-json\/wp\/v2\/types\/tribe_events"}],"author":[{"embeddable":true,"href":"https:\/\/www.plantedforests.org\/pt\/wp-json\/wp\/v2\/users\/101"}],"version-history":[{"count":9,"href":"https:\/\/www.plantedforests.org\/pt\/wp-json\/wp\/v2\/tribe_events\/21353\/revisions"}],"predecessor-version":[{"id":24630,"href":"https:\/\/www.plantedforests.org\/pt\/wp-json\/wp\/v2\/tribe_events\/21353\/revisions\/24630"}],"wp:attachment":[{"href":"https:\/\/www.plantedforests.org\/pt\/wp-json\/wp\/v2\/media?parent=21353"}],"wp:term":[{"taxonomy":"post_tag","embeddable":true,"href":"https:\/\/www.plantedforests.org\/pt\/wp-json\/wp\/v2\/tags?post=21353"},{"taxonomy":"tribe_events_cat","embeddable":true,"href":"https:\/\/www.plantedforests.org\/pt\/wp-json\/wp\/v2\/tribe_events_cat?post=21353"}],"curies":[{"name":"wp","href":"https:\/\/api.w.org\/{rel}","templated":true}]}}