
{"id":6267,"date":"2022-09-26T11:10:28","date_gmt":"2022-09-26T09:10:28","guid":{"rendered":"https:\/\/www.iefc.net\/?page_id=6267"},"modified":"2023-06-09T15:42:40","modified_gmt":"2023-06-09T13:42:40","slug":"logo-graphic-charter","status":"publish","type":"page","link":"https:\/\/www.plantedforests.org\/pt\/logo-graphic-charter\/","title":{"rendered":"O log\u00f3tipo &#038; Imagem Gr\u00e1fica"},"content":{"rendered":"\n<p class=\"has-black-color has-text-color\"><\/p>\n\n\n<div class=\"wp-block-image\">\n<figure class=\"aligncenter size-large\"><img fetchpriority=\"high\" decoding=\"async\" width=\"1024\" height=\"183\" src=\"https:\/\/www.plantedforests.org\/wp-content\/uploads\/2022\/11\/IEFC-Graphic-Charter-1024x183.png\" alt=\"\" class=\"wp-image-7913\" srcset=\"https:\/\/www.plantedforests.org\/wp-content\/uploads\/2022\/11\/IEFC-Graphic-Charter-1024x183.png 1024w, https:\/\/www.plantedforests.org\/wp-content\/uploads\/2022\/11\/IEFC-Graphic-Charter-300x54.png 300w, https:\/\/www.plantedforests.org\/wp-content\/uploads\/2022\/11\/IEFC-Graphic-Charter-150x27.png 150w, https:\/\/www.plantedforests.org\/wp-content\/uploads\/2022\/11\/IEFC-Graphic-Charter-768x137.png 768w, https:\/\/www.plantedforests.org\/wp-content\/uploads\/2022\/11\/IEFC-Graphic-Charter-1536x274.png 1536w, https:\/\/www.plantedforests.org\/wp-content\/uploads\/2022\/11\/IEFC-Graphic-Charter-2048x366.png 2048w, https:\/\/www.plantedforests.org\/wp-content\/uploads\/2022\/11\/IEFC-Graphic-Charter-1320x236.png 1320w\" sizes=\"(max-width: 1024px) 100vw, 1024px\" \/><\/figure>\n<\/div>\n\n\n<div style=\"height:23px\" aria-hidden=\"true\" class=\"wp-block-spacer\"><\/div>\n\n\n\n<p class=\"has-text-align-left has-black-color has-text-color\" style=\"font-size:16px\">H\u00e1 algumas semanas atr\u00e1s, apresent\u00e1mos a nossa <a href=\"https:\/\/www.plantedforests.org\/pt\/we-present-our-new-visual-identity\/\" target=\"_blank\" rel=\"noreferrer noopener\">nova identidade visual<\/a>. De facto, o lan\u00e7amento de um log\u00f3tipo \u00e9 naturalmente acompanhado por uma carta gr\u00e1fica. Entre novas cores e nova tipografia, o IEFC conseguiu uma verdadeira mudan\u00e7a! Foi necess\u00e1rio criar uma identidade visual mais forte para apoiar a evolu\u00e7\u00e3o da estrat\u00e9gia de comunica\u00e7\u00e3o do IEFC. Uma identidade visual refor\u00e7ada do IEFC suportar\u00e1 melhor o dinamismo e os resultados da associa\u00e7\u00e3o. A carta gr\u00e1fica serve este prop\u00f3sito ao definir a marca IEFC &#8211; a nossa identidade visual e as regras de utiliza\u00e7\u00e3o para os diferentes elementos que inclui. A carta gr\u00e1fica tamb\u00e9m protege o log\u00f3tipo do IEFC contra usos indevidos, na sua utiliza\u00e7\u00e3o ou na sua forma. <\/p>\n\n\n\n<p class=\"has-text-align-center has-black-color has-text-color\" style=\"font-size:16px\">Saiba mais sobre a <strong>nossa identidade visua<\/strong>l e como o nosso log\u00f3tipo e outros elementos visuais podem ser utilizados em baixo.<\/p>\n\n\n<div class=\"wp-block-image\">\n<figure class=\"aligncenter size-large is-resized\"><img decoding=\"async\" src=\"https:\/\/www.plantedforests.org\/wp-content\/uploads\/2022\/11\/Logo-1024x512.png\" alt=\"\" class=\"wp-image-7915\" width=\"418\" height=\"209\" srcset=\"https:\/\/www.plantedforests.org\/wp-content\/uploads\/2022\/11\/Logo-1024x512.png 1024w, https:\/\/www.plantedforests.org\/wp-content\/uploads\/2022\/11\/Logo-300x150.png 300w, https:\/\/www.plantedforests.org\/wp-content\/uploads\/2022\/11\/Logo-150x75.png 150w, https:\/\/www.plantedforests.org\/wp-content\/uploads\/2022\/11\/Logo-768x384.png 768w, https:\/\/www.plantedforests.org\/wp-content\/uploads\/2022\/11\/Logo-1536x768.png 1536w, https:\/\/www.plantedforests.org\/wp-content\/uploads\/2022\/11\/Logo-2048x1024.png 2048w, https:\/\/www.plantedforests.org\/wp-content\/uploads\/2022\/11\/Logo-1320x660.png 1320w\" sizes=\"(max-width: 418px) 100vw, 418px\" \/><\/figure>\n<\/div>\n\n\n<div style=\"height:17px\" aria-hidden=\"true\" class=\"wp-block-spacer\"><\/div>\n\n\n\n<h2 class=\"wp-block-heading has-text-color\" style=\"color:#006633;font-size:16px\"><span style=\"text-decoration: underline;\"><strong>Descarregue a <strong>nova vers\u00e3o do logotipo<\/strong> do IEFC selecionando a respetiva l\u00edngua em baixo.<\/strong><\/span><\/h2>\n\n\n\n<p class=\"has-black-color has-text-color\" style=\"font-size:16px\">Este log\u00f3tipo pertence ao IEFC, pode utilizar o nosso log\u00f3tipo em todos os seus suportes, web e papel ap\u00f3s consultar a equipa de comunica\u00e7\u00e3o do IEFC.<\/p>\n\n\n\n<p class=\"has-vivid-red-color has-text-color\" style=\"font-size:16px\"><span style=\"text-decoration: underline;\">O nosso log\u00f3tipo n\u00e3o pode ser utilizado sem a nossa autoriza\u00e7\u00e3o expressa.<\/span><\/p>\n\n\n\n<p class=\"has-black-color has-text-color\" style=\"font-size:16px\"><strong>RVB<\/strong> <strong>(WEB)<\/strong><\/p>\n\n\n\n<p class=\"has-black-color has-text-color\" style=\"font-size:16px\"><span style=\"text-decoration: underline;\">JPEG<\/span> &#8211; <strong><a href=\"https:\/\/nextcloud.iefc.net\/index.php\/s\/keLbJTt7sbLGkM3\" target=\"_blank\" rel=\"noreferrer noopener\">FR<\/a> <a href=\"https:\/\/nextcloud.iefc.net\/index.php\/s\/w7MwTsaTC4gQeJW\" target=\"_blank\" rel=\"noreferrer noopener\">EN<\/a> <a href=\"https:\/\/nextcloud.iefc.net\/index.php\/s\/No9z3S6LPx2DQJz\" target=\"_blank\" rel=\"noreferrer noopener\">ES<\/a> <a href=\"https:\/\/nextcloud.iefc.net\/index.php\/s\/CsMF23LBXc2cLf4\" target=\"_blank\" rel=\"noreferrer noopener\">PT<\/a><\/strong><\/p>\n\n\n\n<p class=\"has-black-color has-text-color\" style=\"font-size:16px\"><span style=\"text-decoration: underline;\">PNG<\/span> &#8211; <strong><a href=\"https:\/\/nextcloud.iefc.net\/index.php\/s\/3pqk4jtRndQCNTf\" target=\"_blank\" rel=\"noreferrer noopener\">FR<\/a> <a href=\"https:\/\/nextcloud.iefc.net\/index.php\/s\/kronZiz8bkLxxXo\" target=\"_blank\" rel=\"noreferrer noopener\">EN<\/a> <a href=\"https:\/\/nextcloud.iefc.net\/index.php\/s\/Yr5gtYEmyeSP5YT\" target=\"_blank\" rel=\"noreferrer noopener\">ES<\/a> <a href=\"https:\/\/nextcloud.iefc.net\/index.php\/s\/rK5tf3CoCtJp2t8\" target=\"_blank\" rel=\"noreferrer noopener\">PT<\/a><\/strong><\/p>\n\n\n\n<div style=\"height:32px\" aria-hidden=\"true\" class=\"wp-block-spacer\"><\/div>\n\n\n\n<p class=\"has-black-color has-text-color\" style=\"font-size:16px\"><strong>CMJN<\/strong> <strong>(<strong>IMPRESS\u00c3O<\/strong>) <\/strong><\/p>\n\n\n\n<p class=\"has-black-color has-text-color\" style=\"font-size:16px\"><span style=\"text-decoration: underline;\">JPEG<\/span> &#8211;  <strong><a href=\"https:\/\/nextcloud.iefc.net\/index.php\/s\/HbeAroTsPyyFwkK\" target=\"_blank\" rel=\"noreferrer noopener\">FR<\/a> <a href=\"https:\/\/nextcloud.iefc.net\/index.php\/s\/dxyf5q2FXsDmFXf\" target=\"_blank\" rel=\"noreferrer noopener\">EN<\/a> <a href=\"https:\/\/nextcloud.iefc.net\/index.php\/s\/qjrKH7y2xQTgpSm\" target=\"_blank\" rel=\"noreferrer noopener\">ES<\/a> <a href=\"https:\/\/nextcloud.iefc.net\/index.php\/s\/ydHbeqgrNNexcKS\" target=\"_blank\" rel=\"noreferrer noopener\">PT<\/a><\/strong><\/p>\n\n\n\n<p class=\"has-vivid-red-color has-text-color\" style=\"font-size:16px\"><em><strong>(FICHEIRO ZIP CONTENDO JPEG, PNG)<\/strong><\/em><\/p>\n\n\n<div class=\"wp-block-image\">\n<figure class=\"aligncenter size-large is-resized\"><img decoding=\"async\" src=\"https:\/\/www.plantedforests.org\/wp-content\/uploads\/2022\/11\/Logo1-1024x512.png\" alt=\"\" class=\"wp-image-7916\" width=\"407\" height=\"204\" srcset=\"https:\/\/www.plantedforests.org\/wp-content\/uploads\/2022\/11\/Logo1-1024x512.png 1024w, https:\/\/www.plantedforests.org\/wp-content\/uploads\/2022\/11\/Logo1-300x150.png 300w, https:\/\/www.plantedforests.org\/wp-content\/uploads\/2022\/11\/Logo1-150x75.png 150w, https:\/\/www.plantedforests.org\/wp-content\/uploads\/2022\/11\/Logo1-768x384.png 768w, https:\/\/www.plantedforests.org\/wp-content\/uploads\/2022\/11\/Logo1-1536x768.png 1536w, https:\/\/www.plantedforests.org\/wp-content\/uploads\/2022\/11\/Logo1-2048x1024.png 2048w, https:\/\/www.plantedforests.org\/wp-content\/uploads\/2022\/11\/Logo1-1320x660.png 1320w\" sizes=\"(max-width: 407px) 100vw, 407px\" \/><\/figure>\n<\/div>\n\n\n<div style=\"height:21px\" aria-hidden=\"true\" class=\"wp-block-spacer\"><\/div>\n\n\n\n<p><\/p>\n\n\n\n<h2 class=\"wp-block-heading has-text-color\" style=\"color:#006633;font-size:16px\"><strong><span style=\"text-decoration: underline;\">Descarregue a sua vers\u00e3o local da carta gr\u00e1fica do IEFC, selecionando a respetiva l\u00edngua em baixo.<\/span><\/strong><\/h2>\n\n\n\n<p class=\"has-text-align-left\" style=\"font-size:16px\"><strong><a href=\"https:\/\/nextcloud.iefc.net\/index.php\/s\/Gf7RLba2CLnNCZd\" target=\"_blank\" rel=\"noreferrer noopener\">FR<\/a> <a href=\"https:\/\/nextcloud.iefc.net\/index.php\/s\/eBGHptmHSsGeLrJ\" target=\"_blank\" rel=\"noreferrer noopener\">EN<\/a> <a href=\"https:\/\/nextcloud.iefc.net\/index.php\/s\/stHQAiNJdM9xC6J\" target=\"_blank\" rel=\"noreferrer noopener\">ES<\/a> <a href=\"https:\/\/nextcloud.iefc.net\/index.php\/s\/2QckCT5CKwKdzf3\">PT<\/a><\/strong><\/p>\n\n\n\n<p class=\"has-vivid-red-color has-text-color\" style=\"font-size:16px\"><em><strong>(FICHIER ZIP CONTENANT DES PDF)<\/strong><\/em><\/p>\n\n\n\n<div class=\"wp-block-group is-vertical is-layout-flex wp-container-core-group-is-layout-8cf370e7 wp-block-group-is-layout-flex\">\n<div class=\"wp-block-group is-vertical is-layout-flex wp-container-core-group-is-layout-8cf370e7 wp-block-group-is-layout-flex\">\n<p class=\"has-black-color has-text-color\" style=\"font-size:16px\">Prepar\u00e1mos-lhe &nbsp;uma carta gr\u00e1fica com alguns <span style=\"text-decoration: underline;\">princ\u00edpios orientadores<\/span> para utilizar corretamente o nosso logotipo.<\/p>\n\n\n\n<div class=\"wp-block-group is-vertical is-layout-flex wp-container-core-group-is-layout-8cf370e7 wp-block-group-is-layout-flex\">\n<p class=\"has-black-color has-text-color\" style=\"font-size:16px\">-O log\u00f3tipo utiliza\u00e7\u00e3o<\/p>\n\n\n\n<p class=\"has-black-color has-text-color\" style=\"font-size:16px\">-Tipografia<\/p>\n\n\n\n<p class=\"has-black-color has-text-color\" style=\"font-size:16px\">-As cores<\/p>\n\n\n\n<p class=\"has-black-color has-text-color\" style=\"font-size:16px\">-Iconografia<\/p>\n<\/div>\n<\/div>\n<\/div>\n\n\n\n<p><\/p>\n\n\n\n<div class=\"wp-block-group is-vertical is-layout-flex wp-container-core-group-is-layout-8cf370e7 wp-block-group-is-layout-flex\">\n<p class=\"has-black-color has-text-color\" style=\"font-size:16px\">\u00c9 essencial para si, e para n\u00f3s, que todas essas regras sejam respeitadas, para evitar qualquer deteriora\u00e7\u00e3o da imagem do IEFC.<\/p>\n\n\n\n<p class=\"has-black-color has-text-color\" style=\"font-size:16px\"><strong>A carta gr\u00e1fica do IEFC pode ser utilizada por todos os nossos parceiros, tanto privados como p\u00fablicos.<\/strong><\/p>\n<\/div>\n\n\n\n<p class=\"has-vivid-red-color has-text-color\"><\/p>\n\n\n\n<p><\/p>\n","protected":false},"excerpt":{"rendered":"<p>H\u00e1 algumas semanas atr\u00e1s, apresent\u00e1mos a nossa nova identidade visual. De facto, o lan\u00e7amento de um log\u00f3tipo \u00e9 naturalmente acompanhado por uma carta gr\u00e1fica. Entre novas cores e nova tipografia, [&hellip;]<\/p>\n","protected":false},"author":101,"featured_media":0,"parent":0,"menu_order":0,"comment_status":"closed","ping_status":"closed","template":"","meta":{"_acf_changed":false,"_eb_attr":"","_EventAllDay":false,"_EventTimezone":"","_EventStartDate":"","_EventEndDate":"","_EventStartDateUTC":"","_EventEndDateUTC":"","_EventShowMap":false,"_EventShowMapLink":false,"_EventURL":"","_EventCost":"","_EventCostDescription":"","_EventCurrencySymbol":"","_EventCurrencyCode":"","_EventCurrencyPosition":"","_EventDateTimeSeparator":"","_EventTimeRangeSeparator":"","_EventOrganizerID":[],"_EventVenueID":[],"_OrganizerEmail":"","_OrganizerPhone":"","_OrganizerWebsite":"","_VenueAddress":"","_VenueCity":"","_VenueCountry":"","_VenueProvince":"","_VenueState":"","_VenueZip":"","_VenuePhone":"","_VenueURL":"","_VenueStateProvince":"","_VenueLat":"","_VenueLng":"","_VenueShowMap":false,"_VenueShowMapLink":false,"activitypub_content_warning":"","activitypub_content_visibility":"","activitypub_max_image_attachments":4,"activitypub_interaction_policy_quote":"anyone","activitypub_status":"","footnotes":""},"class_list":["post-6267","page","type-page","status-publish","hentry"],"translation":{"provider":"WPGlobus","version":"3.0.2","language":"pt","enabled_languages":["gb","fr","es","pt"],"languages":{"gb":{"title":true,"content":true,"excerpt":false},"fr":{"title":true,"content":true,"excerpt":false},"es":{"title":true,"content":true,"excerpt":false},"pt":{"title":true,"content":true,"excerpt":false}}},"acf":[],"yoast_head":"<!-- This site is optimized with the Yoast SEO plugin v27.4 - https:\/\/yoast.com\/product\/yoast-seo-wordpress\/ -->\n<title>O log\u00f3tipo &amp; Imagem Gr\u00e1fica  - Instituto Europeu De Floresta Plantada - IEFC<\/title>\n<meta name=\"robots\" content=\"index, follow, max-snippet:-1, max-image-preview:large, max-video-preview:-1\" \/>\n<link rel=\"canonical\" href=\"https:\/\/www.plantedforests.org\/logo-graphic-charter\/\" \/>\n<meta property=\"og:locale\" content=\"pt_PT\" \/>\n<meta property=\"og:type\" content=\"article\" \/>\n<meta property=\"og:title\" content=\"O log\u00f3tipo &amp; Imagem Gr\u00e1fica  - Instituto Europeu De Floresta Plantada - IEFC\" \/>\n<meta property=\"og:url\" content=\"https:\/\/www.plantedforests.org\/logo-graphic-charter\/\" \/>\n<meta property=\"og:site_name\" content=\"Instituto Europeu De Floresta Plantada - IEFC\" \/>\n<meta property=\"article:modified_time\" content=\"2023-06-09T13:42:40+00:00\" \/>\n<meta property=\"og:image\" content=\"https:\/\/www.plantedforests.org\/wp-content\/uploads\/2022\/09\/IEFC-Graphic-Charter-1024x183.png\" \/>\n<meta name=\"twitter:card\" content=\"summary_large_image\" \/>\n<meta name=\"twitter:site\" content=\"@IEFCPlantForest\" \/>\n<meta name=\"twitter:label1\" content=\"Tempo estimado de leitura\" \/>\n\t<meta name=\"twitter:data1\" content=\"3 minutos\" \/>\n<script type=\"application\/ld+json\" class=\"yoast-schema-graph\">{\"@context\":\"https:\\\/\\\/schema.org\",\"@graph\":[{\"@type\":\"WebPage\",\"@id\":\"https:\\\/\\\/www.plantedforests.org\\\/logo-graphic-charter\\\/\",\"url\":\"https:\\\/\\\/www.plantedforests.org\\\/logo-graphic-charter\\\/\",\"name\":\"O log\u00f3tipo & Imagem Gr\u00e1fica - Instituto Europeu De Floresta Plantada - IEFC\",\"isPartOf\":{\"@id\":\"https:\\\/\\\/www.plantedforests.org\\\/fr\\\/#website\"},\"primaryImageOfPage\":{\"@id\":\"https:\\\/\\\/www.plantedforests.org\\\/logo-graphic-charter\\\/#primaryimage\"},\"image\":{\"@id\":\"https:\\\/\\\/www.plantedforests.org\\\/logo-graphic-charter\\\/#primaryimage\"},\"thumbnailUrl\":\"https:\\\/\\\/www.plantedforests.org\\\/wp-content\\\/uploads\\\/2022\\\/09\\\/IEFC-Graphic-Charter-1024x183.png\",\"datePublished\":\"2022-09-26T09:10:28+00:00\",\"dateModified\":\"2023-06-09T13:42:40+00:00\",\"description\":\"A few weeks ago, we presented our new visual identity. Learn about our visual identity.\",\"breadcrumb\":{\"@id\":\"https:\\\/\\\/www.plantedforests.org\\\/logo-graphic-charter\\\/#breadcrumb\"},\"inLanguage\":\"pt-PT\",\"potentialAction\":[{\"@type\":\"ReadAction\",\"target\":[\"https:\\\/\\\/www.plantedforests.org\\\/logo-graphic-charter\\\/\"]}]},{\"@type\":\"ImageObject\",\"inLanguage\":\"pt-PT\",\"@id\":\"https:\\\/\\\/www.plantedforests.org\\\/logo-graphic-charter\\\/#primaryimage\",\"url\":\"https:\\\/\\\/www.plantedforests.org\\\/wp-content\\\/uploads\\\/2022\\\/09\\\/IEFC-Graphic-Charter-1024x183.png\",\"contentUrl\":\"https:\\\/\\\/www.plantedforests.org\\\/wp-content\\\/uploads\\\/2022\\\/09\\\/IEFC-Graphic-Charter-1024x183.png\"},{\"@type\":\"BreadcrumbList\",\"@id\":\"https:\\\/\\\/www.plantedforests.org\\\/logo-graphic-charter\\\/#breadcrumb\",\"itemListElement\":[{\"@type\":\"ListItem\",\"position\":1,\"name\":\"Accueil\",\"item\":\"https:\\\/\\\/www.plantedforests.org\\\/\"},{\"@type\":\"ListItem\",\"position\":2,\"name\":\"Logo &#038; Graphic Charter\"}]},{\"@type\":\"WebSite\",\"@id\":\"https:\\\/\\\/www.plantedforests.org\\\/fr\\\/#website\",\"url\":\"https:\\\/\\\/www.plantedforests.org\\\/fr\\\/\",\"name\":\"Instituto Europeu De Floresta Plantada - IEFC\",\"description\":\"A rede IEFC para a gest\u00e3o sustent\u00e1vel e resili\u00eancia das florestas cultivadas\",\"publisher\":{\"@id\":\"https:\\\/\\\/www.plantedforests.org\\\/fr\\\/#organization\"},\"potentialAction\":[{\"@type\":\"SearchAction\",\"target\":{\"@type\":\"EntryPoint\",\"urlTemplate\":\"https:\\\/\\\/www.plantedforests.org\\\/fr\\\/?s={search_term_string}\"},\"query-input\":{\"@type\":\"PropertyValueSpecification\",\"valueRequired\":true,\"valueName\":\"search_term_string\"}}],\"inLanguage\":\"pt-PT\"},{\"@type\":\"Organization\",\"@id\":\"https:\\\/\\\/www.plantedforests.org\\\/fr\\\/#organization\",\"name\":\"Institut Europ\u00e9en de la For\u00eat Cultiv\u00e9e - Plantedforests.org\",\"url\":\"https:\\\/\\\/www.plantedforests.org\\\/fr\\\/\",\"logo\":{\"@type\":\"ImageObject\",\"inLanguage\":\"pt-PT\",\"@id\":\"https:\\\/\\\/www.plantedforests.org\\\/fr\\\/#\\\/schema\\\/logo\\\/image\\\/\",\"url\":\"https:\\\/\\\/www.plantedforests.org\\\/wp-content\\\/uploads\\\/2022\\\/07\\\/Logo_iefc__FR.png\",\"contentUrl\":\"https:\\\/\\\/www.plantedforests.org\\\/wp-content\\\/uploads\\\/2022\\\/07\\\/Logo_iefc__FR.png\",\"width\":2031,\"height\":1001,\"caption\":\"Institut Europ\u00e9en de la For\u00eat Cultiv\u00e9e - Plantedforests.org\"},\"image\":{\"@id\":\"https:\\\/\\\/www.plantedforests.org\\\/fr\\\/#\\\/schema\\\/logo\\\/image\\\/\"},\"sameAs\":[\"https:\\\/\\\/x.com\\\/IEFCPlantForest\",\"https:\\\/\\\/www.linkedin.com\\\/company\\\/71728047\\\/\"]}]}<\/script>\n<!-- \/ Yoast SEO plugin. -->","yoast_head_json":{"title":"O log\u00f3tipo & Imagem Gr\u00e1fica  - Instituto Europeu De Floresta Plantada - IEFC","robots":{"index":"index","follow":"follow","max-snippet":"max-snippet:-1","max-image-preview":"max-image-preview:large","max-video-preview":"max-video-preview:-1"},"canonical":"https:\/\/www.plantedforests.org\/logo-graphic-charter\/","og_locale":"pt_PT","og_type":"article","og_title":"O log\u00f3tipo & Imagem Gr\u00e1fica  - Instituto Europeu De Floresta Plantada - IEFC","og_url":"https:\/\/www.plantedforests.org\/logo-graphic-charter\/","og_site_name":"Instituto Europeu De Floresta Plantada - IEFC","article_modified_time":"2023-06-09T13:42:40+00:00","og_image":[{"url":"https:\/\/www.plantedforests.org\/wp-content\/uploads\/2022\/09\/IEFC-Graphic-Charter-1024x183.png","type":"","width":"","height":""}],"twitter_card":"summary_large_image","twitter_site":"@IEFCPlantForest","twitter_misc":{"Tempo estimado de leitura":"3 minutos"},"schema":{"@context":"https:\/\/schema.org","@graph":[{"@type":"WebPage","@id":"https:\/\/www.plantedforests.org\/logo-graphic-charter\/","url":"https:\/\/www.plantedforests.org\/logo-graphic-charter\/","name":"O log\u00f3tipo & Imagem Gr\u00e1fica - Instituto Europeu De Floresta Plantada - IEFC","isPartOf":{"@id":"https:\/\/www.plantedforests.org\/fr\/#website"},"primaryImageOfPage":{"@id":"https:\/\/www.plantedforests.org\/logo-graphic-charter\/#primaryimage"},"image":{"@id":"https:\/\/www.plantedforests.org\/logo-graphic-charter\/#primaryimage"},"thumbnailUrl":"https:\/\/www.plantedforests.org\/wp-content\/uploads\/2022\/09\/IEFC-Graphic-Charter-1024x183.png","datePublished":"2022-09-26T09:10:28+00:00","dateModified":"2023-06-09T13:42:40+00:00","description":"A few weeks ago, we presented our new visual identity. Learn about our visual identity.","breadcrumb":{"@id":"https:\/\/www.plantedforests.org\/logo-graphic-charter\/#breadcrumb"},"inLanguage":"pt-PT","potentialAction":[{"@type":"ReadAction","target":["https:\/\/www.plantedforests.org\/logo-graphic-charter\/"]}]},{"@type":"ImageObject","inLanguage":"pt-PT","@id":"https:\/\/www.plantedforests.org\/logo-graphic-charter\/#primaryimage","url":"https:\/\/www.plantedforests.org\/wp-content\/uploads\/2022\/09\/IEFC-Graphic-Charter-1024x183.png","contentUrl":"https:\/\/www.plantedforests.org\/wp-content\/uploads\/2022\/09\/IEFC-Graphic-Charter-1024x183.png"},{"@type":"BreadcrumbList","@id":"https:\/\/www.plantedforests.org\/logo-graphic-charter\/#breadcrumb","itemListElement":[{"@type":"ListItem","position":1,"name":"Accueil","item":"https:\/\/www.plantedforests.org\/"},{"@type":"ListItem","position":2,"name":"Logo &#038; Graphic Charter"}]},{"@type":"WebSite","@id":"https:\/\/www.plantedforests.org\/fr\/#website","url":"https:\/\/www.plantedforests.org\/fr\/","name":"Instituto Europeu De Floresta Plantada - IEFC","description":"A rede IEFC para a gest\u00e3o sustent\u00e1vel e resili\u00eancia das florestas cultivadas","publisher":{"@id":"https:\/\/www.plantedforests.org\/fr\/#organization"},"potentialAction":[{"@type":"SearchAction","target":{"@type":"EntryPoint","urlTemplate":"https:\/\/www.plantedforests.org\/fr\/?s={search_term_string}"},"query-input":{"@type":"PropertyValueSpecification","valueRequired":true,"valueName":"search_term_string"}}],"inLanguage":"pt-PT"},{"@type":"Organization","@id":"https:\/\/www.plantedforests.org\/fr\/#organization","name":"Institut Europ\u00e9en de la For\u00eat Cultiv\u00e9e - Plantedforests.org","url":"https:\/\/www.plantedforests.org\/fr\/","logo":{"@type":"ImageObject","inLanguage":"pt-PT","@id":"https:\/\/www.plantedforests.org\/fr\/#\/schema\/logo\/image\/","url":"https:\/\/www.plantedforests.org\/wp-content\/uploads\/2022\/07\/Logo_iefc__FR.png","contentUrl":"https:\/\/www.plantedforests.org\/wp-content\/uploads\/2022\/07\/Logo_iefc__FR.png","width":2031,"height":1001,"caption":"Institut Europ\u00e9en de la For\u00eat Cultiv\u00e9e - Plantedforests.org"},"image":{"@id":"https:\/\/www.plantedforests.org\/fr\/#\/schema\/logo\/image\/"},"sameAs":["https:\/\/x.com\/IEFCPlantForest","https:\/\/www.linkedin.com\/company\/71728047\/"]}]}},"_links":{"self":[{"href":"https:\/\/www.plantedforests.org\/pt\/wp-json\/wp\/v2\/pages\/6267","targetHints":{"allow":["GET"]}}],"collection":[{"href":"https:\/\/www.plantedforests.org\/pt\/wp-json\/wp\/v2\/pages"}],"about":[{"href":"https:\/\/www.plantedforests.org\/pt\/wp-json\/wp\/v2\/types\/page"}],"author":[{"embeddable":true,"href":"https:\/\/www.plantedforests.org\/pt\/wp-json\/wp\/v2\/users\/101"}],"replies":[{"embeddable":true,"href":"https:\/\/www.plantedforests.org\/pt\/wp-json\/wp\/v2\/comments?post=6267"}],"version-history":[{"count":102,"href":"https:\/\/www.plantedforests.org\/pt\/wp-json\/wp\/v2\/pages\/6267\/revisions"}],"predecessor-version":[{"id":12539,"href":"https:\/\/www.plantedforests.org\/pt\/wp-json\/wp\/v2\/pages\/6267\/revisions\/12539"}],"wp:attachment":[{"href":"https:\/\/www.plantedforests.org\/pt\/wp-json\/wp\/v2\/media?parent=6267"}],"curies":[{"name":"wp","href":"https:\/\/api.w.org\/{rel}","templated":true}]}}