
{"id":3050,"date":"2002-06-05T23:39:56","date_gmt":"2002-06-05T21:39:56","guid":{"rendered":"https:\/\/www.iefc.net\/?page_id=3050"},"modified":"2024-05-06T10:18:38","modified_gmt":"2024-05-06T08:18:38","slug":"gerer-ensemble-le-territoire","status":"publish","type":"page","link":"https:\/\/www.plantedforests.org\/pt\/gerer-ensemble-le-territoire\/","title":{"rendered":"Gerir o territ\u00f3rio em conjunto"},"content":{"rendered":"<p class=\"titre\">\n<p class=\"vert\">Resultados do projecto<\/p>\n<p class=\"T2\">Gest\u00e3o sustent\u00e1vel das florestas: um conceito, pontos de vista\u0085<\/p>\n<p><a class=\"icone_lien\" href=\"https:\/\/www.plantedforests.org\/?page=activites\/GERENS\/gestiondurable.fr.html\" target=\"_top\" hreflang=\"\" rel=\"noopener\"> Gest\u00e3o sustent\u00e1vel das florestas e concerta\u00e7\u00e3o<\/a><br \/>\n<a class=\"icone_lien\" href=\"https:\/\/www.plantedforests.org\/?page=activites\/GERENS\/articlemediaforest.fr.html\" target=\"_top\" hreflang=\"\" rel=\"noopener\"> Artigo M\u00e9diaforest<\/a><\/p>\n<p class=\"T2\">Percep\u00e7\u00e3o da floresta<\/p>\n<p><a class=\"icone_lien\" href=\"https:\/\/www.plantedforests.org\/?page=activites\/GERENS\/Statistiques.fr.html\" target=\"_top\" hreflang=\"\" rel=\"noopener\"> Resultado dos inqu\u00e9ritos feitos durante os encontros<\/a><br \/>\n<a class=\"icone_lien\" href=\"https:\/\/www.plantedforests.org\/?page=activites\/GERENS\/comarbora16171203guyon.pdf\" target=\"_top\" hreflang=\"\" rel=\"noopener\"> Artigo de Jean-Paul Guyon e al.<\/a><br \/>\n<a class=\"icone_lien\" href=\"https:\/\/www.plantedforests.org\/?page=activites\/GERENS\/IEFC_gerens.v3.pdf\" target=\"_top\" hreflang=\"\" rel=\"noopener\"> Relat\u00f3rio final<\/a><\/p>\n<p class=\"vert\">Os ateliers para a gest\u00e3o sustent\u00e1vel da floresta de Landes de Gascogne &#8211; IEFC \/ Fontation de France<\/p>\n<p>Desde 2002 o Instituto Europeu da Floresta Cultivada (IEFC) organiza uma s\u00e9rie de ateliers de reflex\u00e3o sobre a ordena\u00e7\u00e3o sustent\u00e1vel do maci\u00e7o florestal de Landes de Gascogne. Estas jornadas desenrolam-se sob a \u00e9gide da Funda\u00e7\u00e3o de Fran\u00e7a , dentro do contexto da sua convocat\u00f3ria a projectos: &#8220;Juntos para gerir o territ\u00f3rio&#8221;. Considerando que o ordenamento sustent\u00e1vel do espa\u00e7o florestal passa pela partilha de informa\u00e7\u00e3o entre os actores locais e pela compreens\u00e3o reciproca das suas motiva\u00e7\u00f5es, o IEFC prop\u00f5e aos gestores (silvicultores, agricultores, membros eleitos) e aos utilizadores da floresta (ca\u00e7adores, pescadores, caminhantes, naturalistas, crian\u00e7as,amantes de VTT, etc.) de exprimirem as suas aproxima\u00e7\u00f5es e as suas expectativas em mat\u00e9ria de gest\u00e3o florestal e de desenvolvimento sustent\u00e1vel da sua regi\u00e3o.<br \/>\nA especificidade da componente empresa neste projecto \u00e9 a da consulta\u00e7\u00e3o dos agentes que raramente s\u00e3o representados nas inst\u00e2ncias de concerta\u00e7\u00e3o florestais tradicionais.<br \/>\nOrganizados em volta de tem\u00e1ticas emblem\u00e1ticas sobre o ordenamento sustent\u00e1vel do espa\u00e7o rural (gest\u00e3o da agua, economia do desenvolvimento rural, diversidade biol\u00f3gica, passatempos na floresta, etc.), os ateliers da gest\u00e3o sustent\u00e1vel das florestas s\u00e3o a ocasi\u00e3o para os seus participantes de p\u00f4r sobre a mesa os pontos de aproxima\u00e7\u00e3o e de diferen\u00e7a ligados \u00e0s diversas utiliza\u00e7\u00f5es e de propor as estruturas de conserva\u00e7\u00e3o a construir, os utens\u00edlios a ter em m\u00e3o e os meios necess\u00e1rios para a sua implementa\u00e7\u00e3o.<br \/>\nAo mesmo tempo, o recolha a n\u00edvel local das expectativas e das percep\u00e7\u00f5es dos agentes em rela\u00e7\u00e3o \u00e0s florestas e \u00e0 sua gest\u00e3o permitira uma melhor commpreens\u00e3o da pertin\u00eancia dos indicadores de gest\u00e3o sustent\u00e1vel das florestas dentro do seu contexto natural, s\u00f3cio-econ\u00f3mico e politica regional.<\/p>\n<p>Os encontros desenrolam-se essencialmente no lugar de estudo sobre a gest\u00e3o sustent\u00e1vel das florestas e a sua implementa\u00e7\u00e3o pelo IEFC e o Observat\u00f3rio da Floresta de Aquitaine. Esta vasta zona florestal cobre cerca de 50,000 ha do litoral atl\u00e2ntico e do vale de Leyre a n\u00edvel de Mimizan.<\/p>\n<p><b>Calend\u00e1rio dos encontros:<\/b><\/p>\n<ul>\n<li>7 de Mar\u00e7o de 2003: Atelier &#8220;Agricultura\/Floresta&#8221; em Pissos<\/li>\n<li>12 de Mar\u00e7o de 2003: Atelier &#8220;Gest\u00e3o florestal e diversidade biol\u00f3gica &#8221; em Saint Paul de Born<\/li>\n<li>6 de Abril de 2003: Atelier &#8221; Randonn\u00e9e p\u00e9destre en for\u00eat&#8221; em Commensacq<\/li>\n<li>25 de Abril de 2003: Atelier: &#8220;Colectividades e ordenamento florestal sustent\u00e1vel&#8221; em Mimizan<\/li>\n<li>27 de Abril de 2003: Atelier &#8220;Ciclo-turismo na floresta&#8221; em Gujan-Mestras<\/li>\n<li>11 de Junho de 2003: Atelier &#8220;Descoberta do meio florestal de Landes&#8221; com um centro de actividades ao ar livre de Landes<\/li>\n<li>18 de Junho de 2003: Atelier &#8221; Descoberta dos agentes da gest\u00e3o da floresta de Landes&#8221; com um centro de actividades ao ar livre de Landes<\/li>\n<\/ul>\n<p>&nbsp;<\/p>\n<p class=\"T2\">Atelier Escolar<\/p>\n<p><a class=\"icone_lien\" href=\"https:\/\/www.plantedforests.org\/?page=activites\/GERENS\/scolaires.fr.html\" target=\"_top\" hreflang=\"\" rel=\"noopener\"> Os escolares e a gest\u00e3o sustent\u00e1vel<\/a><\/p>\n<p class=\"T2\">Actividades Colectivas<\/p>\n<p><a class=\"icone_lien\" href=\"https:\/\/www.plantedforests.org\/?page=activites\/GERENS\/synthese_atelier_elus.pdf\" target=\"_top\" hreflang=\"\" rel=\"noopener\"> S\u00edntese<\/a><\/p>\n<p class=\"T2\">Atelier Biodiversidade<\/p>\n<p><a class=\"icone_lien\" href=\"https:\/\/www.plantedforests.org\/?page=activites\/GERENS\/atelier_biodiversite.pdf\" target=\"_top\" hreflang=\"\" rel=\"noopener\"> S\u00edntese<\/a><\/p>\n<p class=\"T2\">Agricultura e floresta<\/p>\n<p><a class=\"icone_lien\" href=\"https:\/\/www.plantedforests.org\/?page=activites\/GERENS\/atelier_agri_foret.pdf\" target=\"_top\" hreflang=\"\" rel=\"noopener\"> S\u00edntese<\/a><\/p>\n<p class=\"T2\">Atelier caminhadas<\/p>\n<p>Em primeiro lugar constatamos que o anuncio de um passeio florestal tem uma recep\u00e7\u00e3o, \u00e0 priori, bastante favor\u00e1vel, e a sua mobiliza\u00e7\u00e3o \u00e9 bastante significativa. Durante cada caminhada eram efectuadas paragens tem\u00e1ticas que suscitavam um vivo interesse por parta da maioria dos participantes. No entanto \u00e9 claro que o conhecimento do meio florestal n\u00e3o era igual para todos os participantes, alguns ignoravam mesmo que a maior parte da floresta pertence a particulares. Para al\u00e9m de alguns propriet\u00e1rios florestais que encontr\u00e1mos, as pessoas mais interessadas eram os &#8220;naturalistas da erva&#8221; que t\u00eam normalmente um conhecimento muito superficial do meio natural, mas que t\u00eam um verdadeiro interesse. Para muitos o nome Natura2000 tem o mesmo valor que os monumentos protegidos ou os s\u00edtios protegidos como uma garantia de protec\u00e7\u00e3o do meio natural. E tamb\u00e9m interessante de verificar que as pessoas n\u00e3o reagem a grandes cortes que atravessam a floresta, mas os cortes para fins rurais causaram alguma inquieta\u00e7\u00e3o. No seu todo a integralidade das utiliza\u00e7\u00f5es do pinheiro (lenhoso e n\u00e3o lenhoso) s\u00e3o bem conhecidas. A titulo individual os adeptos das caminhadas posicionam-se mais como espectador do que como agente do meio florestal. O conceito de gest\u00e3o sustent\u00e1vel, com a sua dimens\u00e3o s\u00f3cio-ambiental e a certifica\u00e7\u00e3o florestal s\u00e3o-lhes praticamente desconhecidas. A defini\u00e7\u00e3o tradicional da floresta, corta-se e planta-se, satisfaz-lhe perfeitamente. No entanto, a titulo colectivo, a Federa\u00e7\u00e3o dos adeptos das caminhadas procura diversificar as parcerias para se implicar nas reflex\u00f5es sobre o ordenamento e participar em todas as ac\u00e7\u00f5es relativas \u00e0 sua actividade.<br \/>\n<br clear=\"all\" \/><\/p>\n<div align=\"right\">\n<table id=\"Fondation de France\" class=\"piedpage\" border=\"0\" summary=\"\">\n<tbody>\n<tr class=\"piedpage\">\n<td class=\"piedpage\" colspan=\"9\" align=\"center\"><span style=\"font-size: xx-small;\">Projet Subventionn\u00e9 par la Fondation de France<\/span><\/td>\n<\/tr>\n<tr>\n<td class=\"piedpage\"><img decoding=\"async\" src=\"https:\/\/www.plantedforests.org\/old_resources\/images\/logo_FDF.gif\" alt=\"\" height=\"80\" border=\"0\" \/><\/td>\n<\/tr>\n<\/tbody>\n<\/table>\n<\/div>\n","protected":false},"excerpt":{"rendered":"<p>Resultados do projecto Gest\u00e3o sustent\u00e1vel das florestas: um conceito, pontos de vista\u0085 Gest\u00e3o sustent\u00e1vel das florestas e concerta\u00e7\u00e3o Artigo M\u00e9diaforest Percep\u00e7\u00e3o da floresta Resultado dos inqu\u00e9ritos feitos durante os encontros [&hellip;]<\/p>\n","protected":false},"author":3,"featured_media":0,"parent":0,"menu_order":0,"comment_status":"closed","ping_status":"closed","template":"","meta":{"_acf_changed":false,"_eb_attr":"","_EventAllDay":false,"_EventTimezone":"","_EventStartDate":"","_EventEndDate":"","_EventStartDateUTC":"","_EventEndDateUTC":"","_EventShowMap":false,"_EventShowMapLink":false,"_EventURL":"","_EventCost":"","_EventCostDescription":"","_EventCurrencySymbol":"","_EventCurrencyCode":"","_EventCurrencyPosition":"","_EventDateTimeSeparator":"","_EventTimeRangeSeparator":"","_EventOrganizerID":[],"_EventVenueID":[],"_OrganizerEmail":"","_OrganizerPhone":"","_OrganizerWebsite":"","_VenueAddress":"","_VenueCity":"","_VenueCountry":"","_VenueProvince":"","_VenueState":"","_VenueZip":"","_VenuePhone":"","_VenueURL":"","_VenueStateProvince":"","_VenueLat":"","_VenueLng":"","_VenueShowMap":false,"_VenueShowMapLink":false,"activitypub_content_warning":"","activitypub_content_visibility":"","activitypub_max_image_attachments":4,"activitypub_interaction_policy_quote":"anyone","activitypub_status":"","footnotes":""},"class_list":["post-3050","page","type-page","status-publish","hentry"],"translation":{"provider":"WPGlobus","version":"3.0.2","language":"pt","enabled_languages":["gb","fr","es","pt"],"languages":{"gb":{"title":true,"content":true,"excerpt":false},"fr":{"title":true,"content":true,"excerpt":false},"es":{"title":true,"content":true,"excerpt":false},"pt":{"title":true,"content":true,"excerpt":false}}},"acf":[],"yoast_head":"<!-- This site is optimized with the Yoast SEO plugin v27.5 - https:\/\/yoast.com\/product\/yoast-seo-wordpress\/ -->\n<title>Gerir o territ\u00f3rio em conjunto - Instituto Europeu De Floresta Plantada - IEFC<\/title>\n<meta name=\"robots\" content=\"index, follow, max-snippet:-1, max-image-preview:large, max-video-preview:-1\" \/>\n<link rel=\"canonical\" href=\"https:\/\/www.plantedforests.org\/gerer-ensemble-le-territoire\/\" \/>\n<meta property=\"og:locale\" content=\"pt_PT\" \/>\n<meta property=\"og:type\" content=\"article\" \/>\n<meta property=\"og:title\" content=\"Gerir o territ\u00f3rio em conjunto - Instituto Europeu De Floresta Plantada - IEFC\" \/>\n<meta property=\"og:url\" content=\"https:\/\/www.plantedforests.org\/gerer-ensemble-le-territoire\/\" \/>\n<meta property=\"og:site_name\" content=\"Instituto Europeu De Floresta Plantada - IEFC\" \/>\n<meta property=\"article:modified_time\" content=\"2024-05-06T08:18:38+00:00\" \/>\n<meta property=\"og:image\" content=\"https:\/\/www.plantedforests.org\/old_resources\/images\/logo_FDF.gif\" \/>\n<meta name=\"twitter:card\" content=\"summary_large_image\" \/>\n<meta name=\"twitter:site\" content=\"@IEFCPlantForest\" \/>\n<meta name=\"twitter:label1\" content=\"Tempo estimado de leitura\" \/>\n\t<meta name=\"twitter:data1\" content=\"16 minutos\" \/>\n<script type=\"application\/ld+json\" class=\"yoast-schema-graph\">{\"@context\":\"https:\\\/\\\/schema.org\",\"@graph\":[{\"@type\":\"WebPage\",\"@id\":\"https:\\\/\\\/www.plantedforests.org\\\/gerer-ensemble-le-territoire\\\/\",\"url\":\"https:\\\/\\\/www.plantedforests.org\\\/gerer-ensemble-le-territoire\\\/\",\"name\":\"Gerir o territ\u00f3rio em conjunto - Instituto Europeu De Floresta Plantada - IEFC\",\"isPartOf\":{\"@id\":\"https:\\\/\\\/www.plantedforests.org\\\/fr\\\/#website\"},\"primaryImageOfPage\":{\"@id\":\"https:\\\/\\\/www.plantedforests.org\\\/gerer-ensemble-le-territoire\\\/#primaryimage\"},\"image\":{\"@id\":\"https:\\\/\\\/www.plantedforests.org\\\/gerer-ensemble-le-territoire\\\/#primaryimage\"},\"thumbnailUrl\":\"https:\\\/\\\/www.plantedforests.org\\\/old_resources\\\/images\\\/logo_FDF.gif\",\"datePublished\":\"2002-06-05T21:39:56+00:00\",\"dateModified\":\"2024-05-06T08:18:38+00:00\",\"breadcrumb\":{\"@id\":\"https:\\\/\\\/www.plantedforests.org\\\/gerer-ensemble-le-territoire\\\/#breadcrumb\"},\"inLanguage\":\"pt-PT\",\"potentialAction\":[{\"@type\":\"ReadAction\",\"target\":[\"https:\\\/\\\/www.plantedforests.org\\\/gerer-ensemble-le-territoire\\\/\"]}]},{\"@type\":\"ImageObject\",\"inLanguage\":\"pt-PT\",\"@id\":\"https:\\\/\\\/www.plantedforests.org\\\/gerer-ensemble-le-territoire\\\/#primaryimage\",\"url\":\"https:\\\/\\\/www.plantedforests.org\\\/old_resources\\\/images\\\/logo_FDF.gif\",\"contentUrl\":\"https:\\\/\\\/www.plantedforests.org\\\/old_resources\\\/images\\\/logo_FDF.gif\"},{\"@type\":\"BreadcrumbList\",\"@id\":\"https:\\\/\\\/www.plantedforests.org\\\/gerer-ensemble-le-territoire\\\/#breadcrumb\",\"itemListElement\":[{\"@type\":\"ListItem\",\"position\":1,\"name\":\"Accueil\",\"item\":\"https:\\\/\\\/www.plantedforests.org\\\/\"},{\"@type\":\"ListItem\",\"position\":2,\"name\":\"Managing the territory together\"}]},{\"@type\":\"WebSite\",\"@id\":\"https:\\\/\\\/www.plantedforests.org\\\/fr\\\/#website\",\"url\":\"https:\\\/\\\/www.plantedforests.org\\\/fr\\\/\",\"name\":\"Instituto Europeu De Floresta Plantada - IEFC\",\"description\":\"A rede IEFC para a gest\u00e3o sustent\u00e1vel e resili\u00eancia das florestas cultivadas\",\"publisher\":{\"@id\":\"https:\\\/\\\/www.plantedforests.org\\\/fr\\\/#organization\"},\"potentialAction\":[{\"@type\":\"SearchAction\",\"target\":{\"@type\":\"EntryPoint\",\"urlTemplate\":\"https:\\\/\\\/www.plantedforests.org\\\/fr\\\/?s={search_term_string}\"},\"query-input\":{\"@type\":\"PropertyValueSpecification\",\"valueRequired\":true,\"valueName\":\"search_term_string\"}}],\"inLanguage\":\"pt-PT\"},{\"@type\":\"Organization\",\"@id\":\"https:\\\/\\\/www.plantedforests.org\\\/fr\\\/#organization\",\"name\":\"Institut Europ\u00e9en de la For\u00eat Cultiv\u00e9e - Plantedforests.org\",\"url\":\"https:\\\/\\\/www.plantedforests.org\\\/fr\\\/\",\"logo\":{\"@type\":\"ImageObject\",\"inLanguage\":\"pt-PT\",\"@id\":\"https:\\\/\\\/www.plantedforests.org\\\/fr\\\/#\\\/schema\\\/logo\\\/image\\\/\",\"url\":\"https:\\\/\\\/www.plantedforests.org\\\/wp-content\\\/uploads\\\/2022\\\/07\\\/Logo_iefc__FR.png\",\"contentUrl\":\"https:\\\/\\\/www.plantedforests.org\\\/wp-content\\\/uploads\\\/2022\\\/07\\\/Logo_iefc__FR.png\",\"width\":2031,\"height\":1001,\"caption\":\"Institut Europ\u00e9en de la For\u00eat Cultiv\u00e9e - Plantedforests.org\"},\"image\":{\"@id\":\"https:\\\/\\\/www.plantedforests.org\\\/fr\\\/#\\\/schema\\\/logo\\\/image\\\/\"},\"sameAs\":[\"https:\\\/\\\/x.com\\\/IEFCPlantForest\",\"https:\\\/\\\/www.linkedin.com\\\/company\\\/71728047\\\/\"]}]}<\/script>\n<!-- \/ Yoast SEO plugin. -->","yoast_head_json":{"title":"Gerir o territ\u00f3rio em conjunto - Instituto Europeu De Floresta Plantada - IEFC","robots":{"index":"index","follow":"follow","max-snippet":"max-snippet:-1","max-image-preview":"max-image-preview:large","max-video-preview":"max-video-preview:-1"},"canonical":"https:\/\/www.plantedforests.org\/gerer-ensemble-le-territoire\/","og_locale":"pt_PT","og_type":"article","og_title":"Gerir o territ\u00f3rio em conjunto - Instituto Europeu De Floresta Plantada - IEFC","og_url":"https:\/\/www.plantedforests.org\/gerer-ensemble-le-territoire\/","og_site_name":"Instituto Europeu De Floresta Plantada - IEFC","article_modified_time":"2024-05-06T08:18:38+00:00","og_image":[{"url":"https:\/\/www.plantedforests.org\/old_resources\/images\/logo_FDF.gif","type":"","width":"","height":""}],"twitter_card":"summary_large_image","twitter_site":"@IEFCPlantForest","twitter_misc":{"Tempo estimado de leitura":"16 minutos"},"schema":{"@context":"https:\/\/schema.org","@graph":[{"@type":"WebPage","@id":"https:\/\/www.plantedforests.org\/gerer-ensemble-le-territoire\/","url":"https:\/\/www.plantedforests.org\/gerer-ensemble-le-territoire\/","name":"Gerir o territ\u00f3rio em conjunto - Instituto Europeu De Floresta Plantada - IEFC","isPartOf":{"@id":"https:\/\/www.plantedforests.org\/fr\/#website"},"primaryImageOfPage":{"@id":"https:\/\/www.plantedforests.org\/gerer-ensemble-le-territoire\/#primaryimage"},"image":{"@id":"https:\/\/www.plantedforests.org\/gerer-ensemble-le-territoire\/#primaryimage"},"thumbnailUrl":"https:\/\/www.plantedforests.org\/old_resources\/images\/logo_FDF.gif","datePublished":"2002-06-05T21:39:56+00:00","dateModified":"2024-05-06T08:18:38+00:00","breadcrumb":{"@id":"https:\/\/www.plantedforests.org\/gerer-ensemble-le-territoire\/#breadcrumb"},"inLanguage":"pt-PT","potentialAction":[{"@type":"ReadAction","target":["https:\/\/www.plantedforests.org\/gerer-ensemble-le-territoire\/"]}]},{"@type":"ImageObject","inLanguage":"pt-PT","@id":"https:\/\/www.plantedforests.org\/gerer-ensemble-le-territoire\/#primaryimage","url":"https:\/\/www.plantedforests.org\/old_resources\/images\/logo_FDF.gif","contentUrl":"https:\/\/www.plantedforests.org\/old_resources\/images\/logo_FDF.gif"},{"@type":"BreadcrumbList","@id":"https:\/\/www.plantedforests.org\/gerer-ensemble-le-territoire\/#breadcrumb","itemListElement":[{"@type":"ListItem","position":1,"name":"Accueil","item":"https:\/\/www.plantedforests.org\/"},{"@type":"ListItem","position":2,"name":"Managing the territory together"}]},{"@type":"WebSite","@id":"https:\/\/www.plantedforests.org\/fr\/#website","url":"https:\/\/www.plantedforests.org\/fr\/","name":"Instituto Europeu De Floresta Plantada - IEFC","description":"A rede IEFC para a gest\u00e3o sustent\u00e1vel e resili\u00eancia das florestas cultivadas","publisher":{"@id":"https:\/\/www.plantedforests.org\/fr\/#organization"},"potentialAction":[{"@type":"SearchAction","target":{"@type":"EntryPoint","urlTemplate":"https:\/\/www.plantedforests.org\/fr\/?s={search_term_string}"},"query-input":{"@type":"PropertyValueSpecification","valueRequired":true,"valueName":"search_term_string"}}],"inLanguage":"pt-PT"},{"@type":"Organization","@id":"https:\/\/www.plantedforests.org\/fr\/#organization","name":"Institut Europ\u00e9en de la For\u00eat Cultiv\u00e9e - Plantedforests.org","url":"https:\/\/www.plantedforests.org\/fr\/","logo":{"@type":"ImageObject","inLanguage":"pt-PT","@id":"https:\/\/www.plantedforests.org\/fr\/#\/schema\/logo\/image\/","url":"https:\/\/www.plantedforests.org\/wp-content\/uploads\/2022\/07\/Logo_iefc__FR.png","contentUrl":"https:\/\/www.plantedforests.org\/wp-content\/uploads\/2022\/07\/Logo_iefc__FR.png","width":2031,"height":1001,"caption":"Institut Europ\u00e9en de la For\u00eat Cultiv\u00e9e - Plantedforests.org"},"image":{"@id":"https:\/\/www.plantedforests.org\/fr\/#\/schema\/logo\/image\/"},"sameAs":["https:\/\/x.com\/IEFCPlantForest","https:\/\/www.linkedin.com\/company\/71728047\/"]}]}},"_links":{"self":[{"href":"https:\/\/www.plantedforests.org\/pt\/wp-json\/wp\/v2\/pages\/3050","targetHints":{"allow":["GET"]}}],"collection":[{"href":"https:\/\/www.plantedforests.org\/pt\/wp-json\/wp\/v2\/pages"}],"about":[{"href":"https:\/\/www.plantedforests.org\/pt\/wp-json\/wp\/v2\/types\/page"}],"author":[{"embeddable":true,"href":"https:\/\/www.plantedforests.org\/pt\/wp-json\/wp\/v2\/users\/3"}],"replies":[{"embeddable":true,"href":"https:\/\/www.plantedforests.org\/pt\/wp-json\/wp\/v2\/comments?post=3050"}],"version-history":[{"count":4,"href":"https:\/\/www.plantedforests.org\/pt\/wp-json\/wp\/v2\/pages\/3050\/revisions"}],"predecessor-version":[{"id":22843,"href":"https:\/\/www.plantedforests.org\/pt\/wp-json\/wp\/v2\/pages\/3050\/revisions\/22843"}],"wp:attachment":[{"href":"https:\/\/www.plantedforests.org\/pt\/wp-json\/wp\/v2\/media?parent=3050"}],"curies":[{"name":"wp","href":"https:\/\/api.w.org\/{rel}","templated":true}]}}