
{"id":21676,"date":"2025-01-21T11:44:46","date_gmt":"2025-01-21T10:44:46","guid":{"rendered":"https:\/\/www.plantedforests.org\/?page_id=21676"},"modified":"2025-01-24T10:48:19","modified_gmt":"2025-01-24T09:48:19","slug":"webinar-n3-fire-res-innovation-actions-11-february-2025-registration","status":"publish","type":"page","link":"https:\/\/www.plantedforests.org\/pt\/webinar-n3-fire-res-innovation-actions-11-february-2025-registration\/","title":{"rendered":"Webinar n\u00b03 &#8211; FIRE-RES &#8211; Innovation Actions &#8211; 11 February 2025 &#8211; Registration"},"content":{"rendered":"<div class=\"wp-block-image\">\n<figure class=\"aligncenter size-large is-resized\"><img fetchpriority=\"high\" decoding=\"async\" width=\"1024\" height=\"576\" src=\"https:\/\/www.plantedforests.org\/wp-content\/uploads\/2025\/01\/Webinar-IAs-n.3-Banner-1024x576.png\" alt=\"\" class=\"wp-image-21689\" style=\"width:768px;height:auto\" srcset=\"https:\/\/www.plantedforests.org\/wp-content\/uploads\/2025\/01\/Webinar-IAs-n.3-Banner-1024x576.png 1024w, https:\/\/www.plantedforests.org\/wp-content\/uploads\/2025\/01\/Webinar-IAs-n.3-Banner-300x169.png 300w, https:\/\/www.plantedforests.org\/wp-content\/uploads\/2025\/01\/Webinar-IAs-n.3-Banner-150x84.png 150w, https:\/\/www.plantedforests.org\/wp-content\/uploads\/2025\/01\/Webinar-IAs-n.3-Banner-768x432.png 768w, https:\/\/www.plantedforests.org\/wp-content\/uploads\/2025\/01\/Webinar-IAs-n.3-Banner-1536x864.png 1536w, https:\/\/www.plantedforests.org\/wp-content\/uploads\/2025\/01\/Webinar-IAs-n.3-Banner-1320x743.png 1320w, https:\/\/www.plantedforests.org\/wp-content\/uploads\/2025\/01\/Webinar-IAs-n.3-Banner.png 1600w\" sizes=\"(max-width: 1024px) 100vw, 1024px\" \/><\/figure>\n<\/div>\n\n\n<p class=\"has-black-color has-text-color has-link-color wp-elements-1 wp-block-paragraph\">The European Institute of Planted Forest (IEFC) is hosting a series of webinars to introduce the project\u2019s Innovation Actions to the public. <\/p>\n\n\n\n<p class=\"has-black-color has-text-color has-link-color wp-elements-2 wp-block-paragraph\">The third session <strong>\u201cAdvancing fire risk management: innovative tools and strategies for enhanced resilience\u201d<\/strong> will take place on <strong>Tuesday, February 11th, from 10:00 to 12:00 (CET)<\/strong>.<\/p>\n\n\n\n<div class=\"wp-block-group\"><div class=\"wp-block-group__inner-container is-layout-constrained wp-block-group-is-layout-constrained\">\n<div class=\"wp-block-group\"><div class=\"wp-block-group__inner-container is-layout-constrained wp-block-group-is-layout-constrained\">\n<div class=\"wp-block-group is-vertical is-layout-flex wp-container-core-group-is-layout-4fc3f8e1 wp-block-group-is-layout-flex\">\n<p class=\"has-black-color has-text-color has-link-color wp-elements-3 wp-block-paragraph\">The agenda for the webinar is as follows:<\/p>\n\n\n\n<p class=\"has-black-color has-text-color has-link-color wp-elements-4 wp-block-paragraph\"><br><strong>\u2013 IA 1.5<\/strong> &#8211; Advancing predictive tools for fire risk management<br><em>Presented by Pedro Tard\u00f3s<\/em><\/p>\n\n\n\n<p class=\"has-black-color has-text-color has-link-color wp-elements-5 wp-block-paragraph\"><strong>\u2013<\/strong> <strong>IA 2.3<\/strong> &#8211; Defining recommendations for improving security on WUI at multiple scales<br><em>Presented by Virginie Felicelli-Tihay and Rodrigo Mahaluf<br><\/em><strong><strong>\u2013<\/strong><\/strong> <strong>IA 3.1<\/strong> &#8211; Developing tools for enhanced forest management in fire-prone areas<br><em>Presented by Soazig Darnay<br><\/em><strong>\u2013<\/strong> <strong>IA 4.5<\/strong> &#8211; Testing regional-level policy clinics for inclusive and coherent firesmart risk governance<br><em>Presented by Eduard Mauri<br><\/em><strong>\u2013<\/strong> <strong>IA 5.4<\/strong> &#8211; Optimizing fire suppression techniques using cutting-edge technology<br><em>Presented by Terhi Kling<br><\/em><strong><strong>\u2013<\/strong><\/strong> <strong>IA 5.6<\/strong> &#8211; Prototyping HAPS (High Altitude Pseudo Satellites) contribution to Europe\u2019s resilience against EWE<br><em>Presented by Oscar Souto and Pol LLorca<\/em><\/p>\n<\/div>\n<\/div><\/div>\n<\/div><\/div>\n\n\n\n<div style=\"height:30px\" aria-hidden=\"true\" class=\"wp-block-spacer\"><\/div>\n\n\n\n<h5 class=\"wp-block-heading has-text-align-center has-black-color has-text-color has-link-color wp-elements-6\"><strong><span style=\"text-decoration: underline;\">Registration<\/span><\/strong><\/h5>\n\n\n\n<hr class=\"wp-block-separator has-alpha-channel-opacity\"\/>\n\n\n\n<div>[formidable id=&#8221;31&#8243;]<\/div>\n\n\n\n<p class=\"wp-block-paragraph\"><\/p>\n","protected":false},"excerpt":{"rendered":"<p>The European Institute of Planted Forest (IEFC) is hosting a series of webinars to introduce the project\u2019s Innovation Actions to the public. The third session \u201cAdvancing fire risk management: innovative [&hellip;]<\/p>\n","protected":false},"author":101,"featured_media":0,"parent":0,"menu_order":0,"comment_status":"closed","ping_status":"closed","template":"","meta":{"_acf_changed":false,"_eb_attr":"","_EventAllDay":false,"_EventTimezone":"","_EventStartDate":"","_EventEndDate":"","_EventStartDateUTC":"","_EventEndDateUTC":"","_EventShowMap":false,"_EventShowMapLink":false,"_EventURL":"","_EventCost":"","_EventCostDescription":"","_EventCurrencySymbol":"","_EventCurrencyCode":"","_EventCurrencyPosition":"","_EventDateTimeSeparator":"","_EventTimeRangeSeparator":"","_EventOrganizerID":[],"_EventVenueID":[],"_OrganizerEmail":"","_OrganizerPhone":"","_OrganizerWebsite":"","_VenueAddress":"","_VenueCity":"","_VenueCountry":"","_VenueProvince":"","_VenueState":"","_VenueZip":"","_VenuePhone":"","_VenueURL":"","_VenueStateProvince":"","_VenueLat":"","_VenueLng":"","_VenueShowMap":false,"_VenueShowMapLink":false,"activitypub_content_warning":"","activitypub_content_visibility":"","activitypub_max_image_attachments":4,"activitypub_interaction_policy_quote":"anyone","activitypub_status":"","footnotes":""},"class_list":["post-21676","page","type-page","status-publish","hentry"],"translation":{"provider":"WPGlobus","version":"3.0.5","language":"pt","enabled_languages":["gb","fr","pt","es"],"languages":{"gb":{"title":true,"content":true,"excerpt":false},"fr":{"title":false,"content":false,"excerpt":false},"pt":{"title":false,"content":false,"excerpt":false},"es":{"title":false,"content":false,"excerpt":false}}},"acf":[],"yoast_head":"<!-- This site is optimized with the Yoast SEO plugin v28.4 - https:\/\/yoast.com\/product\/yoast-seo-wordpress\/ -->\n<title>Webinar n\u00b03 - FIRE-RES - Innovation Actions - 11 February 2025 - Registration - Instituto Europeu De Floresta Plantada - IEFC<\/title>\n<meta name=\"robots\" content=\"index, follow, max-snippet:-1, max-image-preview:large, max-video-preview:-1\" \/>\n<link rel=\"canonical\" href=\"https:\/\/www.plantedforests.org\/fr\/webinar-n3-fire-res-innovation-actions-11-february-2025-registration\/\" \/>\n<meta property=\"og:locale\" content=\"pt_PT\" \/>\n<meta property=\"og:type\" content=\"article\" \/>\n<meta property=\"og:title\" content=\"Webinar n\u00b03 - FIRE-RES - Innovation Actions - 11 February 2025 - Registration - Instituto Europeu De Floresta Plantada - IEFC\" \/>\n<meta property=\"og:url\" content=\"https:\/\/www.plantedforests.org\/fr\/webinar-n3-fire-res-innovation-actions-11-february-2025-registration\/\" \/>\n<meta property=\"og:site_name\" content=\"Instituto Europeu De Floresta Plantada - IEFC\" \/>\n<meta property=\"article:modified_time\" content=\"2025-01-24T09:48:19+00:00\" \/>\n<meta property=\"og:image\" content=\"https:\/\/www.plantedforests.org\/wp-content\/uploads\/2025\/01\/Webinar-IAs-n.3-Banner-1024x576.png\" \/>\n<meta name=\"twitter:card\" content=\"summary_large_image\" \/>\n<meta name=\"twitter:site\" content=\"@IEFCPlantForest\" \/>\n<meta name=\"twitter:label1\" content=\"Tempo estimado de leitura\" \/>\n\t<meta name=\"twitter:data1\" content=\"2 minutos\" \/>\n<script type=\"application\/ld+json\" class=\"yoast-schema-graph\">{\"@context\":\"https:\\\/\\\/schema.org\",\"@graph\":[{\"@type\":\"WebPage\",\"@id\":\"https:\\\/\\\/www.plantedforests.org\\\/fr\\\/webinar-n3-fire-res-innovation-actions-11-february-2025-registration\\\/\",\"url\":\"https:\\\/\\\/www.plantedforests.org\\\/fr\\\/webinar-n3-fire-res-innovation-actions-11-february-2025-registration\\\/\",\"name\":\"Webinar n\u00b03 - FIRE-RES - Innovation Actions - 11 February 2025 - Registration - Instituto Europeu De Floresta Plantada - IEFC\",\"isPartOf\":{\"@id\":\"https:\\\/\\\/www.plantedforests.org\\\/fr\\\/#website\"},\"primaryImageOfPage\":{\"@id\":\"https:\\\/\\\/www.plantedforests.org\\\/fr\\\/webinar-n3-fire-res-innovation-actions-11-february-2025-registration\\\/#primaryimage\"},\"image\":{\"@id\":\"https:\\\/\\\/www.plantedforests.org\\\/fr\\\/webinar-n3-fire-res-innovation-actions-11-february-2025-registration\\\/#primaryimage\"},\"thumbnailUrl\":\"https:\\\/\\\/www.plantedforests.org\\\/wp-content\\\/uploads\\\/2025\\\/01\\\/Webinar-IAs-n.3-Banner-1024x576.png\",\"datePublished\":\"2025-01-21T10:44:46+00:00\",\"dateModified\":\"2025-01-24T09:48:19+00:00\",\"breadcrumb\":{\"@id\":\"https:\\\/\\\/www.plantedforests.org\\\/fr\\\/webinar-n3-fire-res-innovation-actions-11-february-2025-registration\\\/#breadcrumb\"},\"inLanguage\":\"pt-PT\",\"potentialAction\":[{\"@type\":\"ReadAction\",\"target\":[\"https:\\\/\\\/www.plantedforests.org\\\/fr\\\/webinar-n3-fire-res-innovation-actions-11-february-2025-registration\\\/\"]}]},{\"@type\":\"ImageObject\",\"inLanguage\":\"pt-PT\",\"@id\":\"https:\\\/\\\/www.plantedforests.org\\\/fr\\\/webinar-n3-fire-res-innovation-actions-11-february-2025-registration\\\/#primaryimage\",\"url\":\"https:\\\/\\\/www.plantedforests.org\\\/wp-content\\\/uploads\\\/2025\\\/01\\\/Webinar-IAs-n.3-Banner-1024x576.png\",\"contentUrl\":\"https:\\\/\\\/www.plantedforests.org\\\/wp-content\\\/uploads\\\/2025\\\/01\\\/Webinar-IAs-n.3-Banner-1024x576.png\"},{\"@type\":\"BreadcrumbList\",\"@id\":\"https:\\\/\\\/www.plantedforests.org\\\/fr\\\/webinar-n3-fire-res-innovation-actions-11-february-2025-registration\\\/#breadcrumb\",\"itemListElement\":[{\"@type\":\"ListItem\",\"position\":1,\"name\":\"Accueil\",\"item\":\"https:\\\/\\\/www.plantedforests.org\\\/fr\\\/\"},{\"@type\":\"ListItem\",\"position\":2,\"name\":\"Webinar n\u00b03 &#8211; FIRE-RES &#8211; Innovation Actions &#8211; 11 February 2025 &#8211; Registration\"}]},{\"@type\":\"WebSite\",\"@id\":\"https:\\\/\\\/www.plantedforests.org\\\/fr\\\/#website\",\"url\":\"https:\\\/\\\/www.plantedforests.org\\\/fr\\\/\",\"name\":\"Instituto Europeu De Floresta Plantada - IEFC\",\"description\":\"A rede IEFC para a gest\u00e3o sustent\u00e1vel e resili\u00eancia das florestas cultivadas\",\"publisher\":{\"@id\":\"https:\\\/\\\/www.plantedforests.org\\\/fr\\\/#organization\"},\"potentialAction\":[{\"@type\":\"SearchAction\",\"target\":{\"@type\":\"EntryPoint\",\"urlTemplate\":\"https:\\\/\\\/www.plantedforests.org\\\/fr\\\/?s={search_term_string}\"},\"query-input\":{\"@type\":\"PropertyValueSpecification\",\"valueRequired\":true,\"valueName\":\"search_term_string\"}}],\"inLanguage\":\"pt-PT\"},{\"@type\":\"Organization\",\"@id\":\"https:\\\/\\\/www.plantedforests.org\\\/fr\\\/#organization\",\"name\":\"Institut Europ\u00e9en de la For\u00eat Cultiv\u00e9e - Plantedforests.org\",\"url\":\"https:\\\/\\\/www.plantedforests.org\\\/fr\\\/\",\"logo\":{\"@type\":\"ImageObject\",\"inLanguage\":\"pt-PT\",\"@id\":\"https:\\\/\\\/www.plantedforests.org\\\/fr\\\/#\\\/schema\\\/logo\\\/image\\\/\",\"url\":\"https:\\\/\\\/www.plantedforests.org\\\/wp-content\\\/uploads\\\/2022\\\/07\\\/Logo_iefc__FR.png\",\"contentUrl\":\"https:\\\/\\\/www.plantedforests.org\\\/wp-content\\\/uploads\\\/2022\\\/07\\\/Logo_iefc__FR.png\",\"width\":2031,\"height\":1001,\"caption\":\"Institut Europ\u00e9en de la For\u00eat Cultiv\u00e9e - Plantedforests.org\"},\"image\":{\"@id\":\"https:\\\/\\\/www.plantedforests.org\\\/fr\\\/#\\\/schema\\\/logo\\\/image\\\/\"},\"sameAs\":[\"https:\\\/\\\/x.com\\\/IEFCPlantForest\",\"https:\\\/\\\/www.linkedin.com\\\/company\\\/71728047\\\/\"]}]}<\/script>\n<!-- \/ Yoast SEO plugin. -->","yoast_head_json":{"title":"Webinar n\u00b03 - FIRE-RES - Innovation Actions - 11 February 2025 - Registration - Instituto Europeu De Floresta Plantada - IEFC","robots":{"index":"index","follow":"follow","max-snippet":"max-snippet:-1","max-image-preview":"max-image-preview:large","max-video-preview":"max-video-preview:-1"},"canonical":"https:\/\/www.plantedforests.org\/fr\/webinar-n3-fire-res-innovation-actions-11-february-2025-registration\/","og_locale":"pt_PT","og_type":"article","og_title":"Webinar n\u00b03 - FIRE-RES - Innovation Actions - 11 February 2025 - Registration - Instituto Europeu De Floresta Plantada - IEFC","og_url":"https:\/\/www.plantedforests.org\/fr\/webinar-n3-fire-res-innovation-actions-11-february-2025-registration\/","og_site_name":"Instituto Europeu De Floresta Plantada - IEFC","article_modified_time":"2025-01-24T09:48:19+00:00","og_image":[{"url":"https:\/\/www.plantedforests.org\/wp-content\/uploads\/2025\/01\/Webinar-IAs-n.3-Banner-1024x576.png","type":"","width":"","height":""}],"twitter_card":"summary_large_image","twitter_site":"@IEFCPlantForest","twitter_misc":{"Tempo estimado de leitura":"2 minutos"},"schema":{"@context":"https:\/\/schema.org","@graph":[{"@type":"WebPage","@id":"https:\/\/www.plantedforests.org\/fr\/webinar-n3-fire-res-innovation-actions-11-february-2025-registration\/","url":"https:\/\/www.plantedforests.org\/fr\/webinar-n3-fire-res-innovation-actions-11-february-2025-registration\/","name":"Webinar n\u00b03 - FIRE-RES - Innovation Actions - 11 February 2025 - Registration - Instituto Europeu De Floresta Plantada - IEFC","isPartOf":{"@id":"https:\/\/www.plantedforests.org\/fr\/#website"},"primaryImageOfPage":{"@id":"https:\/\/www.plantedforests.org\/fr\/webinar-n3-fire-res-innovation-actions-11-february-2025-registration\/#primaryimage"},"image":{"@id":"https:\/\/www.plantedforests.org\/fr\/webinar-n3-fire-res-innovation-actions-11-february-2025-registration\/#primaryimage"},"thumbnailUrl":"https:\/\/www.plantedforests.org\/wp-content\/uploads\/2025\/01\/Webinar-IAs-n.3-Banner-1024x576.png","datePublished":"2025-01-21T10:44:46+00:00","dateModified":"2025-01-24T09:48:19+00:00","breadcrumb":{"@id":"https:\/\/www.plantedforests.org\/fr\/webinar-n3-fire-res-innovation-actions-11-february-2025-registration\/#breadcrumb"},"inLanguage":"pt-PT","potentialAction":[{"@type":"ReadAction","target":["https:\/\/www.plantedforests.org\/fr\/webinar-n3-fire-res-innovation-actions-11-february-2025-registration\/"]}]},{"@type":"ImageObject","inLanguage":"pt-PT","@id":"https:\/\/www.plantedforests.org\/fr\/webinar-n3-fire-res-innovation-actions-11-february-2025-registration\/#primaryimage","url":"https:\/\/www.plantedforests.org\/wp-content\/uploads\/2025\/01\/Webinar-IAs-n.3-Banner-1024x576.png","contentUrl":"https:\/\/www.plantedforests.org\/wp-content\/uploads\/2025\/01\/Webinar-IAs-n.3-Banner-1024x576.png"},{"@type":"BreadcrumbList","@id":"https:\/\/www.plantedforests.org\/fr\/webinar-n3-fire-res-innovation-actions-11-february-2025-registration\/#breadcrumb","itemListElement":[{"@type":"ListItem","position":1,"name":"Accueil","item":"https:\/\/www.plantedforests.org\/fr\/"},{"@type":"ListItem","position":2,"name":"Webinar n\u00b03 &#8211; FIRE-RES &#8211; Innovation Actions &#8211; 11 February 2025 &#8211; Registration"}]},{"@type":"WebSite","@id":"https:\/\/www.plantedforests.org\/fr\/#website","url":"https:\/\/www.plantedforests.org\/fr\/","name":"Instituto Europeu De Floresta Plantada - IEFC","description":"A rede IEFC para a gest\u00e3o sustent\u00e1vel e resili\u00eancia das florestas cultivadas","publisher":{"@id":"https:\/\/www.plantedforests.org\/fr\/#organization"},"potentialAction":[{"@type":"SearchAction","target":{"@type":"EntryPoint","urlTemplate":"https:\/\/www.plantedforests.org\/fr\/?s={search_term_string}"},"query-input":{"@type":"PropertyValueSpecification","valueRequired":true,"valueName":"search_term_string"}}],"inLanguage":"pt-PT"},{"@type":"Organization","@id":"https:\/\/www.plantedforests.org\/fr\/#organization","name":"Institut Europ\u00e9en de la For\u00eat Cultiv\u00e9e - Plantedforests.org","url":"https:\/\/www.plantedforests.org\/fr\/","logo":{"@type":"ImageObject","inLanguage":"pt-PT","@id":"https:\/\/www.plantedforests.org\/fr\/#\/schema\/logo\/image\/","url":"https:\/\/www.plantedforests.org\/wp-content\/uploads\/2022\/07\/Logo_iefc__FR.png","contentUrl":"https:\/\/www.plantedforests.org\/wp-content\/uploads\/2022\/07\/Logo_iefc__FR.png","width":2031,"height":1001,"caption":"Institut Europ\u00e9en de la For\u00eat Cultiv\u00e9e - Plantedforests.org"},"image":{"@id":"https:\/\/www.plantedforests.org\/fr\/#\/schema\/logo\/image\/"},"sameAs":["https:\/\/x.com\/IEFCPlantForest","https:\/\/www.linkedin.com\/company\/71728047\/"]}]}},"_links":{"self":[{"href":"https:\/\/www.plantedforests.org\/pt\/wp-json\/wp\/v2\/pages\/21676","targetHints":{"allow":["GET"]}}],"collection":[{"href":"https:\/\/www.plantedforests.org\/pt\/wp-json\/wp\/v2\/pages"}],"about":[{"href":"https:\/\/www.plantedforests.org\/pt\/wp-json\/wp\/v2\/types\/page"}],"author":[{"embeddable":true,"href":"https:\/\/www.plantedforests.org\/pt\/wp-json\/wp\/v2\/users\/101"}],"replies":[{"embeddable":true,"href":"https:\/\/www.plantedforests.org\/pt\/wp-json\/wp\/v2\/comments?post=21676"}],"version-history":[{"count":7,"href":"https:\/\/www.plantedforests.org\/pt\/wp-json\/wp\/v2\/pages\/21676\/revisions"}],"predecessor-version":[{"id":21735,"href":"https:\/\/www.plantedforests.org\/pt\/wp-json\/wp\/v2\/pages\/21676\/revisions\/21735"}],"wp:attachment":[{"href":"https:\/\/www.plantedforests.org\/pt\/wp-json\/wp\/v2\/media?parent=21676"}],"curies":[{"name":"wp","href":"https:\/\/api.w.org\/{rel}","templated":true}]}}