
{"id":18544,"date":"2024-05-13T12:20:24","date_gmt":"2024-05-13T10:20:24","guid":{"rendered":"https:\/\/www.plantedforests.org\/?post_type=tribe_events&#038;p=18544"},"modified":"2024-05-13T12:20:25","modified_gmt":"2024-05-13T10:20:25","slug":"rencard-du-savoir-forets-en-danger-prevenir-lembrasement","status":"publish","type":"tribe_events","link":"https:\/\/www.plantedforests.org\/fr\/event\/rencard-du-savoir-forets-en-danger-prevenir-lembrasement\/","title":{"rendered":"Rencard du savoir \u00abFor\u00eats en danger : pr\u00e9venir l\u2019embrasement\u00bb"},"content":{"rendered":"<div  class=\"tribe-events-schedule tribe-clearfix\" >\n\t<p class=\"tribe-events-schedule__datetime\">\n\t\t<span class=\"tribe-events-schedule__date tribe-events-schedule__date--start\">\n\t\t\t14 mai 2024\t\t<\/span>\n\n\t\t\t\t\t<span class=\"tribe-events-schedule__separator tribe-events-schedule__separator--date\">\n\t\t\t\t @ \t\t\t<\/span>\n\t\t\t<span class=\"tribe-events-schedule__time tribe-events-schedule__time--start\">\n\t\t\t\t18:30\t\t\t<\/span>\n\t\t\n\t\t\t\t\t\t\t\t\t<span class=\"tribe-events-schedule__separator tribe-events-schedule__separator--time\">\n\t\t\t\t\t &#8211; \t\t\t\t<\/span>\n\t\t\t\n\t\t\t\t\t\t\t<span class=\"tribe-events-schedule__time tribe-events-schedule__time--end\">\n\t\t\t\t\t20:00\t\t\t\t<\/span>\n\t\t\t\n\t\t\t\t\t\t\t<span class=\"tribe-events-schedule__timezone\">CEST<\/span>\n\t\t\t\t\t\t<\/p>\n<\/div>\n\n\n\n<p class=\"has-black-color has-text-color has-link-color wp-elements-b584cb60cd556d4aa8c7acab2bba2201\">Ce caf\u00e9-d\u00e9bat est organis\u00e9 par le service culture de l&rsquo;universit\u00e9 de Bordeaux dans le cadre des Rencards du savoir.<\/p>\n\n\n\n<p class=\"has-black-color has-text-color has-link-color wp-elements-783491e6c5107061a7aaad18c58f1fb5\">Plus nombreux, plus intenses, plus rapides. Avec des \u00e9t\u00e9s plus secs, les feux de for\u00eats deviennent une menace croissante. Mais si le changement climatique souffle sur les braises d\u2019un probl\u00e8me tant environnemental que soci\u00e9tal, ses causes sont en r\u00e9alit\u00e9 multiples.<\/p>\n\n\n\n<p class=\"has-black-color has-text-color has-link-color wp-elements-7ff0fdf5e2bc011f7b71508991f883a6\">Les incendies de 2022 en Gironde ont ainsi attis\u00e9 les tensions : quelle sylviculture promouvoir ? Quel am\u00e9nagement du territoire ? S\u2019il s\u2019agit de reconstituer des for\u00eats plus r\u00e9silientes, il faut \u00e9galement y repenser notre place. Car s\u2019il n\u2019y a pas de fum\u00e9e sans feu, il n\u2019y a pas, non plus, d\u2019incendie sans humains &#8211; ou presque !<\/p>\n\n\n\n<p><a href=\"https:\/\/www.u-bordeaux.fr\/evenements\/cafe-debat-forets-en-danger-prevenir-lembrasement\">Informations compl\u00e9mentaires et agenda<\/a><\/p>\n\n\n<div  class=\"tribe-block tribe-block__event-price\" >\n\t\t<\/div>\n\n\n\n\n<div  class=\"tribe-block tribe-block__venue tribe-clearfix\" >\n\t\n\t\t\n\t<\/div>\n\n\n\n\n\t<div  class=\"tribe-block tribe-block__events-link\" >\n\t\t<div class=\"tribe-events tribe-common\">\n\t\t\t<div class=\"tribe-events-c-subscribe-dropdown__container\">\n\t\t\t\t<div class=\"tribe-events-c-subscribe-dropdown\">\n\t\t\t\t\t<div class=\"tribe-common-c-btn-border tribe-events-c-subscribe-dropdown__button\">\n\t\t\t\t\t\t<svg\n\t class=\"tribe-common-c-svgicon tribe-common-c-svgicon--cal-export tribe-events-c-subscribe-dropdown__export-icon\" \taria-hidden=\"true\"\n\tviewBox=\"0 0 23 17\"\n\txmlns=\"http:\/\/www.w3.org\/2000\/svg\"\n>\n\t<path fill-rule=\"evenodd\" clip-rule=\"evenodd\" d=\"M.128.896V16.13c0 .211.145.383.323.383h15.354c.179 0 .323-.172.323-.383V.896c0-.212-.144-.383-.323-.383H.451C.273.513.128.684.128.896Zm16 6.742h-.901V4.679H1.009v10.729h14.218v-3.336h.901V7.638ZM1.01 1.614h14.218v2.058H1.009V1.614Z\" \/>\n\t<path d=\"M20.5 9.846H8.312M18.524 6.953l2.89 2.909-2.855 2.855\" stroke-width=\"1.2\" stroke-linecap=\"round\" stroke-linejoin=\"round\"\/>\n<\/svg>\n\t\t\t\t\t\t<button\n\t\t\t\t\t\t\tclass=\"tribe-events-c-subscribe-dropdown__button-text\"\n\t\t\t\t\t\t\taria-expanded=\"false\"\n\t\t\t\t\t\t\taria-controls=\"tribe-events-subscribe-dropdown-content\"\n\t\t\t\t\t\t\taria-label=\"Afficher les liens permettant d\u2019ajouter des \u00e9v\u00e8nements \u00e0 votre calendrier\"\n\t\t\t\t\t\t>\n\t\t\t\t\t\t\tAjouter au calendrier\t\t\t\t\t\t<\/button>\n\t\t\t\t\t\t<svg\n\t class=\"tribe-common-c-svgicon tribe-common-c-svgicon--caret-down tribe-events-c-subscribe-dropdown__button-icon\" \taria-hidden=\"true\"\n\tviewBox=\"0 0 10 7\"\n\txmlns=\"http:\/\/www.w3.org\/2000\/svg\"\n>\n\t<path fill-rule=\"evenodd\" clip-rule=\"evenodd\" d=\"M1.008.609L5 4.6 8.992.61l.958.958L5 6.517.05 1.566l.958-.958z\" class=\"tribe-common-c-svgicon__svg-fill\"\/>\n<\/svg>\n\t\t\t\t\t<\/div>\n\t\t\t\t\t<div id=\"tribe-events-subscribe-dropdown-content\" class=\"tribe-events-c-subscribe-dropdown__content\">\n\t\t\t\t\t\t<ul class=\"tribe-events-c-subscribe-dropdown__list\">\n\t\t\t\t\t\t\t\t\t\t\t\t\t\t\t<li class=\"tribe-events-c-subscribe-dropdown__list-item tribe-events-c-subscribe-dropdown__list-item--gcal\">\n\t\t\t\t\t\t\t\t\t<a\n\t\t\t\t\t\t\t\t\t\thref=\"https:\/\/www.google.com\/calendar\/event?action=TEMPLATE&#038;dates=20240514T183000\/20240514T200000&#038;text=Rencard%20du%20savoir%20%C2%ABFor%C3%AAts%20en%20danger%20%3A%20pr%C3%A9venir%20l%E2%80%99embrasement%C2%BB&#038;details=%3Cp+class%3D%22has-black-color+has-text-color+has-link-color%22%3ECe+caf%C3%A9-d%C3%A9bat+est+organis%C3%A9+par+le+service+culture+de+l%27universit%C3%A9+de+Bordeaux+dans+le+cadre+des+Rencards+du+savoir.%3C%2Fp%3E+%3Cp+class%3D%22has-black-color+has-text-color+has-link-color%22%3EPlus+nombreux%2C+plus+intenses%2C+plus+rapides.+Avec+des+%C3%A9t%C3%A9s+plus+secs%2C+les+feux+de+for%C3%AAts+deviennent+une+menace+croissante.+Mais+si+le+changement+climatique+souffle+sur+les+braises+d%E2%80%99un+probl%C3%A8me+tant+environnemental+que+soci%C3%A9tal%2C+ses+causes+sont+en+r%C3%A9alit%C3%A9+multiples.%3C%2Fp%3E+%3Cp+class%3D%22has-black-color+has-text-color+has-link-color%22%3ELes+incendies+de+2022+en+Gironde+ont+ainsi+attis%C3%A9+les+tensions+%3A+quelle+sylviculture+promouvoir+%3F+Quel+am%C3%A9nagement+du+territoire+%3F+S%E2%80%99il+s%E2%80%99agit+de+reconstituer+des+for%C3%AAts+plus+r%C3%A9silientes%2C+il+faut+%C3%A9galement+y+repenser+notre+place.+Car+s%E2%80%99il+n%E2%80%99y+a+pas+de+fum%C3%A9e+sans+feu%2C+il+n%E2%80%99y+a+pas%2C+non+plus%2C+d%E2%80%99incendie+sans+humains+-+ou+presque+%21%3C%2Fp%3E+%3Cp%3E%3Ca+href%3D%22https%3A%2F%2Fwww.u-bordeaux.fr%2Fevenements%2Fcafe-%3C%2Fp%3E%28Voir+toute+la+description+de+%C3%A9v%C3%A8nement+ici%C2%A0%3A+https%3A%2F%2Fwww.plantedforests.org%2Ffr%2Fevent%2Frencard-du-savoir-forets-en-danger-prevenir-lembrasement%2F%29&#038;trp=false&#038;ctz=Europe\/Paris&#038;sprop=website:https:\/\/www.plantedforests.org\/fr\"\n\t\t\t\t\t\t\t\t\t\tclass=\"tribe-events-c-subscribe-dropdown__list-item-link\"\n\t\t\t\t\t\t\t\t\t\ttarget=\"_blank\"\n\t\t\t\t\t\t\t\t\t\trel=\"noopener noreferrer nofollow noindex\"\n\t\t\t\t\t\t\t\t\t>\n\t\t\t\t\t\t\t\t\t\tGoogle Agenda\t\t\t\t\t\t\t\t\t<\/a>\n\t\t\t\t\t\t\t\t<\/li>\n\t\t\t\t\t\t\t\t\t\t\t\t\t\t\t<li class=\"tribe-events-c-subscribe-dropdown__list-item tribe-events-c-subscribe-dropdown__list-item--ical\">\n\t\t\t\t\t\t\t\t\t<a\n\t\t\t\t\t\t\t\t\t\thref=\"\"\n\t\t\t\t\t\t\t\t\t\tclass=\"tribe-events-c-subscribe-dropdown__list-item-link\"\n\t\t\t\t\t\t\t\t\t\ttarget=\"_blank\"\n\t\t\t\t\t\t\t\t\t\trel=\"noopener noreferrer nofollow noindex\"\n\t\t\t\t\t\t\t\t\t>\n\t\t\t\t\t\t\t\t\t\tiCalendar\t\t\t\t\t\t\t\t\t<\/a>\n\t\t\t\t\t\t\t\t<\/li>\n\t\t\t\t\t\t\t\t\t\t\t\t\t\t\t<li class=\"tribe-events-c-subscribe-dropdown__list-item tribe-events-c-subscribe-dropdown__list-item--outlook-365\">\n\t\t\t\t\t\t\t\t\t<a\n\t\t\t\t\t\t\t\t\t\thref=\"\"\n\t\t\t\t\t\t\t\t\t\tclass=\"tribe-events-c-subscribe-dropdown__list-item-link\"\n\t\t\t\t\t\t\t\t\t\ttarget=\"_blank\"\n\t\t\t\t\t\t\t\t\t\trel=\"noopener noreferrer nofollow noindex\"\n\t\t\t\t\t\t\t\t\t>\n\t\t\t\t\t\t\t\t\t\tOutlook 365\t\t\t\t\t\t\t\t\t<\/a>\n\t\t\t\t\t\t\t\t<\/li>\n\t\t\t\t\t\t\t\t\t\t\t\t\t\t\t<li class=\"tribe-events-c-subscribe-dropdown__list-item tribe-events-c-subscribe-dropdown__list-item--outlook-live\">\n\t\t\t\t\t\t\t\t\t<a\n\t\t\t\t\t\t\t\t\t\thref=\"\"\n\t\t\t\t\t\t\t\t\t\tclass=\"tribe-events-c-subscribe-dropdown__list-item-link\"\n\t\t\t\t\t\t\t\t\t\ttarget=\"_blank\"\n\t\t\t\t\t\t\t\t\t\trel=\"noopener noreferrer nofollow noindex\"\n\t\t\t\t\t\t\t\t\t>\n\t\t\t\t\t\t\t\t\t\tOutlook Live\t\t\t\t\t\t\t\t\t<\/a>\n\t\t\t\t\t\t\t\t<\/li>\n\t\t\t\t\t\t\t\t\t\t\t\t\t<\/ul>\n\t\t\t\t\t<\/div>\n\t\t\t\t<\/div>\n\t\t\t<\/div>\n\t\t<\/div>\n\t<\/div>\n\n","protected":false},"excerpt":{"rendered":"<p>Ce caf\u00e9-d\u00e9bat est organis\u00e9 par le service culture de l&rsquo;universit\u00e9 de Bordeaux dans le cadre des Rencards du savoir. Plus nombreux, plus intenses, plus rapides. Avec des \u00e9t\u00e9s plus secs, [&hellip;]<\/p>\n","protected":false},"author":101,"featured_media":0,"template":"","meta":{"_acf_changed":false,"_eb_attr":"","_EventAllDay":false,"_EventTimezone":"Europe\/Paris","_EventStartDate":"2024-05-14 18:30:00","_EventEndDate":"2024-05-14 20:00:00","_EventStartDateUTC":"2024-05-14 16:30:00","_EventEndDateUTC":"2024-05-14 18:00:00","_EventShowMap":false,"_EventShowMapLink":false,"_EventURL":"","_EventCost":"","_EventCostDescription":"","_EventCurrencySymbol":"\u20ac","_EventCurrencyCode":"EUR","_EventCurrencyPosition":"suffix","_EventDateTimeSeparator":" @ ","_EventTimeRangeSeparator":" - ","_EventOrganizerID":[],"_EventVenueID":[],"_OrganizerEmail":"","_OrganizerPhone":"","_OrganizerWebsite":"","_VenueAddress":"","_VenueCity":"","_VenueCountry":"","_VenueProvince":"","_VenueState":"","_VenueZip":"","_VenuePhone":"","_VenueURL":"","_VenueStateProvince":"","_VenueLat":"","_VenueLng":"","_VenueShowMap":false,"_VenueShowMapLink":false,"_tribe_events_status":"","_tribe_events_status_reason":"","activitypub_content_warning":"","activitypub_content_visibility":"","activitypub_max_image_attachments":4,"activitypub_interaction_policy_quote":"anyone","activitypub_status":"","footnotes":""},"tags":[],"tribe_events_cat":[],"class_list":["post-18544","tribe_events","type-tribe_events","status-publish","hentry"],"translation":{"provider":"WPGlobus","version":"3.0.2","language":"fr","enabled_languages":["gb","fr","es","pt"],"languages":{"gb":{"title":true,"content":true,"excerpt":false},"fr":{"title":false,"content":false,"excerpt":false},"es":{"title":false,"content":false,"excerpt":false},"pt":{"title":false,"content":false,"excerpt":false}}},"acf":[],"yoast_head":"<!-- This site is optimized with the Yoast SEO plugin v27.5 - https:\/\/yoast.com\/product\/yoast-seo-wordpress\/ -->\n<title>Rencard du savoir \u00abFor\u00eats en danger : pr\u00e9venir l\u2019embrasement\u00bb - Institut Europ\u00e9en de la For\u00eat Cultiv\u00e9e - IEFC<\/title>\n<meta name=\"robots\" content=\"index, follow, max-snippet:-1, max-image-preview:large, max-video-preview:-1\" \/>\n<link rel=\"canonical\" href=\"https:\/\/www.plantedforests.org\/event\/rencard-du-savoir-forets-en-danger-prevenir-lembrasement\/\" \/>\n<meta property=\"og:locale\" content=\"fr_FR\" \/>\n<meta property=\"og:type\" content=\"article\" \/>\n<meta property=\"og:title\" content=\"Rencard du savoir \u00abFor\u00eats en danger : pr\u00e9venir l\u2019embrasement\u00bb - Institut Europ\u00e9en de la For\u00eat Cultiv\u00e9e - IEFC\" \/>\n<meta property=\"og:url\" content=\"https:\/\/www.plantedforests.org\/event\/rencard-du-savoir-forets-en-danger-prevenir-lembrasement\/\" \/>\n<meta property=\"og:site_name\" content=\"Institut Europ\u00e9en de la For\u00eat Cultiv\u00e9e - IEFC\" \/>\n<meta property=\"article:modified_time\" content=\"2024-05-13T10:20:25+00:00\" \/>\n<meta name=\"twitter:card\" content=\"summary_large_image\" \/>\n<meta name=\"twitter:site\" content=\"@IEFCPlantForest\" \/>\n<meta name=\"twitter:label1\" content=\"Dur\u00e9e de lecture estim\u00e9e\" \/>\n\t<meta name=\"twitter:data1\" content=\"1 minute\" \/>\n<script type=\"application\/ld+json\" class=\"yoast-schema-graph\">{\"@context\":\"https:\\\/\\\/schema.org\",\"@graph\":[{\"@type\":\"WebPage\",\"@id\":\"https:\\\/\\\/www.plantedforests.org\\\/event\\\/rencard-du-savoir-forets-en-danger-prevenir-lembrasement\\\/\",\"url\":\"https:\\\/\\\/www.plantedforests.org\\\/event\\\/rencard-du-savoir-forets-en-danger-prevenir-lembrasement\\\/\",\"name\":\"Rencard du savoir \u00abFor\u00eats en danger : pr\u00e9venir l\u2019embrasement\u00bb - Institut Europ\u00e9en de la For\u00eat Cultiv\u00e9e - IEFC\",\"isPartOf\":{\"@id\":\"https:\\\/\\\/www.plantedforests.org\\\/fr\\\/#website\"},\"datePublished\":\"2024-05-13T10:20:24+00:00\",\"dateModified\":\"2024-05-13T10:20:25+00:00\",\"breadcrumb\":{\"@id\":\"https:\\\/\\\/www.plantedforests.org\\\/event\\\/rencard-du-savoir-forets-en-danger-prevenir-lembrasement\\\/#breadcrumb\"},\"inLanguage\":\"fr-FR\",\"potentialAction\":[{\"@type\":\"ReadAction\",\"target\":[\"https:\\\/\\\/www.plantedforests.org\\\/event\\\/rencard-du-savoir-forets-en-danger-prevenir-lembrasement\\\/\"]}]},{\"@type\":\"BreadcrumbList\",\"@id\":\"https:\\\/\\\/www.plantedforests.org\\\/event\\\/rencard-du-savoir-forets-en-danger-prevenir-lembrasement\\\/#breadcrumb\",\"itemListElement\":[{\"@type\":\"ListItem\",\"position\":1,\"name\":\"Accueil\",\"item\":\"https:\\\/\\\/www.plantedforests.org\\\/\"},{\"@type\":\"ListItem\",\"position\":2,\"name\":\"Events\",\"item\":\"https:\\\/\\\/www.plantedforests.org\\\/events\\\/\"},{\"@type\":\"ListItem\",\"position\":3,\"name\":\"Rencard du savoir \u00abFor\u00eats en danger : pr\u00e9venir l\u2019embrasement\u00bb\"}]},{\"@type\":\"WebSite\",\"@id\":\"https:\\\/\\\/www.plantedforests.org\\\/fr\\\/#website\",\"url\":\"https:\\\/\\\/www.plantedforests.org\\\/fr\\\/\",\"name\":\"Institut Europ\u00e9en de la For\u00eat Cultiv\u00e9e - IEFC\",\"description\":\"Le r\u00e9seau multi-acteur pour la gestion durable et la r\u00e9silience des for\u00eats cultiv\u00e9es\",\"publisher\":{\"@id\":\"https:\\\/\\\/www.plantedforests.org\\\/fr\\\/#organization\"},\"potentialAction\":[{\"@type\":\"SearchAction\",\"target\":{\"@type\":\"EntryPoint\",\"urlTemplate\":\"https:\\\/\\\/www.plantedforests.org\\\/fr\\\/?s={search_term_string}\"},\"query-input\":{\"@type\":\"PropertyValueSpecification\",\"valueRequired\":true,\"valueName\":\"search_term_string\"}}],\"inLanguage\":\"fr-FR\"},{\"@type\":\"Organization\",\"@id\":\"https:\\\/\\\/www.plantedforests.org\\\/fr\\\/#organization\",\"name\":\"Institut Europ\u00e9en de la For\u00eat Cultiv\u00e9e - Plantedforests.org\",\"url\":\"https:\\\/\\\/www.plantedforests.org\\\/fr\\\/\",\"logo\":{\"@type\":\"ImageObject\",\"inLanguage\":\"fr-FR\",\"@id\":\"https:\\\/\\\/www.plantedforests.org\\\/fr\\\/#\\\/schema\\\/logo\\\/image\\\/\",\"url\":\"https:\\\/\\\/www.plantedforests.org\\\/wp-content\\\/uploads\\\/2022\\\/07\\\/Logo_iefc__FR.png\",\"contentUrl\":\"https:\\\/\\\/www.plantedforests.org\\\/wp-content\\\/uploads\\\/2022\\\/07\\\/Logo_iefc__FR.png\",\"width\":2031,\"height\":1001,\"caption\":\"Institut Europ\u00e9en de la For\u00eat Cultiv\u00e9e - Plantedforests.org\"},\"image\":{\"@id\":\"https:\\\/\\\/www.plantedforests.org\\\/fr\\\/#\\\/schema\\\/logo\\\/image\\\/\"},\"sameAs\":[\"https:\\\/\\\/x.com\\\/IEFCPlantForest\",\"https:\\\/\\\/www.linkedin.com\\\/company\\\/71728047\\\/\"]}]}<\/script>\n<!-- \/ Yoast SEO plugin. -->","yoast_head_json":{"title":"Rencard du savoir \u00abFor\u00eats en danger : pr\u00e9venir l\u2019embrasement\u00bb - Institut Europ\u00e9en de la For\u00eat Cultiv\u00e9e - IEFC","robots":{"index":"index","follow":"follow","max-snippet":"max-snippet:-1","max-image-preview":"max-image-preview:large","max-video-preview":"max-video-preview:-1"},"canonical":"https:\/\/www.plantedforests.org\/event\/rencard-du-savoir-forets-en-danger-prevenir-lembrasement\/","og_locale":"fr_FR","og_type":"article","og_title":"Rencard du savoir \u00abFor\u00eats en danger : pr\u00e9venir l\u2019embrasement\u00bb - Institut Europ\u00e9en de la For\u00eat Cultiv\u00e9e - IEFC","og_url":"https:\/\/www.plantedforests.org\/event\/rencard-du-savoir-forets-en-danger-prevenir-lembrasement\/","og_site_name":"Institut Europ\u00e9en de la For\u00eat Cultiv\u00e9e - IEFC","article_modified_time":"2024-05-13T10:20:25+00:00","twitter_card":"summary_large_image","twitter_site":"@IEFCPlantForest","twitter_misc":{"Dur\u00e9e de lecture estim\u00e9e":"1 minute"},"schema":{"@context":"https:\/\/schema.org","@graph":[{"@type":"WebPage","@id":"https:\/\/www.plantedforests.org\/event\/rencard-du-savoir-forets-en-danger-prevenir-lembrasement\/","url":"https:\/\/www.plantedforests.org\/event\/rencard-du-savoir-forets-en-danger-prevenir-lembrasement\/","name":"Rencard du savoir \u00abFor\u00eats en danger : pr\u00e9venir l\u2019embrasement\u00bb - Institut Europ\u00e9en de la For\u00eat Cultiv\u00e9e - IEFC","isPartOf":{"@id":"https:\/\/www.plantedforests.org\/fr\/#website"},"datePublished":"2024-05-13T10:20:24+00:00","dateModified":"2024-05-13T10:20:25+00:00","breadcrumb":{"@id":"https:\/\/www.plantedforests.org\/event\/rencard-du-savoir-forets-en-danger-prevenir-lembrasement\/#breadcrumb"},"inLanguage":"fr-FR","potentialAction":[{"@type":"ReadAction","target":["https:\/\/www.plantedforests.org\/event\/rencard-du-savoir-forets-en-danger-prevenir-lembrasement\/"]}]},{"@type":"BreadcrumbList","@id":"https:\/\/www.plantedforests.org\/event\/rencard-du-savoir-forets-en-danger-prevenir-lembrasement\/#breadcrumb","itemListElement":[{"@type":"ListItem","position":1,"name":"Accueil","item":"https:\/\/www.plantedforests.org\/"},{"@type":"ListItem","position":2,"name":"Events","item":"https:\/\/www.plantedforests.org\/events\/"},{"@type":"ListItem","position":3,"name":"Rencard du savoir \u00abFor\u00eats en danger : pr\u00e9venir l\u2019embrasement\u00bb"}]},{"@type":"WebSite","@id":"https:\/\/www.plantedforests.org\/fr\/#website","url":"https:\/\/www.plantedforests.org\/fr\/","name":"Institut Europ\u00e9en de la For\u00eat Cultiv\u00e9e - IEFC","description":"Le r\u00e9seau multi-acteur pour la gestion durable et la r\u00e9silience des for\u00eats cultiv\u00e9es","publisher":{"@id":"https:\/\/www.plantedforests.org\/fr\/#organization"},"potentialAction":[{"@type":"SearchAction","target":{"@type":"EntryPoint","urlTemplate":"https:\/\/www.plantedforests.org\/fr\/?s={search_term_string}"},"query-input":{"@type":"PropertyValueSpecification","valueRequired":true,"valueName":"search_term_string"}}],"inLanguage":"fr-FR"},{"@type":"Organization","@id":"https:\/\/www.plantedforests.org\/fr\/#organization","name":"Institut Europ\u00e9en de la For\u00eat Cultiv\u00e9e - Plantedforests.org","url":"https:\/\/www.plantedforests.org\/fr\/","logo":{"@type":"ImageObject","inLanguage":"fr-FR","@id":"https:\/\/www.plantedforests.org\/fr\/#\/schema\/logo\/image\/","url":"https:\/\/www.plantedforests.org\/wp-content\/uploads\/2022\/07\/Logo_iefc__FR.png","contentUrl":"https:\/\/www.plantedforests.org\/wp-content\/uploads\/2022\/07\/Logo_iefc__FR.png","width":2031,"height":1001,"caption":"Institut Europ\u00e9en de la For\u00eat Cultiv\u00e9e - Plantedforests.org"},"image":{"@id":"https:\/\/www.plantedforests.org\/fr\/#\/schema\/logo\/image\/"},"sameAs":["https:\/\/x.com\/IEFCPlantForest","https:\/\/www.linkedin.com\/company\/71728047\/"]}]}},"_links":{"self":[{"href":"https:\/\/www.plantedforests.org\/fr\/wp-json\/wp\/v2\/tribe_events\/18544","targetHints":{"allow":["GET"]}}],"collection":[{"href":"https:\/\/www.plantedforests.org\/fr\/wp-json\/wp\/v2\/tribe_events"}],"about":[{"href":"https:\/\/www.plantedforests.org\/fr\/wp-json\/wp\/v2\/types\/tribe_events"}],"author":[{"embeddable":true,"href":"https:\/\/www.plantedforests.org\/fr\/wp-json\/wp\/v2\/users\/101"}],"version-history":[{"count":2,"href":"https:\/\/www.plantedforests.org\/fr\/wp-json\/wp\/v2\/tribe_events\/18544\/revisions"}],"predecessor-version":[{"id":18546,"href":"https:\/\/www.plantedforests.org\/fr\/wp-json\/wp\/v2\/tribe_events\/18544\/revisions\/18546"}],"wp:attachment":[{"href":"https:\/\/www.plantedforests.org\/fr\/wp-json\/wp\/v2\/media?parent=18544"}],"wp:term":[{"taxonomy":"post_tag","embeddable":true,"href":"https:\/\/www.plantedforests.org\/fr\/wp-json\/wp\/v2\/tags?post=18544"},{"taxonomy":"tribe_events_cat","embeddable":true,"href":"https:\/\/www.plantedforests.org\/fr\/wp-json\/wp\/v2\/tribe_events_cat?post=18544"}],"curies":[{"name":"wp","href":"https:\/\/api.w.org\/{rel}","templated":true}]}}