
{"id":13783,"date":"2023-09-19T10:03:02","date_gmt":"2023-09-19T08:03:02","guid":{"rendered":"https:\/\/www.plantedforests.org\/?post_type=tribe_events&#038;p=13783"},"modified":"2023-09-19T10:03:03","modified_gmt":"2023-09-19T08:03:03","slug":"29eme-xylodating-le-douglas-une-essence-qui-cherche-et-qui-innove","status":"publish","type":"tribe_events","link":"https:\/\/www.plantedforests.org\/fr\/event\/29eme-xylodating-le-douglas-une-essence-qui-cherche-et-qui-innove\/","title":{"rendered":"29\u00e8me Xylodating Le Douglas : une essence qui cherche et qui innove !"},"content":{"rendered":"<div  class=\"tribe-events-schedule tribe-clearfix\" >\n\t<p class=\"tribe-events-schedule__datetime\">\n\t\t<span class=\"tribe-events-schedule__date tribe-events-schedule__date--start\">\n\t\t\t6 octobre 2023\t\t<\/span>\n\n\t\t\t\t\t<span class=\"tribe-events-schedule__separator tribe-events-schedule__separator--date\">\n\t\t\t\t @ \t\t\t<\/span>\n\t\t\t<span class=\"tribe-events-schedule__time tribe-events-schedule__time--start\">\n\t\t\t\t08:30\t\t\t<\/span>\n\t\t\n\t\t\t\t\t\t\t\t\t<span class=\"tribe-events-schedule__separator tribe-events-schedule__separator--time\">\n\t\t\t\t\t &#8211; \t\t\t\t<\/span>\n\t\t\t\n\t\t\t\t\t\t\t<span class=\"tribe-events-schedule__time tribe-events-schedule__time--end\">\n\t\t\t\t\t16:00\t\t\t\t<\/span>\n\t\t\t\n\t\t\t\t\t\t\t<span class=\"tribe-events-schedule__timezone\">CEST<\/span>\n\t\t\t\t\t\t<\/p>\n<\/div>\n\n\n\n<p class=\"has-black-color has-text-color\"><strong>L\u2019association France Douglas et le P\u00f4le de Comp\u00e9titivit\u00e9 Xylofutur s\u2019associent aujourd\u2019hui pour vous proposer un Xylodating d\u00e9di\u00e9 au douglas<\/strong>, afin de pr\u00e9senter les projets de recherche, de d\u00e9veloppement ou d\u2019innovation en cours au sein de cette fili\u00e8re.<\/p>\n\n\n\n<p class=\"has-black-color has-text-color\"><br>Venez \u00e9changer avec des porteurs de projets sur toutes ces questions qui concernent l\u2019ensemble de la chaine de valeur du douglas. Dirigeant, chef d\u2019entreprise, cadre, mais aussi chercheur, ing\u00e9nieur, vous \u00e9voluez au sein d\u2019un laboratoire priv\u00e9 ou public, d\u2019un centre technique, d\u2019un cabinet de conseil ou d\u2019une entreprise : <strong>cette journ\u00e9e vous concerne.<\/strong><\/p>\n\n\n\n<p><a href=\"http:\/\/xylofutur.fr\/xylodating-le-douglas-une-essence-qui-cherche-et-innove\/\" target=\"_blank\" rel=\"noreferrer noopener\">Plus d&rsquo;information<\/a><\/p>\n\n\n<div  class=\"tribe-block tribe-block__event-price\" >\n\t\t<\/div>\n\n\n\n\n<div  class=\"tribe-block tribe-block__venue tribe-clearfix tribe-block__venue--has-map\" >\n\t\n\t\n<div class=\"tribe-block__venue__meta\">\n\t<div class=\"tribe-block__venue__name\">\n\t\t<h3>\u00c9cole Nationale Sup\u00e9rieure d\u2019Architecture de Clermont-Ferrand (ENSA)<\/h3>\n\t<\/div>\n\n\t\n\t\t\t\t\t\t<address class=\"tribe-block__venue__address\">\n\t\t\t\t<span class=\"tribe-address\">\n\n<span class=\"tribe-street-address\">85 Rue du Dr Bousquet,<\/span>\n\t\n\t\t<br>\n\t\t<span class=\"tribe-locality\">Clermont-Ferrand<\/span><span class=\"tribe-delimiter\">,<\/span>\n\n\n\t<span class=\"tribe-postal-code\">63100<\/span>\n\n\t<span class=\"tribe-country-name\">France<\/span>\n\n<\/span>\n\n\t\t\t\t\t\t\t\t\t<a class=\"tribe-events-gmap\" href=\"https:\/\/maps.google.com\/maps?f=q&#038;source=s_q&#038;hl=en&#038;geocode=&#038;q=85+Rue+du+Dr+Bousquet%2C+Clermont-Ferrand+63100+France\" title=\"Cliquez pour voir une carte Google Map\" target=\"_blank\" rel=\"noreferrer noopener\">+ Google Map<\/a>\t\t\t\t\t\t\t<\/address>\n\t\t\n\t\t\n\t\t\t\n\t<\/div>\n\t\n<div class=\"tribe-block__venue__map\">\n\t\n<iframe\n  title=\"L\u2018iframe Google maps affichant l\u2019adresse \u00e0 \u00c9cole Nationale Sup\u00e9rieure d\u2019Architecture de Clermont-Ferrand (ENSA)\"\n  aria-label=\"Plan des lieux\"\n  width=\"310px\"\n  height=\"256px\"\n  frameborder=\"0\" style=\"border:0\"\n  src=\"https:\/\/www.google.com\/maps\/embed\/v1\/place?key=AIzaSyDNsicAsP6-VuGtAb1O9riI3oc_NOb7IOU&#038;q=85+Rue+du+Dr+Bousquet%2C+Clermont-Ferrand+63100+France+&#038;zoom=10\" allowfullscreen>\n<\/iframe>\n<\/div>\n\n\t<\/div>\n\n\n\n\n\t<div  class=\"tribe-block tribe-block__events-link\" >\n\t\t<div class=\"tribe-events tribe-common\">\n\t\t\t<div class=\"tribe-events-c-subscribe-dropdown__container\">\n\t\t\t\t<div class=\"tribe-events-c-subscribe-dropdown\">\n\t\t\t\t\t<div class=\"tribe-common-c-btn-border tribe-events-c-subscribe-dropdown__button\">\n\t\t\t\t\t\t<svg\n\t class=\"tribe-common-c-svgicon tribe-common-c-svgicon--cal-export tribe-events-c-subscribe-dropdown__export-icon\" \taria-hidden=\"true\"\n\tviewBox=\"0 0 23 17\"\n\txmlns=\"http:\/\/www.w3.org\/2000\/svg\"\n>\n\t<path fill-rule=\"evenodd\" clip-rule=\"evenodd\" d=\"M.128.896V16.13c0 .211.145.383.323.383h15.354c.179 0 .323-.172.323-.383V.896c0-.212-.144-.383-.323-.383H.451C.273.513.128.684.128.896Zm16 6.742h-.901V4.679H1.009v10.729h14.218v-3.336h.901V7.638ZM1.01 1.614h14.218v2.058H1.009V1.614Z\" \/>\n\t<path d=\"M20.5 9.846H8.312M18.524 6.953l2.89 2.909-2.855 2.855\" stroke-width=\"1.2\" stroke-linecap=\"round\" stroke-linejoin=\"round\"\/>\n<\/svg>\n\t\t\t\t\t\t<button\n\t\t\t\t\t\t\tclass=\"tribe-events-c-subscribe-dropdown__button-text\"\n\t\t\t\t\t\t\taria-expanded=\"false\"\n\t\t\t\t\t\t\taria-controls=\"tribe-events-subscribe-dropdown-content\"\n\t\t\t\t\t\t\taria-label=\"Afficher les liens permettant d\u2019ajouter des \u00e9v\u00e8nements \u00e0 votre calendrier\"\n\t\t\t\t\t\t>\n\t\t\t\t\t\t\tAjouter au calendrier\t\t\t\t\t\t<\/button>\n\t\t\t\t\t\t<svg\n\t class=\"tribe-common-c-svgicon tribe-common-c-svgicon--caret-down tribe-events-c-subscribe-dropdown__button-icon\" \taria-hidden=\"true\"\n\tviewBox=\"0 0 10 7\"\n\txmlns=\"http:\/\/www.w3.org\/2000\/svg\"\n>\n\t<path fill-rule=\"evenodd\" clip-rule=\"evenodd\" d=\"M1.008.609L5 4.6 8.992.61l.958.958L5 6.517.05 1.566l.958-.958z\" class=\"tribe-common-c-svgicon__svg-fill\"\/>\n<\/svg>\n\t\t\t\t\t<\/div>\n\t\t\t\t\t<div id=\"tribe-events-subscribe-dropdown-content\" class=\"tribe-events-c-subscribe-dropdown__content\">\n\t\t\t\t\t\t<ul class=\"tribe-events-c-subscribe-dropdown__list\">\n\t\t\t\t\t\t\t\t\t\t\t\t\t\t\t<li class=\"tribe-events-c-subscribe-dropdown__list-item tribe-events-c-subscribe-dropdown__list-item--gcal\">\n\t\t\t\t\t\t\t\t\t<a\n\t\t\t\t\t\t\t\t\t\thref=\"https:\/\/www.google.com\/calendar\/event?action=TEMPLATE&#038;dates=20231006T083000\/20231006T160000&#038;text=29%C3%A8me%20Xylodating%20Le%20Douglas%20%3A%20une%20essence%20qui%20cherche%20et%20qui%20innove%20%21&#038;details=%3Cp+class%3D%22has-black-color+has-text-color%22%3E%3Cstrong%3EL%E2%80%99association+France+Douglas+et+le+P%C3%B4le+de+Comp%C3%A9titivit%C3%A9+Xylofutur+s%E2%80%99associent+aujourd%E2%80%99hui+pour+vous+proposer+un+Xylodating+d%C3%A9di%C3%A9+au+douglas%3C%2Fstrong%3E%2C+afin+de+pr%C3%A9senter+les+projets+de+recherche%2C+de+d%C3%A9veloppement+ou+d%E2%80%99innovation+en+cours+au+sein+de+cette+fili%C3%A8re.%3C%2Fp%3E+%3Cp+class%3D%22has-black-color+has-text-color%22%3E%3Cbr%3EVenez+%C3%A9changer+avec+des+porteurs+de+projets+sur+toutes+ces+questions+qui+concernent+l%E2%80%99ensemble+de+la+chaine+de+valeur+du+douglas.+Dirigeant%2C+chef+d%E2%80%99entreprise%2C+cadre%2C+mais+aussi+chercheur%2C+ing%C3%A9nieur%2C+vous+%C3%A9voluez+au+sein+d%E2%80%99un+laboratoire+priv%C3%A9+ou+public%2C+d%E2%80%99un+centre+technique%2C+d%E2%80%99un+cabinet+de+conseil+ou+d%E2%80%99une+entreprise+%3A+%3Cstrong%3Ecette+journ%C3%A9e+vous+concerne.%3C%2Fstrong%3E%3C%2Fp%3E+%3Cp%3E%3Ca+href%3D%22http%3A%2F%2Fxylofutur.fr%2Fxylodating-le-douglas-une-essence-qui-cherche-et-innove%2F%22+target%3D%22_blank%22+rel%3D%22noreferrer+noopener%22%3EPlus+d%27information%3C%2Fa%3E%3C%2Fp%3E+&#038;location=\u00c9cole%20Nationale%20Sup\u00e9rieure%20d\u2019Architecture%20de%20Clermont-Ferrand%20(ENSA),%2085%20Rue%20du%20Dr%20Bousquet,,%20Clermont-Ferrand,%2063100,%20France&#038;trp=false&#038;ctz=Europe\/Paris&#038;sprop=website:https:\/\/www.plantedforests.org\/fr\"\n\t\t\t\t\t\t\t\t\t\tclass=\"tribe-events-c-subscribe-dropdown__list-item-link\"\n\t\t\t\t\t\t\t\t\t\ttarget=\"_blank\"\n\t\t\t\t\t\t\t\t\t\trel=\"noopener noreferrer nofollow noindex\"\n\t\t\t\t\t\t\t\t\t>\n\t\t\t\t\t\t\t\t\t\tGoogle Agenda\t\t\t\t\t\t\t\t\t<\/a>\n\t\t\t\t\t\t\t\t<\/li>\n\t\t\t\t\t\t\t\t\t\t\t\t\t\t\t<li class=\"tribe-events-c-subscribe-dropdown__list-item tribe-events-c-subscribe-dropdown__list-item--ical\">\n\t\t\t\t\t\t\t\t\t<a\n\t\t\t\t\t\t\t\t\t\thref=\"\"\n\t\t\t\t\t\t\t\t\t\tclass=\"tribe-events-c-subscribe-dropdown__list-item-link\"\n\t\t\t\t\t\t\t\t\t\ttarget=\"_blank\"\n\t\t\t\t\t\t\t\t\t\trel=\"noopener noreferrer nofollow noindex\"\n\t\t\t\t\t\t\t\t\t>\n\t\t\t\t\t\t\t\t\t\tiCalendar\t\t\t\t\t\t\t\t\t<\/a>\n\t\t\t\t\t\t\t\t<\/li>\n\t\t\t\t\t\t\t\t\t\t\t\t\t\t\t<li class=\"tribe-events-c-subscribe-dropdown__list-item tribe-events-c-subscribe-dropdown__list-item--outlook-365\">\n\t\t\t\t\t\t\t\t\t<a\n\t\t\t\t\t\t\t\t\t\thref=\"\"\n\t\t\t\t\t\t\t\t\t\tclass=\"tribe-events-c-subscribe-dropdown__list-item-link\"\n\t\t\t\t\t\t\t\t\t\ttarget=\"_blank\"\n\t\t\t\t\t\t\t\t\t\trel=\"noopener noreferrer nofollow noindex\"\n\t\t\t\t\t\t\t\t\t>\n\t\t\t\t\t\t\t\t\t\tOutlook 365\t\t\t\t\t\t\t\t\t<\/a>\n\t\t\t\t\t\t\t\t<\/li>\n\t\t\t\t\t\t\t\t\t\t\t\t\t\t\t<li class=\"tribe-events-c-subscribe-dropdown__list-item tribe-events-c-subscribe-dropdown__list-item--outlook-live\">\n\t\t\t\t\t\t\t\t\t<a\n\t\t\t\t\t\t\t\t\t\thref=\"\"\n\t\t\t\t\t\t\t\t\t\tclass=\"tribe-events-c-subscribe-dropdown__list-item-link\"\n\t\t\t\t\t\t\t\t\t\ttarget=\"_blank\"\n\t\t\t\t\t\t\t\t\t\trel=\"noopener noreferrer nofollow noindex\"\n\t\t\t\t\t\t\t\t\t>\n\t\t\t\t\t\t\t\t\t\tOutlook Live\t\t\t\t\t\t\t\t\t<\/a>\n\t\t\t\t\t\t\t\t<\/li>\n\t\t\t\t\t\t\t\t\t\t\t\t\t<\/ul>\n\t\t\t\t\t<\/div>\n\t\t\t\t<\/div>\n\t\t\t<\/div>\n\t\t<\/div>\n\t<\/div>\n\n","protected":false},"excerpt":{"rendered":"<p>L\u2019association France Douglas et le P\u00f4le de Comp\u00e9titivit\u00e9 Xylofutur s\u2019associent aujourd\u2019hui pour vous proposer un Xylodating d\u00e9di\u00e9 au douglas, afin de pr\u00e9senter les projets de recherche, de d\u00e9veloppement ou d\u2019innovation [&hellip;]<\/p>\n","protected":false},"author":101,"featured_media":13787,"template":"","meta":{"_acf_changed":false,"_eb_attr":"","_EventAllDay":false,"_EventTimezone":"Europe\/Paris","_EventStartDate":"2023-10-06 08:30:00","_EventEndDate":"2023-10-06 16:00:00","_EventStartDateUTC":"2023-10-06 06:30:00","_EventEndDateUTC":"2023-10-06 14:00:00","_EventShowMap":false,"_EventShowMapLink":false,"_EventURL":"","_EventCost":"","_EventCostDescription":"","_EventCurrencySymbol":"\u20ac","_EventCurrencyCode":"EUR","_EventCurrencyPosition":"suffix","_EventDateTimeSeparator":" @ ","_EventTimeRangeSeparator":" - ","_EventOrganizerID":[],"_EventVenueID":[13784],"_OrganizerEmail":"","_OrganizerPhone":"","_OrganizerWebsite":"","_VenueAddress":"","_VenueCity":"","_VenueCountry":"","_VenueProvince":"","_VenueState":"","_VenueZip":"","_VenuePhone":"","_VenueURL":"","_VenueStateProvince":"","_VenueLat":"","_VenueLng":"","_VenueShowMap":false,"_VenueShowMapLink":false,"_tribe_events_status":"","_tribe_events_status_reason":"","activitypub_content_warning":"","activitypub_content_visibility":"","activitypub_max_image_attachments":4,"activitypub_interaction_policy_quote":"anyone","activitypub_status":"","footnotes":""},"tags":[],"tribe_events_cat":[],"class_list":["post-13783","tribe_events","type-tribe_events","status-publish","has-post-thumbnail","hentry"],"translation":{"provider":"WPGlobus","version":"3.0.2","language":"fr","enabled_languages":["gb","fr","es","pt"],"languages":{"gb":{"title":true,"content":true,"excerpt":false},"fr":{"title":false,"content":false,"excerpt":false},"es":{"title":false,"content":false,"excerpt":false},"pt":{"title":false,"content":false,"excerpt":false}}},"acf":[],"yoast_head":"<!-- This site is optimized with the Yoast SEO plugin v27.5 - https:\/\/yoast.com\/product\/yoast-seo-wordpress\/ -->\n<title>29\u00e8me Xylodating Le Douglas : une essence qui cherche et qui innove ! - Institut Europ\u00e9en de la For\u00eat Cultiv\u00e9e - IEFC<\/title>\n<meta name=\"robots\" content=\"index, follow, max-snippet:-1, max-image-preview:large, max-video-preview:-1\" \/>\n<link rel=\"canonical\" href=\"https:\/\/www.plantedforests.org\/event\/29eme-xylodating-le-douglas-une-essence-qui-cherche-et-qui-innove\/\" \/>\n<meta property=\"og:locale\" content=\"fr_FR\" \/>\n<meta property=\"og:type\" content=\"article\" \/>\n<meta property=\"og:title\" content=\"29\u00e8me Xylodating Le Douglas : une essence qui cherche et qui innove ! - Institut Europ\u00e9en de la For\u00eat Cultiv\u00e9e - IEFC\" \/>\n<meta property=\"og:url\" content=\"https:\/\/www.plantedforests.org\/event\/29eme-xylodating-le-douglas-une-essence-qui-cherche-et-qui-innove\/\" \/>\n<meta property=\"og:site_name\" content=\"Institut Europ\u00e9en de la For\u00eat Cultiv\u00e9e - IEFC\" \/>\n<meta property=\"article:modified_time\" content=\"2023-09-19T08:03:03+00:00\" \/>\n<meta property=\"og:image\" content=\"https:\/\/www.plantedforests.org\/wp-content\/uploads\/2023\/09\/xylodating-bandeau-douglas-2.jpg\" \/>\n\t<meta property=\"og:image:width\" content=\"680\" \/>\n\t<meta property=\"og:image:height\" content=\"340\" \/>\n\t<meta property=\"og:image:type\" content=\"image\/jpeg\" \/>\n<meta name=\"twitter:card\" content=\"summary_large_image\" \/>\n<meta name=\"twitter:site\" content=\"@IEFCPlantForest\" \/>\n<meta name=\"twitter:label1\" content=\"Dur\u00e9e de lecture estim\u00e9e\" \/>\n\t<meta name=\"twitter:data1\" content=\"1 minute\" \/>\n<script type=\"application\/ld+json\" class=\"yoast-schema-graph\">{\"@context\":\"https:\\\/\\\/schema.org\",\"@graph\":[{\"@type\":\"WebPage\",\"@id\":\"https:\\\/\\\/www.plantedforests.org\\\/event\\\/29eme-xylodating-le-douglas-une-essence-qui-cherche-et-qui-innove\\\/\",\"url\":\"https:\\\/\\\/www.plantedforests.org\\\/event\\\/29eme-xylodating-le-douglas-une-essence-qui-cherche-et-qui-innove\\\/\",\"name\":\"29\u00e8me Xylodating Le Douglas : une essence qui cherche et qui innove ! - Institut Europ\u00e9en de la For\u00eat Cultiv\u00e9e - IEFC\",\"isPartOf\":{\"@id\":\"https:\\\/\\\/www.plantedforests.org\\\/fr\\\/#website\"},\"primaryImageOfPage\":{\"@id\":\"https:\\\/\\\/www.plantedforests.org\\\/event\\\/29eme-xylodating-le-douglas-une-essence-qui-cherche-et-qui-innove\\\/#primaryimage\"},\"image\":{\"@id\":\"https:\\\/\\\/www.plantedforests.org\\\/event\\\/29eme-xylodating-le-douglas-une-essence-qui-cherche-et-qui-innove\\\/#primaryimage\"},\"thumbnailUrl\":\"https:\\\/\\\/www.plantedforests.org\\\/wp-content\\\/uploads\\\/2023\\\/09\\\/xylodating-bandeau-douglas-2.jpg\",\"datePublished\":\"2023-09-19T08:03:02+00:00\",\"dateModified\":\"2023-09-19T08:03:03+00:00\",\"breadcrumb\":{\"@id\":\"https:\\\/\\\/www.plantedforests.org\\\/event\\\/29eme-xylodating-le-douglas-une-essence-qui-cherche-et-qui-innove\\\/#breadcrumb\"},\"inLanguage\":\"fr-FR\",\"potentialAction\":[{\"@type\":\"ReadAction\",\"target\":[\"https:\\\/\\\/www.plantedforests.org\\\/event\\\/29eme-xylodating-le-douglas-une-essence-qui-cherche-et-qui-innove\\\/\"]}]},{\"@type\":\"ImageObject\",\"inLanguage\":\"fr-FR\",\"@id\":\"https:\\\/\\\/www.plantedforests.org\\\/event\\\/29eme-xylodating-le-douglas-une-essence-qui-cherche-et-qui-innove\\\/#primaryimage\",\"url\":\"https:\\\/\\\/www.plantedforests.org\\\/wp-content\\\/uploads\\\/2023\\\/09\\\/xylodating-bandeau-douglas-2.jpg\",\"contentUrl\":\"https:\\\/\\\/www.plantedforests.org\\\/wp-content\\\/uploads\\\/2023\\\/09\\\/xylodating-bandeau-douglas-2.jpg\",\"width\":680,\"height\":340},{\"@type\":\"BreadcrumbList\",\"@id\":\"https:\\\/\\\/www.plantedforests.org\\\/event\\\/29eme-xylodating-le-douglas-une-essence-qui-cherche-et-qui-innove\\\/#breadcrumb\",\"itemListElement\":[{\"@type\":\"ListItem\",\"position\":1,\"name\":\"Accueil\",\"item\":\"https:\\\/\\\/www.plantedforests.org\\\/\"},{\"@type\":\"ListItem\",\"position\":2,\"name\":\"Events\",\"item\":\"https:\\\/\\\/www.plantedforests.org\\\/events\\\/\"},{\"@type\":\"ListItem\",\"position\":3,\"name\":\"29\u00e8me Xylodating Le Douglas : une essence qui cherche et qui innove !\"}]},{\"@type\":\"WebSite\",\"@id\":\"https:\\\/\\\/www.plantedforests.org\\\/fr\\\/#website\",\"url\":\"https:\\\/\\\/www.plantedforests.org\\\/fr\\\/\",\"name\":\"Institut Europ\u00e9en de la For\u00eat Cultiv\u00e9e - IEFC\",\"description\":\"Le r\u00e9seau multi-acteur pour la gestion durable et la r\u00e9silience des for\u00eats cultiv\u00e9es\",\"publisher\":{\"@id\":\"https:\\\/\\\/www.plantedforests.org\\\/fr\\\/#organization\"},\"potentialAction\":[{\"@type\":\"SearchAction\",\"target\":{\"@type\":\"EntryPoint\",\"urlTemplate\":\"https:\\\/\\\/www.plantedforests.org\\\/fr\\\/?s={search_term_string}\"},\"query-input\":{\"@type\":\"PropertyValueSpecification\",\"valueRequired\":true,\"valueName\":\"search_term_string\"}}],\"inLanguage\":\"fr-FR\"},{\"@type\":\"Organization\",\"@id\":\"https:\\\/\\\/www.plantedforests.org\\\/fr\\\/#organization\",\"name\":\"Institut Europ\u00e9en de la For\u00eat Cultiv\u00e9e - Plantedforests.org\",\"url\":\"https:\\\/\\\/www.plantedforests.org\\\/fr\\\/\",\"logo\":{\"@type\":\"ImageObject\",\"inLanguage\":\"fr-FR\",\"@id\":\"https:\\\/\\\/www.plantedforests.org\\\/fr\\\/#\\\/schema\\\/logo\\\/image\\\/\",\"url\":\"https:\\\/\\\/www.plantedforests.org\\\/wp-content\\\/uploads\\\/2022\\\/07\\\/Logo_iefc__FR.png\",\"contentUrl\":\"https:\\\/\\\/www.plantedforests.org\\\/wp-content\\\/uploads\\\/2022\\\/07\\\/Logo_iefc__FR.png\",\"width\":2031,\"height\":1001,\"caption\":\"Institut Europ\u00e9en de la For\u00eat Cultiv\u00e9e - Plantedforests.org\"},\"image\":{\"@id\":\"https:\\\/\\\/www.plantedforests.org\\\/fr\\\/#\\\/schema\\\/logo\\\/image\\\/\"},\"sameAs\":[\"https:\\\/\\\/x.com\\\/IEFCPlantForest\",\"https:\\\/\\\/www.linkedin.com\\\/company\\\/71728047\\\/\"]}]}<\/script>\n<!-- \/ Yoast SEO plugin. -->","yoast_head_json":{"title":"29\u00e8me Xylodating Le Douglas : une essence qui cherche et qui innove ! - Institut Europ\u00e9en de la For\u00eat Cultiv\u00e9e - IEFC","robots":{"index":"index","follow":"follow","max-snippet":"max-snippet:-1","max-image-preview":"max-image-preview:large","max-video-preview":"max-video-preview:-1"},"canonical":"https:\/\/www.plantedforests.org\/event\/29eme-xylodating-le-douglas-une-essence-qui-cherche-et-qui-innove\/","og_locale":"fr_FR","og_type":"article","og_title":"29\u00e8me Xylodating Le Douglas : une essence qui cherche et qui innove ! - Institut Europ\u00e9en de la For\u00eat Cultiv\u00e9e - IEFC","og_url":"https:\/\/www.plantedforests.org\/event\/29eme-xylodating-le-douglas-une-essence-qui-cherche-et-qui-innove\/","og_site_name":"Institut Europ\u00e9en de la For\u00eat Cultiv\u00e9e - IEFC","article_modified_time":"2023-09-19T08:03:03+00:00","og_image":[{"width":680,"height":340,"url":"https:\/\/www.plantedforests.org\/wp-content\/uploads\/2023\/09\/xylodating-bandeau-douglas-2.jpg","type":"image\/jpeg"}],"twitter_card":"summary_large_image","twitter_site":"@IEFCPlantForest","twitter_misc":{"Dur\u00e9e de lecture estim\u00e9e":"1 minute"},"schema":{"@context":"https:\/\/schema.org","@graph":[{"@type":"WebPage","@id":"https:\/\/www.plantedforests.org\/event\/29eme-xylodating-le-douglas-une-essence-qui-cherche-et-qui-innove\/","url":"https:\/\/www.plantedforests.org\/event\/29eme-xylodating-le-douglas-une-essence-qui-cherche-et-qui-innove\/","name":"29\u00e8me Xylodating Le Douglas : une essence qui cherche et qui innove ! - Institut Europ\u00e9en de la For\u00eat Cultiv\u00e9e - IEFC","isPartOf":{"@id":"https:\/\/www.plantedforests.org\/fr\/#website"},"primaryImageOfPage":{"@id":"https:\/\/www.plantedforests.org\/event\/29eme-xylodating-le-douglas-une-essence-qui-cherche-et-qui-innove\/#primaryimage"},"image":{"@id":"https:\/\/www.plantedforests.org\/event\/29eme-xylodating-le-douglas-une-essence-qui-cherche-et-qui-innove\/#primaryimage"},"thumbnailUrl":"https:\/\/www.plantedforests.org\/wp-content\/uploads\/2023\/09\/xylodating-bandeau-douglas-2.jpg","datePublished":"2023-09-19T08:03:02+00:00","dateModified":"2023-09-19T08:03:03+00:00","breadcrumb":{"@id":"https:\/\/www.plantedforests.org\/event\/29eme-xylodating-le-douglas-une-essence-qui-cherche-et-qui-innove\/#breadcrumb"},"inLanguage":"fr-FR","potentialAction":[{"@type":"ReadAction","target":["https:\/\/www.plantedforests.org\/event\/29eme-xylodating-le-douglas-une-essence-qui-cherche-et-qui-innove\/"]}]},{"@type":"ImageObject","inLanguage":"fr-FR","@id":"https:\/\/www.plantedforests.org\/event\/29eme-xylodating-le-douglas-une-essence-qui-cherche-et-qui-innove\/#primaryimage","url":"https:\/\/www.plantedforests.org\/wp-content\/uploads\/2023\/09\/xylodating-bandeau-douglas-2.jpg","contentUrl":"https:\/\/www.plantedforests.org\/wp-content\/uploads\/2023\/09\/xylodating-bandeau-douglas-2.jpg","width":680,"height":340},{"@type":"BreadcrumbList","@id":"https:\/\/www.plantedforests.org\/event\/29eme-xylodating-le-douglas-une-essence-qui-cherche-et-qui-innove\/#breadcrumb","itemListElement":[{"@type":"ListItem","position":1,"name":"Accueil","item":"https:\/\/www.plantedforests.org\/"},{"@type":"ListItem","position":2,"name":"Events","item":"https:\/\/www.plantedforests.org\/events\/"},{"@type":"ListItem","position":3,"name":"29\u00e8me Xylodating Le Douglas : une essence qui cherche et qui innove !"}]},{"@type":"WebSite","@id":"https:\/\/www.plantedforests.org\/fr\/#website","url":"https:\/\/www.plantedforests.org\/fr\/","name":"Institut Europ\u00e9en de la For\u00eat Cultiv\u00e9e - IEFC","description":"Le r\u00e9seau multi-acteur pour la gestion durable et la r\u00e9silience des for\u00eats cultiv\u00e9es","publisher":{"@id":"https:\/\/www.plantedforests.org\/fr\/#organization"},"potentialAction":[{"@type":"SearchAction","target":{"@type":"EntryPoint","urlTemplate":"https:\/\/www.plantedforests.org\/fr\/?s={search_term_string}"},"query-input":{"@type":"PropertyValueSpecification","valueRequired":true,"valueName":"search_term_string"}}],"inLanguage":"fr-FR"},{"@type":"Organization","@id":"https:\/\/www.plantedforests.org\/fr\/#organization","name":"Institut Europ\u00e9en de la For\u00eat Cultiv\u00e9e - Plantedforests.org","url":"https:\/\/www.plantedforests.org\/fr\/","logo":{"@type":"ImageObject","inLanguage":"fr-FR","@id":"https:\/\/www.plantedforests.org\/fr\/#\/schema\/logo\/image\/","url":"https:\/\/www.plantedforests.org\/wp-content\/uploads\/2022\/07\/Logo_iefc__FR.png","contentUrl":"https:\/\/www.plantedforests.org\/wp-content\/uploads\/2022\/07\/Logo_iefc__FR.png","width":2031,"height":1001,"caption":"Institut Europ\u00e9en de la For\u00eat Cultiv\u00e9e - Plantedforests.org"},"image":{"@id":"https:\/\/www.plantedforests.org\/fr\/#\/schema\/logo\/image\/"},"sameAs":["https:\/\/x.com\/IEFCPlantForest","https:\/\/www.linkedin.com\/company\/71728047\/"]}]}},"_links":{"self":[{"href":"https:\/\/www.plantedforests.org\/fr\/wp-json\/wp\/v2\/tribe_events\/13783","targetHints":{"allow":["GET"]}}],"collection":[{"href":"https:\/\/www.plantedforests.org\/fr\/wp-json\/wp\/v2\/tribe_events"}],"about":[{"href":"https:\/\/www.plantedforests.org\/fr\/wp-json\/wp\/v2\/types\/tribe_events"}],"author":[{"embeddable":true,"href":"https:\/\/www.plantedforests.org\/fr\/wp-json\/wp\/v2\/users\/101"}],"version-history":[{"count":3,"href":"https:\/\/www.plantedforests.org\/fr\/wp-json\/wp\/v2\/tribe_events\/13783\/revisions"}],"predecessor-version":[{"id":13789,"href":"https:\/\/www.plantedforests.org\/fr\/wp-json\/wp\/v2\/tribe_events\/13783\/revisions\/13789"}],"wp:featuredmedia":[{"embeddable":true,"href":"https:\/\/www.plantedforests.org\/fr\/wp-json\/wp\/v2\/media\/13787"}],"wp:attachment":[{"href":"https:\/\/www.plantedforests.org\/fr\/wp-json\/wp\/v2\/media?parent=13783"}],"wp:term":[{"taxonomy":"post_tag","embeddable":true,"href":"https:\/\/www.plantedforests.org\/fr\/wp-json\/wp\/v2\/tags?post=13783"},{"taxonomy":"tribe_events_cat","embeddable":true,"href":"https:\/\/www.plantedforests.org\/fr\/wp-json\/wp\/v2\/tribe_events_cat?post=13783"}],"curies":[{"name":"wp","href":"https:\/\/api.w.org\/{rel}","templated":true}]}}