
{"id":4475,"date":"2021-01-13T16:38:31","date_gmt":"2021-01-13T15:38:31","guid":{"rendered":"https:\/\/www.iefc.net\/?page_id=4475"},"modified":"2024-01-25T17:56:49","modified_gmt":"2024-01-25T16:56:49","slug":"wp2-growth-of-young-stands-lead-kjersti-holt-hanssen-nibio","status":"publish","type":"page","link":"https:\/\/www.plantedforests.org\/fr\/project-marcsman\/wp2-growth-of-young-stands-lead-kjersti-holt-hanssen-nibio\/","title":{"rendered":"WP2 &#8211; Growth of young stands (Lead Kjersti Holt Hanssen, NIBIO)"},"content":{"rendered":"\n<div class=\"wp-block-image\"><figure class=\"aligncenter\"><img decoding=\"async\" width=\"150\" height=\"150\" src=\"https:\/\/www.plantedforests.org\/wp-content\/uploads\/2021\/01\/MARCSMAN_logo2_small-2-150x150.png\" alt=\"\" class=\"wp-image-4532\" srcset=\"https:\/\/www.plantedforests.org\/wp-content\/uploads\/2021\/01\/MARCSMAN_logo2_small-2-150x150.png 150w, https:\/\/www.plantedforests.org\/wp-content\/uploads\/2021\/01\/MARCSMAN_logo2_small-2-298x300.png 298w, https:\/\/www.plantedforests.org\/wp-content\/uploads\/2021\/01\/MARCSMAN_logo2_small-2.png 600w\" sizes=\"(max-width: 150px) 100vw, 150px\" \/><\/figure><\/div>\n\n\n\n<p class=\"has-medium-font-size\"> To be able to model how a forest stand develops throughout a rotation in a changed climate, precise data and models for the development of young stands is needed. In this WP we will develop models to predict tree growth from stand establishment to the thinning stage, using data from even-aged spruce stands on sites av varying site productivity. <\/p>\n\n\n\n<p class=\"has-medium-font-size\"><a href=\"https:\/\/www.plantedforests.org\/?page_id=4043&amp;preview=true\">Back to Home Page\/Tilbake til hovedsiden<\/a><\/p>\n\n\n\n<p class=\"has-medium-font-size\">Growth of young stands (Lead <a href=\"mailto: Kjersti.Hanssen@nibio.no\">Kjersti Holt Hanssen<\/a>, NIBIO)<\/p>\n","protected":false},"excerpt":{"rendered":"<p>To be able to model how a forest stand develops throughout a rotation in a changed climate, precise data and models for the development of young stands is needed. In [&hellip;]<\/p>\n","protected":false},"author":3,"featured_media":0,"parent":4043,"menu_order":0,"comment_status":"closed","ping_status":"closed","template":"","meta":{"_acf_changed":false,"_eb_attr":"","_EventAllDay":false,"_EventTimezone":"","_EventStartDate":"","_EventEndDate":"","_EventStartDateUTC":"","_EventEndDateUTC":"","_EventShowMap":false,"_EventShowMapLink":false,"_EventURL":"","_EventCost":"","_EventCostDescription":"","_EventCurrencySymbol":"","_EventCurrencyCode":"","_EventCurrencyPosition":"","_EventDateTimeSeparator":"","_EventTimeRangeSeparator":"","_EventOrganizerID":[],"_EventVenueID":[],"_OrganizerEmail":"","_OrganizerPhone":"","_OrganizerWebsite":"","_VenueAddress":"","_VenueCity":"","_VenueCountry":"","_VenueProvince":"","_VenueState":"","_VenueZip":"","_VenuePhone":"","_VenueURL":"","_VenueStateProvince":"","_VenueLat":"","_VenueLng":"","_VenueShowMap":false,"_VenueShowMapLink":false,"activitypub_content_warning":"","activitypub_content_visibility":"","activitypub_max_image_attachments":4,"activitypub_interaction_policy_quote":"anyone","activitypub_status":"","footnotes":""},"class_list":["post-4475","page","type-page","status-publish","hentry"],"translation":{"provider":"WPGlobus","version":"3.0.2","language":"fr","enabled_languages":["gb","fr","es","pt"],"languages":{"gb":{"title":true,"content":true,"excerpt":false},"fr":{"title":false,"content":false,"excerpt":false},"es":{"title":false,"content":false,"excerpt":false},"pt":{"title":false,"content":false,"excerpt":false}}},"acf":[],"yoast_head":"<!-- This site is optimized with the Yoast SEO plugin v27.5 - https:\/\/yoast.com\/product\/yoast-seo-wordpress\/ -->\n<title>WP2 - Growth of young stands (Lead Kjersti Holt Hanssen, NIBIO) - Institut Europ\u00e9en de la For\u00eat Cultiv\u00e9e - IEFC<\/title>\n<meta name=\"robots\" content=\"index, follow, max-snippet:-1, max-image-preview:large, max-video-preview:-1\" \/>\n<link rel=\"canonical\" href=\"https:\/\/www.plantedforests.org\/project-marcsman\/wp2-growth-of-young-stands-lead-kjersti-holt-hanssen-nibio\/\" \/>\n<meta property=\"og:locale\" content=\"fr_FR\" \/>\n<meta property=\"og:type\" content=\"article\" \/>\n<meta property=\"og:title\" content=\"WP2 - Growth of young stands (Lead Kjersti Holt Hanssen, NIBIO) - Institut Europ\u00e9en de la For\u00eat Cultiv\u00e9e - IEFC\" \/>\n<meta property=\"og:url\" content=\"https:\/\/www.plantedforests.org\/project-marcsman\/wp2-growth-of-young-stands-lead-kjersti-holt-hanssen-nibio\/\" \/>\n<meta property=\"og:site_name\" content=\"Institut Europ\u00e9en de la For\u00eat Cultiv\u00e9e - IEFC\" \/>\n<meta property=\"article:modified_time\" content=\"2024-01-25T16:56:49+00:00\" \/>\n<meta property=\"og:image\" content=\"https:\/\/www.plantedforests.org\/wp-content\/uploads\/2021\/01\/MARCSMAN_logo2_small-2-150x150.png\" \/>\n<meta name=\"twitter:card\" content=\"summary_large_image\" \/>\n<meta name=\"twitter:site\" content=\"@IEFCPlantForest\" \/>\n<script type=\"application\/ld+json\" class=\"yoast-schema-graph\">{\"@context\":\"https:\\\/\\\/schema.org\",\"@graph\":[{\"@type\":\"WebPage\",\"@id\":\"https:\\\/\\\/www.plantedforests.org\\\/project-marcsman\\\/wp2-growth-of-young-stands-lead-kjersti-holt-hanssen-nibio\\\/\",\"url\":\"https:\\\/\\\/www.plantedforests.org\\\/project-marcsman\\\/wp2-growth-of-young-stands-lead-kjersti-holt-hanssen-nibio\\\/\",\"name\":\"WP2 - Growth of young stands (Lead Kjersti Holt Hanssen, NIBIO) - Institut Europ\u00e9en de la For\u00eat Cultiv\u00e9e - IEFC\",\"isPartOf\":{\"@id\":\"https:\\\/\\\/www.plantedforests.org\\\/fr\\\/#website\"},\"primaryImageOfPage\":{\"@id\":\"https:\\\/\\\/www.plantedforests.org\\\/project-marcsman\\\/wp2-growth-of-young-stands-lead-kjersti-holt-hanssen-nibio\\\/#primaryimage\"},\"image\":{\"@id\":\"https:\\\/\\\/www.plantedforests.org\\\/project-marcsman\\\/wp2-growth-of-young-stands-lead-kjersti-holt-hanssen-nibio\\\/#primaryimage\"},\"thumbnailUrl\":\"https:\\\/\\\/www.plantedforests.org\\\/wp-content\\\/uploads\\\/2021\\\/01\\\/MARCSMAN_logo2_small-2-150x150.png\",\"datePublished\":\"2021-01-13T15:38:31+00:00\",\"dateModified\":\"2024-01-25T16:56:49+00:00\",\"breadcrumb\":{\"@id\":\"https:\\\/\\\/www.plantedforests.org\\\/project-marcsman\\\/wp2-growth-of-young-stands-lead-kjersti-holt-hanssen-nibio\\\/#breadcrumb\"},\"inLanguage\":\"fr-FR\",\"potentialAction\":[{\"@type\":\"ReadAction\",\"target\":[\"https:\\\/\\\/www.plantedforests.org\\\/project-marcsman\\\/wp2-growth-of-young-stands-lead-kjersti-holt-hanssen-nibio\\\/\"]}]},{\"@type\":\"ImageObject\",\"inLanguage\":\"fr-FR\",\"@id\":\"https:\\\/\\\/www.plantedforests.org\\\/project-marcsman\\\/wp2-growth-of-young-stands-lead-kjersti-holt-hanssen-nibio\\\/#primaryimage\",\"url\":\"https:\\\/\\\/www.plantedforests.org\\\/wp-content\\\/uploads\\\/2021\\\/01\\\/MARCSMAN_logo2_small-2-150x150.png\",\"contentUrl\":\"https:\\\/\\\/www.plantedforests.org\\\/wp-content\\\/uploads\\\/2021\\\/01\\\/MARCSMAN_logo2_small-2-150x150.png\"},{\"@type\":\"BreadcrumbList\",\"@id\":\"https:\\\/\\\/www.plantedforests.org\\\/project-marcsman\\\/wp2-growth-of-young-stands-lead-kjersti-holt-hanssen-nibio\\\/#breadcrumb\",\"itemListElement\":[{\"@type\":\"ListItem\",\"position\":1,\"name\":\"Accueil\",\"item\":\"https:\\\/\\\/www.plantedforests.org\\\/\"},{\"@type\":\"ListItem\",\"position\":2,\"name\":\"Project MARCSMAN\",\"item\":\"https:\\\/\\\/www.plantedforests.org\\\/project-marcsman\\\/\"},{\"@type\":\"ListItem\",\"position\":3,\"name\":\"WP2 &#8211; Growth of young stands (Lead Kjersti Holt Hanssen, NIBIO)\"}]},{\"@type\":\"WebSite\",\"@id\":\"https:\\\/\\\/www.plantedforests.org\\\/fr\\\/#website\",\"url\":\"https:\\\/\\\/www.plantedforests.org\\\/fr\\\/\",\"name\":\"Institut Europ\u00e9en de la For\u00eat Cultiv\u00e9e - IEFC\",\"description\":\"Le r\u00e9seau multi-acteur pour la gestion durable et la r\u00e9silience des for\u00eats cultiv\u00e9es\",\"publisher\":{\"@id\":\"https:\\\/\\\/www.plantedforests.org\\\/fr\\\/#organization\"},\"potentialAction\":[{\"@type\":\"SearchAction\",\"target\":{\"@type\":\"EntryPoint\",\"urlTemplate\":\"https:\\\/\\\/www.plantedforests.org\\\/fr\\\/?s={search_term_string}\"},\"query-input\":{\"@type\":\"PropertyValueSpecification\",\"valueRequired\":true,\"valueName\":\"search_term_string\"}}],\"inLanguage\":\"fr-FR\"},{\"@type\":\"Organization\",\"@id\":\"https:\\\/\\\/www.plantedforests.org\\\/fr\\\/#organization\",\"name\":\"Institut Europ\u00e9en de la For\u00eat Cultiv\u00e9e - Plantedforests.org\",\"url\":\"https:\\\/\\\/www.plantedforests.org\\\/fr\\\/\",\"logo\":{\"@type\":\"ImageObject\",\"inLanguage\":\"fr-FR\",\"@id\":\"https:\\\/\\\/www.plantedforests.org\\\/fr\\\/#\\\/schema\\\/logo\\\/image\\\/\",\"url\":\"https:\\\/\\\/www.plantedforests.org\\\/wp-content\\\/uploads\\\/2022\\\/07\\\/Logo_iefc__FR.png\",\"contentUrl\":\"https:\\\/\\\/www.plantedforests.org\\\/wp-content\\\/uploads\\\/2022\\\/07\\\/Logo_iefc__FR.png\",\"width\":2031,\"height\":1001,\"caption\":\"Institut Europ\u00e9en de la For\u00eat Cultiv\u00e9e - Plantedforests.org\"},\"image\":{\"@id\":\"https:\\\/\\\/www.plantedforests.org\\\/fr\\\/#\\\/schema\\\/logo\\\/image\\\/\"},\"sameAs\":[\"https:\\\/\\\/x.com\\\/IEFCPlantForest\",\"https:\\\/\\\/www.linkedin.com\\\/company\\\/71728047\\\/\"]}]}<\/script>\n<!-- \/ Yoast SEO plugin. -->","yoast_head_json":{"title":"WP2 - Growth of young stands (Lead Kjersti Holt Hanssen, NIBIO) - Institut Europ\u00e9en de la For\u00eat Cultiv\u00e9e - IEFC","robots":{"index":"index","follow":"follow","max-snippet":"max-snippet:-1","max-image-preview":"max-image-preview:large","max-video-preview":"max-video-preview:-1"},"canonical":"https:\/\/www.plantedforests.org\/project-marcsman\/wp2-growth-of-young-stands-lead-kjersti-holt-hanssen-nibio\/","og_locale":"fr_FR","og_type":"article","og_title":"WP2 - Growth of young stands (Lead Kjersti Holt Hanssen, NIBIO) - Institut Europ\u00e9en de la For\u00eat Cultiv\u00e9e - IEFC","og_url":"https:\/\/www.plantedforests.org\/project-marcsman\/wp2-growth-of-young-stands-lead-kjersti-holt-hanssen-nibio\/","og_site_name":"Institut Europ\u00e9en de la For\u00eat Cultiv\u00e9e - IEFC","article_modified_time":"2024-01-25T16:56:49+00:00","og_image":[{"url":"https:\/\/www.plantedforests.org\/wp-content\/uploads\/2021\/01\/MARCSMAN_logo2_small-2-150x150.png","type":"","width":"","height":""}],"twitter_card":"summary_large_image","twitter_site":"@IEFCPlantForest","schema":{"@context":"https:\/\/schema.org","@graph":[{"@type":"WebPage","@id":"https:\/\/www.plantedforests.org\/project-marcsman\/wp2-growth-of-young-stands-lead-kjersti-holt-hanssen-nibio\/","url":"https:\/\/www.plantedforests.org\/project-marcsman\/wp2-growth-of-young-stands-lead-kjersti-holt-hanssen-nibio\/","name":"WP2 - Growth of young stands (Lead Kjersti Holt Hanssen, NIBIO) - Institut Europ\u00e9en de la For\u00eat Cultiv\u00e9e - IEFC","isPartOf":{"@id":"https:\/\/www.plantedforests.org\/fr\/#website"},"primaryImageOfPage":{"@id":"https:\/\/www.plantedforests.org\/project-marcsman\/wp2-growth-of-young-stands-lead-kjersti-holt-hanssen-nibio\/#primaryimage"},"image":{"@id":"https:\/\/www.plantedforests.org\/project-marcsman\/wp2-growth-of-young-stands-lead-kjersti-holt-hanssen-nibio\/#primaryimage"},"thumbnailUrl":"https:\/\/www.plantedforests.org\/wp-content\/uploads\/2021\/01\/MARCSMAN_logo2_small-2-150x150.png","datePublished":"2021-01-13T15:38:31+00:00","dateModified":"2024-01-25T16:56:49+00:00","breadcrumb":{"@id":"https:\/\/www.plantedforests.org\/project-marcsman\/wp2-growth-of-young-stands-lead-kjersti-holt-hanssen-nibio\/#breadcrumb"},"inLanguage":"fr-FR","potentialAction":[{"@type":"ReadAction","target":["https:\/\/www.plantedforests.org\/project-marcsman\/wp2-growth-of-young-stands-lead-kjersti-holt-hanssen-nibio\/"]}]},{"@type":"ImageObject","inLanguage":"fr-FR","@id":"https:\/\/www.plantedforests.org\/project-marcsman\/wp2-growth-of-young-stands-lead-kjersti-holt-hanssen-nibio\/#primaryimage","url":"https:\/\/www.plantedforests.org\/wp-content\/uploads\/2021\/01\/MARCSMAN_logo2_small-2-150x150.png","contentUrl":"https:\/\/www.plantedforests.org\/wp-content\/uploads\/2021\/01\/MARCSMAN_logo2_small-2-150x150.png"},{"@type":"BreadcrumbList","@id":"https:\/\/www.plantedforests.org\/project-marcsman\/wp2-growth-of-young-stands-lead-kjersti-holt-hanssen-nibio\/#breadcrumb","itemListElement":[{"@type":"ListItem","position":1,"name":"Accueil","item":"https:\/\/www.plantedforests.org\/"},{"@type":"ListItem","position":2,"name":"Project MARCSMAN","item":"https:\/\/www.plantedforests.org\/project-marcsman\/"},{"@type":"ListItem","position":3,"name":"WP2 &#8211; Growth of young stands (Lead Kjersti Holt Hanssen, NIBIO)"}]},{"@type":"WebSite","@id":"https:\/\/www.plantedforests.org\/fr\/#website","url":"https:\/\/www.plantedforests.org\/fr\/","name":"Institut Europ\u00e9en de la For\u00eat Cultiv\u00e9e - IEFC","description":"Le r\u00e9seau multi-acteur pour la gestion durable et la r\u00e9silience des for\u00eats cultiv\u00e9es","publisher":{"@id":"https:\/\/www.plantedforests.org\/fr\/#organization"},"potentialAction":[{"@type":"SearchAction","target":{"@type":"EntryPoint","urlTemplate":"https:\/\/www.plantedforests.org\/fr\/?s={search_term_string}"},"query-input":{"@type":"PropertyValueSpecification","valueRequired":true,"valueName":"search_term_string"}}],"inLanguage":"fr-FR"},{"@type":"Organization","@id":"https:\/\/www.plantedforests.org\/fr\/#organization","name":"Institut Europ\u00e9en de la For\u00eat Cultiv\u00e9e - Plantedforests.org","url":"https:\/\/www.plantedforests.org\/fr\/","logo":{"@type":"ImageObject","inLanguage":"fr-FR","@id":"https:\/\/www.plantedforests.org\/fr\/#\/schema\/logo\/image\/","url":"https:\/\/www.plantedforests.org\/wp-content\/uploads\/2022\/07\/Logo_iefc__FR.png","contentUrl":"https:\/\/www.plantedforests.org\/wp-content\/uploads\/2022\/07\/Logo_iefc__FR.png","width":2031,"height":1001,"caption":"Institut Europ\u00e9en de la For\u00eat Cultiv\u00e9e - Plantedforests.org"},"image":{"@id":"https:\/\/www.plantedforests.org\/fr\/#\/schema\/logo\/image\/"},"sameAs":["https:\/\/x.com\/IEFCPlantForest","https:\/\/www.linkedin.com\/company\/71728047\/"]}]}},"_links":{"self":[{"href":"https:\/\/www.plantedforests.org\/fr\/wp-json\/wp\/v2\/pages\/4475","targetHints":{"allow":["GET"]}}],"collection":[{"href":"https:\/\/www.plantedforests.org\/fr\/wp-json\/wp\/v2\/pages"}],"about":[{"href":"https:\/\/www.plantedforests.org\/fr\/wp-json\/wp\/v2\/types\/page"}],"author":[{"embeddable":true,"href":"https:\/\/www.plantedforests.org\/fr\/wp-json\/wp\/v2\/users\/3"}],"replies":[{"embeddable":true,"href":"https:\/\/www.plantedforests.org\/fr\/wp-json\/wp\/v2\/comments?post=4475"}],"version-history":[{"count":5,"href":"https:\/\/www.plantedforests.org\/fr\/wp-json\/wp\/v2\/pages\/4475\/revisions"}],"predecessor-version":[{"id":4645,"href":"https:\/\/www.plantedforests.org\/fr\/wp-json\/wp\/v2\/pages\/4475\/revisions\/4645"}],"up":[{"embeddable":true,"href":"https:\/\/www.plantedforests.org\/fr\/wp-json\/wp\/v2\/pages\/4043"}],"wp:attachment":[{"href":"https:\/\/www.plantedforests.org\/fr\/wp-json\/wp\/v2\/media?parent=4475"}],"curies":[{"name":"wp","href":"https:\/\/api.w.org\/{rel}","templated":true}]}}