
{"id":2751,"date":"2018-05-31T17:42:16","date_gmt":"2018-05-31T15:42:16","guid":{"rendered":"https:\/\/www.iefc.net\/?page_id=2751"},"modified":"2025-04-07T10:50:09","modified_gmt":"2025-04-07T08:50:09","slug":"projet-forsee","status":"publish","type":"page","link":"https:\/\/www.plantedforests.org\/fr\/projet-forsee\/","title":{"rendered":"Projet FORSEE"},"content":{"rendered":"<p class=\"titre\">Projet FORSEE<\/p>\n<p class=\"vert\">Le contexte :<\/p>\n<p>Les indicateurs de gestion durable des for\u00eats ont \u00e9t\u00e9 d\u00e9velopp\u00e9s dans le cadre d&rsquo;une d\u00e9marche \u00a0\u00bb up-down \u00a0\u00bb lors des conf\u00e9rences interminist\u00e9rielles, et s&rsquo;av\u00e8rent souvent difficiles \u00e0 \u00e9valuer sur le terrain<br \/>\nIls sont repris dans le cadre des processus de certification et dans un contexte de r\u00e9gionalisation des politiques foresti\u00e8res europ\u00e9ennes.<br \/>\nPlusieurs r\u00e9gions qui h\u00e9sitent entre diff\u00e9rents syst\u00e8mes de certification ont lanc\u00e9 des proc\u00e9dures de comparaison des syst\u00e8mes FSC et PEFC.<br \/>\nLa demande d&rsquo;expertise est donc forte, et la science ne consid\u00e8re pas les indicateurs comme un objet de recherche.<br \/>\nIl \u00e9tait donc indispensable de mettre en place un processus de r\u00e9flexion sur la pertinence et la r\u00e9alit\u00e9 du monitoring forestier en faisant collaborer des forestiers et des scientifiques autour d&rsquo;actions pilotes. Rapidement, il est apparu que le probl\u00e8me se posait plus \u00e0 l&rsquo;\u00e9chelle d&rsquo;une r\u00e9gion foresti\u00e8re que d&rsquo;un peuplement, car la foresterie est d\u00e9j\u00e0 dot\u00e9e de nombreux outils de diagnostic \u00e0 l&rsquo;\u00e9chelle de la parcelle et de la propri\u00e9t\u00e9 foresti\u00e8re.<\/p>\n<p class=\"vert\">Les objectifs :<\/p>\n<p class=\"T2\">Un travail de d\u00e9veloppement commun \u00e0 9 r\u00e9gions pour<\/p>\n<ul>\n<li>Tester des indicateurs ayant une signification en terme de gestion durable \u00e0 l&rsquo;\u00e9chelle sub-r\u00e9gionale sur 9 sites repr\u00e9sentatifs. \u00c9valuer :\n<ul>\n<li>La pertinence \u00e0 priori,<\/li>\n<li>La faisabilit\u00e9 sur le terrain,<\/li>\n<li>Le co\u00fbt \u00e0 posteriori.<\/li>\n<\/ul>\n<\/li>\n<li>Structurer un r\u00e9seau d&rsquo;experts ou d&rsquo;organismes sur cette th\u00e9matique reconnus internationalement<\/li>\n<li>Contribuer \u00e0 la vulgarisation de la notion d&rsquo;indicateurs dans les r\u00e9gions foresti\u00e8res avec les organismes de d\u00e9veloppement<\/li>\n<\/ul>\n<p>Plus un objectif secondaire qui est de faire le point sur les observatoires forestiers existants.<\/p>\n<p class=\"T2\">Des \u00e9tudes scientifiques r\u00e9gionales<\/p>\n<p>L&rsquo;objectif de ces \u00e9tudes est de g\u00e9n\u00e9rer des connaissances n\u00e9cessaires ou utiles \u00e0 l&rsquo;estimation des indicateurs de l&rsquo;ensemble du r\u00e9seau. Ces \u00e9tudes sont en g\u00e9n\u00e9ral centr\u00e9es sur un crit\u00e8re (type d&rsquo;indicateur).<\/p>\n<table class=\"avecbordure\" border=\"0\" align=\"left\">\n<caption class=\"Tableau\">Liste des \u00e9tudes scientifiques r\u00e9gionales<\/caption>\n<tbody class=\"avecbordure\">\n<tr class=\"avecbordure\">\n<th class=\"avecbordure\">R\u00e9gion<\/th>\n<th class=\"avecbordure\">Esp\u00e8ce dominante<\/th>\n<th class=\"avecbordure\">Etude approfondie sur les indicateurs<\/th>\n<\/tr>\n<tr class=\"avecbordure\">\n<td class=\"avecbordure\">Irlande<\/td>\n<td class=\"avecbordure\">Epic\u00e9a de Sidka<\/td>\n<td class=\"avecbordure\">C1 : Stockage de Carbone<\/td>\n<\/tr>\n<tr class=\"avecbordure\">\n<td class=\"avecbordure\">Aquitaine<\/td>\n<td class=\"avecbordure\">Pin Maritime<\/td>\n<td class=\"avecbordure\" width=\"167\">C4 : Biodiversit\u00e9<\/td>\n<\/tr>\n<tr class=\"avecbordure\">\n<td class=\"avecbordure\">Euskadi<\/td>\n<td class=\"avecbordure\">Pin Radiata<\/td>\n<td class=\"avecbordure\">C5\u00a0: Fonction protection des sols<\/td>\n<\/tr>\n<tr class=\"avecbordure\">\n<td class=\"avecbordure\">Cantabrie<\/td>\n<td class=\"avecbordure\">Eucalyptus, H\u00eatre<\/td>\n<td class=\"avecbordure\">&#8211;<\/td>\n<\/tr>\n<tr class=\"avecbordure\" valign=\"top\">\n<td class=\"avecbordure\">Navarre<\/td>\n<td class=\"avecbordure\">H\u00eatre<\/td>\n<td class=\"avecbordure\">C1 : Stockage de Carbone<\/td>\n<\/tr>\n<tr class=\"avecbordure\" valign=\"top\">\n<td class=\"avecbordure\">Castille y Le\u00f3n<\/td>\n<td class=\"avecbordure\">Peuplier<\/td>\n<td class=\"avecbordure\">C2 : Sant\u00e9 des for\u00eats<\/td>\n<\/tr>\n<tr class=\"avecbordure\">\n<td class=\"avecbordure\">Galice<\/td>\n<td class=\"avecbordure\">Pin Maritime, Eucalyptus Globulus<\/td>\n<td class=\"avecbordure\">C1 : Carbone<\/td>\n<\/tr>\n<tr class=\"avecbordure\">\n<td class=\"avecbordure\">Portugal nord<\/td>\n<td class=\"avecbordure\">Pin maritime, Eucalyptus<\/td>\n<td class=\"avecbordure\">C6 : Economie du secteur forestier<\/td>\n<td><\/td>\n<\/tr>\n<tr class=\"avecbordure\">\n<td class=\"avecbordure\">Portugal Centre<\/td>\n<td class=\"avecbordure\">Eucalyptus Globulus, Pin Maritime<\/td>\n<td class=\"avecbordure\">C1: Stockage de Carbone<\/td>\n<\/tr>\n<tr class=\"avecbordure\">\n<td class=\"avecbordure\" colspan=\"3\"><b>R\u00e9gions associ\u00e9es, Sites financ\u00e9s par INTERREG III A<\/b><\/td>\n<\/tr>\n<tr class=\"avecbordure\" valign=\"TOP\">\n<td class=\"avecbordure\">Catalogne<\/td>\n<td class=\"avecbordure\" width=\"115\">Pin noir, pin sylvestre<\/td>\n<td class=\"avecbordure\" width=\"167\">&#8211;<\/td>\n<\/tr>\n<tr class=\"avecbordure\" valign=\"TOP\">\n<td class=\"avecbordure\">Midi Pyr\u00e9n\u00e9es<\/td>\n<td class=\"avecbordure\">H\u00eatraie sapini\u00e8re<\/td>\n<td class=\"avecbordure\"><\/td>\n<\/tr>\n<\/tbody>\n<\/table>\n<p class=\"vert\">Caract\u00e9ristiques du projet<\/p>\n<p class=\"T2\">Le budget<\/p>\n<p>Le budget global d\u00e9finitivement adopt\u00e9 dans la lettre d&rsquo;octroi est de 3 086 790,40 euros avec une participation FEDER de 58,34% soit 1 800 830,44 euros. La dur\u00e9e du projet est de trois ans \u00e0 partir du 1<sup>er<\/sup> Novembre 2003.<\/p>\n<p class=\"T2\">La gestion du projet<\/p>\n<p>La gestion du projet repose sur les organes suivants :<\/p>\n<ul>\n<li>Le Chef de File : l&rsquo;IEFC est le correspondant unique entre INTERREG et les partenaires du projet.<\/li>\n<li>Le conseil de gestion : a autorit\u00e9 pour toutes les questions relatives au partenariat et \u00e0 la r\u00e9partition des fonds entre partenaires. Il supervise aussi l&rsquo;avancement du programme pour les financeurs.<\/li>\n<li>Le comit\u00e9 technique : il est charg\u00e9 du choix de la liste des indicateurs \u00e0 \u00e9valuer, des \u00e9changes d&rsquo;experts, du rapport sur les structures de monitoring, et de l&rsquo;\u00e9valuation technique.<\/li>\n<li>Un comit\u00e9 de pilotage par site : Il coordonnera sur chaque site l&rsquo;organisation des travaux, r\u00e9cup\u00e9ration du cofinancement.<\/li>\n<li>La cellule de gestion \u00e0 l&rsquo;IEFC: Elle assure la coordination du projet et son suivi comptable. ELLE NE GERE QUE LES FONDS FEDER.<\/li>\n<li>L&rsquo;USSE se charge de la communication interr\u00e9gionale et de la promotion du projet.<\/li>\n<li>Listes des partenaires<\/li>\n<\/ul>\n<p>TOUT LES RESULTATS DU PROJET PEUVENT ETRE <a href=\"https:\/\/www.plantedforests.org\/forsee\/\">CONSULTES EN LIGNE<\/a>.<\/p>\n<p>Le chef de file du projet est l&rsquo;IEFC. <img decoding=\"async\" src=\"https:\/\/www.plantedforests.org\/old_resources\/images\/FORSEE_organigramme.png\" alt=\"for\u00eat\" width=\"400\" align=\"right\" border=\"0\" \/><\/p>\n<p class=\"T2\">Partenariat<\/p>\n<p>Les diff\u00e9rents partenaires charg\u00e9s des travaux sur les zones pilotes sont les suivants :<\/p>\n<p class=\"T3\">Partenaires interr\u00e9gionaux<\/p>\n<p><a href=\"https:\/\/www.plantedforests.org\/presentation\/presentation.fr.html\"><img decoding=\"async\" src=\"https:\/\/www.plantedforests.org\/old_resources\/images\/lien.gif\" align=\"absbottom\" border=\"0\" \/><\/a>0 Institut Europ\u00e9en de la For\u00eat Cultiv\u00e9e &#8211; IEFC &#8211; Organisme gestionnaire du projet<br \/>\n<a href=\"http:\/\/www.usse.es\"><img decoding=\"async\" src=\"https:\/\/www.plantedforests.org\/old_resources\/images\/lien.gif\" align=\"absbottom\" border=\"0\" \/><\/a>2 Union des sylviculteurs du sud de l&rsquo;Europe -USSE &#8211; Communication interr\u00e9gionale<\/p>\n<p class=\"T3\">Zone pilote d&rsquo;Irlande<\/p>\n<p><a href=\"mailto:westernforestrycoop@eircom.net\"><img decoding=\"async\" src=\"https:\/\/www.plantedforests.org\/old_resources\/images\/lien.gif\" align=\"absbottom\" border=\"0\" \/><\/a>3 Western Forestry Co-Operative Society Ltd.<\/p>\n<p class=\"T3\">Zone pilote Aquitaine<\/p>\n<p><a lang=\"fr\" href=\"http:\/\/www.crpfaquitaine.fr\"><img decoding=\"async\" src=\"https:\/\/www.plantedforests.org\/old_resources\/images\/lien.gif\" align=\"absbottom\" border=\"0\" \/><\/a>1 Centre R\u00e9gional de Propri\u00e9t\u00e9 Foresti\u00e8re<br \/>\n<a href=\"http:\/\/www.inra.fr\"><img decoding=\"async\" src=\"https:\/\/www.plantedforests.org\/old_resources\/images\/lien.gif\" align=\"absbottom\" border=\"0\" \/><\/a>4 Institut National de Recherche Agronomique &#8211; INRA (coordinateur de zone)<br \/>\n<a href=\"mailto:caupos@aol.com\"><img decoding=\"async\" src=\"https:\/\/www.plantedforests.org\/old_resources\/images\/lien.gif\" align=\"absbottom\" border=\"0\" \/><\/a>5 Centre d&rsquo;Analyse Politique Compar\u00e9e Bordeaux 4 -CAPC<\/p>\n<p class=\"T3\">Zone pilote Navarre<\/p>\n<p><a href=\"mailto:carmen.traver@gavrn.com\"><img decoding=\"async\" src=\"https:\/\/www.plantedforests.org\/old_resources\/images\/lien.gif\" align=\"absbottom\" border=\"0\" \/><\/a>6 Viveros y repoblaciones (Coordinateur de zone)<br \/>\n<a href=\"http:\/\/www.foresna.org\/\"><img decoding=\"async\" src=\"https:\/\/www.plantedforests.org\/old_resources\/images\/lien.gif\" align=\"absbottom\" border=\"0\" \/><\/a>7 Associacion foresti\u00e8re de navarre &#8211; FORESNA<br \/>\n<img fetchpriority=\"high\" decoding=\"async\" src=\"https:\/\/www.plantedforests.org\/old_resources\/images\/RTM.jpg\" alt=\"for\u00eat\" width=\"400\" height=\"300\" align=\"right\" border=\"0\" \/><\/p>\n<p class=\"T3\">Zone pilote Euskadi<\/p>\n<p><a href=\"http:\/\/www.ikt.es\/\"><img decoding=\"async\" src=\"https:\/\/www.plantedforests.org\/old_resources\/images\/lien.gif\" align=\"absbottom\" border=\"0\" \/><\/a>8 IKT (Coordinateur de zone)<br \/>\n<a href=\"http:\/\/www.neiker.net\/\"><img decoding=\"async\" src=\"https:\/\/www.plantedforests.org\/old_resources\/images\/lien.gif\" align=\"absbottom\" border=\"0\" \/><\/a>9 NEIKER<br \/>\n<a href=\"http:\/\/www.basoa.org\/\"><img decoding=\"async\" src=\"https:\/\/www.plantedforests.org\/old_resources\/images\/lien.gif\" align=\"absbottom\" border=\"0\" \/><\/a>10 Confederaci\u00f3n de Forestalistas del Pa\u00eds Vasco<br \/>\n<a href=\"http:\/\/www.lg.ehu.es\/\"><img decoding=\"async\" src=\"https:\/\/www.plantedforests.org\/old_resources\/images\/lien.gif\" align=\"absbottom\" border=\"0\" \/><\/a>11 Universidad del Pa\u00eds Vasco<\/p>\n<p class=\"T3\">Zone pilote Cantabrie<\/p>\n<p><a href=\"http:\/\/www.ikt.es\"><img decoding=\"async\" src=\"https:\/\/www.plantedforests.org\/old_resources\/images\/lien.gif\" align=\"absbottom\" border=\"0\" \/><\/a>8 IKT (Coordinateur de zone)<br \/>\n<a href=\"mailto:asforcan@net-way.net\"><img decoding=\"async\" src=\"https:\/\/www.plantedforests.org\/old_resources\/images\/lien.gif\" align=\"absbottom\" border=\"0\" \/><\/a>12 Association Foresti\u00e8re de Cantabrie &#8211; AFC<\/p>\n<p class=\"T3\">Zone pilote de Castille y L\u00e9on<\/p>\n<p><a href=\"http:\/\/www.funge.uva.es\/\"><img decoding=\"async\" src=\"https:\/\/www.plantedforests.org\/old_resources\/images\/lien.gif\" align=\"absbottom\" border=\"0\" \/><\/a>13 FG Universidad de Valladolid (Coordinateur de zone)<br \/>\n<a href=\"http:\/\/www.fafcyle.org\/\"><img decoding=\"async\" src=\"https:\/\/www.plantedforests.org\/old_resources\/images\/lien.gif\" align=\"absbottom\" border=\"0\" \/><\/a>14 Asociaci\u00f3n de Forestalistas de Castilla y Le\u00f3n (FAFCYLE)<br \/>\n<a href=\"http:\/\/www.chduero.es\/\"><img decoding=\"async\" src=\"https:\/\/www.plantedforests.org\/old_resources\/images\/lien.gif\" align=\"absbottom\" border=\"0\" \/><\/a>15 Confederaci\u00f3n Hidrogr\u00e1fica del Duero<\/p>\n<p class=\"T3\">Zone pilote de Galice<\/p>\n<p><a href=\"http:\/\/www.usc.es\/\"><img decoding=\"async\" src=\"https:\/\/www.plantedforests.org\/old_resources\/images\/lien.gif\" align=\"absbottom\" border=\"0\" \/><\/a>16 Universit\u00e9 de Santiago de Compostelle &#8211; USC Lugo (Coordinateur de zone)<br \/>\n<a href=\"mailto:asforgal@iies.es\"><img decoding=\"async\" src=\"https:\/\/www.plantedforests.org\/old_resources\/images\/lien.gif\" align=\"absbottom\" border=\"0\" \/><\/a>17 Association Foresti\u00e8re de Galice &#8211; AFG<br \/>\n<a href=\"http:\/\/www.xunta.es\/\"><img decoding=\"async\" src=\"https:\/\/www.plantedforests.org\/old_resources\/images\/lien.gif\" align=\"absbottom\" border=\"0\" \/><\/a>24 Xunta Galicia<\/p>\n<p class=\"T3\">Zone pilote Nord Portugal<\/p>\n<p><a href=\"http:\/\/www.porto.ucp.pt\/\"><img decoding=\"async\" src=\"https:\/\/www.plantedforests.org\/old_resources\/images\/lien.gif\" align=\"absbottom\" border=\"0\" \/><\/a>18 Universit\u00e9 Catholique de Porto &#8211; UCP<\/p>\n<p class=\"T3\">Zone pilote centre Portugal<\/p>\n<p><a href=\"http:\/\/www.isa.utl.pt\/\"><img decoding=\"async\" src=\"https:\/\/www.plantedforests.org\/old_resources\/images\/lien.gif\" align=\"absbottom\" border=\"0\" \/><\/a>19 Institut Sup\u00e9rieur d&rsquo;Agronomie &#8211; ISA (Coordinateur de zone)<br \/>\n<a href=\"http:\/\/www.esac.pt\"><img decoding=\"async\" src=\"https:\/\/www.plantedforests.org\/old_resources\/images\/lien.gif\" align=\"absbottom\" border=\"0\" \/><\/a>20 Ecole Sup\u00e9rieure d&rsquo;Agronomie de Coimbra &#8211; ESAC<br \/>\n<a href=\"http:\/\/www.efn.com.pt\"><img decoding=\"async\" src=\"https:\/\/www.plantedforests.org\/old_resources\/images\/lien.gif\" align=\"absbottom\" border=\"0\" \/><\/a>21 Station foresti\u00e8re Nationale -EFN<br \/>\n<a href=\"http:\/\/www.cap.pt\/\"><img decoding=\"async\" src=\"https:\/\/www.plantedforests.org\/old_resources\/images\/lien.gif\" align=\"absbottom\" border=\"0\" \/><\/a>22 F\u00e9d\u00e9ration des propri\u00e9taires forestiers &#8211; CAP<br \/>\n<a href=\"http:\/\/www.celpa.pt\/\"><img decoding=\"async\" src=\"https:\/\/www.plantedforests.org\/old_resources\/images\/lien.gif\" align=\"absbottom\" border=\"0\" \/><\/a>23 Association cellulose du Portugal &#8211; CELPA<br \/>\n<br clear=\"all\" \/><\/p>\n<div align=\"center\">\n<table id=\"FORSEE\" class=\"piedpage\" border=\"0\" summary=\"\">\n<tbody>\n<tr class=\"piedpage\">\n<td colspan=\"9\" align=\"center\">gestion durable des FOR\u00eats un reSEau de zonEs pilotes pour la mise en oeuvre op\u00e9rationnelle<br \/>\nProjet Financ\u00e9 avec l\u0092aide de l\u0092Union europ\u00e9enne, FEDER &#8211; Interreg IIIB Espace atlantique<\/td>\n<\/tr>\n<tr>\n<td class=\"piedpage\"><img decoding=\"async\" src=\"https:\/\/www.plantedforests.org\/old_resources\/images\/union_europeenne.gif\" alt=\"Europe\" height=\"40\" border=\"0\" \/><\/td>\n<td class=\"piedpage\"><img decoding=\"async\" src=\"https:\/\/www.plantedforests.org\/old_resources\/images\/logoI3B.jpg\" alt=\"INTERREG IIIB\" height=\"60\" border=\"0\" \/><\/td>\n<td class=\"piedpage\"><img decoding=\"async\" src=\"https:\/\/www.plantedforests.org\/old_resources\/images\/CRaquitaine.jpg\" alt=\"Aquitaine\" height=\"40\" border=\"0\" \/><\/td>\n<td class=\"piedpage\"><img decoding=\"async\" src=\"https:\/\/www.plantedforests.org\/old_resources\/images\/Navarre.jpg\" alt=\"Navarra\" height=\"40\" border=\"0\" \/><\/td>\n<td class=\"piedpage\"><img decoding=\"async\" src=\"https:\/\/www.plantedforests.org\/old_resources\/images\/GOBVASC.GIF\" alt=\"Euskadi\" height=\"40\" border=\"0\" \/><\/td>\n<td class=\"piedpage\"><img decoding=\"async\" src=\"https:\/\/www.plantedforests.org\/old_resources\/images\/castillayleon.jpg\" alt=\"Castilla y L\u00e9on\" height=\"40\" border=\"0\" \/><\/td>\n<td class=\"piedpage\"><img decoding=\"async\" src=\"https:\/\/www.plantedforests.org\/old_resources\/images\/XUNTA.GIF\" alt=\"Galicia\" height=\"40\" border=\"0\" \/><\/td>\n<\/tr>\n<\/tbody>\n<\/table>\n<\/div>\n","protected":false},"excerpt":{"rendered":"<p>Projet FORSEE Le contexte : Les indicateurs de gestion durable des for\u00eats ont \u00e9t\u00e9 d\u00e9velopp\u00e9s dans le cadre d&rsquo;une d\u00e9marche \u00a0\u00bb up-down \u00a0\u00bb lors des conf\u00e9rences interminist\u00e9rielles, et s&rsquo;av\u00e8rent souvent [&hellip;]<\/p>\n","protected":false},"author":3,"featured_media":0,"parent":0,"menu_order":0,"comment_status":"closed","ping_status":"closed","template":"","meta":{"_acf_changed":false,"_eb_attr":"","_EventAllDay":false,"_EventTimezone":"","_EventStartDate":"","_EventEndDate":"","_EventStartDateUTC":"","_EventEndDateUTC":"","_EventShowMap":false,"_EventShowMapLink":false,"_EventURL":"","_EventCost":"","_EventCostDescription":"","_EventCurrencySymbol":"","_EventCurrencyCode":"","_EventCurrencyPosition":"","_EventDateTimeSeparator":"","_EventTimeRangeSeparator":"","_EventOrganizerID":[],"_EventVenueID":[],"_OrganizerEmail":"","_OrganizerPhone":"","_OrganizerWebsite":"","_VenueAddress":"","_VenueCity":"","_VenueCountry":"","_VenueProvince":"","_VenueState":"","_VenueZip":"","_VenuePhone":"","_VenueURL":"","_VenueStateProvince":"","_VenueLat":"","_VenueLng":"","_VenueShowMap":false,"_VenueShowMapLink":false,"activitypub_content_warning":null,"activitypub_content_visibility":"","activitypub_max_image_attachments":4,"activitypub_interaction_policy_quote":"anyone","activitypub_status":"federated","footnotes":""},"class_list":["post-2751","page","type-page","status-publish","hentry"],"translation":{"provider":"WPGlobus","version":"3.0.2","language":"fr","enabled_languages":["gb","fr","es","pt"],"languages":{"gb":{"title":true,"content":true,"excerpt":false},"fr":{"title":false,"content":false,"excerpt":false},"es":{"title":false,"content":false,"excerpt":false},"pt":{"title":false,"content":false,"excerpt":false}}},"acf":[],"yoast_head":"<!-- This site is optimized with the Yoast SEO plugin v27.5 - https:\/\/yoast.com\/product\/yoast-seo-wordpress\/ -->\n<title>Projet FORSEE - Institut Europ\u00e9en de la For\u00eat Cultiv\u00e9e - IEFC<\/title>\n<meta name=\"robots\" content=\"index, follow, max-snippet:-1, max-image-preview:large, max-video-preview:-1\" \/>\n<link rel=\"canonical\" href=\"https:\/\/www.plantedforests.org\/projet-forsee\/\" \/>\n<meta property=\"og:locale\" content=\"fr_FR\" \/>\n<meta property=\"og:type\" content=\"article\" \/>\n<meta property=\"og:title\" content=\"Projet FORSEE - Institut Europ\u00e9en de la For\u00eat Cultiv\u00e9e - IEFC\" \/>\n<meta property=\"og:url\" content=\"https:\/\/www.plantedforests.org\/projet-forsee\/\" \/>\n<meta property=\"og:site_name\" content=\"Institut Europ\u00e9en de la For\u00eat Cultiv\u00e9e - IEFC\" \/>\n<meta property=\"article:modified_time\" content=\"2025-04-07T08:50:09+00:00\" \/>\n<meta property=\"og:image\" content=\"https:\/\/www.plantedforests.org\/old_resources\/images\/FORSEE_organigramme.png\" \/>\n<meta name=\"twitter:card\" content=\"summary_large_image\" \/>\n<meta name=\"twitter:site\" content=\"@IEFCPlantForest\" \/>\n<meta name=\"twitter:label1\" content=\"Dur\u00e9e de lecture estim\u00e9e\" \/>\n\t<meta name=\"twitter:data1\" content=\"12 minutes\" \/>\n<script type=\"application\/ld+json\" class=\"yoast-schema-graph\">{\"@context\":\"https:\\\/\\\/schema.org\",\"@graph\":[{\"@type\":\"WebPage\",\"@id\":\"https:\\\/\\\/www.plantedforests.org\\\/projet-forsee\\\/\",\"url\":\"https:\\\/\\\/www.plantedforests.org\\\/projet-forsee\\\/\",\"name\":\"Projet FORSEE - Institut Europ\u00e9en de la For\u00eat Cultiv\u00e9e - IEFC\",\"isPartOf\":{\"@id\":\"https:\\\/\\\/www.plantedforests.org\\\/fr\\\/#website\"},\"primaryImageOfPage\":{\"@id\":\"https:\\\/\\\/www.plantedforests.org\\\/projet-forsee\\\/#primaryimage\"},\"image\":{\"@id\":\"https:\\\/\\\/www.plantedforests.org\\\/projet-forsee\\\/#primaryimage\"},\"thumbnailUrl\":\"https:\\\/\\\/www.plantedforests.org\\\/old_resources\\\/images\\\/FORSEE_organigramme.png\",\"datePublished\":\"2018-05-31T15:42:16+00:00\",\"dateModified\":\"2025-04-07T08:50:09+00:00\",\"breadcrumb\":{\"@id\":\"https:\\\/\\\/www.plantedforests.org\\\/projet-forsee\\\/#breadcrumb\"},\"inLanguage\":\"fr-FR\",\"potentialAction\":[{\"@type\":\"ReadAction\",\"target\":[\"https:\\\/\\\/www.plantedforests.org\\\/projet-forsee\\\/\"]}]},{\"@type\":\"ImageObject\",\"inLanguage\":\"fr-FR\",\"@id\":\"https:\\\/\\\/www.plantedforests.org\\\/projet-forsee\\\/#primaryimage\",\"url\":\"https:\\\/\\\/www.plantedforests.org\\\/old_resources\\\/images\\\/FORSEE_organigramme.png\",\"contentUrl\":\"https:\\\/\\\/www.plantedforests.org\\\/old_resources\\\/images\\\/FORSEE_organigramme.png\"},{\"@type\":\"BreadcrumbList\",\"@id\":\"https:\\\/\\\/www.plantedforests.org\\\/projet-forsee\\\/#breadcrumb\",\"itemListElement\":[{\"@type\":\"ListItem\",\"position\":1,\"name\":\"Accueil\",\"item\":\"https:\\\/\\\/www.plantedforests.org\\\/\"},{\"@type\":\"ListItem\",\"position\":2,\"name\":\"Projet FORSEE\"}]},{\"@type\":\"WebSite\",\"@id\":\"https:\\\/\\\/www.plantedforests.org\\\/fr\\\/#website\",\"url\":\"https:\\\/\\\/www.plantedforests.org\\\/fr\\\/\",\"name\":\"Institut Europ\u00e9en de la For\u00eat Cultiv\u00e9e - IEFC\",\"description\":\"Le r\u00e9seau multi-acteur pour la gestion durable et la r\u00e9silience des for\u00eats cultiv\u00e9es\",\"publisher\":{\"@id\":\"https:\\\/\\\/www.plantedforests.org\\\/fr\\\/#organization\"},\"potentialAction\":[{\"@type\":\"SearchAction\",\"target\":{\"@type\":\"EntryPoint\",\"urlTemplate\":\"https:\\\/\\\/www.plantedforests.org\\\/fr\\\/?s={search_term_string}\"},\"query-input\":{\"@type\":\"PropertyValueSpecification\",\"valueRequired\":true,\"valueName\":\"search_term_string\"}}],\"inLanguage\":\"fr-FR\"},{\"@type\":\"Organization\",\"@id\":\"https:\\\/\\\/www.plantedforests.org\\\/fr\\\/#organization\",\"name\":\"Institut Europ\u00e9en de la For\u00eat Cultiv\u00e9e - Plantedforests.org\",\"url\":\"https:\\\/\\\/www.plantedforests.org\\\/fr\\\/\",\"logo\":{\"@type\":\"ImageObject\",\"inLanguage\":\"fr-FR\",\"@id\":\"https:\\\/\\\/www.plantedforests.org\\\/fr\\\/#\\\/schema\\\/logo\\\/image\\\/\",\"url\":\"https:\\\/\\\/www.plantedforests.org\\\/wp-content\\\/uploads\\\/2022\\\/07\\\/Logo_iefc__FR.png\",\"contentUrl\":\"https:\\\/\\\/www.plantedforests.org\\\/wp-content\\\/uploads\\\/2022\\\/07\\\/Logo_iefc__FR.png\",\"width\":2031,\"height\":1001,\"caption\":\"Institut Europ\u00e9en de la For\u00eat Cultiv\u00e9e - Plantedforests.org\"},\"image\":{\"@id\":\"https:\\\/\\\/www.plantedforests.org\\\/fr\\\/#\\\/schema\\\/logo\\\/image\\\/\"},\"sameAs\":[\"https:\\\/\\\/x.com\\\/IEFCPlantForest\",\"https:\\\/\\\/www.linkedin.com\\\/company\\\/71728047\\\/\"]}]}<\/script>\n<!-- \/ Yoast SEO plugin. -->","yoast_head_json":{"title":"Projet FORSEE - Institut Europ\u00e9en de la For\u00eat Cultiv\u00e9e - IEFC","robots":{"index":"index","follow":"follow","max-snippet":"max-snippet:-1","max-image-preview":"max-image-preview:large","max-video-preview":"max-video-preview:-1"},"canonical":"https:\/\/www.plantedforests.org\/projet-forsee\/","og_locale":"fr_FR","og_type":"article","og_title":"Projet FORSEE - Institut Europ\u00e9en de la For\u00eat Cultiv\u00e9e - IEFC","og_url":"https:\/\/www.plantedforests.org\/projet-forsee\/","og_site_name":"Institut Europ\u00e9en de la For\u00eat Cultiv\u00e9e - IEFC","article_modified_time":"2025-04-07T08:50:09+00:00","og_image":[{"url":"https:\/\/www.plantedforests.org\/old_resources\/images\/FORSEE_organigramme.png","type":"","width":"","height":""}],"twitter_card":"summary_large_image","twitter_site":"@IEFCPlantForest","twitter_misc":{"Dur\u00e9e de lecture estim\u00e9e":"12 minutes"},"schema":{"@context":"https:\/\/schema.org","@graph":[{"@type":"WebPage","@id":"https:\/\/www.plantedforests.org\/projet-forsee\/","url":"https:\/\/www.plantedforests.org\/projet-forsee\/","name":"Projet FORSEE - Institut Europ\u00e9en de la For\u00eat Cultiv\u00e9e - IEFC","isPartOf":{"@id":"https:\/\/www.plantedforests.org\/fr\/#website"},"primaryImageOfPage":{"@id":"https:\/\/www.plantedforests.org\/projet-forsee\/#primaryimage"},"image":{"@id":"https:\/\/www.plantedforests.org\/projet-forsee\/#primaryimage"},"thumbnailUrl":"https:\/\/www.plantedforests.org\/old_resources\/images\/FORSEE_organigramme.png","datePublished":"2018-05-31T15:42:16+00:00","dateModified":"2025-04-07T08:50:09+00:00","breadcrumb":{"@id":"https:\/\/www.plantedforests.org\/projet-forsee\/#breadcrumb"},"inLanguage":"fr-FR","potentialAction":[{"@type":"ReadAction","target":["https:\/\/www.plantedforests.org\/projet-forsee\/"]}]},{"@type":"ImageObject","inLanguage":"fr-FR","@id":"https:\/\/www.plantedforests.org\/projet-forsee\/#primaryimage","url":"https:\/\/www.plantedforests.org\/old_resources\/images\/FORSEE_organigramme.png","contentUrl":"https:\/\/www.plantedforests.org\/old_resources\/images\/FORSEE_organigramme.png"},{"@type":"BreadcrumbList","@id":"https:\/\/www.plantedforests.org\/projet-forsee\/#breadcrumb","itemListElement":[{"@type":"ListItem","position":1,"name":"Accueil","item":"https:\/\/www.plantedforests.org\/"},{"@type":"ListItem","position":2,"name":"Projet FORSEE"}]},{"@type":"WebSite","@id":"https:\/\/www.plantedforests.org\/fr\/#website","url":"https:\/\/www.plantedforests.org\/fr\/","name":"Institut Europ\u00e9en de la For\u00eat Cultiv\u00e9e - IEFC","description":"Le r\u00e9seau multi-acteur pour la gestion durable et la r\u00e9silience des for\u00eats cultiv\u00e9es","publisher":{"@id":"https:\/\/www.plantedforests.org\/fr\/#organization"},"potentialAction":[{"@type":"SearchAction","target":{"@type":"EntryPoint","urlTemplate":"https:\/\/www.plantedforests.org\/fr\/?s={search_term_string}"},"query-input":{"@type":"PropertyValueSpecification","valueRequired":true,"valueName":"search_term_string"}}],"inLanguage":"fr-FR"},{"@type":"Organization","@id":"https:\/\/www.plantedforests.org\/fr\/#organization","name":"Institut Europ\u00e9en de la For\u00eat Cultiv\u00e9e - Plantedforests.org","url":"https:\/\/www.plantedforests.org\/fr\/","logo":{"@type":"ImageObject","inLanguage":"fr-FR","@id":"https:\/\/www.plantedforests.org\/fr\/#\/schema\/logo\/image\/","url":"https:\/\/www.plantedforests.org\/wp-content\/uploads\/2022\/07\/Logo_iefc__FR.png","contentUrl":"https:\/\/www.plantedforests.org\/wp-content\/uploads\/2022\/07\/Logo_iefc__FR.png","width":2031,"height":1001,"caption":"Institut Europ\u00e9en de la For\u00eat Cultiv\u00e9e - Plantedforests.org"},"image":{"@id":"https:\/\/www.plantedforests.org\/fr\/#\/schema\/logo\/image\/"},"sameAs":["https:\/\/x.com\/IEFCPlantForest","https:\/\/www.linkedin.com\/company\/71728047\/"]}]}},"_links":{"self":[{"href":"https:\/\/www.plantedforests.org\/fr\/wp-json\/wp\/v2\/pages\/2751","targetHints":{"allow":["GET"]}}],"collection":[{"href":"https:\/\/www.plantedforests.org\/fr\/wp-json\/wp\/v2\/pages"}],"about":[{"href":"https:\/\/www.plantedforests.org\/fr\/wp-json\/wp\/v2\/types\/page"}],"author":[{"embeddable":true,"href":"https:\/\/www.plantedforests.org\/fr\/wp-json\/wp\/v2\/users\/3"}],"replies":[{"embeddable":true,"href":"https:\/\/www.plantedforests.org\/fr\/wp-json\/wp\/v2\/comments?post=2751"}],"version-history":[{"count":2,"href":"https:\/\/www.plantedforests.org\/fr\/wp-json\/wp\/v2\/pages\/2751\/revisions"}],"predecessor-version":[{"id":22799,"href":"https:\/\/www.plantedforests.org\/fr\/wp-json\/wp\/v2\/pages\/2751\/revisions\/22799"}],"wp:attachment":[{"href":"https:\/\/www.plantedforests.org\/fr\/wp-json\/wp\/v2\/media?parent=2751"}],"curies":[{"name":"wp","href":"https:\/\/api.w.org\/{rel}","templated":true}]}}