
{"id":20139,"date":"2024-08-30T15:09:39","date_gmt":"2024-08-30T13:09:39","guid":{"rendered":"https:\/\/www.plantedforests.org\/?page_id=20139"},"modified":"2024-09-18T14:44:51","modified_gmt":"2024-09-18T12:44:51","slug":"webinar-2-fire-res-innovation-actions-25-septembre-2024-registration","status":"publish","type":"page","link":"https:\/\/www.plantedforests.org\/fr\/webinar-2-fire-res-innovation-actions-25-septembre-2024-registration\/","title":{"rendered":"Webinar n\u00b02 &#8211; FIRE-RES &#8211; Innovation Actions &#8211; 25 Septembre 2024 &#8211; Registration"},"content":{"rendered":"<div class=\"wp-block-image\">\n<figure class=\"aligncenter size-large is-resized\"><img fetchpriority=\"high\" decoding=\"async\" width=\"1024\" height=\"576\" src=\"https:\/\/www.plantedforests.org\/wp-content\/uploads\/2024\/09\/Webinar-IAs-n.2-Twitter-Post-1024x576.png\" alt=\"\" class=\"wp-image-20200\" style=\"width:768px;height:auto\" srcset=\"https:\/\/www.plantedforests.org\/wp-content\/uploads\/2024\/09\/Webinar-IAs-n.2-Twitter-Post-1024x576.png 1024w, https:\/\/www.plantedforests.org\/wp-content\/uploads\/2024\/09\/Webinar-IAs-n.2-Twitter-Post-300x169.png 300w, https:\/\/www.plantedforests.org\/wp-content\/uploads\/2024\/09\/Webinar-IAs-n.2-Twitter-Post-150x84.png 150w, https:\/\/www.plantedforests.org\/wp-content\/uploads\/2024\/09\/Webinar-IAs-n.2-Twitter-Post-768x432.png 768w, https:\/\/www.plantedforests.org\/wp-content\/uploads\/2024\/09\/Webinar-IAs-n.2-Twitter-Post-1536x864.png 1536w, https:\/\/www.plantedforests.org\/wp-content\/uploads\/2024\/09\/Webinar-IAs-n.2-Twitter-Post-1320x743.png 1320w, https:\/\/www.plantedforests.org\/wp-content\/uploads\/2024\/09\/Webinar-IAs-n.2-Twitter-Post.png 1600w\" sizes=\"(max-width: 1024px) 100vw, 1024px\" \/><\/figure>\n<\/div>\n\n\n<p class=\"has-black-color has-text-color has-link-color wp-elements-9c53cd45243d86fe62f93db2dc22cea5\">The European Institute of Planted Forest (IEFC) is hosting a series of webinars to introduce the project\u2019s Innovation Actions to the public. After the successful kick-off in May, we are thrilled to announce our upcoming webinar focused on Innovation Actions that are paving the way for more effective wildfire prevention and early response. The second session <strong>\u201cEnhancing wildfire prevention: Innovative tools and strategies for preparedness and early response\u201d<\/strong> will take place online <strong>on Tuesday 25 September 2024 at 10:00 AM CET.<\/strong><\/p>\n\n\n\n<p class=\"has-black-color has-text-color has-link-color wp-elements-4a043a91b64512a3f198df55ff589b7d\">This public event offers a unique opportunity to gain insights into cutting-edge tools and strategies that enhance wildfire preparedness and response. Our expert presenters will share their experiences and the latest innovations in the field, providing valuable takeaways for all participants. The agenda for the webinar is as follows:<br><strong>\u2013 IA 1.3 \u2013<\/strong> Piloting early-warning indicators of EWEs incorporating fire-weather and vegetation conditions<br>Presented by Julien Ruffault (10h-10h30)<br><strong>\u2013 IA 4.2 \u2013<\/strong> CMU risk communication: improving culture of risk about human-caused ignitions \u2013 leisure activities and burnings<br>Presented by Mayara Souza (10h30-11h)<br>\u2013<strong> IA 4.7 \u2013 <\/strong>Testing an Interoperability evaluation tool<br>Presented by Jean-Paul Monet (11h-11h30)<br><strong>\u2013 IA 5.3 <\/strong>\u2013 Advanced vegetation characterization based on Earth Observation data fusion and Artificial Intelligence over forestland ecosystems<br>Presented by Jordi Corbera (11h30-12h)<\/p>\n\n\n\n<div style=\"height:30px\" aria-hidden=\"true\" class=\"wp-block-spacer\"><\/div>\n\n\n\n<h5 class=\"wp-block-heading has-text-align-center has-black-color has-text-color has-link-color wp-elements-ffd8539d4c80cf333a13a33675d1cafe\"><strong><span style=\"text-decoration: underline;\">Registration<\/span><\/strong><\/h5>\n\n\n\n<hr class=\"wp-block-separator has-alpha-channel-opacity\"\/>\n\n\n<div class=\"frm_forms  with_frm_style frm_style_style-formidable\" id=\"frm_form_30_container\" data-token=\"36910a853eef3ba3d480a789dfcc7d61\">\n<form enctype=\"multipart\/form-data\" method=\"post\" class=\"frm-show-form \" id=\"form_webinarfireres2\" data-token=\"36910a853eef3ba3d480a789dfcc7d61\">\n<div class=\"frm_form_fields \">\n<fieldset>\n<legend class=\"frm_screen_reader\">Webinar_FIRE-RES_N\u00b02<\/legend>\r\n\r\n<div class=\"frm_fields_container\">\n<input type=\"hidden\" name=\"frm_action\" value=\"create\" \/>\n<input type=\"hidden\" name=\"form_id\" value=\"30\" \/>\n<input type=\"hidden\" name=\"frm_hide_fields_30\" id=\"frm_hide_fields_30\" value=\"\" \/>\n<input type=\"hidden\" name=\"form_key\" value=\"webinarfireres2\" \/>\n<input type=\"hidden\" name=\"item_meta[0]\" value=\"\" \/>\n<input type=\"hidden\" id=\"frm_submit_entry_30\" name=\"frm_submit_entry_30\" value=\"49afe30328\" \/><input type=\"hidden\" name=\"_wp_http_referer\" value=\"\/fr\/wp-json\/wp\/v2\/pages\/20139\" \/><div id=\"frm_field_301_container\" class=\"frm_form_field form-field  frm_required_field frm_top_container frm6 frm_first\">\r\n    <label for=\"field_x5hcq3f4ca4125b33332\" id=\"field_x5hcq3f4ca4125b33332_label\" class=\"frm_primary_label\">Name\r\n        <span class=\"frm_required\" aria-hidden=\"true\">*<\/span>\r\n    <\/label>\r\n    <input type=\"text\" id=\"field_x5hcq3f4ca4125b33332\" name=\"item_meta[301]\" value=\"\"  data-reqmsg=\"Ce champ ne peut pas \u00eatre vide\" aria-required=\"true\" data-invmsg=\"Text is invalid\" aria-invalid=\"false\"  \/>\r\n    \r\n    \r\n<\/div>\n<div id=\"frm_field_302_container\" class=\"frm_form_field form-field  frm_required_field frm_top_container frm6\">\r\n    <label for=\"field_ncizka5c914c01833332\" id=\"field_ncizka5c914c01833332_label\" class=\"frm_primary_label\">First name\r\n        <span class=\"frm_required\" aria-hidden=\"true\">*<\/span>\r\n    <\/label>\r\n    <input type=\"text\" id=\"field_ncizka5c914c01833332\" name=\"item_meta[302]\" value=\"\"  data-reqmsg=\"Ce champ ne peut pas \u00eatre vide\" aria-required=\"true\" data-invmsg=\"Text is invalid\" aria-invalid=\"false\"  \/>\r\n    \r\n    \r\n<\/div>\n<div id=\"frm_field_303_container\" class=\"frm_form_field form-field  frm_required_field frm_top_container\">\r\n    <label for=\"field_v3i98eafe99a3c34332\" id=\"field_v3i98eafe99a3c34332_label\" class=\"frm_primary_label\">Email\r\n        <span class=\"frm_required\" aria-hidden=\"true\">*<\/span>\r\n    <\/label>\r\n    <input type=\"email\" id=\"field_v3i98eafe99a3c34332\" name=\"item_meta[303]\" value=\"\"  data-reqmsg=\"Email ne peut pas \u00eatre vide.\" aria-required=\"true\" data-invmsg=\"Email is invalid\" aria-invalid=\"false\"  \/>\r\n    \r\n    \r\n<\/div>\n<div id=\"frm_field_304_container\" class=\"frm_form_field form-field  frm_required_field frm_top_container\">\r\n    <label for=\"field_u3ch8d3c7ca039433332\" id=\"field_u3ch8d3c7ca039433332_label\" class=\"frm_primary_label\">Company\r\n        <span class=\"frm_required\" aria-hidden=\"true\">*<\/span>\r\n    <\/label>\r\n    <input type=\"text\" id=\"field_u3ch8d3c7ca039433332\" name=\"item_meta[304]\" value=\"\"  data-reqmsg=\"Ce champ ne peut pas \u00eatre vide\" aria-required=\"true\" data-invmsg=\"Text is invalid\" aria-invalid=\"false\"  \/>\r\n    \r\n    \r\n<\/div>\n<div id=\"frm_field_305_container\" class=\"frm_form_field form-field  frm_required_field frm_top_container frm6 frm_first\">\r\n    <label for=\"field_9f5264\" id=\"field_9f5264_label\" class=\"frm_primary_label\">Occupation\r\n        <span class=\"frm_required\" aria-hidden=\"true\">*<\/span>\r\n    <\/label>\r\n    \t\t<select name=\"item_meta[305]\" id=\"field_9f5264\"  placeholder=\"Please select one of the following answers\" data-reqmsg=\"Ce champ ne peut pas \u00eatre vide\" aria-required=\"true\" data-invmsg=\"Occupation est non valide\" aria-invalid=\"false\"  >\n\t\t<option  class=\"frm-select-placeholder\" value=\"\" data-placeholder=\"true\">Please select one of the following answers<\/option><option  value=\"Scientist\/Researcher\">Scientist\/Researcher<\/option><option  value=\"Professor\">Professor<\/option><option  value=\"Forester (Manager\/Owner,...)\">Forester (Manager\/Owner,&#8230;)<\/option><option  value=\"Forest Worker (plantations, processing,...)\">Forest Worker (plantations, processing,&#8230;)<\/option><option  value=\"Wood Processor (industry, paper, SME,...)\">Wood Processor (industry, paper, SME,&#8230;)<\/option><option  value=\"Forest Adviser (extension service, consultant,...)\">Forest Adviser (extension service, consultant,&#8230;)<\/option><option  value=\"Service provider related to forest (web app, website, insurance, decision support tools,...)\">Service provider related to forest (web app, website, insurance, decision support tools,&#8230;)<\/option><option  value=\"Policy Maker (administration, elected person,...)\">Policy Maker (administration, elected person,&#8230;)<\/option><option  value=\"Other\">Other<\/option>\t<\/select>\n\t\r\n    \r\n    \r\n<\/div>\n<div id=\"frm_field_306_container\" class=\"frm_form_field form-field  frm_top_container frm6\">\r\n    <label for=\"field_lhqln4\" id=\"field_lhqln4_label\" class=\"frm_primary_label\">If you select &lsquo;Other\u00a0\u00bb please add your job position\r\n        <span class=\"frm_required\" aria-hidden=\"true\"><\/span>\r\n    <\/label>\r\n    <input type=\"text\" id=\"field_lhqln4\" name=\"item_meta[306]\" value=\"\"  data-invmsg=\"Text is invalid\" aria-invalid=\"false\"  \/>\r\n    \r\n    \r\n<\/div>\n<div id=\"frm_field_307_container\" class=\"frm_form_field form-field  frm_required_field frm_top_container frm6 frm_first\">\r\n    <label for=\"field_3uu5s4\" id=\"field_3uu5s4_label\" class=\"frm_primary_label\">Sector\r\n        <span class=\"frm_required\" aria-hidden=\"true\">*<\/span>\r\n    <\/label>\r\n    \t\t<select name=\"item_meta[307]\" id=\"field_3uu5s4\"  placeholder=\"Please select one of the following answers\" data-reqmsg=\"Ce champ ne peut pas \u00eatre vide\" aria-required=\"true\" data-invmsg=\"Sector est non valide\" aria-invalid=\"false\"  >\n\t\t<option  class=\"frm-select-placeholder\" value=\"\" data-placeholder=\"true\">Please select one of the following answers<\/option><option  value=\"Research Institute\/Center\">Research Institute\/Center<\/option><option  value=\"University\">University<\/option><option  value=\"Government\">Government<\/option><option  value=\"Agroforestry\">Agroforestry<\/option><option  value=\"Association\">Association<\/option><option  value=\"Private sector\">Private sector<\/option><option  value=\"Administration\">Administration<\/option><option  value=\"Forest Service\">Forest Service<\/option><option  value=\"Other\">Other<\/option>\t<\/select>\n\t\r\n    \r\n    \r\n<\/div>\n<div id=\"frm_field_308_container\" class=\"frm_form_field form-field  frm_top_container frm6\">\r\n    <label for=\"field_a63fi4\" id=\"field_a63fi4_label\" class=\"frm_primary_label\">If you choose \u00ab\u00a0Other\u00a0\u00bb, please add the sector in which you work.\r\n        <span class=\"frm_required\" aria-hidden=\"true\"><\/span>\r\n    <\/label>\r\n    <input type=\"text\" id=\"field_a63fi4\" name=\"item_meta[308]\" value=\"\"  data-invmsg=\"Text is invalid\" aria-invalid=\"false\"  \/>\r\n    \r\n    \r\n<\/div>\n<div id=\"frm_field_309_container\" class=\"frm_form_field form-field  frm_required_field frm_top_container\">\r\n    <label for=\"field_y7iol4\" id=\"field_y7iol4_label\" class=\"frm_primary_label\">Country\r\n        <span class=\"frm_required\" aria-hidden=\"true\">*<\/span>\r\n    <\/label>\r\n    <input type=\"text\" id=\"field_y7iol4\" name=\"item_meta[309]\" value=\"\"  data-reqmsg=\"Ce champ ne peut pas \u00eatre vide\" aria-required=\"true\" data-invmsg=\"Text is invalid\" aria-invalid=\"false\"  \/>\r\n    \r\n    \r\n<\/div>\n<div id=\"frm_field_310_container\" class=\"frm_form_field form-field  frm_top_container vertical_radio\">\r\n    <div  id=\"field_y82tj32_label\" class=\"frm_primary_label\">IEFC Newsletter\r\n        <span class=\"frm_required\" aria-hidden=\"true\"><\/span>\r\n    <\/div>\r\n    <div class=\"frm_opt_container\" aria-labelledby=\"field_y82tj32_label\" role=\"group\">\t\t<div class=\"frm_checkbox\" id=\"frm_checkbox_310-0\">\t\t\t<label  for=\"field_y82tj32-0\">\n\t\t\t<input type=\"checkbox\" name=\"item_meta[310][]\" id=\"field_y82tj32-0\" value=\"By ticking this box, I consent to receive newsletters from IEFC. I acknowledge that I can unsubscribe at any time by clicking the &quot;Unsubscribe&quot; link in the email.\"  data-invmsg=\"IEFC Newsletter est non valide\"   \/> By ticking this box, I consent to receive newsletters from IEFC. I acknowledge that I can unsubscribe at any time by clicking the \u00ab\u00a0Unsubscribe\u00a0\u00bb link in the email.<\/label><\/div>\n<\/div>\r\n    \r\n    \r\n<\/div>\n<div id=\"frm_field_311_container\" class=\"frm_form_field form-field  frm_required_field frm_top_container vertical_radio\">\r\n    <div  id=\"field_1ii3m3332_label\" class=\"frm_primary_label\">Data protection \r\n        <span class=\"frm_required\" aria-hidden=\"true\">*<\/span>\r\n    <\/div>\r\n    <div class=\"frm_opt_container\" aria-labelledby=\"field_1ii3m3332_label\" role=\"group\">\t\t<div class=\"frm_checkbox\" id=\"frm_checkbox_311-0\">\t\t\t<label  for=\"field_1ii3m3332-0\">\n\t\t\t<input type=\"checkbox\" name=\"item_meta[311][]\" id=\"field_1ii3m3332-0\" value=\"By ticking this form, I consent to the information provided being used by IEFC for sending emails about the webinar. The information collected on this form will be communicated to IEFC only. I understand that I can withdraw my consent at any time. In accordance with the General Data Protection Regulation n\u00b0EU 2016\/679, you can access your data, modify it, request its deletion or exercise your right to limit the processing of your data. Consult the https:\/\/www.cnil.fr\/en\/ website for more information on your rights. To exercise these rights or if you have any questions about the processing of your data in this system, you can contact contact@iefc.net.\"  data-reqmsg=\"Ce champ ne peut pas \u00eatre vide\" data-invmsg=\"Data protection  est non valide\"   aria-required=\"true\"  \/> By ticking this form, I consent to the information provided being used by IEFC for sending emails about the webinar. The information collected on this form will be communicated to IEFC only. I understand that I can withdraw my consent at any time. In accordance with the General Data Protection Regulation n\u00b0EU 2016\/679, you can access your data, modify it, request its deletion or exercise your right to limit the processing of your data. Consult the https:\/\/www.cnil.fr\/en\/ website for more information on your rights. To exercise these rights or if you have any questions about the processing of your data in this system, you can contact contact@iefc.net.<\/label><\/div>\n<\/div>\r\n    \r\n    \r\n<\/div>\n<div id=\"frm_field_312_container\" class=\"frm_form_field form-field  frm_none_container\">\r\n    <label for=\"g-recaptcha-response\" id=\"field_uh7965fb161e15d33332_label\" class=\"frm_primary_label\">Captcha\r\n        <span class=\"frm_required\" aria-hidden=\"true\"><\/span>\r\n    <\/label>\r\n    \r\n    \r\n    \r\n<\/div>\n<div id=\"frm_field_313_container\" class=\"frm_form_field form-field \">\r\n\t<div class=\"frm_submit\">\r\n\r\n<button class=\"frm_button_submit\" type=\"submit\"  >Register<\/button>\r\n\r\n<\/div>\r\n<\/div>\n\t<input type=\"hidden\" name=\"item_key\" value=\"\" \/>\n\t\t\t<div id=\"frm_field_449_container\">\n\t\t\t<label for=\"field_no8h8\" >\n\t\t\t\tSi vous \u00eates un humain, ne remplissez pas ce champ.\t\t\t<\/label>\n\t\t\t<input  id=\"field_no8h8\" type=\"text\" class=\"frm_form_field form-field frm_verify\" name=\"item_meta[449]\" value=\"\"  \/>\n\t\t<\/div>\n\t\t<input name=\"frm_state\" type=\"hidden\" value=\"lQ86uyjCGCmXDvJWnqwrUt\/3tlwWro3xVs6okwXfxsM=\" \/><\/div>\n<\/fieldset>\n<\/div>\n\n<\/form>\n<\/div>\n","protected":false},"excerpt":{"rendered":"<p>The European Institute of Planted Forest (IEFC) is hosting a series of webinars to introduce the project\u2019s Innovation Actions to the public. After the successful kick-off in May, we are [&hellip;]<\/p>\n","protected":false},"author":101,"featured_media":0,"parent":0,"menu_order":0,"comment_status":"closed","ping_status":"closed","template":"","meta":{"_acf_changed":false,"_eb_attr":"","_EventAllDay":false,"_EventTimezone":"","_EventStartDate":"","_EventEndDate":"","_EventStartDateUTC":"","_EventEndDateUTC":"","_EventShowMap":false,"_EventShowMapLink":false,"_EventURL":"","_EventCost":"","_EventCostDescription":"","_EventCurrencySymbol":"","_EventCurrencyCode":"","_EventCurrencyPosition":"","_EventDateTimeSeparator":"","_EventTimeRangeSeparator":"","_EventOrganizerID":[],"_EventVenueID":[],"_OrganizerEmail":"","_OrganizerPhone":"","_OrganizerWebsite":"","_VenueAddress":"","_VenueCity":"","_VenueCountry":"","_VenueProvince":"","_VenueState":"","_VenueZip":"","_VenuePhone":"","_VenueURL":"","_VenueStateProvince":"","_VenueLat":"","_VenueLng":"","_VenueShowMap":false,"_VenueShowMapLink":false,"activitypub_content_warning":"","activitypub_content_visibility":"","activitypub_max_image_attachments":4,"activitypub_interaction_policy_quote":"anyone","activitypub_status":"","footnotes":""},"class_list":["post-20139","page","type-page","status-publish","hentry"],"translation":{"provider":"WPGlobus","version":"3.0.2","language":"fr","enabled_languages":["gb","fr","es","pt"],"languages":{"gb":{"title":true,"content":true,"excerpt":false},"fr":{"title":false,"content":false,"excerpt":false},"es":{"title":false,"content":false,"excerpt":false},"pt":{"title":false,"content":false,"excerpt":false}}},"acf":[],"yoast_head":"<!-- This site is optimized with the Yoast SEO plugin v27.5 - https:\/\/yoast.com\/product\/yoast-seo-wordpress\/ -->\n<title>Webinar n\u00b02 - FIRE-RES - Innovation Actions - 25 Septembre 2024 - Registration - Institut Europ\u00e9en de la For\u00eat Cultiv\u00e9e - IEFC<\/title>\n<meta name=\"robots\" content=\"index, follow, max-snippet:-1, max-image-preview:large, max-video-preview:-1\" \/>\n<link rel=\"canonical\" href=\"https:\/\/www.plantedforests.org\/webinar-2-fire-res-innovation-actions-25-septembre-2024-registration\/\" \/>\n<meta property=\"og:locale\" content=\"fr_FR\" \/>\n<meta property=\"og:type\" content=\"article\" \/>\n<meta property=\"og:title\" content=\"Webinar n\u00b02 - FIRE-RES - Innovation Actions - 25 Septembre 2024 - Registration - Institut Europ\u00e9en de la For\u00eat Cultiv\u00e9e - IEFC\" \/>\n<meta property=\"og:url\" content=\"https:\/\/www.plantedforests.org\/webinar-2-fire-res-innovation-actions-25-septembre-2024-registration\/\" \/>\n<meta property=\"og:site_name\" content=\"Institut Europ\u00e9en de la For\u00eat Cultiv\u00e9e - IEFC\" \/>\n<meta property=\"article:modified_time\" content=\"2024-09-18T12:44:51+00:00\" \/>\n<meta property=\"og:image\" content=\"https:\/\/www.plantedforests.org\/wp-content\/uploads\/2024\/09\/Webinar-IAs-n.2-Twitter-Post-1024x576.png\" \/>\n<meta name=\"twitter:card\" content=\"summary_large_image\" \/>\n<meta name=\"twitter:site\" content=\"@IEFCPlantForest\" \/>\n<meta name=\"twitter:label1\" content=\"Dur\u00e9e de lecture estim\u00e9e\" \/>\n\t<meta name=\"twitter:data1\" content=\"2 minutes\" \/>\n<script type=\"application\/ld+json\" class=\"yoast-schema-graph\">{\"@context\":\"https:\\\/\\\/schema.org\",\"@graph\":[{\"@type\":\"WebPage\",\"@id\":\"https:\\\/\\\/www.plantedforests.org\\\/webinar-2-fire-res-innovation-actions-25-septembre-2024-registration\\\/\",\"url\":\"https:\\\/\\\/www.plantedforests.org\\\/webinar-2-fire-res-innovation-actions-25-septembre-2024-registration\\\/\",\"name\":\"Webinar n\u00b02 - FIRE-RES - Innovation Actions - 25 Septembre 2024 - Registration - Institut Europ\u00e9en de la For\u00eat Cultiv\u00e9e - IEFC\",\"isPartOf\":{\"@id\":\"https:\\\/\\\/www.plantedforests.org\\\/fr\\\/#website\"},\"primaryImageOfPage\":{\"@id\":\"https:\\\/\\\/www.plantedforests.org\\\/webinar-2-fire-res-innovation-actions-25-septembre-2024-registration\\\/#primaryimage\"},\"image\":{\"@id\":\"https:\\\/\\\/www.plantedforests.org\\\/webinar-2-fire-res-innovation-actions-25-septembre-2024-registration\\\/#primaryimage\"},\"thumbnailUrl\":\"https:\\\/\\\/www.plantedforests.org\\\/wp-content\\\/uploads\\\/2024\\\/09\\\/Webinar-IAs-n.2-Twitter-Post-1024x576.png\",\"datePublished\":\"2024-08-30T13:09:39+00:00\",\"dateModified\":\"2024-09-18T12:44:51+00:00\",\"breadcrumb\":{\"@id\":\"https:\\\/\\\/www.plantedforests.org\\\/webinar-2-fire-res-innovation-actions-25-septembre-2024-registration\\\/#breadcrumb\"},\"inLanguage\":\"fr-FR\",\"potentialAction\":[{\"@type\":\"ReadAction\",\"target\":[\"https:\\\/\\\/www.plantedforests.org\\\/webinar-2-fire-res-innovation-actions-25-septembre-2024-registration\\\/\"]}]},{\"@type\":\"ImageObject\",\"inLanguage\":\"fr-FR\",\"@id\":\"https:\\\/\\\/www.plantedforests.org\\\/webinar-2-fire-res-innovation-actions-25-septembre-2024-registration\\\/#primaryimage\",\"url\":\"https:\\\/\\\/www.plantedforests.org\\\/wp-content\\\/uploads\\\/2024\\\/09\\\/Webinar-IAs-n.2-Twitter-Post-1024x576.png\",\"contentUrl\":\"https:\\\/\\\/www.plantedforests.org\\\/wp-content\\\/uploads\\\/2024\\\/09\\\/Webinar-IAs-n.2-Twitter-Post-1024x576.png\"},{\"@type\":\"BreadcrumbList\",\"@id\":\"https:\\\/\\\/www.plantedforests.org\\\/webinar-2-fire-res-innovation-actions-25-septembre-2024-registration\\\/#breadcrumb\",\"itemListElement\":[{\"@type\":\"ListItem\",\"position\":1,\"name\":\"Accueil\",\"item\":\"https:\\\/\\\/www.plantedforests.org\\\/\"},{\"@type\":\"ListItem\",\"position\":2,\"name\":\"Webinar n\u00b02 &#8211; FIRE-RES &#8211; Innovation Actions &#8211; 25 Septembre 2024 &#8211; Registration\"}]},{\"@type\":\"WebSite\",\"@id\":\"https:\\\/\\\/www.plantedforests.org\\\/fr\\\/#website\",\"url\":\"https:\\\/\\\/www.plantedforests.org\\\/fr\\\/\",\"name\":\"Institut Europ\u00e9en de la For\u00eat Cultiv\u00e9e - IEFC\",\"description\":\"Le r\u00e9seau multi-acteur pour la gestion durable et la r\u00e9silience des for\u00eats cultiv\u00e9es\",\"publisher\":{\"@id\":\"https:\\\/\\\/www.plantedforests.org\\\/fr\\\/#organization\"},\"potentialAction\":[{\"@type\":\"SearchAction\",\"target\":{\"@type\":\"EntryPoint\",\"urlTemplate\":\"https:\\\/\\\/www.plantedforests.org\\\/fr\\\/?s={search_term_string}\"},\"query-input\":{\"@type\":\"PropertyValueSpecification\",\"valueRequired\":true,\"valueName\":\"search_term_string\"}}],\"inLanguage\":\"fr-FR\"},{\"@type\":\"Organization\",\"@id\":\"https:\\\/\\\/www.plantedforests.org\\\/fr\\\/#organization\",\"name\":\"Institut Europ\u00e9en de la For\u00eat Cultiv\u00e9e - Plantedforests.org\",\"url\":\"https:\\\/\\\/www.plantedforests.org\\\/fr\\\/\",\"logo\":{\"@type\":\"ImageObject\",\"inLanguage\":\"fr-FR\",\"@id\":\"https:\\\/\\\/www.plantedforests.org\\\/fr\\\/#\\\/schema\\\/logo\\\/image\\\/\",\"url\":\"https:\\\/\\\/www.plantedforests.org\\\/wp-content\\\/uploads\\\/2022\\\/07\\\/Logo_iefc__FR.png\",\"contentUrl\":\"https:\\\/\\\/www.plantedforests.org\\\/wp-content\\\/uploads\\\/2022\\\/07\\\/Logo_iefc__FR.png\",\"width\":2031,\"height\":1001,\"caption\":\"Institut Europ\u00e9en de la For\u00eat Cultiv\u00e9e - Plantedforests.org\"},\"image\":{\"@id\":\"https:\\\/\\\/www.plantedforests.org\\\/fr\\\/#\\\/schema\\\/logo\\\/image\\\/\"},\"sameAs\":[\"https:\\\/\\\/x.com\\\/IEFCPlantForest\",\"https:\\\/\\\/www.linkedin.com\\\/company\\\/71728047\\\/\"]}]}<\/script>\n<!-- \/ Yoast SEO plugin. -->","yoast_head_json":{"title":"Webinar n\u00b02 - FIRE-RES - Innovation Actions - 25 Septembre 2024 - Registration - Institut Europ\u00e9en de la For\u00eat Cultiv\u00e9e - IEFC","robots":{"index":"index","follow":"follow","max-snippet":"max-snippet:-1","max-image-preview":"max-image-preview:large","max-video-preview":"max-video-preview:-1"},"canonical":"https:\/\/www.plantedforests.org\/webinar-2-fire-res-innovation-actions-25-septembre-2024-registration\/","og_locale":"fr_FR","og_type":"article","og_title":"Webinar n\u00b02 - FIRE-RES - Innovation Actions - 25 Septembre 2024 - Registration - Institut Europ\u00e9en de la For\u00eat Cultiv\u00e9e - IEFC","og_url":"https:\/\/www.plantedforests.org\/webinar-2-fire-res-innovation-actions-25-septembre-2024-registration\/","og_site_name":"Institut Europ\u00e9en de la For\u00eat Cultiv\u00e9e - IEFC","article_modified_time":"2024-09-18T12:44:51+00:00","og_image":[{"url":"https:\/\/www.plantedforests.org\/wp-content\/uploads\/2024\/09\/Webinar-IAs-n.2-Twitter-Post-1024x576.png","type":"","width":"","height":""}],"twitter_card":"summary_large_image","twitter_site":"@IEFCPlantForest","twitter_misc":{"Dur\u00e9e de lecture estim\u00e9e":"2 minutes"},"schema":{"@context":"https:\/\/schema.org","@graph":[{"@type":"WebPage","@id":"https:\/\/www.plantedforests.org\/webinar-2-fire-res-innovation-actions-25-septembre-2024-registration\/","url":"https:\/\/www.plantedforests.org\/webinar-2-fire-res-innovation-actions-25-septembre-2024-registration\/","name":"Webinar n\u00b02 - FIRE-RES - Innovation Actions - 25 Septembre 2024 - Registration - Institut Europ\u00e9en de la For\u00eat Cultiv\u00e9e - IEFC","isPartOf":{"@id":"https:\/\/www.plantedforests.org\/fr\/#website"},"primaryImageOfPage":{"@id":"https:\/\/www.plantedforests.org\/webinar-2-fire-res-innovation-actions-25-septembre-2024-registration\/#primaryimage"},"image":{"@id":"https:\/\/www.plantedforests.org\/webinar-2-fire-res-innovation-actions-25-septembre-2024-registration\/#primaryimage"},"thumbnailUrl":"https:\/\/www.plantedforests.org\/wp-content\/uploads\/2024\/09\/Webinar-IAs-n.2-Twitter-Post-1024x576.png","datePublished":"2024-08-30T13:09:39+00:00","dateModified":"2024-09-18T12:44:51+00:00","breadcrumb":{"@id":"https:\/\/www.plantedforests.org\/webinar-2-fire-res-innovation-actions-25-septembre-2024-registration\/#breadcrumb"},"inLanguage":"fr-FR","potentialAction":[{"@type":"ReadAction","target":["https:\/\/www.plantedforests.org\/webinar-2-fire-res-innovation-actions-25-septembre-2024-registration\/"]}]},{"@type":"ImageObject","inLanguage":"fr-FR","@id":"https:\/\/www.plantedforests.org\/webinar-2-fire-res-innovation-actions-25-septembre-2024-registration\/#primaryimage","url":"https:\/\/www.plantedforests.org\/wp-content\/uploads\/2024\/09\/Webinar-IAs-n.2-Twitter-Post-1024x576.png","contentUrl":"https:\/\/www.plantedforests.org\/wp-content\/uploads\/2024\/09\/Webinar-IAs-n.2-Twitter-Post-1024x576.png"},{"@type":"BreadcrumbList","@id":"https:\/\/www.plantedforests.org\/webinar-2-fire-res-innovation-actions-25-septembre-2024-registration\/#breadcrumb","itemListElement":[{"@type":"ListItem","position":1,"name":"Accueil","item":"https:\/\/www.plantedforests.org\/"},{"@type":"ListItem","position":2,"name":"Webinar n\u00b02 &#8211; FIRE-RES &#8211; Innovation Actions &#8211; 25 Septembre 2024 &#8211; Registration"}]},{"@type":"WebSite","@id":"https:\/\/www.plantedforests.org\/fr\/#website","url":"https:\/\/www.plantedforests.org\/fr\/","name":"Institut Europ\u00e9en de la For\u00eat Cultiv\u00e9e - IEFC","description":"Le r\u00e9seau multi-acteur pour la gestion durable et la r\u00e9silience des for\u00eats cultiv\u00e9es","publisher":{"@id":"https:\/\/www.plantedforests.org\/fr\/#organization"},"potentialAction":[{"@type":"SearchAction","target":{"@type":"EntryPoint","urlTemplate":"https:\/\/www.plantedforests.org\/fr\/?s={search_term_string}"},"query-input":{"@type":"PropertyValueSpecification","valueRequired":true,"valueName":"search_term_string"}}],"inLanguage":"fr-FR"},{"@type":"Organization","@id":"https:\/\/www.plantedforests.org\/fr\/#organization","name":"Institut Europ\u00e9en de la For\u00eat Cultiv\u00e9e - Plantedforests.org","url":"https:\/\/www.plantedforests.org\/fr\/","logo":{"@type":"ImageObject","inLanguage":"fr-FR","@id":"https:\/\/www.plantedforests.org\/fr\/#\/schema\/logo\/image\/","url":"https:\/\/www.plantedforests.org\/wp-content\/uploads\/2022\/07\/Logo_iefc__FR.png","contentUrl":"https:\/\/www.plantedforests.org\/wp-content\/uploads\/2022\/07\/Logo_iefc__FR.png","width":2031,"height":1001,"caption":"Institut Europ\u00e9en de la For\u00eat Cultiv\u00e9e - Plantedforests.org"},"image":{"@id":"https:\/\/www.plantedforests.org\/fr\/#\/schema\/logo\/image\/"},"sameAs":["https:\/\/x.com\/IEFCPlantForest","https:\/\/www.linkedin.com\/company\/71728047\/"]}]}},"_links":{"self":[{"href":"https:\/\/www.plantedforests.org\/fr\/wp-json\/wp\/v2\/pages\/20139","targetHints":{"allow":["GET"]}}],"collection":[{"href":"https:\/\/www.plantedforests.org\/fr\/wp-json\/wp\/v2\/pages"}],"about":[{"href":"https:\/\/www.plantedforests.org\/fr\/wp-json\/wp\/v2\/types\/page"}],"author":[{"embeddable":true,"href":"https:\/\/www.plantedforests.org\/fr\/wp-json\/wp\/v2\/users\/101"}],"replies":[{"embeddable":true,"href":"https:\/\/www.plantedforests.org\/fr\/wp-json\/wp\/v2\/comments?post=20139"}],"version-history":[{"count":8,"href":"https:\/\/www.plantedforests.org\/fr\/wp-json\/wp\/v2\/pages\/20139\/revisions"}],"predecessor-version":[{"id":20337,"href":"https:\/\/www.plantedforests.org\/fr\/wp-json\/wp\/v2\/pages\/20139\/revisions\/20337"}],"wp:attachment":[{"href":"https:\/\/www.plantedforests.org\/fr\/wp-json\/wp\/v2\/media?parent=20139"}],"curies":[{"name":"wp","href":"https:\/\/api.w.org\/{rel}","templated":true}]}}