
{"id":20139,"date":"2024-08-30T15:09:39","date_gmt":"2024-08-30T13:09:39","guid":{"rendered":"https:\/\/www.plantedforests.org\/?page_id=20139"},"modified":"2024-09-18T14:44:51","modified_gmt":"2024-09-18T12:44:51","slug":"webinar-2-fire-res-innovation-actions-25-septembre-2024-registration","status":"publish","type":"page","link":"https:\/\/www.plantedforests.org\/fr\/webinar-2-fire-res-innovation-actions-25-septembre-2024-registration\/","title":{"rendered":"Webinar n\u00b02 &#8211; FIRE-RES &#8211; Innovation Actions &#8211; 25 Septembre 2024 &#8211; Registration"},"content":{"rendered":"<div class=\"wp-block-image\">\n<figure class=\"aligncenter size-large is-resized\"><img fetchpriority=\"high\" decoding=\"async\" width=\"1024\" height=\"576\" src=\"https:\/\/www.plantedforests.org\/wp-content\/uploads\/2024\/09\/Webinar-IAs-n.2-Twitter-Post-1024x576.png\" alt=\"\" class=\"wp-image-20200\" style=\"width:768px;height:auto\" srcset=\"https:\/\/www.plantedforests.org\/wp-content\/uploads\/2024\/09\/Webinar-IAs-n.2-Twitter-Post-1024x576.png 1024w, https:\/\/www.plantedforests.org\/wp-content\/uploads\/2024\/09\/Webinar-IAs-n.2-Twitter-Post-300x169.png 300w, https:\/\/www.plantedforests.org\/wp-content\/uploads\/2024\/09\/Webinar-IAs-n.2-Twitter-Post-150x84.png 150w, https:\/\/www.plantedforests.org\/wp-content\/uploads\/2024\/09\/Webinar-IAs-n.2-Twitter-Post-768x432.png 768w, https:\/\/www.plantedforests.org\/wp-content\/uploads\/2024\/09\/Webinar-IAs-n.2-Twitter-Post-1536x864.png 1536w, https:\/\/www.plantedforests.org\/wp-content\/uploads\/2024\/09\/Webinar-IAs-n.2-Twitter-Post-1320x743.png 1320w, https:\/\/www.plantedforests.org\/wp-content\/uploads\/2024\/09\/Webinar-IAs-n.2-Twitter-Post.png 1600w\" sizes=\"(max-width: 1024px) 100vw, 1024px\" \/><\/figure>\n<\/div>\n\n\n<p class=\"has-black-color has-text-color has-link-color wp-elements-1 wp-block-paragraph\">The European Institute of Planted Forest (IEFC) is hosting a series of webinars to introduce the project\u2019s Innovation Actions to the public. After the successful kick-off in May, we are thrilled to announce our upcoming webinar focused on Innovation Actions that are paving the way for more effective wildfire prevention and early response. The second session <strong>\u201cEnhancing wildfire prevention: Innovative tools and strategies for preparedness and early response\u201d<\/strong> will take place online <strong>on Tuesday 25 September 2024 at 10:00 AM CET.<\/strong><\/p>\n\n\n\n<p class=\"has-black-color has-text-color has-link-color wp-elements-2 wp-block-paragraph\">This public event offers a unique opportunity to gain insights into cutting-edge tools and strategies that enhance wildfire preparedness and response. Our expert presenters will share their experiences and the latest innovations in the field, providing valuable takeaways for all participants. The agenda for the webinar is as follows:<br><strong>\u2013 IA 1.3 \u2013<\/strong> Piloting early-warning indicators of EWEs incorporating fire-weather and vegetation conditions<br>Presented by Julien Ruffault (10h-10h30)<br><strong>\u2013 IA 4.2 \u2013<\/strong> CMU risk communication: improving culture of risk about human-caused ignitions \u2013 leisure activities and burnings<br>Presented by Mayara Souza (10h30-11h)<br>\u2013<strong> IA 4.7 \u2013 <\/strong>Testing an Interoperability evaluation tool<br>Presented by Jean-Paul Monet (11h-11h30)<br><strong>\u2013 IA 5.3 <\/strong>\u2013 Advanced vegetation characterization based on Earth Observation data fusion and Artificial Intelligence over forestland ecosystems<br>Presented by Jordi Corbera (11h30-12h)<\/p>\n\n\n\n<div style=\"height:30px\" aria-hidden=\"true\" class=\"wp-block-spacer\"><\/div>\n\n\n\n<h5 class=\"wp-block-heading has-text-align-center has-black-color has-text-color has-link-color wp-elements-3\"><strong><span style=\"text-decoration: underline;\">Registration<\/span><\/strong><\/h5>\n\n\n\n<hr class=\"wp-block-separator has-alpha-channel-opacity\"\/>\n\n\n\n<div>[formidable id=\u00a0\u00bb30&Prime;]<\/div>\n","protected":false},"excerpt":{"rendered":"<p>The European Institute of Planted Forest (IEFC) is hosting a series of webinars to introduce the project\u2019s Innovation Actions to the public. After the successful kick-off in May, we are [&hellip;]<\/p>\n","protected":false},"author":101,"featured_media":0,"parent":0,"menu_order":0,"comment_status":"closed","ping_status":"closed","template":"","meta":{"_acf_changed":false,"_eb_attr":"","_EventAllDay":false,"_EventTimezone":"","_EventStartDate":"","_EventEndDate":"","_EventStartDateUTC":"","_EventEndDateUTC":"","_EventShowMap":false,"_EventShowMapLink":false,"_EventURL":"","_EventCost":"","_EventCostDescription":"","_EventCurrencySymbol":"","_EventCurrencyCode":"","_EventCurrencyPosition":"","_EventDateTimeSeparator":"","_EventTimeRangeSeparator":"","_EventOrganizerID":[],"_EventVenueID":[],"_OrganizerEmail":"","_OrganizerPhone":"","_OrganizerWebsite":"","_VenueAddress":"","_VenueCity":"","_VenueCountry":"","_VenueProvince":"","_VenueState":"","_VenueZip":"","_VenuePhone":"","_VenueURL":"","_VenueStateProvince":"","_VenueLat":"","_VenueLng":"","_VenueShowMap":false,"_VenueShowMapLink":false,"activitypub_content_warning":"","activitypub_content_visibility":"","activitypub_max_image_attachments":4,"activitypub_interaction_policy_quote":"anyone","activitypub_status":"","footnotes":""},"class_list":["post-20139","page","type-page","status-publish","hentry"],"translation":{"provider":"WPGlobus","version":"3.0.5","language":"fr","enabled_languages":["gb","fr","pt","es"],"languages":{"gb":{"title":true,"content":true,"excerpt":false},"fr":{"title":false,"content":false,"excerpt":false},"pt":{"title":false,"content":false,"excerpt":false},"es":{"title":false,"content":false,"excerpt":false}}},"acf":[],"yoast_head":"<!-- This site is optimized with the Yoast SEO plugin v28.4 - https:\/\/yoast.com\/product\/yoast-seo-wordpress\/ -->\n<title>Webinar n\u00b02 - FIRE-RES - Innovation Actions - 25 Septembre 2024 - Registration - Institut Europ\u00e9en de la For\u00eat Cultiv\u00e9e - IEFC<\/title>\n<meta name=\"robots\" content=\"index, follow, max-snippet:-1, max-image-preview:large, max-video-preview:-1\" \/>\n<link rel=\"canonical\" href=\"https:\/\/www.plantedforests.org\/webinar-2-fire-res-innovation-actions-25-septembre-2024-registration\/\" \/>\n<meta property=\"og:locale\" content=\"fr_FR\" \/>\n<meta property=\"og:type\" content=\"article\" \/>\n<meta property=\"og:title\" content=\"Webinar n\u00b02 - FIRE-RES - Innovation Actions - 25 Septembre 2024 - Registration - Institut Europ\u00e9en de la For\u00eat Cultiv\u00e9e - IEFC\" \/>\n<meta property=\"og:url\" content=\"https:\/\/www.plantedforests.org\/webinar-2-fire-res-innovation-actions-25-septembre-2024-registration\/\" \/>\n<meta property=\"og:site_name\" content=\"Institut Europ\u00e9en de la For\u00eat Cultiv\u00e9e - IEFC\" \/>\n<meta property=\"article:modified_time\" content=\"2024-09-18T12:44:51+00:00\" \/>\n<meta property=\"og:image\" content=\"https:\/\/www.plantedforests.org\/wp-content\/uploads\/2024\/09\/Webinar-IAs-n.2-Twitter-Post-1024x576.png\" \/>\n<meta name=\"twitter:card\" content=\"summary_large_image\" \/>\n<meta name=\"twitter:site\" content=\"@IEFCPlantForest\" \/>\n<meta name=\"twitter:label1\" content=\"Dur\u00e9e de lecture estim\u00e9e\" \/>\n\t<meta name=\"twitter:data1\" content=\"2 minutes\" \/>\n<script type=\"application\/ld+json\" class=\"yoast-schema-graph\">{\"@context\":\"https:\\\/\\\/schema.org\",\"@graph\":[{\"@type\":\"WebPage\",\"@id\":\"https:\\\/\\\/www.plantedforests.org\\\/webinar-2-fire-res-innovation-actions-25-septembre-2024-registration\\\/\",\"url\":\"https:\\\/\\\/www.plantedforests.org\\\/webinar-2-fire-res-innovation-actions-25-septembre-2024-registration\\\/\",\"name\":\"Webinar n\u00b02 - FIRE-RES - Innovation Actions - 25 Septembre 2024 - Registration - Institut Europ\u00e9en de la For\u00eat Cultiv\u00e9e - IEFC\",\"isPartOf\":{\"@id\":\"https:\\\/\\\/www.plantedforests.org\\\/fr\\\/#website\"},\"primaryImageOfPage\":{\"@id\":\"https:\\\/\\\/www.plantedforests.org\\\/webinar-2-fire-res-innovation-actions-25-septembre-2024-registration\\\/#primaryimage\"},\"image\":{\"@id\":\"https:\\\/\\\/www.plantedforests.org\\\/webinar-2-fire-res-innovation-actions-25-septembre-2024-registration\\\/#primaryimage\"},\"thumbnailUrl\":\"https:\\\/\\\/www.plantedforests.org\\\/wp-content\\\/uploads\\\/2024\\\/09\\\/Webinar-IAs-n.2-Twitter-Post-1024x576.png\",\"datePublished\":\"2024-08-30T13:09:39+00:00\",\"dateModified\":\"2024-09-18T12:44:51+00:00\",\"breadcrumb\":{\"@id\":\"https:\\\/\\\/www.plantedforests.org\\\/webinar-2-fire-res-innovation-actions-25-septembre-2024-registration\\\/#breadcrumb\"},\"inLanguage\":\"fr-FR\",\"potentialAction\":[{\"@type\":\"ReadAction\",\"target\":[\"https:\\\/\\\/www.plantedforests.org\\\/webinar-2-fire-res-innovation-actions-25-septembre-2024-registration\\\/\"]}]},{\"@type\":\"ImageObject\",\"inLanguage\":\"fr-FR\",\"@id\":\"https:\\\/\\\/www.plantedforests.org\\\/webinar-2-fire-res-innovation-actions-25-septembre-2024-registration\\\/#primaryimage\",\"url\":\"https:\\\/\\\/www.plantedforests.org\\\/wp-content\\\/uploads\\\/2024\\\/09\\\/Webinar-IAs-n.2-Twitter-Post-1024x576.png\",\"contentUrl\":\"https:\\\/\\\/www.plantedforests.org\\\/wp-content\\\/uploads\\\/2024\\\/09\\\/Webinar-IAs-n.2-Twitter-Post-1024x576.png\"},{\"@type\":\"BreadcrumbList\",\"@id\":\"https:\\\/\\\/www.plantedforests.org\\\/webinar-2-fire-res-innovation-actions-25-septembre-2024-registration\\\/#breadcrumb\",\"itemListElement\":[{\"@type\":\"ListItem\",\"position\":1,\"name\":\"Accueil\",\"item\":\"https:\\\/\\\/www.plantedforests.org\\\/fr\\\/\"},{\"@type\":\"ListItem\",\"position\":2,\"name\":\"Webinar n\u00b02 &#8211; FIRE-RES &#8211; Innovation Actions &#8211; 25 Septembre 2024 &#8211; Registration\"}]},{\"@type\":\"WebSite\",\"@id\":\"https:\\\/\\\/www.plantedforests.org\\\/fr\\\/#website\",\"url\":\"https:\\\/\\\/www.plantedforests.org\\\/fr\\\/\",\"name\":\"Institut Europ\u00e9en de la For\u00eat Cultiv\u00e9e - IEFC\",\"description\":\"Le r\u00e9seau multi-acteur pour la gestion durable et la r\u00e9silience des for\u00eats cultiv\u00e9es\",\"publisher\":{\"@id\":\"https:\\\/\\\/www.plantedforests.org\\\/fr\\\/#organization\"},\"potentialAction\":[{\"@type\":\"SearchAction\",\"target\":{\"@type\":\"EntryPoint\",\"urlTemplate\":\"https:\\\/\\\/www.plantedforests.org\\\/fr\\\/?s={search_term_string}\"},\"query-input\":{\"@type\":\"PropertyValueSpecification\",\"valueRequired\":true,\"valueName\":\"search_term_string\"}}],\"inLanguage\":\"fr-FR\"},{\"@type\":\"Organization\",\"@id\":\"https:\\\/\\\/www.plantedforests.org\\\/fr\\\/#organization\",\"name\":\"Institut Europ\u00e9en de la For\u00eat Cultiv\u00e9e - Plantedforests.org\",\"url\":\"https:\\\/\\\/www.plantedforests.org\\\/fr\\\/\",\"logo\":{\"@type\":\"ImageObject\",\"inLanguage\":\"fr-FR\",\"@id\":\"https:\\\/\\\/www.plantedforests.org\\\/fr\\\/#\\\/schema\\\/logo\\\/image\\\/\",\"url\":\"https:\\\/\\\/www.plantedforests.org\\\/wp-content\\\/uploads\\\/2022\\\/07\\\/Logo_iefc__FR.png\",\"contentUrl\":\"https:\\\/\\\/www.plantedforests.org\\\/wp-content\\\/uploads\\\/2022\\\/07\\\/Logo_iefc__FR.png\",\"width\":2031,\"height\":1001,\"caption\":\"Institut Europ\u00e9en de la For\u00eat Cultiv\u00e9e - Plantedforests.org\"},\"image\":{\"@id\":\"https:\\\/\\\/www.plantedforests.org\\\/fr\\\/#\\\/schema\\\/logo\\\/image\\\/\"},\"sameAs\":[\"https:\\\/\\\/x.com\\\/IEFCPlantForest\",\"https:\\\/\\\/www.linkedin.com\\\/company\\\/71728047\\\/\"]}]}<\/script>\n<!-- \/ Yoast SEO plugin. -->","yoast_head_json":{"title":"Webinar n\u00b02 - FIRE-RES - Innovation Actions - 25 Septembre 2024 - Registration - Institut Europ\u00e9en de la For\u00eat Cultiv\u00e9e - IEFC","robots":{"index":"index","follow":"follow","max-snippet":"max-snippet:-1","max-image-preview":"max-image-preview:large","max-video-preview":"max-video-preview:-1"},"canonical":"https:\/\/www.plantedforests.org\/webinar-2-fire-res-innovation-actions-25-septembre-2024-registration\/","og_locale":"fr_FR","og_type":"article","og_title":"Webinar n\u00b02 - FIRE-RES - Innovation Actions - 25 Septembre 2024 - Registration - Institut Europ\u00e9en de la For\u00eat Cultiv\u00e9e - IEFC","og_url":"https:\/\/www.plantedforests.org\/webinar-2-fire-res-innovation-actions-25-septembre-2024-registration\/","og_site_name":"Institut Europ\u00e9en de la For\u00eat Cultiv\u00e9e - IEFC","article_modified_time":"2024-09-18T12:44:51+00:00","og_image":[{"url":"https:\/\/www.plantedforests.org\/wp-content\/uploads\/2024\/09\/Webinar-IAs-n.2-Twitter-Post-1024x576.png","type":"","width":"","height":""}],"twitter_card":"summary_large_image","twitter_site":"@IEFCPlantForest","twitter_misc":{"Dur\u00e9e de lecture estim\u00e9e":"2 minutes"},"schema":{"@context":"https:\/\/schema.org","@graph":[{"@type":"WebPage","@id":"https:\/\/www.plantedforests.org\/webinar-2-fire-res-innovation-actions-25-septembre-2024-registration\/","url":"https:\/\/www.plantedforests.org\/webinar-2-fire-res-innovation-actions-25-septembre-2024-registration\/","name":"Webinar n\u00b02 - FIRE-RES - Innovation Actions - 25 Septembre 2024 - Registration - Institut Europ\u00e9en de la For\u00eat Cultiv\u00e9e - IEFC","isPartOf":{"@id":"https:\/\/www.plantedforests.org\/fr\/#website"},"primaryImageOfPage":{"@id":"https:\/\/www.plantedforests.org\/webinar-2-fire-res-innovation-actions-25-septembre-2024-registration\/#primaryimage"},"image":{"@id":"https:\/\/www.plantedforests.org\/webinar-2-fire-res-innovation-actions-25-septembre-2024-registration\/#primaryimage"},"thumbnailUrl":"https:\/\/www.plantedforests.org\/wp-content\/uploads\/2024\/09\/Webinar-IAs-n.2-Twitter-Post-1024x576.png","datePublished":"2024-08-30T13:09:39+00:00","dateModified":"2024-09-18T12:44:51+00:00","breadcrumb":{"@id":"https:\/\/www.plantedforests.org\/webinar-2-fire-res-innovation-actions-25-septembre-2024-registration\/#breadcrumb"},"inLanguage":"fr-FR","potentialAction":[{"@type":"ReadAction","target":["https:\/\/www.plantedforests.org\/webinar-2-fire-res-innovation-actions-25-septembre-2024-registration\/"]}]},{"@type":"ImageObject","inLanguage":"fr-FR","@id":"https:\/\/www.plantedforests.org\/webinar-2-fire-res-innovation-actions-25-septembre-2024-registration\/#primaryimage","url":"https:\/\/www.plantedforests.org\/wp-content\/uploads\/2024\/09\/Webinar-IAs-n.2-Twitter-Post-1024x576.png","contentUrl":"https:\/\/www.plantedforests.org\/wp-content\/uploads\/2024\/09\/Webinar-IAs-n.2-Twitter-Post-1024x576.png"},{"@type":"BreadcrumbList","@id":"https:\/\/www.plantedforests.org\/webinar-2-fire-res-innovation-actions-25-septembre-2024-registration\/#breadcrumb","itemListElement":[{"@type":"ListItem","position":1,"name":"Accueil","item":"https:\/\/www.plantedforests.org\/fr\/"},{"@type":"ListItem","position":2,"name":"Webinar n\u00b02 &#8211; FIRE-RES &#8211; Innovation Actions &#8211; 25 Septembre 2024 &#8211; Registration"}]},{"@type":"WebSite","@id":"https:\/\/www.plantedforests.org\/fr\/#website","url":"https:\/\/www.plantedforests.org\/fr\/","name":"Institut Europ\u00e9en de la For\u00eat Cultiv\u00e9e - IEFC","description":"Le r\u00e9seau multi-acteur pour la gestion durable et la r\u00e9silience des for\u00eats cultiv\u00e9es","publisher":{"@id":"https:\/\/www.plantedforests.org\/fr\/#organization"},"potentialAction":[{"@type":"SearchAction","target":{"@type":"EntryPoint","urlTemplate":"https:\/\/www.plantedforests.org\/fr\/?s={search_term_string}"},"query-input":{"@type":"PropertyValueSpecification","valueRequired":true,"valueName":"search_term_string"}}],"inLanguage":"fr-FR"},{"@type":"Organization","@id":"https:\/\/www.plantedforests.org\/fr\/#organization","name":"Institut Europ\u00e9en de la For\u00eat Cultiv\u00e9e - Plantedforests.org","url":"https:\/\/www.plantedforests.org\/fr\/","logo":{"@type":"ImageObject","inLanguage":"fr-FR","@id":"https:\/\/www.plantedforests.org\/fr\/#\/schema\/logo\/image\/","url":"https:\/\/www.plantedforests.org\/wp-content\/uploads\/2022\/07\/Logo_iefc__FR.png","contentUrl":"https:\/\/www.plantedforests.org\/wp-content\/uploads\/2022\/07\/Logo_iefc__FR.png","width":2031,"height":1001,"caption":"Institut Europ\u00e9en de la For\u00eat Cultiv\u00e9e - Plantedforests.org"},"image":{"@id":"https:\/\/www.plantedforests.org\/fr\/#\/schema\/logo\/image\/"},"sameAs":["https:\/\/x.com\/IEFCPlantForest","https:\/\/www.linkedin.com\/company\/71728047\/"]}]}},"_links":{"self":[{"href":"https:\/\/www.plantedforests.org\/fr\/wp-json\/wp\/v2\/pages\/20139","targetHints":{"allow":["GET"]}}],"collection":[{"href":"https:\/\/www.plantedforests.org\/fr\/wp-json\/wp\/v2\/pages"}],"about":[{"href":"https:\/\/www.plantedforests.org\/fr\/wp-json\/wp\/v2\/types\/page"}],"author":[{"embeddable":true,"href":"https:\/\/www.plantedforests.org\/fr\/wp-json\/wp\/v2\/users\/101"}],"replies":[{"embeddable":true,"href":"https:\/\/www.plantedforests.org\/fr\/wp-json\/wp\/v2\/comments?post=20139"}],"version-history":[{"count":8,"href":"https:\/\/www.plantedforests.org\/fr\/wp-json\/wp\/v2\/pages\/20139\/revisions"}],"predecessor-version":[{"id":20337,"href":"https:\/\/www.plantedforests.org\/fr\/wp-json\/wp\/v2\/pages\/20139\/revisions\/20337"}],"wp:attachment":[{"href":"https:\/\/www.plantedforests.org\/fr\/wp-json\/wp\/v2\/media?parent=20139"}],"curies":[{"name":"wp","href":"https:\/\/api.w.org\/{rel}","templated":true}]}}