
{"id":25970,"date":"2025-07-21T09:18:14","date_gmt":"2025-07-21T07:18:14","guid":{"rendered":"https:\/\/www.plantedforests.org\/?post_type=tribe_events&#038;p=25970"},"modified":"2025-07-21T09:18:14","modified_gmt":"2025-07-21T07:18:14","slug":"webinar-challenges-barriers-and-possible-solutions-for-tree-planting-eu-3-billion-trees","status":"publish","type":"tribe_events","link":"https:\/\/www.plantedforests.org\/es\/event\/webinar-challenges-barriers-and-possible-solutions-for-tree-planting-eu-3-billion-trees\/","title":{"rendered":"Webinar \u00abChallenges, barriers and possible solutions for tree planting\u00bb EU 3 Billion Trees"},"content":{"rendered":"<div  class=\"tribe-events-schedule tribe-clearfix\" >\n\t<p class=\"tribe-events-schedule__datetime\">\n\t\t<span class=\"tribe-events-schedule__date tribe-events-schedule__date--start\">\n\t\t\t4 septiembre 2025\t\t<\/span>\n\n\t\t\t\t\t<span class=\"tribe-events-schedule__separator tribe-events-schedule__separator--date\">\n\t\t\t\t @ \t\t\t<\/span>\n\t\t\t<span class=\"tribe-events-schedule__time tribe-events-schedule__time--start\">\n\t\t\t\t09:30\t\t\t<\/span>\n\t\t\n\t\t\t\t\t\t\t\t\t<span class=\"tribe-events-schedule__separator tribe-events-schedule__separator--time\">\n\t\t\t\t\t &#8211; \t\t\t\t<\/span>\n\t\t\t\n\t\t\t\t\t\t\t<span class=\"tribe-events-schedule__time tribe-events-schedule__time--end\">\n\t\t\t\t\t11:30\t\t\t\t<\/span>\n\t\t\t\n\t\t\t\t\t\t\t<span class=\"tribe-events-schedule__timezone\">CEST<\/span>\n\t\t\t\t\t\t<\/p>\n<\/div>\n\n\n\n<p class=\"has-black-color has-text-color has-link-color wp-elements-04db3143a7e6ff81dd21bd2df4868f15\">The Directorate General for Environment (DG ENV) of the European Commission and Milieu Consulting SRL are pleased to invite you to the webinar, scheduled for <strong>4 September 2025, from 9:30 to 11:30 CET,<\/strong> on \u201c<strong>Challenges, barriers and possible solutions for tree planting\u201d.<\/strong><\/p>\n\n\n\n<p class=\"has-black-color has-text-color has-link-color wp-elements-543eeed28d9567c5d5a719b58d190c26\">The webinar will focus on the presentation and discussion of the key findings of the report on <a href=\"https:\/\/op.europa.eu\/en\/publication-detail\/-\/publication\/215d7cc4-562c-11f0-a9d0-01aa75ed71a1\/language-en\">challenges and barriers to tree planting<\/a>. The implementation of the pledge depends on grassroots initiatives in the Member States, at national, subnational, and local level. Linking with stakeholders is key for discussing challenges in tree planting and sharing experiences and solutions.<\/p>\n\n\n\n<p class=\"has-black-color has-text-color has-link-color wp-elements-c9c4e9c46145c5fe067957dee30932a9\">Milieu Consulting SRL is developing a <a href=\"https:\/\/www.milieu.be\/supportprojecttothethreebilliontreespledge\/\">project<\/a> to support the European Commission, Directorate-General for Environment (DG ENV), in the implementation of the EU\u2019s pledge to plant <a href=\"https:\/\/eur-lex.europa.eu\/legal-content\/EN\/TXT\/?uri=CELEX%3A52021SC0651&amp;qid=1672917506492\">3 billion trees by 2030<\/a> in full respect of ecological principles. The project involves the development of webinars and workshops to discuss the key challenges of planting trees.<\/p>\n\n\n\n<p class=\"has-black-color has-text-color has-link-color wp-elements-c9c37bc6148b70455237b88c221c9656\">Visit European Commission\u2019s <a href=\"https:\/\/environment.ec.europa.eu\/strategy\/biodiversity-strategy-2030\/3-billion-trees\/3-billion-trees-award_en\">website<\/a> for more information.<\/p>\n\n\n\n<p class=\"has-black-color has-text-color has-link-color wp-elements-8cc3c172501a2da3c287fcc79bb4a52e\">Attached are the Agenda and the Privacy Statement document. To attend the meeting and get the Outlook invitation, please register using the link below by <strong>Friday 29th August 2025<\/strong>:<\/p>\n\n\n\n<p><a href=\"https:\/\/events.teams.microsoft.com\/event\/883d6ca4-7321-4942-b893-2e4be040dfda@3c6af27b-5526-4b71-983f-bcaca8bf2b0b\">Registration<\/a><\/p>\n\n\n\n<p><a href=\"https:\/\/www.plantedforests.org\/wp-content\/uploads\/2025\/07\/Agenda_Webinar-Challenges-Report-3BillionTrees-04092025.pdf\">Agenda<\/a><\/p>\n\n\n\n<p><a href=\"https:\/\/www.plantedforests.org\/wp-content\/uploads\/2025\/07\/250710-PRIVACY-STATEMENT-trees_event.pdf\">Privacy statement<\/a><\/p>\n\n\n<div  class=\"tribe-block tribe-block__event-price\" >\n\t\t<\/div>\n\n\n\n\n<div  class=\"tribe-block tribe-block__venue tribe-clearfix\" >\n\t\n\t\t\n\t<\/div>\n\n\n\n\n\t<div  class=\"tribe-block tribe-block__events-link\" >\n\t\t<div class=\"tribe-events tribe-common\">\n\t\t\t<div class=\"tribe-events-c-subscribe-dropdown__container\">\n\t\t\t\t<div class=\"tribe-events-c-subscribe-dropdown\">\n\t\t\t\t\t<div class=\"tribe-common-c-btn-border tribe-events-c-subscribe-dropdown__button\">\n\t\t\t\t\t\t<svg\n\t class=\"tribe-common-c-svgicon tribe-common-c-svgicon--cal-export tribe-events-c-subscribe-dropdown__export-icon\" \taria-hidden=\"true\"\n\tviewBox=\"0 0 23 17\"\n\txmlns=\"http:\/\/www.w3.org\/2000\/svg\"\n>\n\t<path fill-rule=\"evenodd\" clip-rule=\"evenodd\" d=\"M.128.896V16.13c0 .211.145.383.323.383h15.354c.179 0 .323-.172.323-.383V.896c0-.212-.144-.383-.323-.383H.451C.273.513.128.684.128.896Zm16 6.742h-.901V4.679H1.009v10.729h14.218v-3.336h.901V7.638ZM1.01 1.614h14.218v2.058H1.009V1.614Z\" \/>\n\t<path d=\"M20.5 9.846H8.312M18.524 6.953l2.89 2.909-2.855 2.855\" stroke-width=\"1.2\" stroke-linecap=\"round\" stroke-linejoin=\"round\"\/>\n<\/svg>\n\t\t\t\t\t\t<button\n\t\t\t\t\t\t\tclass=\"tribe-events-c-subscribe-dropdown__button-text\"\n\t\t\t\t\t\t\taria-expanded=\"false\"\n\t\t\t\t\t\t\taria-controls=\"tribe-events-subscribe-dropdown-content\"\n\t\t\t\t\t\t\taria-label=\"Ver enlaces para a\u00f1adir eventos al calendario\"\n\t\t\t\t\t\t>\n\t\t\t\t\t\t\tA\u00f1adir al calendario\t\t\t\t\t\t<\/button>\n\t\t\t\t\t\t<svg\n\t class=\"tribe-common-c-svgicon tribe-common-c-svgicon--caret-down tribe-events-c-subscribe-dropdown__button-icon\" \taria-hidden=\"true\"\n\tviewBox=\"0 0 10 7\"\n\txmlns=\"http:\/\/www.w3.org\/2000\/svg\"\n>\n\t<path fill-rule=\"evenodd\" clip-rule=\"evenodd\" d=\"M1.008.609L5 4.6 8.992.61l.958.958L5 6.517.05 1.566l.958-.958z\" class=\"tribe-common-c-svgicon__svg-fill\"\/>\n<\/svg>\n\t\t\t\t\t<\/div>\n\t\t\t\t\t<div id=\"tribe-events-subscribe-dropdown-content\" class=\"tribe-events-c-subscribe-dropdown__content\">\n\t\t\t\t\t\t<ul class=\"tribe-events-c-subscribe-dropdown__list\">\n\t\t\t\t\t\t\t\t\t\t\t\t\t\t\t<li class=\"tribe-events-c-subscribe-dropdown__list-item tribe-events-c-subscribe-dropdown__list-item--gcal\">\n\t\t\t\t\t\t\t\t\t<a\n\t\t\t\t\t\t\t\t\t\thref=\"https:\/\/www.google.com\/calendar\/event?action=TEMPLATE&#038;dates=20250904T093000\/20250904T113000&#038;text=Webinar%20%C2%ABChallenges%2C%20barriers%20and%20possible%20solutions%20for%20tree%20planting%C2%BB%20EU%203%20Billion%20Trees&#038;details=%3Cp+class%3D%22has-black-color+has-text-color+has-link-color%22%3EThe+Directorate+General+for+Environment+%28DG+ENV%29+of+the+European+Commission+and+Milieu+Consulting+SRL+are+pleased+to+invite+you+to+the+webinar%2C+scheduled+for+%3Cstrong%3E4+September+2025%2C+from+9%3A30+to+11%3A30+CET%2C%3C%2Fstrong%3E+on+%E2%80%9C%3Cstrong%3EChallenges%2C+barriers+and+possible+solutions+for+tree+planting%E2%80%9D.%3C%2Fstrong%3E%3C%2Fp%3E+%3Cp+class%3D%22has-black-color+has-text-color+has-link-color%22%3EThe+webinar+will+focus+on+the+presentation+and+discussion+of+the+key+findings+of+the+report+on+%3Ca+href%3D%22https%3A%2F%2Fop.europa.eu%2Fen%2Fpublication-detail%2F-%2Fpublication%2F215d7cc4-562c-11f0-a9d0-01aa75ed71a1%2Flanguage-en%22%3Echallenges+and+barriers+to+tree+planting%3C%2Fa%3E.+The+implementation+of+the+pledge+depends+on+grassroots+initiatives+in+the+Member+States%2C+at+national%2C+subnational%2C+and+local+level.+Linking+with+stakeholders+is+key+for+discussing+challenges+in+tree+planting+and+sharing+experiences+and+solutions.%3C%2Fp%3E+%3Cp+class%3D%22has-black-color+has-text-color+has-link-col+%28Ver+aqu%C3%AD+la+descripci%C3%B3n+completa+de+evento%3A+https%3A%2F%2Fwww.plantedforests.org%2Fes%2Fevent%2Fwebinar-challenges-barriers-and-possible-solutions-for-tree-planting-eu-3-billion-trees%2F%29&#038;trp=false&#038;ctz=Europe\/Paris&#038;sprop=website:https:\/\/www.plantedforests.org\/es\"\n\t\t\t\t\t\t\t\t\t\tclass=\"tribe-events-c-subscribe-dropdown__list-item-link\"\n\t\t\t\t\t\t\t\t\t\ttarget=\"_blank\"\n\t\t\t\t\t\t\t\t\t\trel=\"noopener noreferrer nofollow noindex\"\n\t\t\t\t\t\t\t\t\t>\n\t\t\t\t\t\t\t\t\t\tGoogle Calendar\t\t\t\t\t\t\t\t\t<\/a>\n\t\t\t\t\t\t\t\t<\/li>\n\t\t\t\t\t\t\t\t\t\t\t\t\t\t\t<li class=\"tribe-events-c-subscribe-dropdown__list-item tribe-events-c-subscribe-dropdown__list-item--ical\">\n\t\t\t\t\t\t\t\t\t<a\n\t\t\t\t\t\t\t\t\t\thref=\"\"\n\t\t\t\t\t\t\t\t\t\tclass=\"tribe-events-c-subscribe-dropdown__list-item-link\"\n\t\t\t\t\t\t\t\t\t\ttarget=\"_blank\"\n\t\t\t\t\t\t\t\t\t\trel=\"noopener noreferrer nofollow noindex\"\n\t\t\t\t\t\t\t\t\t>\n\t\t\t\t\t\t\t\t\t\tiCalendar\t\t\t\t\t\t\t\t\t<\/a>\n\t\t\t\t\t\t\t\t<\/li>\n\t\t\t\t\t\t\t\t\t\t\t\t\t\t\t<li class=\"tribe-events-c-subscribe-dropdown__list-item tribe-events-c-subscribe-dropdown__list-item--outlook-365\">\n\t\t\t\t\t\t\t\t\t<a\n\t\t\t\t\t\t\t\t\t\thref=\"\"\n\t\t\t\t\t\t\t\t\t\tclass=\"tribe-events-c-subscribe-dropdown__list-item-link\"\n\t\t\t\t\t\t\t\t\t\ttarget=\"_blank\"\n\t\t\t\t\t\t\t\t\t\trel=\"noopener noreferrer nofollow noindex\"\n\t\t\t\t\t\t\t\t\t>\n\t\t\t\t\t\t\t\t\t\tOutlook 365\t\t\t\t\t\t\t\t\t<\/a>\n\t\t\t\t\t\t\t\t<\/li>\n\t\t\t\t\t\t\t\t\t\t\t\t\t\t\t<li class=\"tribe-events-c-subscribe-dropdown__list-item tribe-events-c-subscribe-dropdown__list-item--outlook-live\">\n\t\t\t\t\t\t\t\t\t<a\n\t\t\t\t\t\t\t\t\t\thref=\"\"\n\t\t\t\t\t\t\t\t\t\tclass=\"tribe-events-c-subscribe-dropdown__list-item-link\"\n\t\t\t\t\t\t\t\t\t\ttarget=\"_blank\"\n\t\t\t\t\t\t\t\t\t\trel=\"noopener noreferrer nofollow noindex\"\n\t\t\t\t\t\t\t\t\t>\n\t\t\t\t\t\t\t\t\t\tOutlook Live\t\t\t\t\t\t\t\t\t<\/a>\n\t\t\t\t\t\t\t\t<\/li>\n\t\t\t\t\t\t\t\t\t\t\t\t\t<\/ul>\n\t\t\t\t\t<\/div>\n\t\t\t\t<\/div>\n\t\t\t<\/div>\n\t\t<\/div>\n\t<\/div>\n\n","protected":false},"excerpt":{"rendered":"<p>The Directorate General for Environment (DG ENV) of the European Commission and Milieu Consulting SRL are pleased to invite you to the webinar, scheduled for 4 September 2025, from 9:30 [&hellip;]<\/p>\n","protected":false},"author":101,"featured_media":25977,"template":"","meta":{"_acf_changed":false,"_eb_attr":"","_EventAllDay":false,"_EventTimezone":"Europe\/Paris","_EventStartDate":"2025-09-04 09:30:00","_EventEndDate":"2025-09-04 11:30:00","_EventStartDateUTC":"2025-09-04 07:30:00","_EventEndDateUTC":"2025-09-04 09:30:00","_EventShowMap":false,"_EventShowMapLink":false,"_EventURL":"","_EventCost":"","_EventCostDescription":"","_EventCurrencySymbol":"\u20ac","_EventCurrencyCode":"EUR","_EventCurrencyPosition":"suffix","_EventDateTimeSeparator":" @ ","_EventTimeRangeSeparator":" - ","_EventOrganizerID":[],"_EventVenueID":[],"_OrganizerEmail":"","_OrganizerPhone":"","_OrganizerWebsite":"","_VenueAddress":"","_VenueCity":"","_VenueCountry":"","_VenueProvince":"","_VenueState":"","_VenueZip":"","_VenuePhone":"","_VenueURL":"","_VenueStateProvince":"","_VenueLat":"","_VenueLng":"","_VenueShowMap":false,"_VenueShowMapLink":false,"_tribe_events_status":"","_tribe_events_status_reason":"","activitypub_content_warning":"","activitypub_content_visibility":"","activitypub_max_image_attachments":4,"activitypub_interaction_policy_quote":"anyone","activitypub_status":"federated","footnotes":""},"tags":[],"tribe_events_cat":[],"class_list":["post-25970","tribe_events","type-tribe_events","status-publish","has-post-thumbnail","hentry"],"translation":{"provider":"WPGlobus","version":"3.0.2","language":"es","enabled_languages":["gb","fr","es","pt"],"languages":{"gb":{"title":true,"content":true,"excerpt":false},"fr":{"title":false,"content":false,"excerpt":false},"es":{"title":false,"content":false,"excerpt":false},"pt":{"title":false,"content":false,"excerpt":false}}},"acf":[],"yoast_head":"<!-- This site is optimized with the Yoast SEO plugin v27.5 - https:\/\/yoast.com\/product\/yoast-seo-wordpress\/ -->\n<title>Webinar &quot;Challenges, barriers and possible solutions for tree planting&quot; EU 3 Billion Trees - Instituto Europeo Del Bosque Cultivado - IEFC<\/title>\n<meta name=\"robots\" content=\"index, follow, max-snippet:-1, max-image-preview:large, max-video-preview:-1\" \/>\n<link rel=\"canonical\" href=\"https:\/\/www.plantedforests.org\/event\/webinar-challenges-barriers-and-possible-solutions-for-tree-planting-eu-3-billion-trees\/\" \/>\n<meta property=\"og:locale\" content=\"es_ES\" \/>\n<meta property=\"og:type\" content=\"article\" \/>\n<meta property=\"og:title\" content=\"Webinar &quot;Challenges, barriers and possible solutions for tree planting&quot; EU 3 Billion Trees - Instituto Europeo Del Bosque Cultivado - IEFC\" \/>\n<meta property=\"og:url\" content=\"https:\/\/www.plantedforests.org\/event\/webinar-challenges-barriers-and-possible-solutions-for-tree-planting-eu-3-billion-trees\/\" \/>\n<meta property=\"og:site_name\" content=\"Instituto Europeo Del Bosque Cultivado - IEFC\" \/>\n<meta property=\"og:image\" content=\"https:\/\/www.plantedforests.org\/wp-content\/uploads\/2025\/07\/image003-1024x342.png\" \/>\n\t<meta property=\"og:image:width\" content=\"1024\" \/>\n\t<meta property=\"og:image:height\" content=\"342\" \/>\n\t<meta property=\"og:image:type\" content=\"image\/png\" \/>\n<meta name=\"twitter:card\" content=\"summary_large_image\" \/>\n<meta name=\"twitter:site\" content=\"@IEFCPlantForest\" \/>\n<meta name=\"twitter:label1\" content=\"Tiempo de lectura\" \/>\n\t<meta name=\"twitter:data1\" content=\"2 minutos\" \/>\n<script type=\"application\/ld+json\" class=\"yoast-schema-graph\">{\"@context\":\"https:\\\/\\\/schema.org\",\"@graph\":[{\"@type\":\"WebPage\",\"@id\":\"https:\\\/\\\/www.plantedforests.org\\\/event\\\/webinar-challenges-barriers-and-possible-solutions-for-tree-planting-eu-3-billion-trees\\\/\",\"url\":\"https:\\\/\\\/www.plantedforests.org\\\/event\\\/webinar-challenges-barriers-and-possible-solutions-for-tree-planting-eu-3-billion-trees\\\/\",\"name\":\"Webinar \\\"Challenges, barriers and possible solutions for tree planting\\\" EU 3 Billion Trees - Instituto Europeo Del Bosque Cultivado - IEFC\",\"isPartOf\":{\"@id\":\"https:\\\/\\\/www.plantedforests.org\\\/fr\\\/#website\"},\"primaryImageOfPage\":{\"@id\":\"https:\\\/\\\/www.plantedforests.org\\\/event\\\/webinar-challenges-barriers-and-possible-solutions-for-tree-planting-eu-3-billion-trees\\\/#primaryimage\"},\"image\":{\"@id\":\"https:\\\/\\\/www.plantedforests.org\\\/event\\\/webinar-challenges-barriers-and-possible-solutions-for-tree-planting-eu-3-billion-trees\\\/#primaryimage\"},\"thumbnailUrl\":\"https:\\\/\\\/www.plantedforests.org\\\/wp-content\\\/uploads\\\/2025\\\/07\\\/image003.png\",\"datePublished\":\"2025-07-21T07:18:14+00:00\",\"breadcrumb\":{\"@id\":\"https:\\\/\\\/www.plantedforests.org\\\/event\\\/webinar-challenges-barriers-and-possible-solutions-for-tree-planting-eu-3-billion-trees\\\/#breadcrumb\"},\"inLanguage\":\"es\",\"potentialAction\":[{\"@type\":\"ReadAction\",\"target\":[\"https:\\\/\\\/www.plantedforests.org\\\/event\\\/webinar-challenges-barriers-and-possible-solutions-for-tree-planting-eu-3-billion-trees\\\/\"]}]},{\"@type\":\"ImageObject\",\"inLanguage\":\"es\",\"@id\":\"https:\\\/\\\/www.plantedforests.org\\\/event\\\/webinar-challenges-barriers-and-possible-solutions-for-tree-planting-eu-3-billion-trees\\\/#primaryimage\",\"url\":\"https:\\\/\\\/www.plantedforests.org\\\/wp-content\\\/uploads\\\/2025\\\/07\\\/image003.png\",\"contentUrl\":\"https:\\\/\\\/www.plantedforests.org\\\/wp-content\\\/uploads\\\/2025\\\/07\\\/image003.png\",\"width\":3126,\"height\":1043},{\"@type\":\"BreadcrumbList\",\"@id\":\"https:\\\/\\\/www.plantedforests.org\\\/event\\\/webinar-challenges-barriers-and-possible-solutions-for-tree-planting-eu-3-billion-trees\\\/#breadcrumb\",\"itemListElement\":[{\"@type\":\"ListItem\",\"position\":1,\"name\":\"Accueil\",\"item\":\"https:\\\/\\\/www.plantedforests.org\\\/\"},{\"@type\":\"ListItem\",\"position\":2,\"name\":\"Events\",\"item\":\"https:\\\/\\\/www.plantedforests.org\\\/events\\\/\"},{\"@type\":\"ListItem\",\"position\":3,\"name\":\"Webinar \u00ab\u00a0Challenges, barriers and possible solutions for tree planting\u00a0\u00bb EU 3 Billion Trees\"}]},{\"@type\":\"WebSite\",\"@id\":\"https:\\\/\\\/www.plantedforests.org\\\/fr\\\/#website\",\"url\":\"https:\\\/\\\/www.plantedforests.org\\\/fr\\\/\",\"name\":\"Instituto Europeo Del Bosque Cultivado - IEFC\",\"description\":\"La red para la gesti\u00f3n sostenible y la resiliencia de los bosques cultivados \",\"publisher\":{\"@id\":\"https:\\\/\\\/www.plantedforests.org\\\/fr\\\/#organization\"},\"potentialAction\":[{\"@type\":\"SearchAction\",\"target\":{\"@type\":\"EntryPoint\",\"urlTemplate\":\"https:\\\/\\\/www.plantedforests.org\\\/fr\\\/?s={search_term_string}\"},\"query-input\":{\"@type\":\"PropertyValueSpecification\",\"valueRequired\":true,\"valueName\":\"search_term_string\"}}],\"inLanguage\":\"es\"},{\"@type\":\"Organization\",\"@id\":\"https:\\\/\\\/www.plantedforests.org\\\/fr\\\/#organization\",\"name\":\"Institut Europ\u00e9en de la For\u00eat Cultiv\u00e9e - Plantedforests.org\",\"url\":\"https:\\\/\\\/www.plantedforests.org\\\/fr\\\/\",\"logo\":{\"@type\":\"ImageObject\",\"inLanguage\":\"es\",\"@id\":\"https:\\\/\\\/www.plantedforests.org\\\/fr\\\/#\\\/schema\\\/logo\\\/image\\\/\",\"url\":\"https:\\\/\\\/www.plantedforests.org\\\/wp-content\\\/uploads\\\/2022\\\/07\\\/Logo_iefc__FR.png\",\"contentUrl\":\"https:\\\/\\\/www.plantedforests.org\\\/wp-content\\\/uploads\\\/2022\\\/07\\\/Logo_iefc__FR.png\",\"width\":2031,\"height\":1001,\"caption\":\"Institut Europ\u00e9en de la For\u00eat Cultiv\u00e9e - Plantedforests.org\"},\"image\":{\"@id\":\"https:\\\/\\\/www.plantedforests.org\\\/fr\\\/#\\\/schema\\\/logo\\\/image\\\/\"},\"sameAs\":[\"https:\\\/\\\/x.com\\\/IEFCPlantForest\",\"https:\\\/\\\/www.linkedin.com\\\/company\\\/71728047\\\/\"]}]}<\/script>\n<!-- \/ Yoast SEO plugin. -->","yoast_head_json":{"title":"Webinar \"Challenges, barriers and possible solutions for tree planting\" EU 3 Billion Trees - Instituto Europeo Del Bosque Cultivado - IEFC","robots":{"index":"index","follow":"follow","max-snippet":"max-snippet:-1","max-image-preview":"max-image-preview:large","max-video-preview":"max-video-preview:-1"},"canonical":"https:\/\/www.plantedforests.org\/event\/webinar-challenges-barriers-and-possible-solutions-for-tree-planting-eu-3-billion-trees\/","og_locale":"es_ES","og_type":"article","og_title":"Webinar \"Challenges, barriers and possible solutions for tree planting\" EU 3 Billion Trees - Instituto Europeo Del Bosque Cultivado - IEFC","og_url":"https:\/\/www.plantedforests.org\/event\/webinar-challenges-barriers-and-possible-solutions-for-tree-planting-eu-3-billion-trees\/","og_site_name":"Instituto Europeo Del Bosque Cultivado - IEFC","og_image":[{"width":1024,"height":342,"url":"https:\/\/www.plantedforests.org\/wp-content\/uploads\/2025\/07\/image003-1024x342.png","type":"image\/png"}],"twitter_card":"summary_large_image","twitter_site":"@IEFCPlantForest","twitter_misc":{"Tiempo de lectura":"2 minutos"},"schema":{"@context":"https:\/\/schema.org","@graph":[{"@type":"WebPage","@id":"https:\/\/www.plantedforests.org\/event\/webinar-challenges-barriers-and-possible-solutions-for-tree-planting-eu-3-billion-trees\/","url":"https:\/\/www.plantedforests.org\/event\/webinar-challenges-barriers-and-possible-solutions-for-tree-planting-eu-3-billion-trees\/","name":"Webinar \"Challenges, barriers and possible solutions for tree planting\" EU 3 Billion Trees - Instituto Europeo Del Bosque Cultivado - IEFC","isPartOf":{"@id":"https:\/\/www.plantedforests.org\/fr\/#website"},"primaryImageOfPage":{"@id":"https:\/\/www.plantedforests.org\/event\/webinar-challenges-barriers-and-possible-solutions-for-tree-planting-eu-3-billion-trees\/#primaryimage"},"image":{"@id":"https:\/\/www.plantedforests.org\/event\/webinar-challenges-barriers-and-possible-solutions-for-tree-planting-eu-3-billion-trees\/#primaryimage"},"thumbnailUrl":"https:\/\/www.plantedforests.org\/wp-content\/uploads\/2025\/07\/image003.png","datePublished":"2025-07-21T07:18:14+00:00","breadcrumb":{"@id":"https:\/\/www.plantedforests.org\/event\/webinar-challenges-barriers-and-possible-solutions-for-tree-planting-eu-3-billion-trees\/#breadcrumb"},"inLanguage":"es","potentialAction":[{"@type":"ReadAction","target":["https:\/\/www.plantedforests.org\/event\/webinar-challenges-barriers-and-possible-solutions-for-tree-planting-eu-3-billion-trees\/"]}]},{"@type":"ImageObject","inLanguage":"es","@id":"https:\/\/www.plantedforests.org\/event\/webinar-challenges-barriers-and-possible-solutions-for-tree-planting-eu-3-billion-trees\/#primaryimage","url":"https:\/\/www.plantedforests.org\/wp-content\/uploads\/2025\/07\/image003.png","contentUrl":"https:\/\/www.plantedforests.org\/wp-content\/uploads\/2025\/07\/image003.png","width":3126,"height":1043},{"@type":"BreadcrumbList","@id":"https:\/\/www.plantedforests.org\/event\/webinar-challenges-barriers-and-possible-solutions-for-tree-planting-eu-3-billion-trees\/#breadcrumb","itemListElement":[{"@type":"ListItem","position":1,"name":"Accueil","item":"https:\/\/www.plantedforests.org\/"},{"@type":"ListItem","position":2,"name":"Events","item":"https:\/\/www.plantedforests.org\/events\/"},{"@type":"ListItem","position":3,"name":"Webinar \u00ab\u00a0Challenges, barriers and possible solutions for tree planting\u00a0\u00bb EU 3 Billion Trees"}]},{"@type":"WebSite","@id":"https:\/\/www.plantedforests.org\/fr\/#website","url":"https:\/\/www.plantedforests.org\/fr\/","name":"Instituto Europeo Del Bosque Cultivado - IEFC","description":"La red para la gesti\u00f3n sostenible y la resiliencia de los bosques cultivados ","publisher":{"@id":"https:\/\/www.plantedforests.org\/fr\/#organization"},"potentialAction":[{"@type":"SearchAction","target":{"@type":"EntryPoint","urlTemplate":"https:\/\/www.plantedforests.org\/fr\/?s={search_term_string}"},"query-input":{"@type":"PropertyValueSpecification","valueRequired":true,"valueName":"search_term_string"}}],"inLanguage":"es"},{"@type":"Organization","@id":"https:\/\/www.plantedforests.org\/fr\/#organization","name":"Institut Europ\u00e9en de la For\u00eat Cultiv\u00e9e - Plantedforests.org","url":"https:\/\/www.plantedforests.org\/fr\/","logo":{"@type":"ImageObject","inLanguage":"es","@id":"https:\/\/www.plantedforests.org\/fr\/#\/schema\/logo\/image\/","url":"https:\/\/www.plantedforests.org\/wp-content\/uploads\/2022\/07\/Logo_iefc__FR.png","contentUrl":"https:\/\/www.plantedforests.org\/wp-content\/uploads\/2022\/07\/Logo_iefc__FR.png","width":2031,"height":1001,"caption":"Institut Europ\u00e9en de la For\u00eat Cultiv\u00e9e - Plantedforests.org"},"image":{"@id":"https:\/\/www.plantedforests.org\/fr\/#\/schema\/logo\/image\/"},"sameAs":["https:\/\/x.com\/IEFCPlantForest","https:\/\/www.linkedin.com\/company\/71728047\/"]}]}},"_links":{"self":[{"href":"https:\/\/www.plantedforests.org\/es\/wp-json\/wp\/v2\/tribe_events\/25970","targetHints":{"allow":["GET"]}}],"collection":[{"href":"https:\/\/www.plantedforests.org\/es\/wp-json\/wp\/v2\/tribe_events"}],"about":[{"href":"https:\/\/www.plantedforests.org\/es\/wp-json\/wp\/v2\/types\/tribe_events"}],"author":[{"embeddable":true,"href":"https:\/\/www.plantedforests.org\/es\/wp-json\/wp\/v2\/users\/101"}],"version-history":[{"count":2,"href":"https:\/\/www.plantedforests.org\/es\/wp-json\/wp\/v2\/tribe_events\/25970\/revisions"}],"predecessor-version":[{"id":25976,"href":"https:\/\/www.plantedforests.org\/es\/wp-json\/wp\/v2\/tribe_events\/25970\/revisions\/25976"}],"wp:featuredmedia":[{"embeddable":true,"href":"https:\/\/www.plantedforests.org\/es\/wp-json\/wp\/v2\/media\/25977"}],"wp:attachment":[{"href":"https:\/\/www.plantedforests.org\/es\/wp-json\/wp\/v2\/media?parent=25970"}],"wp:term":[{"taxonomy":"post_tag","embeddable":true,"href":"https:\/\/www.plantedforests.org\/es\/wp-json\/wp\/v2\/tags?post=25970"},{"taxonomy":"tribe_events_cat","embeddable":true,"href":"https:\/\/www.plantedforests.org\/es\/wp-json\/wp\/v2\/tribe_events_cat?post=25970"}],"curies":[{"name":"wp","href":"https:\/\/api.w.org\/{rel}","templated":true}]}}