
{"id":25483,"date":"2025-06-26T15:27:36","date_gmt":"2025-06-26T13:27:36","guid":{"rendered":"https:\/\/www.plantedforests.org\/?post_type=tribe_events&#038;p=25483"},"modified":"2025-06-26T15:28:32","modified_gmt":"2025-06-26T13:28:32","slug":"webinar-after-the-storm-pathways-to-forest-recovery-and-restoration-in-ireland-and-beyond-2","status":"publish","type":"tribe_events","link":"https:\/\/www.plantedforests.org\/es\/event\/webinar-after-the-storm-pathways-to-forest-recovery-and-restoration-in-ireland-and-beyond-2\/","title":{"rendered":"WEBINAR: After the Storm: Pathways to Forest Recovery and Restoration in Ireland and Beyond"},"content":{"rendered":"<div  class=\"tribe-events-schedule tribe-clearfix\" >\n\t<p class=\"tribe-events-schedule__datetime\">\n\t\t<span class=\"tribe-events-schedule__date tribe-events-schedule__date--start\">\n\t\t\t11 junio 2025\t\t<\/span>\n\n\t\t\t\t\t<span class=\"tribe-events-schedule__separator tribe-events-schedule__separator--date\">\n\t\t\t\t @ \t\t\t<\/span>\n\t\t\t<span class=\"tribe-events-schedule__time tribe-events-schedule__time--start\">\n\t\t\t\t16:00\t\t\t<\/span>\n\t\t\n\t\t\t\t\t\t\t\t\t<span class=\"tribe-events-schedule__separator tribe-events-schedule__separator--time\">\n\t\t\t\t\t &#8211; \t\t\t\t<\/span>\n\t\t\t\n\t\t\t\t\t\t\t<span class=\"tribe-events-schedule__time tribe-events-schedule__time--end\">\n\t\t\t\t\t17:30\t\t\t\t<\/span>\n\t\t\t\n\t\t\t\t\t\t\t<span class=\"tribe-events-schedule__timezone\">CEST<\/span>\n\t\t\t\t\t\t<\/p>\n<\/div>\n\n\n\n<p class=\"has-black-color has-text-color has-link-color wp-elements-aee30cc8168fda2c1fdeb781a3100843\">In the wake of Storm Eowyn \u2013 which occurred on 24 January 2025, bringing unprecedented wind speeds and widespread disruption across Ireland&nbsp;\u2013 forest landscapes have suffered significant damage across the country.<\/p>\n\n\n\n<p class=\"has-black-color has-text-color has-link-color wp-elements-3f8e3a275a90a592fdc2732b271fb5ba\">This webinar, organized under the \u201cForest Restoration Talks\u201d series in collaboration with the <a href=\"https:\/\/eur02.safelinks.protection.outlook.com\/?url=https%3A%2F%2Fintegratenetwork.org%2F&amp;data=05%7C02%7CRahel.Konen%40efi.int%7C0e35d0e3f2d74686ac5608dd978914fb%7C76f498dbd149402c9c09707cb0a4a20d%7C1%7C0%7C638833337199892315%7CUnknown%7CTWFpbGZsb3d8eyJFbXB0eU1hcGkiOnRydWUsIlYiOiIwLjAuMDAwMCIsIlAiOiJXaW4zMiIsIkFOIjoiTWFpbCIsIldUIjoyfQ%3D%3D%7C0%7C%7C%7C&amp;sdata=yQLpm%2F9UGWpHQJI5mDwZAwcp0NMU9DvekhHdDgJa4pQ%3D&amp;reserved=0\" target=\"_blank\" rel=\"noreferrer noopener\">European Integrate Network<\/a>,&nbsp;<a href=\"https:\/\/eur02.safelinks.protection.outlook.com\/?url=https%3A%2F%2Ftransformforests.eu%2F&amp;data=05%7C02%7CRahel.Konen%40efi.int%7C0e35d0e3f2d74686ac5608dd978914fb%7C76f498dbd149402c9c09707cb0a4a20d%7C1%7C0%7C638833337199920045%7CUnknown%7CTWFpbGZsb3d8eyJFbXB0eU1hcGkiOnRydWUsIlYiOiIwLjAuMDAwMCIsIlAiOiJXaW4zMiIsIkFOIjoiTWFpbCIsIldUIjoyfQ%3D%3D%7C0%7C%7C%7C&amp;sdata=jNU5dcSi6X3nhWUR5868MhugaTwSNKlZRU%2F%2BB2P0NpQ%3D&amp;reserved=0\" target=\"_blank\" rel=\"noreferrer noopener\">TRANSFORMIT project<\/a> and <a href=\"https:\/\/eur02.safelinks.protection.outlook.com\/?url=https%3A%2F%2Fforisk.org%2F&amp;data=05%7C02%7CRahel.Konen%40efi.int%7C0e35d0e3f2d74686ac5608dd978914fb%7C76f498dbd149402c9c09707cb0a4a20d%7C1%7C0%7C638833337199940938%7CUnknown%7CTWFpbGZsb3d8eyJFbXB0eU1hcGkiOnRydWUsIlYiOiIwLjAuMDAwMCIsIlAiOiJXaW4zMiIsIkFOIjoiTWFpbCIsIldUIjoyfQ%3D%3D%7C0%7C%7C%7C&amp;sdata=SI5c6ifVenD3H9y1vbkCdIDqyi8BA%2BZ7Kktj5GKLbik%3D&amp;reserved=0\" target=\"_blank\" rel=\"noreferrer noopener\">FoRISK facility<\/a>, brings together forestry professionals, environmental scientists, policymakers, and a landowner to examine the extent and nature of the storm-related damage in Ireland as well as look at other European examples of major forest disturbances.<\/p>\n\n\n\n<p class=\"has-black-color has-text-color has-link-color wp-elements-1d9f1791ed951a4adef22f9d1d21cb19\">Together, we\u2019ll explore the immediate impacts, assess longer-term ecological and economic implications, and discuss practices for recovery, resilience planning and climate adaptation measures.<\/p>\n\n\n\n<p class=\"has-black-color has-text-color has-link-color wp-elements-564bc10c2652fae44c48293acf918292\"><strong>Key Themes and Questions:<\/strong>&nbsp;<\/p>\n\n\n\n<ul class=\"wp-block-list has-black-color has-text-color has-link-color wp-elements-ce9f132f89ccb6c5a0eb08938aff0190\">\n<li>How can we better deal with future disturbances across European forests?<\/li>\n\n\n\n<li>How do we transform \/ adapt our forests to make them more climate resilient?<\/li>\n\n\n\n<li>What can we learn from past experiences to recover and restore forests in an integrative way?<\/li>\n\n\n\n<li>What are current preliminary findings on storm damage across different forest types and regions?\u00a0<\/li>\n\n\n\n<li>What are strategies to salvage logging, replant and protect biodiversity after storm damage?<\/li>\n\n\n\n<li>How can policy and funding from government and EU support recovery?<\/li>\n<\/ul>\n\n\n\n<p class=\"has-black-color has-text-color has-link-color wp-elements-cad429714403cee7ca62ad7de0514612\"><strong>Date and time:<\/strong>\u00a011 June 2025, 4:00 PM CET<\/p>\n\n\n\n<p class=\"has-black-color has-text-color has-link-color wp-elements-09bc72d3c62bbcf7c75ec4f83eeb91a1\"><strong>Speakers<\/strong>:<\/p>\n\n\n\n<p class=\"has-black-color has-text-color has-link-color wp-elements-558647cd799e81db2545ddf251096e9b\">\u2013 <em>Noel Kelly<\/em>, Irish forest owner majorly affected by storm <em>\u00c9owyn<\/em><\/p>\n\n\n\n<p class=\"has-text-color has-link-color wp-elements-c2eb9746e6f36c7f1ac7026c7f02e378\" style=\"color:#006633\"><strong>\u2013 <em>Christophe Orazio <\/em>from <a href=\"https:\/\/www.plantedforests.org\/\" target=\"_blank\" rel=\"noreferrer noopener\">IEFC<\/a> (Aquitaine, France) brings in knowledge and expertise on forest risk management and climate change adaptation<\/strong><\/p>\n\n\n\n<p class=\"has-black-color has-text-color has-link-color wp-elements-b9125e5c9cb01ceaa0f1b45effdc232b\">\u2013 <em>Jo O\u2019Hara<\/em> from <a href=\"https:\/\/forest-restoration.eu\/\" target=\"_blank\" rel=\"noreferrer noopener\">SUPERB project<\/a> is part of <a href=\"https:\/\/forestryandland.gov.scot\/\" target=\"_blank\" rel=\"noreferrer noopener\">Forestry and Land Scotland<\/a>\u2018s Strategic Advisory Board and brings in policy and strategy expertise in relation to change management<\/p>\n\n\n\n<p class=\"has-black-color has-text-color has-link-color wp-elements-9bb180c48ba84f9a0a3368e68a02727b\">\u2013 &nbsp;Fergus Moore,&nbsp;Head of the Forest Sector Development Division at the&nbsp;<a href=\"https:\/\/www.gov.ie\/en\/department-of-agriculture-food-and-the-marine\/\" target=\"_blank\" rel=\"noreferrer noopener\">Department of Agriculture, Food and Marine<\/a>, Ireland<\/p>\n\n\n\n<p class=\"has-black-color has-text-color has-link-color wp-elements-e2b7d00ac46d96b2c93cdd1e05a7b605\">\u2013 <em>Carolin Stiehl<\/em> from <a href=\"https:\/\/www.wald-und-holz.nrw.de\/\" target=\"_blank\" rel=\"noreferrer noopener\">Wald &amp; Holz NRW<\/a> brings in expertise in forest management and restoration implications after major forest disturbance.<\/p>\n\n\n\n<p class=\"has-text-color has-link-color wp-elements-438593ea406fe271c98ddf1178df4fb1\" style=\"color:#006633\"><a href=\"https:\/\/forest-restoration.eu\/after-the-storm-pathways-to-forest-recovery-and-restoration-in-ireland-and-beyond\/\"><strong>More information<\/strong><\/a> and <a href=\"https:\/\/www.youtube.com\/watch?v=UUO_M8BGCv4\"><strong>Replay<\/strong><\/a><\/p>\n\n\n<div  class=\"tribe-block tribe-block__event-price\" >\n\t\t<\/div>\n\n\n\n\n<div  class=\"tribe-block tribe-block__venue tribe-clearfix\" >\n\t\n\t\t\n\t<\/div>\n\n\n\n\n\t<div  class=\"tribe-block tribe-block__events-link\" >\n\t\t<div class=\"tribe-events tribe-common\">\n\t\t\t<div class=\"tribe-events-c-subscribe-dropdown__container\">\n\t\t\t\t<div class=\"tribe-events-c-subscribe-dropdown\">\n\t\t\t\t\t<div class=\"tribe-common-c-btn-border tribe-events-c-subscribe-dropdown__button\">\n\t\t\t\t\t\t<svg\n\t class=\"tribe-common-c-svgicon tribe-common-c-svgicon--cal-export tribe-events-c-subscribe-dropdown__export-icon\" \taria-hidden=\"true\"\n\tviewBox=\"0 0 23 17\"\n\txmlns=\"http:\/\/www.w3.org\/2000\/svg\"\n>\n\t<path fill-rule=\"evenodd\" clip-rule=\"evenodd\" d=\"M.128.896V16.13c0 .211.145.383.323.383h15.354c.179 0 .323-.172.323-.383V.896c0-.212-.144-.383-.323-.383H.451C.273.513.128.684.128.896Zm16 6.742h-.901V4.679H1.009v10.729h14.218v-3.336h.901V7.638ZM1.01 1.614h14.218v2.058H1.009V1.614Z\" \/>\n\t<path d=\"M20.5 9.846H8.312M18.524 6.953l2.89 2.909-2.855 2.855\" stroke-width=\"1.2\" stroke-linecap=\"round\" stroke-linejoin=\"round\"\/>\n<\/svg>\n\t\t\t\t\t\t<button\n\t\t\t\t\t\t\tclass=\"tribe-events-c-subscribe-dropdown__button-text\"\n\t\t\t\t\t\t\taria-expanded=\"false\"\n\t\t\t\t\t\t\taria-controls=\"tribe-events-subscribe-dropdown-content\"\n\t\t\t\t\t\t\taria-label=\"Ver enlaces para a\u00f1adir eventos al calendario\"\n\t\t\t\t\t\t>\n\t\t\t\t\t\t\tA\u00f1adir al calendario\t\t\t\t\t\t<\/button>\n\t\t\t\t\t\t<svg\n\t class=\"tribe-common-c-svgicon tribe-common-c-svgicon--caret-down tribe-events-c-subscribe-dropdown__button-icon\" \taria-hidden=\"true\"\n\tviewBox=\"0 0 10 7\"\n\txmlns=\"http:\/\/www.w3.org\/2000\/svg\"\n>\n\t<path fill-rule=\"evenodd\" clip-rule=\"evenodd\" d=\"M1.008.609L5 4.6 8.992.61l.958.958L5 6.517.05 1.566l.958-.958z\" class=\"tribe-common-c-svgicon__svg-fill\"\/>\n<\/svg>\n\t\t\t\t\t<\/div>\n\t\t\t\t\t<div id=\"tribe-events-subscribe-dropdown-content\" class=\"tribe-events-c-subscribe-dropdown__content\">\n\t\t\t\t\t\t<ul class=\"tribe-events-c-subscribe-dropdown__list\">\n\t\t\t\t\t\t\t\t\t\t\t\t\t\t\t<li class=\"tribe-events-c-subscribe-dropdown__list-item tribe-events-c-subscribe-dropdown__list-item--gcal\">\n\t\t\t\t\t\t\t\t\t<a\n\t\t\t\t\t\t\t\t\t\thref=\"https:\/\/www.google.com\/calendar\/event?action=TEMPLATE&#038;dates=20250611T160000\/20250611T173000&#038;text=WEBINAR%3A%20After%20the%20Storm%3A%20Pathways%20to%20Forest%20Recovery%20and%20Restoration%20in%20Ireland%20and%20Beyond&#038;details=%3Cp+class%3D%22has-black-color+has-text-color+has-link-color%22%3EIn+the+wake+of+Storm+Eowyn+%E2%80%93+which+occurred+on+24+January+2025%2C+bringing+unprecedented+wind+speeds+and+widespread+disruption+across+Ireland%26nbsp%3B%E2%80%93+forest+landscapes+have+suffered+significant+damage+across+the+country.%3C%2Fp%3E+%3Cp+class%3D%22has-black-color+has-text-color+has-link-color%22%3EThis+webinar%2C+organized+under+the+%E2%80%9CForest+Restoration+Talks%E2%80%9D+series+in+collaboration+with+the+%3Ca+href%3D%22https%3A%2F%2Feur02.safelinks.protection.outlook.com%2F%3Furl%3Dhttps%253A%252F%252Fintegratenetwork.org%252F%26amp%3Bdata%3D05%257C02%257CRahel.Konen%2540efi.int%257C0e35d0e3f2d74686ac5608dd978914fb%257C76f498dbd149402c9c09707cb0a4a20d%257C1%257C0%257C638833337199892315%257CUnknown%257CTWFpbGZsb3d8eyJFbXB0eU1hcGkiOnRydWUsIlYiOiIwLjAuMDAwMCIsIlAiOiJXaW4zMiIsIkFOIjoiTWFpbCIsIldUIjoyfQ%253D%253D%257C0%257C%257C%257C%26amp%3Bsdata%3DyQLpm%252F9UGWpHQJI5mDwZAwcp0NMU9DvekhHdDgJa4pQ%253D%26amp%3Breserved%3D0%22+target%3D%22_blank%22+rel%3D%22noreferrer+noopener%22%3EEuropean+Integrate+Network%3C%2Fa%3E%2C%26nbsp%3B%3Ca+href%3D%22https%3A%2F%2Feur02.safel%3C%2Fp%3E+%28Ver+aqu%C3%AD+la+descripci%C3%B3n+completa+de+evento%3A+https%3A%2F%2Fwww.plantedforests.org%2Fes%2Fevent%2Fwebinar-after-the-storm-pathways-to-forest-recovery-and-restoration-in-ireland-and-beyond-2%2F%29&#038;trp=false&#038;ctz=Europe\/Paris&#038;sprop=website:https:\/\/www.plantedforests.org\/es\"\n\t\t\t\t\t\t\t\t\t\tclass=\"tribe-events-c-subscribe-dropdown__list-item-link\"\n\t\t\t\t\t\t\t\t\t\ttarget=\"_blank\"\n\t\t\t\t\t\t\t\t\t\trel=\"noopener noreferrer nofollow noindex\"\n\t\t\t\t\t\t\t\t\t>\n\t\t\t\t\t\t\t\t\t\tGoogle Calendar\t\t\t\t\t\t\t\t\t<\/a>\n\t\t\t\t\t\t\t\t<\/li>\n\t\t\t\t\t\t\t\t\t\t\t\t\t\t\t<li class=\"tribe-events-c-subscribe-dropdown__list-item tribe-events-c-subscribe-dropdown__list-item--ical\">\n\t\t\t\t\t\t\t\t\t<a\n\t\t\t\t\t\t\t\t\t\thref=\"\"\n\t\t\t\t\t\t\t\t\t\tclass=\"tribe-events-c-subscribe-dropdown__list-item-link\"\n\t\t\t\t\t\t\t\t\t\ttarget=\"_blank\"\n\t\t\t\t\t\t\t\t\t\trel=\"noopener noreferrer nofollow noindex\"\n\t\t\t\t\t\t\t\t\t>\n\t\t\t\t\t\t\t\t\t\tiCalendar\t\t\t\t\t\t\t\t\t<\/a>\n\t\t\t\t\t\t\t\t<\/li>\n\t\t\t\t\t\t\t\t\t\t\t\t\t\t\t<li class=\"tribe-events-c-subscribe-dropdown__list-item tribe-events-c-subscribe-dropdown__list-item--outlook-365\">\n\t\t\t\t\t\t\t\t\t<a\n\t\t\t\t\t\t\t\t\t\thref=\"\"\n\t\t\t\t\t\t\t\t\t\tclass=\"tribe-events-c-subscribe-dropdown__list-item-link\"\n\t\t\t\t\t\t\t\t\t\ttarget=\"_blank\"\n\t\t\t\t\t\t\t\t\t\trel=\"noopener noreferrer nofollow noindex\"\n\t\t\t\t\t\t\t\t\t>\n\t\t\t\t\t\t\t\t\t\tOutlook 365\t\t\t\t\t\t\t\t\t<\/a>\n\t\t\t\t\t\t\t\t<\/li>\n\t\t\t\t\t\t\t\t\t\t\t\t\t\t\t<li class=\"tribe-events-c-subscribe-dropdown__list-item tribe-events-c-subscribe-dropdown__list-item--outlook-live\">\n\t\t\t\t\t\t\t\t\t<a\n\t\t\t\t\t\t\t\t\t\thref=\"\"\n\t\t\t\t\t\t\t\t\t\tclass=\"tribe-events-c-subscribe-dropdown__list-item-link\"\n\t\t\t\t\t\t\t\t\t\ttarget=\"_blank\"\n\t\t\t\t\t\t\t\t\t\trel=\"noopener noreferrer nofollow noindex\"\n\t\t\t\t\t\t\t\t\t>\n\t\t\t\t\t\t\t\t\t\tOutlook Live\t\t\t\t\t\t\t\t\t<\/a>\n\t\t\t\t\t\t\t\t<\/li>\n\t\t\t\t\t\t\t\t\t\t\t\t\t<\/ul>\n\t\t\t\t\t<\/div>\n\t\t\t\t<\/div>\n\t\t\t<\/div>\n\t\t<\/div>\n\t<\/div>\n\n","protected":false},"excerpt":{"rendered":"<p>In the wake of Storm Eowyn \u2013 which occurred on 24 January 2025, bringing unprecedented wind speeds and widespread disruption across Ireland&nbsp;\u2013 forest landscapes have suffered significant damage across the [&hellip;]<\/p>\n","protected":false},"author":101,"featured_media":25484,"template":"","meta":{"_acf_changed":false,"_eb_attr":"","_EventAllDay":false,"_EventTimezone":"Europe\/Paris","_EventStartDate":"2025-06-11 16:00:00","_EventEndDate":"2025-06-11 17:30:00","_EventStartDateUTC":"2025-06-11 14:00:00","_EventEndDateUTC":"2025-06-11 15:30:00","_EventShowMap":false,"_EventShowMapLink":false,"_EventURL":"","_EventCost":"","_EventCostDescription":"","_EventCurrencySymbol":"\u20ac","_EventCurrencyCode":"EUR","_EventCurrencyPosition":"suffix","_EventDateTimeSeparator":" @ ","_EventTimeRangeSeparator":" - ","_EventOrganizerID":[],"_EventVenueID":[],"_OrganizerEmail":"","_OrganizerPhone":"","_OrganizerWebsite":"","_VenueAddress":"","_VenueCity":"","_VenueCountry":"","_VenueProvince":"","_VenueState":"","_VenueZip":"","_VenuePhone":"","_VenueURL":"","_VenueStateProvince":"","_VenueLat":"","_VenueLng":"","_VenueShowMap":false,"_VenueShowMapLink":false,"_tribe_events_status":"","_tribe_events_status_reason":"","activitypub_content_warning":"","activitypub_content_visibility":"","activitypub_max_image_attachments":4,"activitypub_interaction_policy_quote":"anyone","activitypub_status":"federated","footnotes":""},"tags":[],"tribe_events_cat":[],"class_list":["post-25483","tribe_events","type-tribe_events","status-publish","has-post-thumbnail","hentry"],"translation":{"provider":"WPGlobus","version":"3.0.2","language":"es","enabled_languages":["gb","fr","es","pt"],"languages":{"gb":{"title":true,"content":true,"excerpt":false},"fr":{"title":false,"content":false,"excerpt":false},"es":{"title":false,"content":false,"excerpt":false},"pt":{"title":false,"content":false,"excerpt":false}}},"acf":[],"yoast_head":"<!-- This site is optimized with the Yoast SEO plugin v27.5 - https:\/\/yoast.com\/product\/yoast-seo-wordpress\/ -->\n<title>WEBINAR: After the Storm: Pathways to Forest Recovery and Restoration in Ireland and Beyond - Instituto Europeo Del Bosque Cultivado - IEFC<\/title>\n<meta name=\"robots\" content=\"index, follow, max-snippet:-1, max-image-preview:large, max-video-preview:-1\" \/>\n<link rel=\"canonical\" href=\"https:\/\/www.plantedforests.org\/event\/webinar-after-the-storm-pathways-to-forest-recovery-and-restoration-in-ireland-and-beyond-2\/\" \/>\n<meta property=\"og:locale\" content=\"es_ES\" \/>\n<meta property=\"og:type\" content=\"article\" \/>\n<meta property=\"og:title\" content=\"WEBINAR: After the Storm: Pathways to Forest Recovery and Restoration in Ireland and Beyond - Instituto Europeo Del Bosque Cultivado - IEFC\" \/>\n<meta property=\"og:url\" content=\"https:\/\/www.plantedforests.org\/event\/webinar-after-the-storm-pathways-to-forest-recovery-and-restoration-in-ireland-and-beyond-2\/\" \/>\n<meta property=\"og:site_name\" content=\"Instituto Europeo Del Bosque Cultivado - IEFC\" \/>\n<meta property=\"article:modified_time\" content=\"2025-06-26T13:28:32+00:00\" \/>\n<meta property=\"og:image\" content=\"https:\/\/www.plantedforests.org\/wp-content\/uploads\/2025\/06\/SUPERB-6.png.webp\" \/>\n\t<meta property=\"og:image:width\" content=\"1200\" \/>\n\t<meta property=\"og:image:height\" content=\"1080\" \/>\n\t<meta property=\"og:image:type\" content=\"image\/webp\" \/>\n<meta name=\"twitter:card\" content=\"summary_large_image\" \/>\n<meta name=\"twitter:site\" content=\"@IEFCPlantForest\" \/>\n<meta name=\"twitter:label1\" content=\"Tiempo de lectura\" \/>\n\t<meta name=\"twitter:data1\" content=\"2 minutos\" \/>\n<script type=\"application\/ld+json\" class=\"yoast-schema-graph\">{\"@context\":\"https:\\\/\\\/schema.org\",\"@graph\":[{\"@type\":\"WebPage\",\"@id\":\"https:\\\/\\\/www.plantedforests.org\\\/event\\\/webinar-after-the-storm-pathways-to-forest-recovery-and-restoration-in-ireland-and-beyond-2\\\/\",\"url\":\"https:\\\/\\\/www.plantedforests.org\\\/event\\\/webinar-after-the-storm-pathways-to-forest-recovery-and-restoration-in-ireland-and-beyond-2\\\/\",\"name\":\"WEBINAR: After the Storm: Pathways to Forest Recovery and Restoration in Ireland and Beyond - Instituto Europeo Del Bosque Cultivado - IEFC\",\"isPartOf\":{\"@id\":\"https:\\\/\\\/www.plantedforests.org\\\/fr\\\/#website\"},\"primaryImageOfPage\":{\"@id\":\"https:\\\/\\\/www.plantedforests.org\\\/event\\\/webinar-after-the-storm-pathways-to-forest-recovery-and-restoration-in-ireland-and-beyond-2\\\/#primaryimage\"},\"image\":{\"@id\":\"https:\\\/\\\/www.plantedforests.org\\\/event\\\/webinar-after-the-storm-pathways-to-forest-recovery-and-restoration-in-ireland-and-beyond-2\\\/#primaryimage\"},\"thumbnailUrl\":\"https:\\\/\\\/www.plantedforests.org\\\/wp-content\\\/uploads\\\/2025\\\/06\\\/SUPERB-6.png.webp\",\"datePublished\":\"2025-06-26T13:27:36+00:00\",\"dateModified\":\"2025-06-26T13:28:32+00:00\",\"breadcrumb\":{\"@id\":\"https:\\\/\\\/www.plantedforests.org\\\/event\\\/webinar-after-the-storm-pathways-to-forest-recovery-and-restoration-in-ireland-and-beyond-2\\\/#breadcrumb\"},\"inLanguage\":\"es\",\"potentialAction\":[{\"@type\":\"ReadAction\",\"target\":[\"https:\\\/\\\/www.plantedforests.org\\\/event\\\/webinar-after-the-storm-pathways-to-forest-recovery-and-restoration-in-ireland-and-beyond-2\\\/\"]}]},{\"@type\":\"ImageObject\",\"inLanguage\":\"es\",\"@id\":\"https:\\\/\\\/www.plantedforests.org\\\/event\\\/webinar-after-the-storm-pathways-to-forest-recovery-and-restoration-in-ireland-and-beyond-2\\\/#primaryimage\",\"url\":\"https:\\\/\\\/www.plantedforests.org\\\/wp-content\\\/uploads\\\/2025\\\/06\\\/SUPERB-6.png.webp\",\"contentUrl\":\"https:\\\/\\\/www.plantedforests.org\\\/wp-content\\\/uploads\\\/2025\\\/06\\\/SUPERB-6.png.webp\",\"width\":1200,\"height\":1080},{\"@type\":\"BreadcrumbList\",\"@id\":\"https:\\\/\\\/www.plantedforests.org\\\/event\\\/webinar-after-the-storm-pathways-to-forest-recovery-and-restoration-in-ireland-and-beyond-2\\\/#breadcrumb\",\"itemListElement\":[{\"@type\":\"ListItem\",\"position\":1,\"name\":\"Accueil\",\"item\":\"https:\\\/\\\/www.plantedforests.org\\\/\"},{\"@type\":\"ListItem\",\"position\":2,\"name\":\"Events\",\"item\":\"https:\\\/\\\/www.plantedforests.org\\\/events\\\/\"},{\"@type\":\"ListItem\",\"position\":3,\"name\":\"WEBINAR: After the Storm: Pathways to Forest Recovery and Restoration in Ireland and Beyond\"}]},{\"@type\":\"WebSite\",\"@id\":\"https:\\\/\\\/www.plantedforests.org\\\/fr\\\/#website\",\"url\":\"https:\\\/\\\/www.plantedforests.org\\\/fr\\\/\",\"name\":\"Instituto Europeo Del Bosque Cultivado - IEFC\",\"description\":\"La red para la gesti\u00f3n sostenible y la resiliencia de los bosques cultivados \",\"publisher\":{\"@id\":\"https:\\\/\\\/www.plantedforests.org\\\/fr\\\/#organization\"},\"potentialAction\":[{\"@type\":\"SearchAction\",\"target\":{\"@type\":\"EntryPoint\",\"urlTemplate\":\"https:\\\/\\\/www.plantedforests.org\\\/fr\\\/?s={search_term_string}\"},\"query-input\":{\"@type\":\"PropertyValueSpecification\",\"valueRequired\":true,\"valueName\":\"search_term_string\"}}],\"inLanguage\":\"es\"},{\"@type\":\"Organization\",\"@id\":\"https:\\\/\\\/www.plantedforests.org\\\/fr\\\/#organization\",\"name\":\"Institut Europ\u00e9en de la For\u00eat Cultiv\u00e9e - Plantedforests.org\",\"url\":\"https:\\\/\\\/www.plantedforests.org\\\/fr\\\/\",\"logo\":{\"@type\":\"ImageObject\",\"inLanguage\":\"es\",\"@id\":\"https:\\\/\\\/www.plantedforests.org\\\/fr\\\/#\\\/schema\\\/logo\\\/image\\\/\",\"url\":\"https:\\\/\\\/www.plantedforests.org\\\/wp-content\\\/uploads\\\/2022\\\/07\\\/Logo_iefc__FR.png\",\"contentUrl\":\"https:\\\/\\\/www.plantedforests.org\\\/wp-content\\\/uploads\\\/2022\\\/07\\\/Logo_iefc__FR.png\",\"width\":2031,\"height\":1001,\"caption\":\"Institut Europ\u00e9en de la For\u00eat Cultiv\u00e9e - Plantedforests.org\"},\"image\":{\"@id\":\"https:\\\/\\\/www.plantedforests.org\\\/fr\\\/#\\\/schema\\\/logo\\\/image\\\/\"},\"sameAs\":[\"https:\\\/\\\/x.com\\\/IEFCPlantForest\",\"https:\\\/\\\/www.linkedin.com\\\/company\\\/71728047\\\/\"]}]}<\/script>\n<!-- \/ Yoast SEO plugin. -->","yoast_head_json":{"title":"WEBINAR: After the Storm: Pathways to Forest Recovery and Restoration in Ireland and Beyond - Instituto Europeo Del Bosque Cultivado - IEFC","robots":{"index":"index","follow":"follow","max-snippet":"max-snippet:-1","max-image-preview":"max-image-preview:large","max-video-preview":"max-video-preview:-1"},"canonical":"https:\/\/www.plantedforests.org\/event\/webinar-after-the-storm-pathways-to-forest-recovery-and-restoration-in-ireland-and-beyond-2\/","og_locale":"es_ES","og_type":"article","og_title":"WEBINAR: After the Storm: Pathways to Forest Recovery and Restoration in Ireland and Beyond - Instituto Europeo Del Bosque Cultivado - IEFC","og_url":"https:\/\/www.plantedforests.org\/event\/webinar-after-the-storm-pathways-to-forest-recovery-and-restoration-in-ireland-and-beyond-2\/","og_site_name":"Instituto Europeo Del Bosque Cultivado - IEFC","article_modified_time":"2025-06-26T13:28:32+00:00","og_image":[{"width":1200,"height":1080,"url":"https:\/\/www.plantedforests.org\/wp-content\/uploads\/2025\/06\/SUPERB-6.png.webp","type":"image\/webp"}],"twitter_card":"summary_large_image","twitter_site":"@IEFCPlantForest","twitter_misc":{"Tiempo de lectura":"2 minutos"},"schema":{"@context":"https:\/\/schema.org","@graph":[{"@type":"WebPage","@id":"https:\/\/www.plantedforests.org\/event\/webinar-after-the-storm-pathways-to-forest-recovery-and-restoration-in-ireland-and-beyond-2\/","url":"https:\/\/www.plantedforests.org\/event\/webinar-after-the-storm-pathways-to-forest-recovery-and-restoration-in-ireland-and-beyond-2\/","name":"WEBINAR: After the Storm: Pathways to Forest Recovery and Restoration in Ireland and Beyond - Instituto Europeo Del Bosque Cultivado - IEFC","isPartOf":{"@id":"https:\/\/www.plantedforests.org\/fr\/#website"},"primaryImageOfPage":{"@id":"https:\/\/www.plantedforests.org\/event\/webinar-after-the-storm-pathways-to-forest-recovery-and-restoration-in-ireland-and-beyond-2\/#primaryimage"},"image":{"@id":"https:\/\/www.plantedforests.org\/event\/webinar-after-the-storm-pathways-to-forest-recovery-and-restoration-in-ireland-and-beyond-2\/#primaryimage"},"thumbnailUrl":"https:\/\/www.plantedforests.org\/wp-content\/uploads\/2025\/06\/SUPERB-6.png.webp","datePublished":"2025-06-26T13:27:36+00:00","dateModified":"2025-06-26T13:28:32+00:00","breadcrumb":{"@id":"https:\/\/www.plantedforests.org\/event\/webinar-after-the-storm-pathways-to-forest-recovery-and-restoration-in-ireland-and-beyond-2\/#breadcrumb"},"inLanguage":"es","potentialAction":[{"@type":"ReadAction","target":["https:\/\/www.plantedforests.org\/event\/webinar-after-the-storm-pathways-to-forest-recovery-and-restoration-in-ireland-and-beyond-2\/"]}]},{"@type":"ImageObject","inLanguage":"es","@id":"https:\/\/www.plantedforests.org\/event\/webinar-after-the-storm-pathways-to-forest-recovery-and-restoration-in-ireland-and-beyond-2\/#primaryimage","url":"https:\/\/www.plantedforests.org\/wp-content\/uploads\/2025\/06\/SUPERB-6.png.webp","contentUrl":"https:\/\/www.plantedforests.org\/wp-content\/uploads\/2025\/06\/SUPERB-6.png.webp","width":1200,"height":1080},{"@type":"BreadcrumbList","@id":"https:\/\/www.plantedforests.org\/event\/webinar-after-the-storm-pathways-to-forest-recovery-and-restoration-in-ireland-and-beyond-2\/#breadcrumb","itemListElement":[{"@type":"ListItem","position":1,"name":"Accueil","item":"https:\/\/www.plantedforests.org\/"},{"@type":"ListItem","position":2,"name":"Events","item":"https:\/\/www.plantedforests.org\/events\/"},{"@type":"ListItem","position":3,"name":"WEBINAR: After the Storm: Pathways to Forest Recovery and Restoration in Ireland and Beyond"}]},{"@type":"WebSite","@id":"https:\/\/www.plantedforests.org\/fr\/#website","url":"https:\/\/www.plantedforests.org\/fr\/","name":"Instituto Europeo Del Bosque Cultivado - IEFC","description":"La red para la gesti\u00f3n sostenible y la resiliencia de los bosques cultivados ","publisher":{"@id":"https:\/\/www.plantedforests.org\/fr\/#organization"},"potentialAction":[{"@type":"SearchAction","target":{"@type":"EntryPoint","urlTemplate":"https:\/\/www.plantedforests.org\/fr\/?s={search_term_string}"},"query-input":{"@type":"PropertyValueSpecification","valueRequired":true,"valueName":"search_term_string"}}],"inLanguage":"es"},{"@type":"Organization","@id":"https:\/\/www.plantedforests.org\/fr\/#organization","name":"Institut Europ\u00e9en de la For\u00eat Cultiv\u00e9e - Plantedforests.org","url":"https:\/\/www.plantedforests.org\/fr\/","logo":{"@type":"ImageObject","inLanguage":"es","@id":"https:\/\/www.plantedforests.org\/fr\/#\/schema\/logo\/image\/","url":"https:\/\/www.plantedforests.org\/wp-content\/uploads\/2022\/07\/Logo_iefc__FR.png","contentUrl":"https:\/\/www.plantedforests.org\/wp-content\/uploads\/2022\/07\/Logo_iefc__FR.png","width":2031,"height":1001,"caption":"Institut Europ\u00e9en de la For\u00eat Cultiv\u00e9e - Plantedforests.org"},"image":{"@id":"https:\/\/www.plantedforests.org\/fr\/#\/schema\/logo\/image\/"},"sameAs":["https:\/\/x.com\/IEFCPlantForest","https:\/\/www.linkedin.com\/company\/71728047\/"]}]}},"_links":{"self":[{"href":"https:\/\/www.plantedforests.org\/es\/wp-json\/wp\/v2\/tribe_events\/25483","targetHints":{"allow":["GET"]}}],"collection":[{"href":"https:\/\/www.plantedforests.org\/es\/wp-json\/wp\/v2\/tribe_events"}],"about":[{"href":"https:\/\/www.plantedforests.org\/es\/wp-json\/wp\/v2\/types\/tribe_events"}],"author":[{"embeddable":true,"href":"https:\/\/www.plantedforests.org\/es\/wp-json\/wp\/v2\/users\/101"}],"version-history":[{"count":4,"href":"https:\/\/www.plantedforests.org\/es\/wp-json\/wp\/v2\/tribe_events\/25483\/revisions"}],"predecessor-version":[{"id":25494,"href":"https:\/\/www.plantedforests.org\/es\/wp-json\/wp\/v2\/tribe_events\/25483\/revisions\/25494"}],"wp:featuredmedia":[{"embeddable":true,"href":"https:\/\/www.plantedforests.org\/es\/wp-json\/wp\/v2\/media\/25484"}],"wp:attachment":[{"href":"https:\/\/www.plantedforests.org\/es\/wp-json\/wp\/v2\/media?parent=25483"}],"wp:term":[{"taxonomy":"post_tag","embeddable":true,"href":"https:\/\/www.plantedforests.org\/es\/wp-json\/wp\/v2\/tags?post=25483"},{"taxonomy":"tribe_events_cat","embeddable":true,"href":"https:\/\/www.plantedforests.org\/es\/wp-json\/wp\/v2\/tribe_events_cat?post=25483"}],"curies":[{"name":"wp","href":"https:\/\/api.w.org\/{rel}","templated":true}]}}