
{"id":25062,"date":"2025-06-18T11:59:44","date_gmt":"2025-06-18T09:59:44","guid":{"rendered":"https:\/\/www.plantedforests.org\/?post_type=tribe_events&#038;p=25062"},"modified":"2025-06-18T14:05:08","modified_gmt":"2025-06-18T12:05:08","slug":"atelier-petit-dejeuner-forets-changement-climatique-modeles-etc","status":"publish","type":"tribe_events","link":"https:\/\/www.plantedforests.org\/es\/event\/atelier-petit-dejeuner-forets-changement-climatique-modeles-etc\/","title":{"rendered":"Atelier petit-d\u00e9jeuner &#8211; For\u00eats, changement climatique, mod\u00e8les, etc."},"content":{"rendered":"<div  class=\"tribe-events-schedule tribe-clearfix\" >\n\t<p class=\"tribe-events-schedule__datetime\">\n\t\t<span class=\"tribe-events-schedule__date tribe-events-schedule__date--start\">\n\t\t\t8 julio 2025\t\t<\/span>\n\n\t\t\t\t\t<span class=\"tribe-events-schedule__separator tribe-events-schedule__separator--date\">\n\t\t\t\t @ \t\t\t<\/span>\n\t\t\t<span class=\"tribe-events-schedule__time tribe-events-schedule__time--start\">\n\t\t\t\t09:00\t\t\t<\/span>\n\t\t\n\t\t\t\t\t\t\t\t\t<span class=\"tribe-events-schedule__separator tribe-events-schedule__separator--time\">\n\t\t\t\t\t &#8211; \t\t\t\t<\/span>\n\t\t\t\n\t\t\t\t\t\t\t<span class=\"tribe-events-schedule__time tribe-events-schedule__time--end\">\n\t\t\t\t\t11:30\t\t\t\t<\/span>\n\t\t\t\n\t\t\t\t\t\t\t<span class=\"tribe-events-schedule__timezone\">CEST<\/span>\n\t\t\t\t\t\t<\/p>\n<\/div>\n\n\n\n<p class=\"has-black-color has-text-color has-link-color wp-elements-0ea9ab189deb12f46942a05a7f9c251f\">Le mardi 8 juillet (9h \u2013 11h30) aura lieu \u00e0 l&#8217;UMR ISPA, un atelier petit-d\u00e9jeuner sur le th\u00e8me \u00ab For\u00eats, changement climatique, mod\u00e8les, etc \u00bb. L\u2019atelier aura lieu dans la salle de r\u00e9union d\u2019ISPA.<\/p>\n\n\n\n<p class=\"has-black-color has-text-color has-link-color wp-elements-e4e324a9e295059bb7bb8fd71d14ae4b\">Venez nombreux \u00e9couter, discuter, autour d\u2019un caf\u00e9, d\u2019un th\u00e9, d\u2019un jus de fruit.<\/p>\n\n\n\n<p class=\"has-text-color has-link-color wp-elements-e2701681018a2e303dee0bd5cb9bc4e6\" style=\"color:#006633\"><strong>Pour plus d\u2019informations, contacter <a href=\"mailto:denis.loustau@inrae.fr\">denis.loustau@inrae.fr<\/a><\/strong><\/p>\n\n\n\n<div data-wp-interactive=\"core\/file\" class=\"wp-block-file\"><object data-wp-bind--hidden=\"!state.hasPdfPreview\" hidden class=\"wp-block-file__embed\" data=\"https:\/\/www.plantedforests.org\/wp-content\/uploads\/2025\/06\/Atelier-08_07_25-Petit-dejeuner.pdf\" type=\"application\/pdf\" style=\"width:100%;height:600px\" aria-label=\"Incrustado de Atelier 08_07_25.\"><\/object><a id=\"wp-block-file--media-f45386f1-861a-4db3-88cc-b6a383e7f917\" href=\"https:\/\/www.plantedforests.org\/wp-content\/uploads\/2025\/06\/Atelier-08_07_25-Petit-dejeuner.pdf\">Atelier 08_07_25<\/a><a href=\"https:\/\/www.plantedforests.org\/wp-content\/uploads\/2025\/06\/Atelier-08_07_25-Petit-dejeuner.pdf\" class=\"wp-block-file__button wp-element-button\" download aria-describedby=\"wp-block-file--media-f45386f1-861a-4db3-88cc-b6a383e7f917\">T\u00e9l\u00e9charger<\/a><\/div>\n\n\n<div  class=\"tribe-block tribe-block__event-price\" >\n\t\t<\/div>\n\n\n\n\n<div  class=\"tribe-block tribe-block__venue tribe-clearfix\" >\n\t\n\t\t\n\t<\/div>\n\n\n\n\n\t<div  class=\"tribe-block tribe-block__events-link\" >\n\t\t<div class=\"tribe-events tribe-common\">\n\t\t\t<div class=\"tribe-events-c-subscribe-dropdown__container\">\n\t\t\t\t<div class=\"tribe-events-c-subscribe-dropdown\">\n\t\t\t\t\t<div class=\"tribe-common-c-btn-border tribe-events-c-subscribe-dropdown__button\">\n\t\t\t\t\t\t<svg\n\t class=\"tribe-common-c-svgicon tribe-common-c-svgicon--cal-export tribe-events-c-subscribe-dropdown__export-icon\" \taria-hidden=\"true\"\n\tviewBox=\"0 0 23 17\"\n\txmlns=\"http:\/\/www.w3.org\/2000\/svg\"\n>\n\t<path fill-rule=\"evenodd\" clip-rule=\"evenodd\" d=\"M.128.896V16.13c0 .211.145.383.323.383h15.354c.179 0 .323-.172.323-.383V.896c0-.212-.144-.383-.323-.383H.451C.273.513.128.684.128.896Zm16 6.742h-.901V4.679H1.009v10.729h14.218v-3.336h.901V7.638ZM1.01 1.614h14.218v2.058H1.009V1.614Z\" \/>\n\t<path d=\"M20.5 9.846H8.312M18.524 6.953l2.89 2.909-2.855 2.855\" stroke-width=\"1.2\" stroke-linecap=\"round\" stroke-linejoin=\"round\"\/>\n<\/svg>\n\t\t\t\t\t\t<button\n\t\t\t\t\t\t\tclass=\"tribe-events-c-subscribe-dropdown__button-text\"\n\t\t\t\t\t\t\taria-expanded=\"false\"\n\t\t\t\t\t\t\taria-controls=\"tribe-events-subscribe-dropdown-content\"\n\t\t\t\t\t\t\taria-label=\"Ver enlaces para a\u00f1adir eventos al calendario\"\n\t\t\t\t\t\t>\n\t\t\t\t\t\t\tA\u00f1adir al calendario\t\t\t\t\t\t<\/button>\n\t\t\t\t\t\t<svg\n\t class=\"tribe-common-c-svgicon tribe-common-c-svgicon--caret-down tribe-events-c-subscribe-dropdown__button-icon\" \taria-hidden=\"true\"\n\tviewBox=\"0 0 10 7\"\n\txmlns=\"http:\/\/www.w3.org\/2000\/svg\"\n>\n\t<path fill-rule=\"evenodd\" clip-rule=\"evenodd\" d=\"M1.008.609L5 4.6 8.992.61l.958.958L5 6.517.05 1.566l.958-.958z\" class=\"tribe-common-c-svgicon__svg-fill\"\/>\n<\/svg>\n\t\t\t\t\t<\/div>\n\t\t\t\t\t<div id=\"tribe-events-subscribe-dropdown-content\" class=\"tribe-events-c-subscribe-dropdown__content\">\n\t\t\t\t\t\t<ul class=\"tribe-events-c-subscribe-dropdown__list\">\n\t\t\t\t\t\t\t\t\t\t\t\t\t\t\t<li class=\"tribe-events-c-subscribe-dropdown__list-item tribe-events-c-subscribe-dropdown__list-item--gcal\">\n\t\t\t\t\t\t\t\t\t<a\n\t\t\t\t\t\t\t\t\t\thref=\"https:\/\/www.google.com\/calendar\/event?action=TEMPLATE&#038;dates=20250708T090000\/20250708T113000&#038;text=Atelier%20petit-d%C3%A9jeuner%20%26%238211%3B%20For%C3%AAts%2C%20changement%20climatique%2C%20mod%C3%A8les%2C%20etc.&#038;details=%3Cp+class%3D%22has-black-color+has-text-color+has-link-color%22%3ELe+mardi+8+juillet+%289h+%E2%80%93+11h30%29+aura+lieu+%C3%A0+l%27UMR+ISPA%2C+un+atelier+petit-d%C3%A9jeuner+sur+le+th%C3%A8me+%C2%AB+For%C3%AAts%2C+changement+climatique%2C+mod%C3%A8les%2C+etc+%C2%BB.+L%E2%80%99atelier+aura+lieu+dans+la+salle+de+r%C3%A9union+d%E2%80%99ISPA.%3C%2Fp%3E+%3Cp+class%3D%22has-black-color+has-text-color+has-link-color%22%3EVenez+nombreux+%C3%A9couter%2C+discuter%2C+autour+d%E2%80%99un+caf%C3%A9%2C+d%E2%80%99un+th%C3%A9%2C+d%E2%80%99un+jus+de+fruit.%3C%2Fp%3E+%3Cp+class%3D%22has-text-color+has-link-color%22+style%3D%22color%3A%23006633%22%3E%3Cstrong%3EPour+plus+d%E2%80%99informations%2C+contacter+%3Ca+href%3D%22mailto%3Adenis.loustau%40inrae.fr%22%3Edenis.loustau%40inrae.fr%3C%2Fa%3E%3C%2Fstrong%3E%3C%2Fp%3E+%3Cdiv+class%3D%22wp-block-file%22%3E%3Cobject+class%3D%22wp-block-file__embed%22+data%3D%22https%3A%2F%2Fwww.plantedforests.org%2Fwp-content%2Fuploads%2F2025%2F06%2FAtelier-08_07_25-Petit-dejeuner.pdf%22+type%3D%22application%2Fpdf%22+style%3D%22width%3A100%25%3Bheight%3A600px%22+aria-label%3D%22Atelier+08_07_25%22%3E%3C%2Fobject%3E%3Ca+id%3D%22wp-block-file--media-f45386f1-861a-4db3-88cc-b6a383e7f917%22+href%3D%22https%3A%2F%2Fwww.plantedforests.org%2Fwp-cont%3C%2Fdiv%3E+%28Ver+aqu%C3%AD+la+descripci%C3%B3n+completa+de+evento%3A+https%3A%2F%2Fwww.plantedforests.org%2Fes%2Fevent%2Fatelier-petit-dejeuner-forets-changement-climatique-modeles-etc%2F%29&#038;trp=false&#038;ctz=Europe\/Paris&#038;sprop=website:https:\/\/www.plantedforests.org\/es\"\n\t\t\t\t\t\t\t\t\t\tclass=\"tribe-events-c-subscribe-dropdown__list-item-link\"\n\t\t\t\t\t\t\t\t\t\ttarget=\"_blank\"\n\t\t\t\t\t\t\t\t\t\trel=\"noopener noreferrer nofollow noindex\"\n\t\t\t\t\t\t\t\t\t>\n\t\t\t\t\t\t\t\t\t\tGoogle Calendar\t\t\t\t\t\t\t\t\t<\/a>\n\t\t\t\t\t\t\t\t<\/li>\n\t\t\t\t\t\t\t\t\t\t\t\t\t\t\t<li class=\"tribe-events-c-subscribe-dropdown__list-item tribe-events-c-subscribe-dropdown__list-item--ical\">\n\t\t\t\t\t\t\t\t\t<a\n\t\t\t\t\t\t\t\t\t\thref=\"\"\n\t\t\t\t\t\t\t\t\t\tclass=\"tribe-events-c-subscribe-dropdown__list-item-link\"\n\t\t\t\t\t\t\t\t\t\ttarget=\"_blank\"\n\t\t\t\t\t\t\t\t\t\trel=\"noopener noreferrer nofollow noindex\"\n\t\t\t\t\t\t\t\t\t>\n\t\t\t\t\t\t\t\t\t\tiCalendar\t\t\t\t\t\t\t\t\t<\/a>\n\t\t\t\t\t\t\t\t<\/li>\n\t\t\t\t\t\t\t\t\t\t\t\t\t\t\t<li class=\"tribe-events-c-subscribe-dropdown__list-item tribe-events-c-subscribe-dropdown__list-item--outlook-365\">\n\t\t\t\t\t\t\t\t\t<a\n\t\t\t\t\t\t\t\t\t\thref=\"\"\n\t\t\t\t\t\t\t\t\t\tclass=\"tribe-events-c-subscribe-dropdown__list-item-link\"\n\t\t\t\t\t\t\t\t\t\ttarget=\"_blank\"\n\t\t\t\t\t\t\t\t\t\trel=\"noopener noreferrer nofollow noindex\"\n\t\t\t\t\t\t\t\t\t>\n\t\t\t\t\t\t\t\t\t\tOutlook 365\t\t\t\t\t\t\t\t\t<\/a>\n\t\t\t\t\t\t\t\t<\/li>\n\t\t\t\t\t\t\t\t\t\t\t\t\t\t\t<li class=\"tribe-events-c-subscribe-dropdown__list-item tribe-events-c-subscribe-dropdown__list-item--outlook-live\">\n\t\t\t\t\t\t\t\t\t<a\n\t\t\t\t\t\t\t\t\t\thref=\"\"\n\t\t\t\t\t\t\t\t\t\tclass=\"tribe-events-c-subscribe-dropdown__list-item-link\"\n\t\t\t\t\t\t\t\t\t\ttarget=\"_blank\"\n\t\t\t\t\t\t\t\t\t\trel=\"noopener noreferrer nofollow noindex\"\n\t\t\t\t\t\t\t\t\t>\n\t\t\t\t\t\t\t\t\t\tOutlook Live\t\t\t\t\t\t\t\t\t<\/a>\n\t\t\t\t\t\t\t\t<\/li>\n\t\t\t\t\t\t\t\t\t\t\t\t\t<\/ul>\n\t\t\t\t\t<\/div>\n\t\t\t\t<\/div>\n\t\t\t<\/div>\n\t\t<\/div>\n\t<\/div>\n\n","protected":false},"excerpt":{"rendered":"<p>Le mardi 8 juillet (9h \u2013 11h30) aura lieu \u00e0 l&#8217;UMR ISPA, un atelier petit-d\u00e9jeuner sur le th\u00e8me \u00ab For\u00eats, changement climatique, mod\u00e8les, etc \u00bb. L\u2019atelier aura lieu dans la [&hellip;]<\/p>\n","protected":false},"author":101,"featured_media":25066,"template":"","meta":{"_acf_changed":false,"_eb_attr":"","_EventAllDay":false,"_EventTimezone":"Europe\/Paris","_EventStartDate":"2025-07-08 09:00:00","_EventEndDate":"2025-07-08 11:30:00","_EventStartDateUTC":"2025-07-08 07:00:00","_EventEndDateUTC":"2025-07-08 09:30:00","_EventShowMap":false,"_EventShowMapLink":false,"_EventURL":"","_EventCost":"","_EventCostDescription":"","_EventCurrencySymbol":"\u20ac","_EventCurrencyCode":"EUR","_EventCurrencyPosition":"suffix","_EventDateTimeSeparator":" @ ","_EventTimeRangeSeparator":" - ","_EventOrganizerID":[],"_EventVenueID":[],"_OrganizerEmail":"","_OrganizerPhone":"","_OrganizerWebsite":"","_VenueAddress":"","_VenueCity":"","_VenueCountry":"","_VenueProvince":"","_VenueState":"","_VenueZip":"","_VenuePhone":"","_VenueURL":"","_VenueStateProvince":"","_VenueLat":"","_VenueLng":"","_VenueShowMap":false,"_VenueShowMapLink":false,"_tribe_events_status":"","_tribe_events_status_reason":"","activitypub_content_warning":"","activitypub_content_visibility":"","activitypub_max_image_attachments":4,"activitypub_interaction_policy_quote":"anyone","activitypub_status":"federated","footnotes":""},"tags":[],"tribe_events_cat":[],"class_list":["post-25062","tribe_events","type-tribe_events","status-publish","has-post-thumbnail","hentry"],"translation":{"provider":"WPGlobus","version":"3.0.2","language":"es","enabled_languages":["gb","fr","es","pt"],"languages":{"gb":{"title":true,"content":true,"excerpt":false},"fr":{"title":false,"content":false,"excerpt":false},"es":{"title":false,"content":false,"excerpt":false},"pt":{"title":false,"content":false,"excerpt":false}}},"acf":[],"yoast_head":"<!-- This site is optimized with the Yoast SEO plugin v27.5 - https:\/\/yoast.com\/product\/yoast-seo-wordpress\/ -->\n<title>Atelier petit-d\u00e9jeuner - For\u00eats, changement climatique, mod\u00e8les, etc. - Instituto Europeo Del Bosque Cultivado - IEFC<\/title>\n<meta name=\"robots\" content=\"index, follow, max-snippet:-1, max-image-preview:large, max-video-preview:-1\" \/>\n<link rel=\"canonical\" href=\"https:\/\/www.plantedforests.org\/event\/atelier-petit-dejeuner-forets-changement-climatique-modeles-etc\/\" \/>\n<meta property=\"og:locale\" content=\"es_ES\" \/>\n<meta property=\"og:type\" content=\"article\" \/>\n<meta property=\"og:title\" content=\"Atelier petit-d\u00e9jeuner - For\u00eats, changement climatique, mod\u00e8les, etc. - Instituto Europeo Del Bosque Cultivado - IEFC\" \/>\n<meta property=\"og:url\" content=\"https:\/\/www.plantedforests.org\/event\/atelier-petit-dejeuner-forets-changement-climatique-modeles-etc\/\" \/>\n<meta property=\"og:site_name\" content=\"Instituto Europeo Del Bosque Cultivado - IEFC\" \/>\n<meta property=\"article:modified_time\" content=\"2025-06-18T12:05:08+00:00\" \/>\n<meta property=\"og:image\" content=\"https:\/\/www.plantedforests.org\/wp-content\/uploads\/2025\/06\/logo-principal-version-finale.png\" \/>\n\t<meta property=\"og:image:width\" content=\"1921\" \/>\n\t<meta property=\"og:image:height\" content=\"529\" \/>\n\t<meta property=\"og:image:type\" content=\"image\/png\" \/>\n<meta name=\"twitter:card\" content=\"summary_large_image\" \/>\n<meta name=\"twitter:site\" content=\"@IEFCPlantForest\" \/>\n<meta name=\"twitter:label1\" content=\"Tiempo de lectura\" \/>\n\t<meta name=\"twitter:data1\" content=\"1 minuto\" \/>\n<script type=\"application\/ld+json\" class=\"yoast-schema-graph\">{\"@context\":\"https:\\\/\\\/schema.org\",\"@graph\":[{\"@type\":\"WebPage\",\"@id\":\"https:\\\/\\\/www.plantedforests.org\\\/event\\\/atelier-petit-dejeuner-forets-changement-climatique-modeles-etc\\\/\",\"url\":\"https:\\\/\\\/www.plantedforests.org\\\/event\\\/atelier-petit-dejeuner-forets-changement-climatique-modeles-etc\\\/\",\"name\":\"Atelier petit-d\u00e9jeuner - For\u00eats, changement climatique, mod\u00e8les, etc. - Instituto Europeo Del Bosque Cultivado - IEFC\",\"isPartOf\":{\"@id\":\"https:\\\/\\\/www.plantedforests.org\\\/fr\\\/#website\"},\"primaryImageOfPage\":{\"@id\":\"https:\\\/\\\/www.plantedforests.org\\\/event\\\/atelier-petit-dejeuner-forets-changement-climatique-modeles-etc\\\/#primaryimage\"},\"image\":{\"@id\":\"https:\\\/\\\/www.plantedforests.org\\\/event\\\/atelier-petit-dejeuner-forets-changement-climatique-modeles-etc\\\/#primaryimage\"},\"thumbnailUrl\":\"https:\\\/\\\/www.plantedforests.org\\\/wp-content\\\/uploads\\\/2025\\\/06\\\/logo-principal-version-finale.png\",\"datePublished\":\"2025-06-18T09:59:44+00:00\",\"dateModified\":\"2025-06-18T12:05:08+00:00\",\"breadcrumb\":{\"@id\":\"https:\\\/\\\/www.plantedforests.org\\\/event\\\/atelier-petit-dejeuner-forets-changement-climatique-modeles-etc\\\/#breadcrumb\"},\"inLanguage\":\"es\",\"potentialAction\":[{\"@type\":\"ReadAction\",\"target\":[\"https:\\\/\\\/www.plantedforests.org\\\/event\\\/atelier-petit-dejeuner-forets-changement-climatique-modeles-etc\\\/\"]}]},{\"@type\":\"ImageObject\",\"inLanguage\":\"es\",\"@id\":\"https:\\\/\\\/www.plantedforests.org\\\/event\\\/atelier-petit-dejeuner-forets-changement-climatique-modeles-etc\\\/#primaryimage\",\"url\":\"https:\\\/\\\/www.plantedforests.org\\\/wp-content\\\/uploads\\\/2025\\\/06\\\/logo-principal-version-finale.png\",\"contentUrl\":\"https:\\\/\\\/www.plantedforests.org\\\/wp-content\\\/uploads\\\/2025\\\/06\\\/logo-principal-version-finale.png\",\"width\":1921,\"height\":529},{\"@type\":\"BreadcrumbList\",\"@id\":\"https:\\\/\\\/www.plantedforests.org\\\/event\\\/atelier-petit-dejeuner-forets-changement-climatique-modeles-etc\\\/#breadcrumb\",\"itemListElement\":[{\"@type\":\"ListItem\",\"position\":1,\"name\":\"Accueil\",\"item\":\"https:\\\/\\\/www.plantedforests.org\\\/\"},{\"@type\":\"ListItem\",\"position\":2,\"name\":\"Events\",\"item\":\"https:\\\/\\\/www.plantedforests.org\\\/events\\\/\"},{\"@type\":\"ListItem\",\"position\":3,\"name\":\"Atelier petit-d\u00e9jeuner &#8211; For\u00eats, changement climatique, mod\u00e8les, etc.\"}]},{\"@type\":\"WebSite\",\"@id\":\"https:\\\/\\\/www.plantedforests.org\\\/fr\\\/#website\",\"url\":\"https:\\\/\\\/www.plantedforests.org\\\/fr\\\/\",\"name\":\"Instituto Europeo Del Bosque Cultivado - IEFC\",\"description\":\"La red para la gesti\u00f3n sostenible y la resiliencia de los bosques cultivados \",\"publisher\":{\"@id\":\"https:\\\/\\\/www.plantedforests.org\\\/fr\\\/#organization\"},\"potentialAction\":[{\"@type\":\"SearchAction\",\"target\":{\"@type\":\"EntryPoint\",\"urlTemplate\":\"https:\\\/\\\/www.plantedforests.org\\\/fr\\\/?s={search_term_string}\"},\"query-input\":{\"@type\":\"PropertyValueSpecification\",\"valueRequired\":true,\"valueName\":\"search_term_string\"}}],\"inLanguage\":\"es\"},{\"@type\":\"Organization\",\"@id\":\"https:\\\/\\\/www.plantedforests.org\\\/fr\\\/#organization\",\"name\":\"Institut Europ\u00e9en de la For\u00eat Cultiv\u00e9e - Plantedforests.org\",\"url\":\"https:\\\/\\\/www.plantedforests.org\\\/fr\\\/\",\"logo\":{\"@type\":\"ImageObject\",\"inLanguage\":\"es\",\"@id\":\"https:\\\/\\\/www.plantedforests.org\\\/fr\\\/#\\\/schema\\\/logo\\\/image\\\/\",\"url\":\"https:\\\/\\\/www.plantedforests.org\\\/wp-content\\\/uploads\\\/2022\\\/07\\\/Logo_iefc__FR.png\",\"contentUrl\":\"https:\\\/\\\/www.plantedforests.org\\\/wp-content\\\/uploads\\\/2022\\\/07\\\/Logo_iefc__FR.png\",\"width\":2031,\"height\":1001,\"caption\":\"Institut Europ\u00e9en de la For\u00eat Cultiv\u00e9e - Plantedforests.org\"},\"image\":{\"@id\":\"https:\\\/\\\/www.plantedforests.org\\\/fr\\\/#\\\/schema\\\/logo\\\/image\\\/\"},\"sameAs\":[\"https:\\\/\\\/x.com\\\/IEFCPlantForest\",\"https:\\\/\\\/www.linkedin.com\\\/company\\\/71728047\\\/\"]}]}<\/script>\n<!-- \/ Yoast SEO plugin. -->","yoast_head_json":{"title":"Atelier petit-d\u00e9jeuner - For\u00eats, changement climatique, mod\u00e8les, etc. - Instituto Europeo Del Bosque Cultivado - IEFC","robots":{"index":"index","follow":"follow","max-snippet":"max-snippet:-1","max-image-preview":"max-image-preview:large","max-video-preview":"max-video-preview:-1"},"canonical":"https:\/\/www.plantedforests.org\/event\/atelier-petit-dejeuner-forets-changement-climatique-modeles-etc\/","og_locale":"es_ES","og_type":"article","og_title":"Atelier petit-d\u00e9jeuner - For\u00eats, changement climatique, mod\u00e8les, etc. - Instituto Europeo Del Bosque Cultivado - IEFC","og_url":"https:\/\/www.plantedforests.org\/event\/atelier-petit-dejeuner-forets-changement-climatique-modeles-etc\/","og_site_name":"Instituto Europeo Del Bosque Cultivado - IEFC","article_modified_time":"2025-06-18T12:05:08+00:00","og_image":[{"width":1921,"height":529,"url":"https:\/\/www.plantedforests.org\/wp-content\/uploads\/2025\/06\/logo-principal-version-finale.png","type":"image\/png"}],"twitter_card":"summary_large_image","twitter_site":"@IEFCPlantForest","twitter_misc":{"Tiempo de lectura":"1 minuto"},"schema":{"@context":"https:\/\/schema.org","@graph":[{"@type":"WebPage","@id":"https:\/\/www.plantedforests.org\/event\/atelier-petit-dejeuner-forets-changement-climatique-modeles-etc\/","url":"https:\/\/www.plantedforests.org\/event\/atelier-petit-dejeuner-forets-changement-climatique-modeles-etc\/","name":"Atelier petit-d\u00e9jeuner - For\u00eats, changement climatique, mod\u00e8les, etc. - Instituto Europeo Del Bosque Cultivado - IEFC","isPartOf":{"@id":"https:\/\/www.plantedforests.org\/fr\/#website"},"primaryImageOfPage":{"@id":"https:\/\/www.plantedforests.org\/event\/atelier-petit-dejeuner-forets-changement-climatique-modeles-etc\/#primaryimage"},"image":{"@id":"https:\/\/www.plantedforests.org\/event\/atelier-petit-dejeuner-forets-changement-climatique-modeles-etc\/#primaryimage"},"thumbnailUrl":"https:\/\/www.plantedforests.org\/wp-content\/uploads\/2025\/06\/logo-principal-version-finale.png","datePublished":"2025-06-18T09:59:44+00:00","dateModified":"2025-06-18T12:05:08+00:00","breadcrumb":{"@id":"https:\/\/www.plantedforests.org\/event\/atelier-petit-dejeuner-forets-changement-climatique-modeles-etc\/#breadcrumb"},"inLanguage":"es","potentialAction":[{"@type":"ReadAction","target":["https:\/\/www.plantedforests.org\/event\/atelier-petit-dejeuner-forets-changement-climatique-modeles-etc\/"]}]},{"@type":"ImageObject","inLanguage":"es","@id":"https:\/\/www.plantedforests.org\/event\/atelier-petit-dejeuner-forets-changement-climatique-modeles-etc\/#primaryimage","url":"https:\/\/www.plantedforests.org\/wp-content\/uploads\/2025\/06\/logo-principal-version-finale.png","contentUrl":"https:\/\/www.plantedforests.org\/wp-content\/uploads\/2025\/06\/logo-principal-version-finale.png","width":1921,"height":529},{"@type":"BreadcrumbList","@id":"https:\/\/www.plantedforests.org\/event\/atelier-petit-dejeuner-forets-changement-climatique-modeles-etc\/#breadcrumb","itemListElement":[{"@type":"ListItem","position":1,"name":"Accueil","item":"https:\/\/www.plantedforests.org\/"},{"@type":"ListItem","position":2,"name":"Events","item":"https:\/\/www.plantedforests.org\/events\/"},{"@type":"ListItem","position":3,"name":"Atelier petit-d\u00e9jeuner &#8211; For\u00eats, changement climatique, mod\u00e8les, etc."}]},{"@type":"WebSite","@id":"https:\/\/www.plantedforests.org\/fr\/#website","url":"https:\/\/www.plantedforests.org\/fr\/","name":"Instituto Europeo Del Bosque Cultivado - IEFC","description":"La red para la gesti\u00f3n sostenible y la resiliencia de los bosques cultivados ","publisher":{"@id":"https:\/\/www.plantedforests.org\/fr\/#organization"},"potentialAction":[{"@type":"SearchAction","target":{"@type":"EntryPoint","urlTemplate":"https:\/\/www.plantedforests.org\/fr\/?s={search_term_string}"},"query-input":{"@type":"PropertyValueSpecification","valueRequired":true,"valueName":"search_term_string"}}],"inLanguage":"es"},{"@type":"Organization","@id":"https:\/\/www.plantedforests.org\/fr\/#organization","name":"Institut Europ\u00e9en de la For\u00eat Cultiv\u00e9e - Plantedforests.org","url":"https:\/\/www.plantedforests.org\/fr\/","logo":{"@type":"ImageObject","inLanguage":"es","@id":"https:\/\/www.plantedforests.org\/fr\/#\/schema\/logo\/image\/","url":"https:\/\/www.plantedforests.org\/wp-content\/uploads\/2022\/07\/Logo_iefc__FR.png","contentUrl":"https:\/\/www.plantedforests.org\/wp-content\/uploads\/2022\/07\/Logo_iefc__FR.png","width":2031,"height":1001,"caption":"Institut Europ\u00e9en de la For\u00eat Cultiv\u00e9e - Plantedforests.org"},"image":{"@id":"https:\/\/www.plantedforests.org\/fr\/#\/schema\/logo\/image\/"},"sameAs":["https:\/\/x.com\/IEFCPlantForest","https:\/\/www.linkedin.com\/company\/71728047\/"]}]}},"_links":{"self":[{"href":"https:\/\/www.plantedforests.org\/es\/wp-json\/wp\/v2\/tribe_events\/25062","targetHints":{"allow":["GET"]}}],"collection":[{"href":"https:\/\/www.plantedforests.org\/es\/wp-json\/wp\/v2\/tribe_events"}],"about":[{"href":"https:\/\/www.plantedforests.org\/es\/wp-json\/wp\/v2\/types\/tribe_events"}],"author":[{"embeddable":true,"href":"https:\/\/www.plantedforests.org\/es\/wp-json\/wp\/v2\/users\/101"}],"version-history":[{"count":7,"href":"https:\/\/www.plantedforests.org\/es\/wp-json\/wp\/v2\/tribe_events\/25062\/revisions"}],"predecessor-version":[{"id":25082,"href":"https:\/\/www.plantedforests.org\/es\/wp-json\/wp\/v2\/tribe_events\/25062\/revisions\/25082"}],"wp:featuredmedia":[{"embeddable":true,"href":"https:\/\/www.plantedforests.org\/es\/wp-json\/wp\/v2\/media\/25066"}],"wp:attachment":[{"href":"https:\/\/www.plantedforests.org\/es\/wp-json\/wp\/v2\/media?parent=25062"}],"wp:term":[{"taxonomy":"post_tag","embeddable":true,"href":"https:\/\/www.plantedforests.org\/es\/wp-json\/wp\/v2\/tags?post=25062"},{"taxonomy":"tribe_events_cat","embeddable":true,"href":"https:\/\/www.plantedforests.org\/es\/wp-json\/wp\/v2\/tribe_events_cat?post=25062"}],"curies":[{"name":"wp","href":"https:\/\/api.w.org\/{rel}","templated":true}]}}