
{"id":19344,"date":"2024-07-29T14:31:17","date_gmt":"2024-07-29T12:31:17","guid":{"rendered":"https:\/\/www.plantedforests.org\/?post_type=tribe_events&#038;p=19344"},"modified":"2024-12-12T10:42:03","modified_gmt":"2024-12-12T09:42:03","slug":"iufro-1-01-04-tree-establishment-and-early-growth-dynamics-conference","status":"publish","type":"tribe_events","link":"https:\/\/www.plantedforests.org\/es\/event\/iufro-1-01-04-tree-establishment-and-early-growth-dynamics-conference\/","title":{"rendered":"IUFRO 1.01.04 Tree Establishment and Early Growth Dynamics Conference"},"content":{"rendered":"<div  class=\"tribe-events-schedule tribe-clearfix\" >\n\t<p class=\"tribe-events-schedule__datetime\">\n\t\t<span class=\"tribe-events-schedule__date tribe-events-schedule__date--start\">\n\t\t\t17 marzo 2025\t\t<\/span>\n\n\t\t\t\t\t<span class=\"tribe-events-schedule__separator tribe-events-schedule__separator--date\">\n\t\t\t\t @ \t\t\t<\/span>\n\t\t\t<span class=\"tribe-events-schedule__time tribe-events-schedule__time--start\">\n\t\t\t\t08:00\t\t\t<\/span>\n\t\t\n\t\t\t\t\t\t\t\t\t<span class=\"tribe-events-schedule__separator tribe-events-schedule__separator--time\">\n\t\t\t\t\t &#8211; \t\t\t\t<\/span>\n\t\t\t\n\t\t\t\t\t\t\t<span class=\"tribe-events-schedule__date tribe-events-schedule__date--end\">\n\t\t\t\t\t21 marzo 2025\t\t\t\t<\/span>\n\n\t\t\t\t\t\t\t\t\t<span class=\"tribe-events-schedule__separator tribe-events-schedule__separator--date\">\n\t\t\t\t\t\t @ \t\t\t\t\t<\/span>\n\t\t\t\t\t<span class=\"tribe-events-schedule__time tribe-events-schedule__time--end\">\n\t\t\t\t\t\t17:00\t\t\t\t\t<\/span>\n\t\t\t\t\n\t\t\t\n\t\t\t\t\t\t\t<span class=\"tribe-events-schedule__timezone\">CET<\/span>\n\t\t\t\t\t\t<\/p>\n<\/div>\n\n\n\n<div data-wp-interactive=\"core\/file\" class=\"wp-block-file\"><object data-wp-bind--hidden=\"!state.hasPdfPreview\" hidden class=\"wp-block-file__embed\" data=\"https:\/\/www.plantedforests.org\/wp-content\/uploads\/2024\/07\/IUFRO-1.0-advertisement-base_A5-SIZE.pdf\" type=\"application\/pdf\" style=\"width:100%;height:600px\" aria-label=\"Incrustado de IUFRO-1.0-advertisement-base_A5-SIZE.\"><\/object><a id=\"wp-block-file--media-171d9c76-40c0-41ae-9e00-a89bfb5d3cf3\" href=\"https:\/\/www.plantedforests.org\/wp-content\/uploads\/2024\/07\/IUFRO-1.0-advertisement-base_A5-SIZE.pdf\">IUFRO-1.0-advertisement-base_A5-SIZE<\/a><a href=\"https:\/\/www.plantedforests.org\/wp-content\/uploads\/2024\/07\/IUFRO-1.0-advertisement-base_A5-SIZE.pdf\" class=\"wp-block-file__button wp-element-button\" download aria-describedby=\"wp-block-file--media-171d9c76-40c0-41ae-9e00-a89bfb5d3cf3\">T\u00e9l\u00e9charger<\/a><\/div>\n\n\n\n<h2 class=\"wp-block-heading has-black-color has-text-color has-link-color wp-elements-4b09a007582c48cd16d8088bb4c70a0d\">Achieving forest establishment success at scale to address climate, environmental, social and economic challenges around the world.<\/h2>\n\n\n\n<p class=\"has-text-align-left has-black-color has-text-color has-link-color wp-elements-620656130758d4ad7248799763fbaf5b\">Since 2017 there has been a rapid rise in global efforts to plant billions of trees at scale to mitigate climate change, address environmental degradation, reforest large areas devastated by natural disturbances (e.g. wildfires), and to accelerate development of the bioeconomy. In parallel, emerging technologies offer new opportunities to increase productivity, overcome labour constraints and to minimise environmental impacts of tree planting operations. The application of Indigenous Knowledge in forest establishment practices has also been gaining importance globally.<\/p>\n\n\n\n<p class=\"has-text-align-left has-black-color has-text-color has-link-color wp-elements-76877359410cd2bae74320d9ada86b64\">As a result of all these factors, planted forest establishment is again a highly topical area of forest science and it is vital that forest regeneration and afforestation efforts are accelerated by adopting the latest advances in forest science and technology. The goal of this next conference in New Zealand is to bring together forest leaders, researchers, practitioners, and technologists to present the state-of-the-art science and technology being developed and implemented to address the opportunities and challenges associated with actively establishing and regenerating forest ecosystems in an increasingly complex, extreme, and rapidly changing environment.<\/p>\n\n\n\n<p><a href=\"https:\/\/iufro2025conference.wordpress.com\/\">Website<\/a> <\/p>\n\n\n\n<p><a href=\"https:\/\/iufro2025conference.wordpress.com\/schedule\/\">Programme<\/a> (draft)<\/p>\n\n\n\n<p><a href=\"https:\/\/www.plantedforests.org\/wp-content\/uploads\/2024\/07\/IUFRO-1.0-Sponsorship-240517.pdf\">Sponsorship opportunity<\/a> <\/p>\n\n\n\n<p><a href=\"https:\/\/www.plantedforests.org\/wp-content\/uploads\/2024\/07\/IUFRO-1.0-2nd-Announcement-1.pdf\">Announcement<\/a><\/p>\n\n\n<div  class=\"tribe-block tribe-block__event-price\" >\n\t\t<\/div>\n\n\n\n\n<div  class=\"tribe-block tribe-block__venue tribe-clearfix\" >\n\t\n\t\t\n\t<\/div>\n\n\n\n\n\t<div  class=\"tribe-block tribe-block__events-link\" >\n\t\t<div class=\"tribe-events tribe-common\">\n\t\t\t<div class=\"tribe-events-c-subscribe-dropdown__container\">\n\t\t\t\t<div class=\"tribe-events-c-subscribe-dropdown\">\n\t\t\t\t\t<div class=\"tribe-common-c-btn-border tribe-events-c-subscribe-dropdown__button\">\n\t\t\t\t\t\t<svg\n\t class=\"tribe-common-c-svgicon tribe-common-c-svgicon--cal-export tribe-events-c-subscribe-dropdown__export-icon\" \taria-hidden=\"true\"\n\tviewBox=\"0 0 23 17\"\n\txmlns=\"http:\/\/www.w3.org\/2000\/svg\"\n>\n\t<path fill-rule=\"evenodd\" clip-rule=\"evenodd\" d=\"M.128.896V16.13c0 .211.145.383.323.383h15.354c.179 0 .323-.172.323-.383V.896c0-.212-.144-.383-.323-.383H.451C.273.513.128.684.128.896Zm16 6.742h-.901V4.679H1.009v10.729h14.218v-3.336h.901V7.638ZM1.01 1.614h14.218v2.058H1.009V1.614Z\" \/>\n\t<path d=\"M20.5 9.846H8.312M18.524 6.953l2.89 2.909-2.855 2.855\" stroke-width=\"1.2\" stroke-linecap=\"round\" stroke-linejoin=\"round\"\/>\n<\/svg>\n\t\t\t\t\t\t<button\n\t\t\t\t\t\t\tclass=\"tribe-events-c-subscribe-dropdown__button-text\"\n\t\t\t\t\t\t\taria-expanded=\"false\"\n\t\t\t\t\t\t\taria-controls=\"tribe-events-subscribe-dropdown-content\"\n\t\t\t\t\t\t\taria-label=\"Ver enlaces para a\u00f1adir eventos al calendario\"\n\t\t\t\t\t\t>\n\t\t\t\t\t\t\tA\u00f1adir al calendario\t\t\t\t\t\t<\/button>\n\t\t\t\t\t\t<svg\n\t class=\"tribe-common-c-svgicon tribe-common-c-svgicon--caret-down tribe-events-c-subscribe-dropdown__button-icon\" \taria-hidden=\"true\"\n\tviewBox=\"0 0 10 7\"\n\txmlns=\"http:\/\/www.w3.org\/2000\/svg\"\n>\n\t<path fill-rule=\"evenodd\" clip-rule=\"evenodd\" d=\"M1.008.609L5 4.6 8.992.61l.958.958L5 6.517.05 1.566l.958-.958z\" class=\"tribe-common-c-svgicon__svg-fill\"\/>\n<\/svg>\n\t\t\t\t\t<\/div>\n\t\t\t\t\t<div id=\"tribe-events-subscribe-dropdown-content\" class=\"tribe-events-c-subscribe-dropdown__content\">\n\t\t\t\t\t\t<ul class=\"tribe-events-c-subscribe-dropdown__list\">\n\t\t\t\t\t\t\t\t\t\t\t\t\t\t\t<li class=\"tribe-events-c-subscribe-dropdown__list-item tribe-events-c-subscribe-dropdown__list-item--gcal\">\n\t\t\t\t\t\t\t\t\t<a\n\t\t\t\t\t\t\t\t\t\thref=\"https:\/\/www.google.com\/calendar\/event?action=TEMPLATE&#038;dates=20250317T080000\/20250321T170000&#038;text=IUFRO%201.01.04%20Tree%20Establishment%20and%20Early%20Growth%20Dynamics%20Conference&#038;details=%3Cdiv+class%3D%22wp-block-file%22%3E%3Cobject+class%3D%22wp-block-file__embed%22+data%3D%22https%3A%2F%2Fwww.plantedforests.org%2Fwp-content%2Fuploads%2F2024%2F07%2FIUFRO-1.0-advertisement-base_A5-SIZE.pdf%22+type%3D%22application%2Fpdf%22+style%3D%22width%3A100%25%3Bheight%3A600px%22+aria-label%3D%22IUFRO-1.0-advertisement-base_A5-SIZE%22%3E%3C%2Fobject%3E%3Ca+id%3D%22wp-block-file--media-171d9c76-40c0-41ae-9e00-a89bfb5d3cf3%22+href%3D%22https%3A%2F%2Fwww.plantedforests.org%2Fwp-content%2Fuploads%2F2024%2F07%2FIUFRO-1.0-advertisement-base_A5-SIZE.pdf%22%3EIUFRO-1.0-advertisement-base_A5-SIZE%3C%2Fa%3E%3Ca+href%3D%22https%3A%2F%2Fwww.plantedforests.org%2Fwp-content%2Fuploads%2F2024%2F07%2FIUFRO-1.0-advertisement-base_A5-SIZE.pdf%22+class%3D%22wp-block-file__button+wp-element-button%22+download+aria-describedby%3D%22wp-block-file--media-171d9c76-40c0-41ae-9e00-a89bfb5d3cf3%22%3ET%C3%A9l%C3%A9charger%3C%2Fa%3E%3C%2Fdiv%3E%3Ch2+class%3D%22wp-block-heading+has-black-color+has-text-color+has-link-color%22%3EAchieving+forest+establishment+success+at+scale+to+address+climate%2C+environmental%2C+social+and+economic+challenges+around+the+world.%3C%2Fh2%3E%3Cp+class%3D%22ha+%28Ver+aqu%C3%AD+la+descripci%C3%B3n+completa+de+evento%3A+https%3A%2F%2Fwww.plantedforests.org%2Fes%2Fevent%2Fiufro-1-01-04-tree-establishment-and-early-growth-dynamics-conference%2F%29&#038;trp=false&#038;ctz=Europe\/Paris&#038;sprop=website:https:\/\/www.plantedforests.org\/es\"\n\t\t\t\t\t\t\t\t\t\tclass=\"tribe-events-c-subscribe-dropdown__list-item-link\"\n\t\t\t\t\t\t\t\t\t\ttarget=\"_blank\"\n\t\t\t\t\t\t\t\t\t\trel=\"noopener noreferrer nofollow noindex\"\n\t\t\t\t\t\t\t\t\t>\n\t\t\t\t\t\t\t\t\t\tGoogle Calendar\t\t\t\t\t\t\t\t\t<\/a>\n\t\t\t\t\t\t\t\t<\/li>\n\t\t\t\t\t\t\t\t\t\t\t\t\t\t\t<li class=\"tribe-events-c-subscribe-dropdown__list-item tribe-events-c-subscribe-dropdown__list-item--ical\">\n\t\t\t\t\t\t\t\t\t<a\n\t\t\t\t\t\t\t\t\t\thref=\"\"\n\t\t\t\t\t\t\t\t\t\tclass=\"tribe-events-c-subscribe-dropdown__list-item-link\"\n\t\t\t\t\t\t\t\t\t\ttarget=\"_blank\"\n\t\t\t\t\t\t\t\t\t\trel=\"noopener noreferrer nofollow noindex\"\n\t\t\t\t\t\t\t\t\t>\n\t\t\t\t\t\t\t\t\t\tiCalendar\t\t\t\t\t\t\t\t\t<\/a>\n\t\t\t\t\t\t\t\t<\/li>\n\t\t\t\t\t\t\t\t\t\t\t\t\t\t\t<li class=\"tribe-events-c-subscribe-dropdown__list-item tribe-events-c-subscribe-dropdown__list-item--outlook-365\">\n\t\t\t\t\t\t\t\t\t<a\n\t\t\t\t\t\t\t\t\t\thref=\"\"\n\t\t\t\t\t\t\t\t\t\tclass=\"tribe-events-c-subscribe-dropdown__list-item-link\"\n\t\t\t\t\t\t\t\t\t\ttarget=\"_blank\"\n\t\t\t\t\t\t\t\t\t\trel=\"noopener noreferrer nofollow noindex\"\n\t\t\t\t\t\t\t\t\t>\n\t\t\t\t\t\t\t\t\t\tOutlook 365\t\t\t\t\t\t\t\t\t<\/a>\n\t\t\t\t\t\t\t\t<\/li>\n\t\t\t\t\t\t\t\t\t\t\t\t\t\t\t<li class=\"tribe-events-c-subscribe-dropdown__list-item tribe-events-c-subscribe-dropdown__list-item--outlook-live\">\n\t\t\t\t\t\t\t\t\t<a\n\t\t\t\t\t\t\t\t\t\thref=\"\"\n\t\t\t\t\t\t\t\t\t\tclass=\"tribe-events-c-subscribe-dropdown__list-item-link\"\n\t\t\t\t\t\t\t\t\t\ttarget=\"_blank\"\n\t\t\t\t\t\t\t\t\t\trel=\"noopener noreferrer nofollow noindex\"\n\t\t\t\t\t\t\t\t\t>\n\t\t\t\t\t\t\t\t\t\tOutlook Live\t\t\t\t\t\t\t\t\t<\/a>\n\t\t\t\t\t\t\t\t<\/li>\n\t\t\t\t\t\t\t\t\t\t\t\t\t<\/ul>\n\t\t\t\t\t<\/div>\n\t\t\t\t<\/div>\n\t\t\t<\/div>\n\t\t<\/div>\n\t<\/div>\n\n","protected":false},"excerpt":{"rendered":"<p>Achieving forest establishment success at scale to address climate, environmental, social and economic challenges around the world. Since 2017 there has been a rapid rise in global efforts to plant [&hellip;]<\/p>\n","protected":false},"author":101,"featured_media":0,"template":"","meta":{"_acf_changed":false,"_eb_attr":"","_EventAllDay":false,"_EventTimezone":"Europe\/Paris","_EventStartDate":"2025-03-17 08:00:00","_EventEndDate":"2025-03-21 17:00:00","_EventStartDateUTC":"2025-03-17 07:00:00","_EventEndDateUTC":"2025-03-21 16:00:00","_EventShowMap":false,"_EventShowMapLink":false,"_EventURL":"","_EventCost":"","_EventCostDescription":"","_EventCurrencySymbol":"\u20ac","_EventCurrencyCode":"EUR","_EventCurrencyPosition":"suffix","_EventDateTimeSeparator":" @ ","_EventTimeRangeSeparator":" - ","_EventOrganizerID":[],"_EventVenueID":[],"_OrganizerEmail":"","_OrganizerPhone":"","_OrganizerWebsite":"","_VenueAddress":"","_VenueCity":"","_VenueCountry":"","_VenueProvince":"","_VenueState":"","_VenueZip":"","_VenuePhone":"","_VenueURL":"","_VenueStateProvince":"","_VenueLat":"","_VenueLng":"","_VenueShowMap":false,"_VenueShowMapLink":false,"_tribe_events_status":"","_tribe_events_status_reason":"","activitypub_content_warning":"","activitypub_content_visibility":"","activitypub_max_image_attachments":4,"activitypub_interaction_policy_quote":"anyone","activitypub_status":"","footnotes":""},"tags":[],"tribe_events_cat":[328],"class_list":["post-19344","tribe_events","type-tribe_events","status-publish","hentry","tribe_events_cat-conference","cat_conference"],"translation":{"provider":"WPGlobus","version":"3.0.2","language":"es","enabled_languages":["gb","fr","es","pt"],"languages":{"gb":{"title":true,"content":true,"excerpt":false},"fr":{"title":false,"content":false,"excerpt":false},"es":{"title":false,"content":false,"excerpt":false},"pt":{"title":false,"content":false,"excerpt":false}}},"acf":[],"yoast_head":"<!-- This site is optimized with the Yoast SEO plugin v27.5 - https:\/\/yoast.com\/product\/yoast-seo-wordpress\/ -->\n<title>IUFRO 1.01.04 Tree Establishment and Early Growth Dynamics Conference - Instituto Europeo Del Bosque Cultivado - IEFC<\/title>\n<meta name=\"robots\" content=\"index, follow, max-snippet:-1, max-image-preview:large, max-video-preview:-1\" \/>\n<link rel=\"canonical\" href=\"https:\/\/www.plantedforests.org\/event\/iufro-1-01-04-tree-establishment-and-early-growth-dynamics-conference\/\" \/>\n<meta property=\"og:locale\" content=\"es_ES\" \/>\n<meta property=\"og:type\" content=\"article\" \/>\n<meta property=\"og:title\" content=\"IUFRO 1.01.04 Tree Establishment and Early Growth Dynamics Conference - Instituto Europeo Del Bosque Cultivado - IEFC\" \/>\n<meta property=\"og:url\" content=\"https:\/\/www.plantedforests.org\/event\/iufro-1-01-04-tree-establishment-and-early-growth-dynamics-conference\/\" \/>\n<meta property=\"og:site_name\" content=\"Instituto Europeo Del Bosque Cultivado - IEFC\" \/>\n<meta property=\"article:modified_time\" content=\"2024-12-12T09:42:03+00:00\" \/>\n<meta name=\"twitter:card\" content=\"summary_large_image\" \/>\n<meta name=\"twitter:site\" content=\"@IEFCPlantForest\" \/>\n<meta name=\"twitter:label1\" content=\"Tiempo de lectura\" \/>\n\t<meta name=\"twitter:data1\" content=\"2 minutos\" \/>\n<script type=\"application\/ld+json\" class=\"yoast-schema-graph\">{\"@context\":\"https:\\\/\\\/schema.org\",\"@graph\":[{\"@type\":\"WebPage\",\"@id\":\"https:\\\/\\\/www.plantedforests.org\\\/event\\\/iufro-1-01-04-tree-establishment-and-early-growth-dynamics-conference\\\/\",\"url\":\"https:\\\/\\\/www.plantedforests.org\\\/event\\\/iufro-1-01-04-tree-establishment-and-early-growth-dynamics-conference\\\/\",\"name\":\"IUFRO 1.01.04 Tree Establishment and Early Growth Dynamics Conference - Instituto Europeo Del Bosque Cultivado - IEFC\",\"isPartOf\":{\"@id\":\"https:\\\/\\\/www.plantedforests.org\\\/fr\\\/#website\"},\"datePublished\":\"2024-07-29T12:31:17+00:00\",\"dateModified\":\"2024-12-12T09:42:03+00:00\",\"breadcrumb\":{\"@id\":\"https:\\\/\\\/www.plantedforests.org\\\/event\\\/iufro-1-01-04-tree-establishment-and-early-growth-dynamics-conference\\\/#breadcrumb\"},\"inLanguage\":\"es\",\"potentialAction\":[{\"@type\":\"ReadAction\",\"target\":[\"https:\\\/\\\/www.plantedforests.org\\\/event\\\/iufro-1-01-04-tree-establishment-and-early-growth-dynamics-conference\\\/\"]}]},{\"@type\":\"BreadcrumbList\",\"@id\":\"https:\\\/\\\/www.plantedforests.org\\\/event\\\/iufro-1-01-04-tree-establishment-and-early-growth-dynamics-conference\\\/#breadcrumb\",\"itemListElement\":[{\"@type\":\"ListItem\",\"position\":1,\"name\":\"Accueil\",\"item\":\"https:\\\/\\\/www.plantedforests.org\\\/\"},{\"@type\":\"ListItem\",\"position\":2,\"name\":\"Events\",\"item\":\"https:\\\/\\\/www.plantedforests.org\\\/events\\\/\"},{\"@type\":\"ListItem\",\"position\":3,\"name\":\"IUFRO 1.01.04 Tree Establishment and Early Growth Dynamics Conference\"}]},{\"@type\":\"WebSite\",\"@id\":\"https:\\\/\\\/www.plantedforests.org\\\/fr\\\/#website\",\"url\":\"https:\\\/\\\/www.plantedforests.org\\\/fr\\\/\",\"name\":\"Instituto Europeo Del Bosque Cultivado - IEFC\",\"description\":\"La red para la gesti\u00f3n sostenible y la resiliencia de los bosques cultivados \",\"publisher\":{\"@id\":\"https:\\\/\\\/www.plantedforests.org\\\/fr\\\/#organization\"},\"potentialAction\":[{\"@type\":\"SearchAction\",\"target\":{\"@type\":\"EntryPoint\",\"urlTemplate\":\"https:\\\/\\\/www.plantedforests.org\\\/fr\\\/?s={search_term_string}\"},\"query-input\":{\"@type\":\"PropertyValueSpecification\",\"valueRequired\":true,\"valueName\":\"search_term_string\"}}],\"inLanguage\":\"es\"},{\"@type\":\"Organization\",\"@id\":\"https:\\\/\\\/www.plantedforests.org\\\/fr\\\/#organization\",\"name\":\"Institut Europ\u00e9en de la For\u00eat Cultiv\u00e9e - Plantedforests.org\",\"url\":\"https:\\\/\\\/www.plantedforests.org\\\/fr\\\/\",\"logo\":{\"@type\":\"ImageObject\",\"inLanguage\":\"es\",\"@id\":\"https:\\\/\\\/www.plantedforests.org\\\/fr\\\/#\\\/schema\\\/logo\\\/image\\\/\",\"url\":\"https:\\\/\\\/www.plantedforests.org\\\/wp-content\\\/uploads\\\/2022\\\/07\\\/Logo_iefc__FR.png\",\"contentUrl\":\"https:\\\/\\\/www.plantedforests.org\\\/wp-content\\\/uploads\\\/2022\\\/07\\\/Logo_iefc__FR.png\",\"width\":2031,\"height\":1001,\"caption\":\"Institut Europ\u00e9en de la For\u00eat Cultiv\u00e9e - Plantedforests.org\"},\"image\":{\"@id\":\"https:\\\/\\\/www.plantedforests.org\\\/fr\\\/#\\\/schema\\\/logo\\\/image\\\/\"},\"sameAs\":[\"https:\\\/\\\/x.com\\\/IEFCPlantForest\",\"https:\\\/\\\/www.linkedin.com\\\/company\\\/71728047\\\/\"]}]}<\/script>\n<!-- \/ Yoast SEO plugin. -->","yoast_head_json":{"title":"IUFRO 1.01.04 Tree Establishment and Early Growth Dynamics Conference - Instituto Europeo Del Bosque Cultivado - IEFC","robots":{"index":"index","follow":"follow","max-snippet":"max-snippet:-1","max-image-preview":"max-image-preview:large","max-video-preview":"max-video-preview:-1"},"canonical":"https:\/\/www.plantedforests.org\/event\/iufro-1-01-04-tree-establishment-and-early-growth-dynamics-conference\/","og_locale":"es_ES","og_type":"article","og_title":"IUFRO 1.01.04 Tree Establishment and Early Growth Dynamics Conference - Instituto Europeo Del Bosque Cultivado - IEFC","og_url":"https:\/\/www.plantedforests.org\/event\/iufro-1-01-04-tree-establishment-and-early-growth-dynamics-conference\/","og_site_name":"Instituto Europeo Del Bosque Cultivado - IEFC","article_modified_time":"2024-12-12T09:42:03+00:00","twitter_card":"summary_large_image","twitter_site":"@IEFCPlantForest","twitter_misc":{"Tiempo de lectura":"2 minutos"},"schema":{"@context":"https:\/\/schema.org","@graph":[{"@type":"WebPage","@id":"https:\/\/www.plantedforests.org\/event\/iufro-1-01-04-tree-establishment-and-early-growth-dynamics-conference\/","url":"https:\/\/www.plantedforests.org\/event\/iufro-1-01-04-tree-establishment-and-early-growth-dynamics-conference\/","name":"IUFRO 1.01.04 Tree Establishment and Early Growth Dynamics Conference - Instituto Europeo Del Bosque Cultivado - IEFC","isPartOf":{"@id":"https:\/\/www.plantedforests.org\/fr\/#website"},"datePublished":"2024-07-29T12:31:17+00:00","dateModified":"2024-12-12T09:42:03+00:00","breadcrumb":{"@id":"https:\/\/www.plantedforests.org\/event\/iufro-1-01-04-tree-establishment-and-early-growth-dynamics-conference\/#breadcrumb"},"inLanguage":"es","potentialAction":[{"@type":"ReadAction","target":["https:\/\/www.plantedforests.org\/event\/iufro-1-01-04-tree-establishment-and-early-growth-dynamics-conference\/"]}]},{"@type":"BreadcrumbList","@id":"https:\/\/www.plantedforests.org\/event\/iufro-1-01-04-tree-establishment-and-early-growth-dynamics-conference\/#breadcrumb","itemListElement":[{"@type":"ListItem","position":1,"name":"Accueil","item":"https:\/\/www.plantedforests.org\/"},{"@type":"ListItem","position":2,"name":"Events","item":"https:\/\/www.plantedforests.org\/events\/"},{"@type":"ListItem","position":3,"name":"IUFRO 1.01.04 Tree Establishment and Early Growth Dynamics Conference"}]},{"@type":"WebSite","@id":"https:\/\/www.plantedforests.org\/fr\/#website","url":"https:\/\/www.plantedforests.org\/fr\/","name":"Instituto Europeo Del Bosque Cultivado - IEFC","description":"La red para la gesti\u00f3n sostenible y la resiliencia de los bosques cultivados ","publisher":{"@id":"https:\/\/www.plantedforests.org\/fr\/#organization"},"potentialAction":[{"@type":"SearchAction","target":{"@type":"EntryPoint","urlTemplate":"https:\/\/www.plantedforests.org\/fr\/?s={search_term_string}"},"query-input":{"@type":"PropertyValueSpecification","valueRequired":true,"valueName":"search_term_string"}}],"inLanguage":"es"},{"@type":"Organization","@id":"https:\/\/www.plantedforests.org\/fr\/#organization","name":"Institut Europ\u00e9en de la For\u00eat Cultiv\u00e9e - Plantedforests.org","url":"https:\/\/www.plantedforests.org\/fr\/","logo":{"@type":"ImageObject","inLanguage":"es","@id":"https:\/\/www.plantedforests.org\/fr\/#\/schema\/logo\/image\/","url":"https:\/\/www.plantedforests.org\/wp-content\/uploads\/2022\/07\/Logo_iefc__FR.png","contentUrl":"https:\/\/www.plantedforests.org\/wp-content\/uploads\/2022\/07\/Logo_iefc__FR.png","width":2031,"height":1001,"caption":"Institut Europ\u00e9en de la For\u00eat Cultiv\u00e9e - Plantedforests.org"},"image":{"@id":"https:\/\/www.plantedforests.org\/fr\/#\/schema\/logo\/image\/"},"sameAs":["https:\/\/x.com\/IEFCPlantForest","https:\/\/www.linkedin.com\/company\/71728047\/"]}]}},"_links":{"self":[{"href":"https:\/\/www.plantedforests.org\/es\/wp-json\/wp\/v2\/tribe_events\/19344","targetHints":{"allow":["GET"]}}],"collection":[{"href":"https:\/\/www.plantedforests.org\/es\/wp-json\/wp\/v2\/tribe_events"}],"about":[{"href":"https:\/\/www.plantedforests.org\/es\/wp-json\/wp\/v2\/types\/tribe_events"}],"author":[{"embeddable":true,"href":"https:\/\/www.plantedforests.org\/es\/wp-json\/wp\/v2\/users\/101"}],"version-history":[{"count":6,"href":"https:\/\/www.plantedforests.org\/es\/wp-json\/wp\/v2\/tribe_events\/19344\/revisions"}],"predecessor-version":[{"id":21257,"href":"https:\/\/www.plantedforests.org\/es\/wp-json\/wp\/v2\/tribe_events\/19344\/revisions\/21257"}],"wp:attachment":[{"href":"https:\/\/www.plantedforests.org\/es\/wp-json\/wp\/v2\/media?parent=19344"}],"wp:term":[{"taxonomy":"post_tag","embeddable":true,"href":"https:\/\/www.plantedforests.org\/es\/wp-json\/wp\/v2\/tags?post=19344"},{"taxonomy":"tribe_events_cat","embeddable":true,"href":"https:\/\/www.plantedforests.org\/es\/wp-json\/wp\/v2\/tribe_events_cat?post=19344"}],"curies":[{"name":"wp","href":"https:\/\/api.w.org\/{rel}","templated":true}]}}