
{"id":9236,"date":"2023-02-20T14:38:08","date_gmt":"2023-02-20T13:38:08","guid":{"rendered":"https:\/\/www.plantedforests.org\/?page_id=9236"},"modified":"2025-08-04T09:43:34","modified_gmt":"2025-08-04T07:43:34","slug":"our-mission-2","status":"publish","type":"page","link":"https:\/\/www.plantedforests.org\/es\/our-mission-2\/","title":{"rendered":"Nuestra misi\u00f3n"},"content":{"rendered":"<h2>Nuestra Misi\u00f3n<\/h2>\n<p>\t\t\t\t\t\t\t\t\t\t\t\t\t\t\t<img fetchpriority=\"high\" decoding=\"async\" width=\"1920\" height=\"600\" src=\"https:\/\/www.plantedforests.org\/wp-content\/uploads\/2023\/02\/Banniere-Membership-1.png\" alt=\"\" srcset=\"https:\/\/www.plantedforests.org\/wp-content\/uploads\/2023\/02\/Banniere-Membership-1.png 1920w, https:\/\/www.plantedforests.org\/wp-content\/uploads\/2023\/02\/Banniere-Membership-1-300x94.png 300w, https:\/\/www.plantedforests.org\/wp-content\/uploads\/2023\/02\/Banniere-Membership-1-1024x320.png 1024w, https:\/\/www.plantedforests.org\/wp-content\/uploads\/2023\/02\/Banniere-Membership-1-150x47.png 150w, https:\/\/www.plantedforests.org\/wp-content\/uploads\/2023\/02\/Banniere-Membership-1-768x240.png 768w, https:\/\/www.plantedforests.org\/wp-content\/uploads\/2023\/02\/Banniere-Membership-1-1536x480.png 1536w, https:\/\/www.plantedforests.org\/wp-content\/uploads\/2023\/02\/Banniere-Membership-1-1320x413.png 1320w\" sizes=\"(max-width: 1920px) 100vw, 1920px\" \/>\t\t\t\t\t\t\t\t\t\t\t\t\t\t\t<\/p>\n<p>Nuestra misi\u00f3n es utilizar un enfoque de abajo-arriba a trav\u00e9s de la colaboraci\u00f3n impulsada por los propietarios y profesionales de los bosques plantados y la vinculaci\u00f3n de investigadores y educadores para Promover, Facilitar, Mejorar, Coordinar y Difundir soluciones para ayudar a los propietarios y profesionales forestales a gestionar y garantizar la Gesti\u00f3n Sostenible de los Bosques Plantados en Europa. La b\u00fasqueda de este tipo de soluciones requiere la colaboraci\u00f3n y la b\u00fasqueda de sinergias con otros sectores o \u00e1reas vinculadas a la bioeconom\u00eda y a los servicios ecosist\u00e9micos que garanticen los tres pilares de la sostenibilidad: econ\u00f3mico, social y ambiental. Esto se lograr\u00e1, a trav\u00e9s de la coordinaci\u00f3n de la investigaci\u00f3n, de programas de capacitaci\u00f3n aplicada, del trabajo en red, y de las reuniones, conferencias y publicaciones conjuntas.<\/p>\n<p>\t\t\t\t\t        <!-- link opening --><br \/>\n                <a href=\"#\"><br \/>\n                <!-- end link opening --><\/p>\n<h3>\n                    Promover y Coordinar                <\/h3>\n<p>los proyectos de investigaci\u00f3n sugeridos por los propietarios y profesionales forestales para encontrar soluciones que sean pr\u00e1cticas, realistas y basadas en la ciencia para garantizar la gesti\u00f3n sostenible y la multifuncionalidad de las plantaciones forestales. Buscar financiaci\u00f3n, desarrollar la colaboraci\u00f3n en investigaci\u00f3n y mantener infraestructuras y recursos comunes de I+D.<\/p>\n<p>                <\/a><br \/>\n\t\t\t\t\t        <!-- link opening --><br \/>\n                <a href=\"#\"><br \/>\n                <!-- end link opening --><\/p>\n<h3>\n                    Facilitar                <\/h3>\n<p>la cooperaci\u00f3n y la colaboraci\u00f3n entre los propietarios, profesionales, investigadores y educadores forestales a trav\u00e9s de la creaci\u00f3n de redes con el fin de identificar, probar y mejorar continuamente soluciones.<\/p>\n<p>                <\/a><br \/>\n\t\t\t\t\t        <!-- link opening --><br \/>\n                <a href=\"#\"><br \/>\n                <!-- end link opening --><\/p>\n<h3>\n                    Desarrollar capacidades                 <\/h3>\n<p>a trav\u00e9s de programas de capacitaci\u00f3n aplicada, talleres, redes, reuniones y conferencias.<\/p>\n<p>                <\/a><br \/>\n\t\t\t\t\t        <!-- link opening --><br \/>\n                <a href=\"#\"><br \/>\n                <!-- end link opening --><\/p>\n<h3>\n                    Comunicar y difundir                <\/h3>\n<p>informaci\u00f3n a trav\u00e9s de publicaciones (por<br \/>\nejemplo, boletines informativos) y medios digitales. Convertirse en el principal centro de recursos documentales sobre bosques plantados.<\/p>\n<p>                <\/a><\/p>\n<h2>\n\t\t\t\t\t\tSOBRE NOSOTROS<br \/>\n\t\t\t\t\t<\/h2>\n<p>\t\t\t\t\t\t<a href=\"https:\/\/www.plantedforests.org\/es\/our-mission-2\/\" target=\"_blank\" rel=\"nofollow\"><br \/>\n\t\t\t\t\t\t\t\t\tMisi\u00f3n<br \/>\n\t\t\t\t\t\t\t\t\t\t\t\t\t<\/a><br \/>\n\t\t\t\t\t\t<a href=\"https:\/\/www.plantedforests.org\/es\/our-history\/\" target=\"_blank\" rel=\"nofollow\"><br \/>\n\t\t\t\t\t\t\t\t\t Historia<br \/>\n\t\t\t\t\t\t\t\t\t\t\t\t\t<\/a><br \/>\n\t\t\t\t\t\t<a href=\"https:\/\/www.plantedforests.org\/es\/membership\/\" target=\"_blank\" rel=\"nofollow\"><br \/>\n\t\t\t\t\t\t\t\t\tVolverse miembro<br \/>\n\t\t\t\t\t\t\t\t\t\t\t\t\t<\/a><br \/>\n\t\t\t\t\t\t<a href=\"https:\/\/www.plantedforests.org\/es\/status-and-governance-2\/\" target=\"_blank\" rel=\"nofollow\"><br \/>\n\t\t\t\t\t\t\t\t\tEstatuto y gobernancia<br \/>\n\t\t\t\t\t\t\t\t\t\t\t\t\t<\/a><br \/>\n\t\t\t\t\t\t<a href=\"https:\/\/www.plantedforests.org\/es\/events\/\" target=\"_blank\" rel=\"nofollow\"><br \/>\n\t\t\t\t\t\t\t\t\tEventos<br \/>\n\t\t\t\t\t\t\t\t\t\t\t\t\t<\/a><br \/>\n\t\t\t\t\t\t<a href=\"https:\/\/www.plantedforests.org\/equality-diversity-and-inclusion\/\"><br \/>\n\t\t\t\t\t\t\t\t\tIgualdad, Diversidad e Inclusi\u00f3n<br \/>\n\t\t\t\t\t\t\t\t\t\t\t\t\t<\/a><br \/>\n\t\t\t\t\t\t<a href=\"https:\/\/www.plantedforests.org\/terms-of-use\/\" target=\"_blank\" rel=\"nofollow\"><br \/>\n\t\t\t\t\t\t\t\t\tPol\u00edtica de privacidad<br \/>\n\t\t\t\t\t\t\t\t\t\t\t\t\t<\/a><\/p>\n<h2>\n\t\t\t\t\t\tProyectos<br \/>\n\t\t\t\t\t<\/h2>\n<p>\t\t\t\t\t\t<a href=\"https:\/\/homed-project.eu\/\" target=\"_blank\" rel=\"nofollow\"><br \/>\n\t\t\t\t\t\t\t\t\tHOMED<br \/>\n\t\t\t\t\t\t\t\t\t\t\t\t\t<\/a><br \/>\n\t\t\t\t\t\t<a href=\"https:\/\/kebbe.iefc.net\/\" target=\"_blank\" rel=\"nofollow\"><br \/>\n\t\t\t\t\t\t\t\t\tKEBBE<br \/>\n\t\t\t\t\t\t\t\t\t\t\t\t\t<\/a><br \/>\n\t\t\t\t\t\t<a href=\"https:\/\/reinfforce.iefc.net\/en\/\" target=\"_blank\" rel=\"nofollow\"><br \/>\n\t\t\t\t\t\t\t\t\tREEINFORCE<br \/>\n\t\t\t\t\t\t\t\t\t\t\t\t\t<\/a><br \/>\n\t\t\t\t\t\t<a href=\"https:\/\/b4est.eu\/\" target=\"_blank\" rel=\"nofollow\"><br \/>\n\t\t\t\t\t\t\t\t\tB4EST<br \/>\n\t\t\t\t\t\t\t\t\t\t\t\t\t<\/a><\/p>\n<h2>\n\t\t\t\t\t\tInfraestructuras<br \/>\n\t\t\t\t\t<\/h2>\n<p>\t\t\t\t\t\t<a href=\"https:\/\/www.plantedforests.org\/es\/infrastructures\/reseaux-de-parcelles\/\" target=\"_blank\" rel=\"nofollow\"><br \/>\n\t\t\t\t\t\t\t\t\tRedes de parcelas<br \/>\n\t\t\t\t\t\t\t\t\t\t\t\t\t<\/a><br \/>\n\t\t\t\t\t\t<a href=\"https:\/\/www.plantedforests.org\/es\/infrastructures\/infrastructures-numeriques\/\" target=\"_blank\" rel=\"nofollow\"><br \/>\n\t\t\t\t\t\t\t\t\tInfraestructuras digitales<br \/>\n\t\t\t\t\t\t\t\t\t\t\t\t\t<\/a><br \/>\n\t\t\t\t\t\t<a href=\"https:\/\/www.plantedforests.org\/es\/infrastructures\/living-labs\/\" target=\"_blank\" rel=\"nofollow\"><br \/>\n\t\t\t\t\t\t\t\t\tLaboratorios vivos<br \/>\n\t\t\t\t\t\t\t\t\t\t\t\t\t<\/a><\/p>\n<h2>\n\t\t\t\t\t\tRed<br \/>\n\t\t\t\t\t<\/h2>\n<p>\t\t\t\t\t\t<a href=\"https:\/\/www.plantedforests.org\/es\/our-members\/\" target=\"_blank\" rel=\"nofollow\"><br \/>\n\t\t\t\t\t\t\t\t\tLa Red IEBC<br \/>\n\t\t\t\t\t\t\t\t\t\t\t\t\t<\/a><br \/>\n\t\t\t\t\t\t<a href=\"https:\/\/www.plantedforests.org\/es\/networking\/\" target=\"_blank\" rel=\"nofollow\"><br \/>\n\t\t\t\t\t\t\t\t\tNetworking<br \/>\n\t\t\t\t\t\t\t\t\t\t\t\t\t<\/a><\/p>\n<h2>\n\t\t\t\t\t\tPRENSA<br \/>\n\t\t\t\t\t<\/h2>\n<h2>\n\t\t\t\t\t\tCentro de Recursos<br \/>\n\t\t\t\t\t<\/h2>\n<p>\t\t\t\t\t\t<a href=\"https:\/\/www.plantedforests.org\/es\/resources-center-2\/\" target=\"_blank\" rel=\"nofollow\"><br \/>\n\t\t\t\t\t\t\t\t\tExplorar nuestro Centro de Recursos<br \/>\n\t\t\t\t\t\t\t\t\t\t\t\t\t<\/a><\/p>\n<h4>Siguenos en<\/h4>\n<p>\t\t\t\t\t<a href=\"https:\/\/www.linkedin.com\/company\/instituteuropeendelaforetcultivee\/\" target=\"_blank\"><br \/>\n\t\t\t\t\t\tLinkedin<br \/>\n\t\t\t\t\t\t<svg viewBox=\"0 0 448 512\" xmlns=\"http:\/\/www.w3.org\/2000\/svg\"><path d=\"M416 32H31.9C14.3 32 0 46.5 0 64.3v383.4C0 465.5 14.3 480 31.9 480H416c17.6 0 32-14.5 32-32.3V64.3c0-17.8-14.4-32.3-32-32.3zM135.4 416H69V202.2h66.5V416zm-33.2-243c-21.3 0-38.5-17.3-38.5-38.5S80.9 96 102.2 96c21.2 0 38.5 17.3 38.5 38.5 0 21.3-17.2 38.5-38.5 38.5zm282.1 243h-66.4V312c0-24.8-.5-56.7-34.5-56.7-34.6 0-39.9 27-39.9 54.9V416h-66.4V202.2h63.7v29.2h.9c8.9-16.8 30.6-34.5 62.9-34.5 67.2 0 79.7 44.3 79.7 101.9V416z\"><\/path><\/svg>\t\t\t\t\t<\/a><br \/>\n\t\t\t\t\t<a href=\"https:\/\/www.dailymotion.com\/IEFCPlantedForests\" target=\"_blank\"><br \/>\n\t\t\t\t\t\t<svg xmlns=\"http:\/\/www.w3.org\/2000\/svg\" xmlns:xlink=\"http:\/\/www.w3.org\/1999\/xlink\" id=\"Dailymotion\" x=\"0px\" y=\"0px\" viewBox=\"0 0 96 96\" style=\"enable-background:new 0 0 96 96;\" xml:space=\"preserve\"><\/p>\n<style type=\"text\/css\">\t.st0{fill:#0E0E0E;}\t.st1{fill:none;}<\/style>\n<p><g>\t<path id=\"Medium_00000036224591124208101180000008332054064288928391_\" d=\"M44,10H16c-1.1,0-2,0.9-2,2v12  c0,0.5,0.2,1,0.6,1.4l12,12C27,37.8,27.5,38,28,38h16c5.5,0,10,4.5,10,10s-4.5,10-10,10H22c-1.1,0-2,0.9-2,2v12  c0,0.5,0.2,1,0.6,1.4l12,12C33,85.8,33.5,86,34,86h10c21,0,38-17,38-38S65,10,44,10z M18,16.8l8,8v6.3l-8-8V16.8z M58,48  c0-7.7-6.3-14-14-14H30v-8h14c12.1,0,22,9.9,22,22s-9.9,22-22,22h-9.2l-8-8H44C51.7,62,58,55.7,58,48z M24,64.8l8,8v6.3l-8-8V64.8z   M44,82h-8v-8h8c14.3,0,26-11.7,26-26S58.3,22,44,22H28.8l-8-8H44c18.7,0,34,15.3,34,34S62.7,82,44,82z\"><\/path>\t<rect x=\"0\" width=\"96\" height=\"96\"><\/rect><\/g><\/svg>\t\t\t\t\t<\/a><br \/>\n\t\t\t\t\t\t<a href=\"https:\/\/www.plantedforests.org\/es\/press\/\" target=\"_blank\" rel=\"nofollow\"><br \/>\n\t\t\t\t\t\t\t\t\tDossier de prensa<br \/>\n\t\t\t\t\t\t\t\t\t\t\t\t\t<\/a><br \/>\n\t\t\t\t\t\t<a href=\"https:\/\/www.plantedforests.org\/es\/press\/press-reviews\/\" target=\"_blank\" rel=\"nofollow\"><br \/>\n\t\t\t\t\t\t\t\t\tLa prensa habla del IEBC<br \/>\n\t\t\t\t\t\t\t\t\t\t\t\t\t<\/a><\/p>\n","protected":false},"excerpt":{"rendered":"<p>Nuestra Misi\u00f3n Nuestra misi\u00f3n es utilizar un enfoque de abajo-arriba a trav\u00e9s de la colaboraci\u00f3n impulsada por los propietarios y profesionales de los bosques plantados y la vinculaci\u00f3n de investigadores [&hellip;]<\/p>\n","protected":false},"author":101,"featured_media":0,"parent":0,"menu_order":0,"comment_status":"closed","ping_status":"closed","template":"","meta":{"_acf_changed":false,"_eb_attr":"","_EventAllDay":false,"_EventTimezone":"","_EventStartDate":"","_EventEndDate":"","_EventStartDateUTC":"","_EventEndDateUTC":"","_EventShowMap":false,"_EventShowMapLink":false,"_EventURL":"","_EventCost":"","_EventCostDescription":"","_EventCurrencySymbol":"","_EventCurrencyCode":"","_EventCurrencyPosition":"","_EventDateTimeSeparator":"","_EventTimeRangeSeparator":"","_EventOrganizerID":[],"_EventVenueID":[],"_OrganizerEmail":"","_OrganizerPhone":"","_OrganizerWebsite":"","_VenueAddress":"","_VenueCity":"","_VenueCountry":"","_VenueProvince":"","_VenueState":"","_VenueZip":"","_VenuePhone":"","_VenueURL":"","_VenueStateProvince":"","_VenueLat":"","_VenueLng":"","_VenueShowMap":false,"_VenueShowMapLink":false,"activitypub_content_warning":"","activitypub_content_visibility":"","activitypub_max_image_attachments":4,"activitypub_interaction_policy_quote":"anyone","activitypub_status":"federated","footnotes":""},"class_list":["post-9236","page","type-page","status-publish","hentry"],"translation":{"provider":"WPGlobus","version":"3.0.2","language":"es","enabled_languages":["gb","fr","es","pt"],"languages":{"gb":{"title":true,"content":true,"excerpt":false},"fr":{"title":true,"content":true,"excerpt":false},"es":{"title":true,"content":true,"excerpt":false},"pt":{"title":false,"content":false,"excerpt":false}}},"acf":[],"yoast_head":"<!-- This site is optimized with the Yoast SEO plugin v27.5 - https:\/\/yoast.com\/product\/yoast-seo-wordpress\/ -->\n<title>Nuestra misi\u00f3n - Instituto Europeo Del Bosque Cultivado - IEFC<\/title>\n<meta name=\"robots\" content=\"index, follow, max-snippet:-1, max-image-preview:large, max-video-preview:-1\" \/>\n<link rel=\"canonical\" href=\"https:\/\/www.plantedforests.org\/fr\/our-mission-2\/\" \/>\n<meta property=\"og:locale\" content=\"es_ES\" \/>\n<meta property=\"og:type\" content=\"article\" \/>\n<meta property=\"og:title\" content=\"Nuestra misi\u00f3n - Instituto Europeo Del Bosque Cultivado - IEFC\" \/>\n<meta property=\"og:url\" content=\"https:\/\/www.plantedforests.org\/fr\/our-mission-2\/\" \/>\n<meta property=\"og:site_name\" content=\"Instituto Europeo Del Bosque Cultivado - IEFC\" \/>\n<meta property=\"article:modified_time\" content=\"2025-08-04T07:43:34+00:00\" \/>\n<meta property=\"og:image\" content=\"https:\/\/www.plantedforests.org\/wp-content\/uploads\/2023\/02\/Banniere-Membership-1.png\" \/>\n<meta name=\"twitter:card\" content=\"summary_large_image\" \/>\n<meta name=\"twitter:site\" content=\"@IEFCPlantForest\" \/>\n<meta name=\"twitter:label1\" content=\"Tiempo de lectura\" \/>\n\t<meta name=\"twitter:data1\" content=\"2 minutos\" \/>\n<script type=\"application\/ld+json\" class=\"yoast-schema-graph\">{\"@context\":\"https:\\\/\\\/schema.org\",\"@graph\":[{\"@type\":\"WebPage\",\"@id\":\"https:\\\/\\\/www.plantedforests.org\\\/fr\\\/our-mission-2\\\/\",\"url\":\"https:\\\/\\\/www.plantedforests.org\\\/fr\\\/our-mission-2\\\/\",\"name\":\"Nuestra misi\u00f3n - Instituto Europeo Del Bosque Cultivado - IEFC\",\"isPartOf\":{\"@id\":\"https:\\\/\\\/www.plantedforests.org\\\/fr\\\/#website\"},\"primaryImageOfPage\":{\"@id\":\"https:\\\/\\\/www.plantedforests.org\\\/fr\\\/our-mission-2\\\/#primaryimage\"},\"image\":{\"@id\":\"https:\\\/\\\/www.plantedforests.org\\\/fr\\\/our-mission-2\\\/#primaryimage\"},\"thumbnailUrl\":\"https:\\\/\\\/www.plantedforests.org\\\/wp-content\\\/uploads\\\/2023\\\/02\\\/Banniere-Membership-1.png\",\"datePublished\":\"2023-02-20T13:38:08+00:00\",\"dateModified\":\"2025-08-04T07:43:34+00:00\",\"breadcrumb\":{\"@id\":\"https:\\\/\\\/www.plantedforests.org\\\/fr\\\/our-mission-2\\\/#breadcrumb\"},\"inLanguage\":\"es\",\"potentialAction\":[{\"@type\":\"ReadAction\",\"target\":[\"https:\\\/\\\/www.plantedforests.org\\\/fr\\\/our-mission-2\\\/\"]}]},{\"@type\":\"ImageObject\",\"inLanguage\":\"es\",\"@id\":\"https:\\\/\\\/www.plantedforests.org\\\/fr\\\/our-mission-2\\\/#primaryimage\",\"url\":\"https:\\\/\\\/www.plantedforests.org\\\/wp-content\\\/uploads\\\/2023\\\/02\\\/Banniere-Membership-1.png\",\"contentUrl\":\"https:\\\/\\\/www.plantedforests.org\\\/wp-content\\\/uploads\\\/2023\\\/02\\\/Banniere-Membership-1.png\"},{\"@type\":\"BreadcrumbList\",\"@id\":\"https:\\\/\\\/www.plantedforests.org\\\/fr\\\/our-mission-2\\\/#breadcrumb\",\"itemListElement\":[{\"@type\":\"ListItem\",\"position\":1,\"name\":\"Accueil\",\"item\":\"https:\\\/\\\/www.plantedforests.org\\\/\"},{\"@type\":\"ListItem\",\"position\":2,\"name\":\"Notre mission\"}]},{\"@type\":\"WebSite\",\"@id\":\"https:\\\/\\\/www.plantedforests.org\\\/fr\\\/#website\",\"url\":\"https:\\\/\\\/www.plantedforests.org\\\/fr\\\/\",\"name\":\"Instituto Europeo Del Bosque Cultivado - IEFC\",\"description\":\"La red para la gesti\u00f3n sostenible y la resiliencia de los bosques cultivados \",\"publisher\":{\"@id\":\"https:\\\/\\\/www.plantedforests.org\\\/fr\\\/#organization\"},\"potentialAction\":[{\"@type\":\"SearchAction\",\"target\":{\"@type\":\"EntryPoint\",\"urlTemplate\":\"https:\\\/\\\/www.plantedforests.org\\\/fr\\\/?s={search_term_string}\"},\"query-input\":{\"@type\":\"PropertyValueSpecification\",\"valueRequired\":true,\"valueName\":\"search_term_string\"}}],\"inLanguage\":\"es\"},{\"@type\":\"Organization\",\"@id\":\"https:\\\/\\\/www.plantedforests.org\\\/fr\\\/#organization\",\"name\":\"Institut Europ\u00e9en de la For\u00eat Cultiv\u00e9e - Plantedforests.org\",\"url\":\"https:\\\/\\\/www.plantedforests.org\\\/fr\\\/\",\"logo\":{\"@type\":\"ImageObject\",\"inLanguage\":\"es\",\"@id\":\"https:\\\/\\\/www.plantedforests.org\\\/fr\\\/#\\\/schema\\\/logo\\\/image\\\/\",\"url\":\"https:\\\/\\\/www.plantedforests.org\\\/wp-content\\\/uploads\\\/2022\\\/07\\\/Logo_iefc__FR.png\",\"contentUrl\":\"https:\\\/\\\/www.plantedforests.org\\\/wp-content\\\/uploads\\\/2022\\\/07\\\/Logo_iefc__FR.png\",\"width\":2031,\"height\":1001,\"caption\":\"Institut Europ\u00e9en de la For\u00eat Cultiv\u00e9e - Plantedforests.org\"},\"image\":{\"@id\":\"https:\\\/\\\/www.plantedforests.org\\\/fr\\\/#\\\/schema\\\/logo\\\/image\\\/\"},\"sameAs\":[\"https:\\\/\\\/x.com\\\/IEFCPlantForest\",\"https:\\\/\\\/www.linkedin.com\\\/company\\\/71728047\\\/\"]}]}<\/script>\n<!-- \/ Yoast SEO plugin. -->","yoast_head_json":{"title":"Nuestra misi\u00f3n - Instituto Europeo Del Bosque Cultivado - IEFC","robots":{"index":"index","follow":"follow","max-snippet":"max-snippet:-1","max-image-preview":"max-image-preview:large","max-video-preview":"max-video-preview:-1"},"canonical":"https:\/\/www.plantedforests.org\/fr\/our-mission-2\/","og_locale":"es_ES","og_type":"article","og_title":"Nuestra misi\u00f3n - Instituto Europeo Del Bosque Cultivado - IEFC","og_url":"https:\/\/www.plantedforests.org\/fr\/our-mission-2\/","og_site_name":"Instituto Europeo Del Bosque Cultivado - IEFC","article_modified_time":"2025-08-04T07:43:34+00:00","og_image":[{"url":"https:\/\/www.plantedforests.org\/wp-content\/uploads\/2023\/02\/Banniere-Membership-1.png","type":"","width":"","height":""}],"twitter_card":"summary_large_image","twitter_site":"@IEFCPlantForest","twitter_misc":{"Tiempo de lectura":"2 minutos"},"schema":{"@context":"https:\/\/schema.org","@graph":[{"@type":"WebPage","@id":"https:\/\/www.plantedforests.org\/fr\/our-mission-2\/","url":"https:\/\/www.plantedforests.org\/fr\/our-mission-2\/","name":"Nuestra misi\u00f3n - Instituto Europeo Del Bosque Cultivado - IEFC","isPartOf":{"@id":"https:\/\/www.plantedforests.org\/fr\/#website"},"primaryImageOfPage":{"@id":"https:\/\/www.plantedforests.org\/fr\/our-mission-2\/#primaryimage"},"image":{"@id":"https:\/\/www.plantedforests.org\/fr\/our-mission-2\/#primaryimage"},"thumbnailUrl":"https:\/\/www.plantedforests.org\/wp-content\/uploads\/2023\/02\/Banniere-Membership-1.png","datePublished":"2023-02-20T13:38:08+00:00","dateModified":"2025-08-04T07:43:34+00:00","breadcrumb":{"@id":"https:\/\/www.plantedforests.org\/fr\/our-mission-2\/#breadcrumb"},"inLanguage":"es","potentialAction":[{"@type":"ReadAction","target":["https:\/\/www.plantedforests.org\/fr\/our-mission-2\/"]}]},{"@type":"ImageObject","inLanguage":"es","@id":"https:\/\/www.plantedforests.org\/fr\/our-mission-2\/#primaryimage","url":"https:\/\/www.plantedforests.org\/wp-content\/uploads\/2023\/02\/Banniere-Membership-1.png","contentUrl":"https:\/\/www.plantedforests.org\/wp-content\/uploads\/2023\/02\/Banniere-Membership-1.png"},{"@type":"BreadcrumbList","@id":"https:\/\/www.plantedforests.org\/fr\/our-mission-2\/#breadcrumb","itemListElement":[{"@type":"ListItem","position":1,"name":"Accueil","item":"https:\/\/www.plantedforests.org\/"},{"@type":"ListItem","position":2,"name":"Notre mission"}]},{"@type":"WebSite","@id":"https:\/\/www.plantedforests.org\/fr\/#website","url":"https:\/\/www.plantedforests.org\/fr\/","name":"Instituto Europeo Del Bosque Cultivado - IEFC","description":"La red para la gesti\u00f3n sostenible y la resiliencia de los bosques cultivados ","publisher":{"@id":"https:\/\/www.plantedforests.org\/fr\/#organization"},"potentialAction":[{"@type":"SearchAction","target":{"@type":"EntryPoint","urlTemplate":"https:\/\/www.plantedforests.org\/fr\/?s={search_term_string}"},"query-input":{"@type":"PropertyValueSpecification","valueRequired":true,"valueName":"search_term_string"}}],"inLanguage":"es"},{"@type":"Organization","@id":"https:\/\/www.plantedforests.org\/fr\/#organization","name":"Institut Europ\u00e9en de la For\u00eat Cultiv\u00e9e - Plantedforests.org","url":"https:\/\/www.plantedforests.org\/fr\/","logo":{"@type":"ImageObject","inLanguage":"es","@id":"https:\/\/www.plantedforests.org\/fr\/#\/schema\/logo\/image\/","url":"https:\/\/www.plantedforests.org\/wp-content\/uploads\/2022\/07\/Logo_iefc__FR.png","contentUrl":"https:\/\/www.plantedforests.org\/wp-content\/uploads\/2022\/07\/Logo_iefc__FR.png","width":2031,"height":1001,"caption":"Institut Europ\u00e9en de la For\u00eat Cultiv\u00e9e - Plantedforests.org"},"image":{"@id":"https:\/\/www.plantedforests.org\/fr\/#\/schema\/logo\/image\/"},"sameAs":["https:\/\/x.com\/IEFCPlantForest","https:\/\/www.linkedin.com\/company\/71728047\/"]}]}},"_links":{"self":[{"href":"https:\/\/www.plantedforests.org\/es\/wp-json\/wp\/v2\/pages\/9236","targetHints":{"allow":["GET"]}}],"collection":[{"href":"https:\/\/www.plantedforests.org\/es\/wp-json\/wp\/v2\/pages"}],"about":[{"href":"https:\/\/www.plantedforests.org\/es\/wp-json\/wp\/v2\/types\/page"}],"author":[{"embeddable":true,"href":"https:\/\/www.plantedforests.org\/es\/wp-json\/wp\/v2\/users\/101"}],"replies":[{"embeddable":true,"href":"https:\/\/www.plantedforests.org\/es\/wp-json\/wp\/v2\/comments?post=9236"}],"version-history":[{"count":101,"href":"https:\/\/www.plantedforests.org\/es\/wp-json\/wp\/v2\/pages\/9236\/revisions"}],"predecessor-version":[{"id":26553,"href":"https:\/\/www.plantedforests.org\/es\/wp-json\/wp\/v2\/pages\/9236\/revisions\/26553"}],"wp:attachment":[{"href":"https:\/\/www.plantedforests.org\/es\/wp-json\/wp\/v2\/media?parent=9236"}],"curies":[{"name":"wp","href":"https:\/\/api.w.org\/{rel}","templated":true}]}}