
{"id":8464,"date":"2023-01-17T13:42:14","date_gmt":"2023-01-17T12:42:14","guid":{"rendered":"https:\/\/www.iefc.net\/?page_id=8464"},"modified":"2025-05-15T13:46:57","modified_gmt":"2025-05-15T11:46:57","slug":"13-01-2023-lets-talk-about-planted-forests-tree-breeding-replay","status":"publish","type":"page","link":"https:\/\/www.plantedforests.org\/es\/13-01-2023-lets-talk-about-planted-forests-tree-breeding-replay\/","title":{"rendered":"[13.01.2023] &#8211; Let&#8217;s Talk About Planted Forests &#8211; Tree Breeding &#8211; Replay"},"content":{"rendered":"\n<figure class=\"wp-block-image size-large is-resized\"><img fetchpriority=\"high\" decoding=\"async\" src=\"https:\/\/www.plantedforests.org\/wp-content\/uploads\/2023\/01\/Webinar-Replay-1024x183.png\" alt=\"\" class=\"wp-image-8465\" width=\"1215\" height=\"217\" srcset=\"https:\/\/www.plantedforests.org\/wp-content\/uploads\/2023\/01\/Webinar-Replay-1024x183.png 1024w, https:\/\/www.plantedforests.org\/wp-content\/uploads\/2023\/01\/Webinar-Replay-300x54.png 300w, https:\/\/www.plantedforests.org\/wp-content\/uploads\/2023\/01\/Webinar-Replay-150x27.png 150w, https:\/\/www.plantedforests.org\/wp-content\/uploads\/2023\/01\/Webinar-Replay-768x137.png 768w, https:\/\/www.plantedforests.org\/wp-content\/uploads\/2023\/01\/Webinar-Replay-1536x274.png 1536w, https:\/\/www.plantedforests.org\/wp-content\/uploads\/2023\/01\/Webinar-Replay-2048x366.png 2048w, https:\/\/www.plantedforests.org\/wp-content\/uploads\/2023\/01\/Webinar-Replay-1320x236.png 1320w\" sizes=\"(max-width: 1215px) 100vw, 1215px\" \/><\/figure>\n\n\n\n<div style=\"height:38px\" aria-hidden=\"true\" class=\"wp-block-spacer\"><\/div>\n\n\n\n<h2 class=\"has-text-align-left has-black-color has-text-color wp-block-heading\"><strong>Webinar: Let\u2019s Talk About Planted Forests will address the subject of tree breeding<\/strong><\/h2>\n\n\n\n<p><\/p>\n\n\n\n<p class=\"has-black-color has-text-color\">During this webinar B4EST project partners will comment on the main outcomes of the project that finished in 2022. This webinar will be an opportunity to discuss how tree breeding new tools can help to better adapt forest plantations to global change, what are the deployment recommendations and tools developed during the project and legal issues and policy needs identified.<\/p>\n\n\n\n<div style=\"height:27px\" aria-hidden=\"true\" class=\"wp-block-spacer\"><\/div>\n\n\n\n<p class=\"has-text-color\" style=\"color:#006633\"><strong><span style=\"text-decoration: underline;\">Watch the replay below and download presentation at the bottom of the page:<\/span><\/strong><\/p>\n\n\n\n<p><\/p>\n\n\n\n<figure class=\"wp-block-image size-large is-resized\"><a href=\"https:\/\/us06web.zoom.us\/rec\/share\/ypIjOvl034Bcckzg3KQMZcc59gRvYmBDCA50ZNNdptORDY79m2TCMAXTUgrtyaMi.fG8QD6hMSUA__V95?startTime=1673610927000\" target=\"_blank\" rel=\"noreferrer noopener\"><img decoding=\"async\" src=\"https:\/\/www.plantedforests.org\/wp-content\/uploads\/2023\/01\/VISUEL-WEBINAR-REPLAY_PAGE-SITE-WEB-v2-1024x576.png\" alt=\"\" class=\"wp-image-8468\" width=\"673\" height=\"378\" srcset=\"https:\/\/www.plantedforests.org\/wp-content\/uploads\/2023\/01\/VISUEL-WEBINAR-REPLAY_PAGE-SITE-WEB-v2-1024x576.png 1024w, https:\/\/www.plantedforests.org\/wp-content\/uploads\/2023\/01\/VISUEL-WEBINAR-REPLAY_PAGE-SITE-WEB-v2-300x169.png 300w, https:\/\/www.plantedforests.org\/wp-content\/uploads\/2023\/01\/VISUEL-WEBINAR-REPLAY_PAGE-SITE-WEB-v2-150x84.png 150w, https:\/\/www.plantedforests.org\/wp-content\/uploads\/2023\/01\/VISUEL-WEBINAR-REPLAY_PAGE-SITE-WEB-v2-768x432.png 768w, https:\/\/www.plantedforests.org\/wp-content\/uploads\/2023\/01\/VISUEL-WEBINAR-REPLAY_PAGE-SITE-WEB-v2-1536x864.png 1536w, https:\/\/www.plantedforests.org\/wp-content\/uploads\/2023\/01\/VISUEL-WEBINAR-REPLAY_PAGE-SITE-WEB-v2-1320x743.png 1320w, https:\/\/www.plantedforests.org\/wp-content\/uploads\/2023\/01\/VISUEL-WEBINAR-REPLAY_PAGE-SITE-WEB-v2.png 1920w\" sizes=\"(max-width: 673px) 100vw, 673px\" \/><\/a><\/figure>\n\n\n\n<p><\/p>\n\n\n\n<div style=\"height:47px\" aria-hidden=\"true\" class=\"wp-block-spacer\"><\/div>\n\n\n\n<h2 class=\"has-text-align-left has-text-color wp-block-heading\" style=\"color:#006633;font-size:18px\"><span style=\"text-decoration: underline;\"><strong>Speakers &amp; Presentations<\/strong><\/span> <\/h2>\n\n\n\n<p><\/p>\n\n\n\n<p class=\"has-text-align-left has-black-color has-text-color\" style=\"font-size:16px\">\ud83d\udfe6 <strong>Mats Berlin, SKOGFORSK<\/strong><\/p>\n\n\n\n<p class=\"has-text-align-left has-black-color has-text-color\" style=\"font-size:16px\"><strong>\u27a1 <\/strong><a href=\"https:\/\/www.plantedforests.org\/mats-berlin-better-selection-of-forest-reproductive-material-frm-now-and-in-the-futuremats-berlin\/\" target=\"_blank\" rel=\"noreferrer noopener\">Better selection of forest reproductive material (FRM) \u2013 now and in the future<\/a><\/p>\n\n\n\n<div style=\"height:15px\" aria-hidden=\"true\" class=\"wp-block-spacer\"><\/div>\n\n\n\n<p class=\"has-text-align-left has-black-color has-text-color\" style=\"font-size:16px\">\ud83d\udfe6 <strong>Egbert Beuker, LUKE<\/strong><\/p>\n\n\n\n<p class=\"has-text-align-left has-black-color has-text-color\" style=\"font-size:16px\"><strong>\u27a1 <\/strong><a href=\"https:\/\/www.plantedforests.org\/egbert-beuker\/\" target=\"_blank\" rel=\"noreferrer noopener\">Legal barriers and policy needs for marketing improved forest reproductive material (FRM) in Europe<\/a><\/p>\n\n\n\n<div style=\"height:15px\" aria-hidden=\"true\" class=\"wp-block-spacer\"><\/div>\n\n\n\n<p class=\"has-text-align-left has-black-color has-text-color\" style=\"font-size:16px\">\ud83d\udfe6 <strong>Catherine Bastien, INRAE<\/strong><\/p>\n\n\n\n<p class=\"has-text-align-left has-black-color has-text-color\" style=\"font-size:16px\"><strong>\u27a1 <\/strong><a href=\"https:\/\/www.plantedforests.org\/catherine-bastien\/\" target=\"_blank\" rel=\"noreferrer noopener\">Transformative changes in Tree Breeding to meet European forest challenges in regards to global changes<\/a><\/p>\n\n\n\n<h1 class=\"has-text-align-center has-black-color has-text-color wp-block-heading\" style=\"font-size:22px;font-style:normal;font-weight:800\"><strong><span style=\"text-decoration: underline;\"><\/span><\/strong><\/h1>\n\n\n\n<div style=\"height:68px\" aria-hidden=\"true\" class=\"wp-block-spacer\"><\/div>\n\n\n\n<hr class=\"wp-block-separator has-alpha-channel-opacity is-style-wide\"\/>\n\n\n\n<p class=\"has-text-align-center has-black-color has-text-color has-medium-font-size\"><strong>This event is co-organized by the IEFC, the IUFRO task force \u201cResilient Planted Forest Serving Society &amp; Bioeconomy\u201d and the EFI Research Network on Planted Forests<\/strong><\/p>\n\n\n\n<div class=\"wp-block-columns is-layout-flex wp-container-core-columns-is-layout-9d6595d7 wp-block-columns-is-layout-flex\">\n<div class=\"wp-block-column is-layout-flow wp-block-column-is-layout-flow\"><div class=\"wp-block-image\">\n<figure class=\"aligncenter size-large is-resized\"><a href=\"https:\/\/www.iufro.org\/\" target=\"_blank\" rel=\"noreferrer noopener\"><img decoding=\"async\" src=\"https:\/\/www.plantedforests.org\/wp-content\/uploads\/2022\/02\/iufro-claim_150dpi_a-1024x355.jpg\" alt=\"\" class=\"wp-image-5659\" width=\"312\" height=\"108\" srcset=\"https:\/\/www.plantedforests.org\/wp-content\/uploads\/2022\/02\/iufro-claim_150dpi_a-1024x355.jpg 1024w, https:\/\/www.plantedforests.org\/wp-content\/uploads\/2022\/02\/iufro-claim_150dpi_a-300x104.jpg 300w, https:\/\/www.plantedforests.org\/wp-content\/uploads\/2022\/02\/iufro-claim_150dpi_a-150x52.jpg 150w, https:\/\/www.plantedforests.org\/wp-content\/uploads\/2022\/02\/iufro-claim_150dpi_a-768x266.jpg 768w, https:\/\/www.plantedforests.org\/wp-content\/uploads\/2022\/02\/iufro-claim_150dpi_a.jpg 1142w\" sizes=\"(max-width: 312px) 100vw, 312px\" \/><\/a><\/figure>\n<\/div><\/div>\n\n\n\n<div class=\"wp-block-column is-layout-flow wp-block-column-is-layout-flow\"><div class=\"wp-block-image\">\n<figure class=\"aligncenter size-large is-resized\"><a href=\"https:\/\/efi.int\/\" target=\"_blank\" rel=\"noreferrer noopener\"><img loading=\"lazy\" decoding=\"async\" src=\"https:\/\/www.plantedforests.org\/wp-content\/uploads\/2022\/02\/EFI-logo_black-811x1024.png\" alt=\"\" class=\"wp-image-5660\" width=\"116\" height=\"145\" srcset=\"https:\/\/www.plantedforests.org\/wp-content\/uploads\/2022\/02\/EFI-logo_black-811x1024.png 811w, https:\/\/www.plantedforests.org\/wp-content\/uploads\/2022\/02\/EFI-logo_black-238x300.png 238w, https:\/\/www.plantedforests.org\/wp-content\/uploads\/2022\/02\/EFI-logo_black-119x150.png 119w, https:\/\/www.plantedforests.org\/wp-content\/uploads\/2022\/02\/EFI-logo_black.png 1122w\" sizes=\"(max-width: 116px) 100vw, 116px\" \/><\/a><\/figure>\n<\/div><\/div>\n<\/div>\n\n\n\n<hr class=\"wp-block-separator has-alpha-channel-opacity is-style-wide\"\/>\n\n\n\n<p><\/p>\n\n\n\n<p class=\"has-text-align-center has-black-color has-text-color has-medium-font-size\"><strong>Main sponsors of IEFC<\/strong><br><a href=\"https:\/\/www.google.com\/url?sa=t&amp;rct=j&amp;q=&amp;esrc=s&amp;source=web&amp;cd=&amp;ved=2ahUKEwiEs6eluNj6AhWXSfEDHSmEAIkQFnoECBQQAQ&amp;url=https%3A%2F%2Fwww.nouvelle-aquitaine.fr%2F&amp;usg=AOvVaw3ZeeWt52gQiiv0gl17635U\" target=\"_blank\" rel=\"noreferrer noopener\">R\u00e9gion Nouvelle Aquitaine France<\/a>, <a href=\"https:\/\/www.euskadi.eus\/gobierno-vasco\/inicio\/\" target=\"_blank\" rel=\"noreferrer noopener\">Gobierno Vasco Spain<\/a>, <a href=\"https:\/\/www.forestresearch.gov.uk\/\" target=\"_blank\" rel=\"noreferrer noopener\">Forest Research <\/a><\/p>\n\n\n\n<figure class=\"wp-block-image size-large\"><img loading=\"lazy\" decoding=\"async\" width=\"1024\" height=\"183\" src=\"https:\/\/www.plantedforests.org\/wp-content\/uploads\/2022\/10\/Webinar-Replay-1024x183.png\" alt=\"\" class=\"wp-image-7367\" srcset=\"https:\/\/www.plantedforests.org\/wp-content\/uploads\/2022\/10\/Webinar-Replay-1024x183.png 1024w, https:\/\/www.plantedforests.org\/wp-content\/uploads\/2022\/10\/Webinar-Replay-300x54.png 300w, https:\/\/www.plantedforests.org\/wp-content\/uploads\/2022\/10\/Webinar-Replay-150x27.png 150w, https:\/\/www.plantedforests.org\/wp-content\/uploads\/2022\/10\/Webinar-Replay-768x137.png 768w, https:\/\/www.plantedforests.org\/wp-content\/uploads\/2022\/10\/Webinar-Replay-1536x274.png 1536w, https:\/\/www.plantedforests.org\/wp-content\/uploads\/2022\/10\/Webinar-Replay-2048x366.png 2048w, https:\/\/www.plantedforests.org\/wp-content\/uploads\/2022\/10\/Webinar-Replay-1320x236.png 1320w\" sizes=\"(max-width: 1024px) 100vw, 1024px\" \/><\/figure>\n","protected":false},"excerpt":{"rendered":"<p>Webinar: Let\u2019s Talk About Planted Forests will address the subject of tree breeding During this webinar B4EST project partners will comment on the main outcomes of the project that finished [&hellip;]<\/p>\n","protected":false},"author":101,"featured_media":0,"parent":0,"menu_order":0,"comment_status":"closed","ping_status":"closed","template":"","meta":{"_acf_changed":false,"_eb_attr":"","_EventAllDay":false,"_EventTimezone":"","_EventStartDate":"","_EventEndDate":"","_EventStartDateUTC":"","_EventEndDateUTC":"","_EventShowMap":false,"_EventShowMapLink":false,"_EventURL":"","_EventCost":"","_EventCostDescription":"","_EventCurrencySymbol":"","_EventCurrencyCode":"","_EventCurrencyPosition":"","_EventDateTimeSeparator":"","_EventTimeRangeSeparator":"","_EventOrganizerID":[],"_EventVenueID":[],"_OrganizerEmail":"","_OrganizerPhone":"","_OrganizerWebsite":"","_VenueAddress":"","_VenueCity":"","_VenueCountry":"","_VenueProvince":"","_VenueState":"","_VenueZip":"","_VenuePhone":"","_VenueURL":"","_VenueStateProvince":"","_VenueLat":"","_VenueLng":"","_VenueShowMap":false,"_VenueShowMapLink":false,"activitypub_content_warning":"","activitypub_content_visibility":"","activitypub_max_image_attachments":4,"activitypub_interaction_policy_quote":"anyone","activitypub_status":"federated","footnotes":""},"class_list":["post-8464","page","type-page","status-publish","hentry"],"translation":{"provider":"WPGlobus","version":"3.0.2","language":"es","enabled_languages":["gb","fr","es","pt"],"languages":{"gb":{"title":true,"content":true,"excerpt":false},"fr":{"title":false,"content":false,"excerpt":false},"es":{"title":false,"content":false,"excerpt":false},"pt":{"title":false,"content":false,"excerpt":false}}},"acf":[],"yoast_head":"<!-- This site is optimized with the Yoast SEO plugin v27.4 - https:\/\/yoast.com\/product\/yoast-seo-wordpress\/ -->\n<title>[13.01.2023] - Let&#039;s Talk About Planted Forests - Tree Breeding - Replay - Instituto Europeo Del Bosque Cultivado - IEFC<\/title>\n<meta name=\"robots\" content=\"index, follow, max-snippet:-1, max-image-preview:large, max-video-preview:-1\" \/>\n<link rel=\"canonical\" href=\"https:\/\/www.plantedforests.org\/13-01-2023-lets-talk-about-planted-forests-tree-breeding-replay\/\" \/>\n<meta property=\"og:locale\" content=\"es_ES\" \/>\n<meta property=\"og:type\" content=\"article\" \/>\n<meta property=\"og:title\" content=\"[13.01.2023] - Let&#039;s Talk About Planted Forests - Tree Breeding - Replay - Instituto Europeo Del Bosque Cultivado - IEFC\" \/>\n<meta property=\"og:url\" content=\"https:\/\/www.plantedforests.org\/13-01-2023-lets-talk-about-planted-forests-tree-breeding-replay\/\" \/>\n<meta property=\"og:site_name\" content=\"Instituto Europeo Del Bosque Cultivado - IEFC\" \/>\n<meta property=\"article:modified_time\" content=\"2025-05-15T11:46:57+00:00\" \/>\n<meta property=\"og:image\" content=\"https:\/\/www.plantedforests.org\/wp-content\/uploads\/2023\/01\/Webinar-Replay-1024x183.png\" \/>\n<meta name=\"twitter:card\" content=\"summary_large_image\" \/>\n<meta name=\"twitter:site\" content=\"@IEFCPlantForest\" \/>\n<script type=\"application\/ld+json\" class=\"yoast-schema-graph\">{\"@context\":\"https:\\\/\\\/schema.org\",\"@graph\":[{\"@type\":\"WebPage\",\"@id\":\"https:\\\/\\\/www.plantedforests.org\\\/13-01-2023-lets-talk-about-planted-forests-tree-breeding-replay\\\/\",\"url\":\"https:\\\/\\\/www.plantedforests.org\\\/13-01-2023-lets-talk-about-planted-forests-tree-breeding-replay\\\/\",\"name\":\"[13.01.2023] - Let's Talk About Planted Forests - Tree Breeding - Replay - Instituto Europeo Del Bosque Cultivado - IEFC\",\"isPartOf\":{\"@id\":\"https:\\\/\\\/www.plantedforests.org\\\/fr\\\/#website\"},\"primaryImageOfPage\":{\"@id\":\"https:\\\/\\\/www.plantedforests.org\\\/13-01-2023-lets-talk-about-planted-forests-tree-breeding-replay\\\/#primaryimage\"},\"image\":{\"@id\":\"https:\\\/\\\/www.plantedforests.org\\\/13-01-2023-lets-talk-about-planted-forests-tree-breeding-replay\\\/#primaryimage\"},\"thumbnailUrl\":\"https:\\\/\\\/www.plantedforests.org\\\/wp-content\\\/uploads\\\/2023\\\/01\\\/Webinar-Replay-1024x183.png\",\"datePublished\":\"2023-01-17T12:42:14+00:00\",\"dateModified\":\"2025-05-15T11:46:57+00:00\",\"breadcrumb\":{\"@id\":\"https:\\\/\\\/www.plantedforests.org\\\/13-01-2023-lets-talk-about-planted-forests-tree-breeding-replay\\\/#breadcrumb\"},\"inLanguage\":\"es\",\"potentialAction\":[{\"@type\":\"ReadAction\",\"target\":[\"https:\\\/\\\/www.plantedforests.org\\\/13-01-2023-lets-talk-about-planted-forests-tree-breeding-replay\\\/\"]}]},{\"@type\":\"ImageObject\",\"inLanguage\":\"es\",\"@id\":\"https:\\\/\\\/www.plantedforests.org\\\/13-01-2023-lets-talk-about-planted-forests-tree-breeding-replay\\\/#primaryimage\",\"url\":\"https:\\\/\\\/www.plantedforests.org\\\/wp-content\\\/uploads\\\/2023\\\/01\\\/Webinar-Replay-1024x183.png\",\"contentUrl\":\"https:\\\/\\\/www.plantedforests.org\\\/wp-content\\\/uploads\\\/2023\\\/01\\\/Webinar-Replay-1024x183.png\"},{\"@type\":\"BreadcrumbList\",\"@id\":\"https:\\\/\\\/www.plantedforests.org\\\/13-01-2023-lets-talk-about-planted-forests-tree-breeding-replay\\\/#breadcrumb\",\"itemListElement\":[{\"@type\":\"ListItem\",\"position\":1,\"name\":\"Accueil\",\"item\":\"https:\\\/\\\/www.plantedforests.org\\\/\"},{\"@type\":\"ListItem\",\"position\":2,\"name\":\"[13.01.2023] &#8211; Let&rsquo;s Talk About Planted Forests &#8211; Tree Breeding &#8211; Replay\"}]},{\"@type\":\"WebSite\",\"@id\":\"https:\\\/\\\/www.plantedforests.org\\\/fr\\\/#website\",\"url\":\"https:\\\/\\\/www.plantedforests.org\\\/fr\\\/\",\"name\":\"Instituto Europeo Del Bosque Cultivado - IEFC\",\"description\":\"La red para la gesti\u00f3n sostenible y la resiliencia de los bosques cultivados \",\"publisher\":{\"@id\":\"https:\\\/\\\/www.plantedforests.org\\\/fr\\\/#organization\"},\"potentialAction\":[{\"@type\":\"SearchAction\",\"target\":{\"@type\":\"EntryPoint\",\"urlTemplate\":\"https:\\\/\\\/www.plantedforests.org\\\/fr\\\/?s={search_term_string}\"},\"query-input\":{\"@type\":\"PropertyValueSpecification\",\"valueRequired\":true,\"valueName\":\"search_term_string\"}}],\"inLanguage\":\"es\"},{\"@type\":\"Organization\",\"@id\":\"https:\\\/\\\/www.plantedforests.org\\\/fr\\\/#organization\",\"name\":\"Institut Europ\u00e9en de la For\u00eat Cultiv\u00e9e - Plantedforests.org\",\"url\":\"https:\\\/\\\/www.plantedforests.org\\\/fr\\\/\",\"logo\":{\"@type\":\"ImageObject\",\"inLanguage\":\"es\",\"@id\":\"https:\\\/\\\/www.plantedforests.org\\\/fr\\\/#\\\/schema\\\/logo\\\/image\\\/\",\"url\":\"https:\\\/\\\/www.plantedforests.org\\\/wp-content\\\/uploads\\\/2022\\\/07\\\/Logo_iefc__FR.png\",\"contentUrl\":\"https:\\\/\\\/www.plantedforests.org\\\/wp-content\\\/uploads\\\/2022\\\/07\\\/Logo_iefc__FR.png\",\"width\":2031,\"height\":1001,\"caption\":\"Institut Europ\u00e9en de la For\u00eat Cultiv\u00e9e - Plantedforests.org\"},\"image\":{\"@id\":\"https:\\\/\\\/www.plantedforests.org\\\/fr\\\/#\\\/schema\\\/logo\\\/image\\\/\"},\"sameAs\":[\"https:\\\/\\\/x.com\\\/IEFCPlantForest\",\"https:\\\/\\\/www.linkedin.com\\\/company\\\/71728047\\\/\"]}]}<\/script>\n<!-- \/ Yoast SEO plugin. -->","yoast_head_json":{"title":"[13.01.2023] - Let's Talk About Planted Forests - Tree Breeding - Replay - Instituto Europeo Del Bosque Cultivado - IEFC","robots":{"index":"index","follow":"follow","max-snippet":"max-snippet:-1","max-image-preview":"max-image-preview:large","max-video-preview":"max-video-preview:-1"},"canonical":"https:\/\/www.plantedforests.org\/13-01-2023-lets-talk-about-planted-forests-tree-breeding-replay\/","og_locale":"es_ES","og_type":"article","og_title":"[13.01.2023] - Let's Talk About Planted Forests - Tree Breeding - Replay - Instituto Europeo Del Bosque Cultivado - IEFC","og_url":"https:\/\/www.plantedforests.org\/13-01-2023-lets-talk-about-planted-forests-tree-breeding-replay\/","og_site_name":"Instituto Europeo Del Bosque Cultivado - IEFC","article_modified_time":"2025-05-15T11:46:57+00:00","og_image":[{"url":"https:\/\/www.plantedforests.org\/wp-content\/uploads\/2023\/01\/Webinar-Replay-1024x183.png","type":"","width":"","height":""}],"twitter_card":"summary_large_image","twitter_site":"@IEFCPlantForest","schema":{"@context":"https:\/\/schema.org","@graph":[{"@type":"WebPage","@id":"https:\/\/www.plantedforests.org\/13-01-2023-lets-talk-about-planted-forests-tree-breeding-replay\/","url":"https:\/\/www.plantedforests.org\/13-01-2023-lets-talk-about-planted-forests-tree-breeding-replay\/","name":"[13.01.2023] - Let's Talk About Planted Forests - Tree Breeding - Replay - Instituto Europeo Del Bosque Cultivado - IEFC","isPartOf":{"@id":"https:\/\/www.plantedforests.org\/fr\/#website"},"primaryImageOfPage":{"@id":"https:\/\/www.plantedforests.org\/13-01-2023-lets-talk-about-planted-forests-tree-breeding-replay\/#primaryimage"},"image":{"@id":"https:\/\/www.plantedforests.org\/13-01-2023-lets-talk-about-planted-forests-tree-breeding-replay\/#primaryimage"},"thumbnailUrl":"https:\/\/www.plantedforests.org\/wp-content\/uploads\/2023\/01\/Webinar-Replay-1024x183.png","datePublished":"2023-01-17T12:42:14+00:00","dateModified":"2025-05-15T11:46:57+00:00","breadcrumb":{"@id":"https:\/\/www.plantedforests.org\/13-01-2023-lets-talk-about-planted-forests-tree-breeding-replay\/#breadcrumb"},"inLanguage":"es","potentialAction":[{"@type":"ReadAction","target":["https:\/\/www.plantedforests.org\/13-01-2023-lets-talk-about-planted-forests-tree-breeding-replay\/"]}]},{"@type":"ImageObject","inLanguage":"es","@id":"https:\/\/www.plantedforests.org\/13-01-2023-lets-talk-about-planted-forests-tree-breeding-replay\/#primaryimage","url":"https:\/\/www.plantedforests.org\/wp-content\/uploads\/2023\/01\/Webinar-Replay-1024x183.png","contentUrl":"https:\/\/www.plantedforests.org\/wp-content\/uploads\/2023\/01\/Webinar-Replay-1024x183.png"},{"@type":"BreadcrumbList","@id":"https:\/\/www.plantedforests.org\/13-01-2023-lets-talk-about-planted-forests-tree-breeding-replay\/#breadcrumb","itemListElement":[{"@type":"ListItem","position":1,"name":"Accueil","item":"https:\/\/www.plantedforests.org\/"},{"@type":"ListItem","position":2,"name":"[13.01.2023] &#8211; Let&rsquo;s Talk About Planted Forests &#8211; Tree Breeding &#8211; Replay"}]},{"@type":"WebSite","@id":"https:\/\/www.plantedforests.org\/fr\/#website","url":"https:\/\/www.plantedforests.org\/fr\/","name":"Instituto Europeo Del Bosque Cultivado - IEFC","description":"La red para la gesti\u00f3n sostenible y la resiliencia de los bosques cultivados ","publisher":{"@id":"https:\/\/www.plantedforests.org\/fr\/#organization"},"potentialAction":[{"@type":"SearchAction","target":{"@type":"EntryPoint","urlTemplate":"https:\/\/www.plantedforests.org\/fr\/?s={search_term_string}"},"query-input":{"@type":"PropertyValueSpecification","valueRequired":true,"valueName":"search_term_string"}}],"inLanguage":"es"},{"@type":"Organization","@id":"https:\/\/www.plantedforests.org\/fr\/#organization","name":"Institut Europ\u00e9en de la For\u00eat Cultiv\u00e9e - Plantedforests.org","url":"https:\/\/www.plantedforests.org\/fr\/","logo":{"@type":"ImageObject","inLanguage":"es","@id":"https:\/\/www.plantedforests.org\/fr\/#\/schema\/logo\/image\/","url":"https:\/\/www.plantedforests.org\/wp-content\/uploads\/2022\/07\/Logo_iefc__FR.png","contentUrl":"https:\/\/www.plantedforests.org\/wp-content\/uploads\/2022\/07\/Logo_iefc__FR.png","width":2031,"height":1001,"caption":"Institut Europ\u00e9en de la For\u00eat Cultiv\u00e9e - Plantedforests.org"},"image":{"@id":"https:\/\/www.plantedforests.org\/fr\/#\/schema\/logo\/image\/"},"sameAs":["https:\/\/x.com\/IEFCPlantForest","https:\/\/www.linkedin.com\/company\/71728047\/"]}]}},"_links":{"self":[{"href":"https:\/\/www.plantedforests.org\/es\/wp-json\/wp\/v2\/pages\/8464","targetHints":{"allow":["GET"]}}],"collection":[{"href":"https:\/\/www.plantedforests.org\/es\/wp-json\/wp\/v2\/pages"}],"about":[{"href":"https:\/\/www.plantedforests.org\/es\/wp-json\/wp\/v2\/types\/page"}],"author":[{"embeddable":true,"href":"https:\/\/www.plantedforests.org\/es\/wp-json\/wp\/v2\/users\/101"}],"replies":[{"embeddable":true,"href":"https:\/\/www.plantedforests.org\/es\/wp-json\/wp\/v2\/comments?post=8464"}],"version-history":[{"count":9,"href":"https:\/\/www.plantedforests.org\/es\/wp-json\/wp\/v2\/pages\/8464\/revisions"}],"predecessor-version":[{"id":8512,"href":"https:\/\/www.plantedforests.org\/es\/wp-json\/wp\/v2\/pages\/8464\/revisions\/8512"}],"wp:attachment":[{"href":"https:\/\/www.plantedforests.org\/es\/wp-json\/wp\/v2\/media?parent=8464"}],"curies":[{"name":"wp","href":"https:\/\/api.w.org\/{rel}","templated":true}]}}