
{"id":13699,"date":"2023-09-15T14:07:49","date_gmt":"2023-09-15T12:07:49","guid":{"rendered":"https:\/\/www.plantedforests.org\/?page_id=13699"},"modified":"2023-10-12T15:27:43","modified_gmt":"2023-10-12T13:27:43","slug":"tentative-agenda","status":"publish","type":"page","link":"https:\/\/www.plantedforests.org\/es\/icpf-2023\/tentative-agenda\/","title":{"rendered":"ICPF 2023 \u2013 Tentative Agenda"},"content":{"rendered":"\n<p class=\"has-text-align-center has-text-color\" style=\"color:#006633\"><strong>5th International Congress on Planted Forests 2023<\/strong><\/p>\n\n\n\n<p class=\"has-text-align-center has-black-color has-text-color\"><strong>Tentative Agenda<\/strong><\/p>\n\n\n\n<p class=\"has-text-align-center has-black-color has-text-color\">Please note that this agenda will be updated when sessions are reorganised, in accordance with the number of speakers who will actually be in attendance.<\/p>\n\n\n<div class=\"wp-block-image\">\n<figure class=\"aligncenter size-large is-resized\"><img fetchpriority=\"high\" decoding=\"async\" src=\"https:\/\/www.plantedforests.org\/wp-content\/uploads\/2023\/10\/Tentative-Agenda_ICPF-20232-1024x805.png\" alt=\"\" class=\"wp-image-14122\" style=\"width:730px;height:573px\" width=\"730\" height=\"573\" srcset=\"https:\/\/www.plantedforests.org\/wp-content\/uploads\/2023\/10\/Tentative-Agenda_ICPF-20232-1024x805.png 1024w, https:\/\/www.plantedforests.org\/wp-content\/uploads\/2023\/10\/Tentative-Agenda_ICPF-20232-300x236.png 300w, https:\/\/www.plantedforests.org\/wp-content\/uploads\/2023\/10\/Tentative-Agenda_ICPF-20232-150x118.png 150w, https:\/\/www.plantedforests.org\/wp-content\/uploads\/2023\/10\/Tentative-Agenda_ICPF-20232-768x603.png 768w, https:\/\/www.plantedforests.org\/wp-content\/uploads\/2023\/10\/Tentative-Agenda_ICPF-20232-1536x1207.png 1536w, https:\/\/www.plantedforests.org\/wp-content\/uploads\/2023\/10\/Tentative-Agenda_ICPF-20232-2048x1609.png 2048w, https:\/\/www.plantedforests.org\/wp-content\/uploads\/2023\/10\/Tentative-Agenda_ICPF-20232-1320x1037.png 1320w\" sizes=\"(max-width: 730px) 100vw, 730px\" \/><\/figure>\n<\/div>\n\n\n<div class=\"wp-block-columns is-layout-flex wp-container-core-columns-is-layout-9d6595d7 wp-block-columns-is-layout-flex\">\n<div class=\"wp-block-column is-layout-flow wp-block-column-is-layout-flow\">\n<div class=\"wp-block-buttons is-content-justification-center is-layout-flex wp-container-core-buttons-is-layout-16018d1d wp-block-buttons-is-layout-flex\">\n<div class=\"wp-block-button has-custom-width wp-block-button__width-75\"><a class=\"wp-block-button__link has-background wp-element-button\" href=\"https:\/\/www.plantedforests.org\/fr\/icpf-2023\/icpf-2023-7-10-november-2023-registration\/\" style=\"background-color:#006633\">REGISTRATION<\/a><\/div>\n<\/div>\n<\/div>\n\n\n\n<div class=\"wp-block-column is-layout-flow wp-block-column-is-layout-flow\">\n<div class=\"wp-block-buttons is-content-justification-center is-layout-flex wp-container-core-buttons-is-layout-16018d1d wp-block-buttons-is-layout-flex\">\n<div class=\"wp-block-button has-custom-width wp-block-button__width-75\"><a class=\"wp-block-button__link has-background wp-element-button\" href=\"https:\/\/www.plantedforests.org\/fr\/icpf-2023\/tentative-agenda\/sessions_and-speakers\/\" style=\"background-color:#006633\">SESSIONS &amp; SPEAKERS<\/a><\/div>\n<\/div>\n<\/div>\n\n\n\n<div class=\"wp-block-column is-layout-flow wp-block-column-is-layout-flow\">\n<div class=\"wp-block-buttons is-content-justification-center is-layout-flex wp-container-core-buttons-is-layout-16018d1d wp-block-buttons-is-layout-flex\">\n<div class=\"wp-block-button\"><a class=\"wp-block-button__link has-background wp-element-button\" href=\"https:\/\/www.plantedforests.org\/icpf-2023\/digital-forum\/\" style=\"background-color:#005533\">DIGITAL FORUM &#8211; 10 November<\/a><\/div>\n<\/div>\n<\/div>\n<\/div>\n\n\n\n<div class=\"wp-block-group is-vertical is-content-justification-center is-layout-flex wp-container-core-group-is-layout-4b2eccd6 wp-block-group-is-layout-flex\">\n<div class=\"wp-block-buttons is-layout-flex wp-block-buttons-is-layout-flex\">\n<div class=\"wp-block-button has-custom-width wp-block-button__width-100\"><a class=\"wp-block-button__link has-background has-text-align-center wp-element-button\" href=\"https:\/\/www.plantedforests.org\/icpf-2023\/field-visit\/\" style=\"background-color:#006633\">FIELD  VISIT<\/a><\/div>\n<\/div>\n<\/div>\n","protected":false},"excerpt":{"rendered":"<p>5th International Congress on Planted Forests 2023 Tentative Agenda Please note that this agenda will be updated when sessions are reorganised, in accordance with the number of speakers who will [&hellip;]<\/p>\n","protected":false},"author":101,"featured_media":0,"parent":7848,"menu_order":0,"comment_status":"closed","ping_status":"closed","template":"","meta":{"_acf_changed":false,"_eb_attr":"","_EventAllDay":false,"_EventTimezone":"","_EventStartDate":"","_EventEndDate":"","_EventStartDateUTC":"","_EventEndDateUTC":"","_EventShowMap":false,"_EventShowMapLink":false,"_EventURL":"","_EventCost":"","_EventCostDescription":"","_EventCurrencySymbol":"","_EventCurrencyCode":"","_EventCurrencyPosition":"","_EventDateTimeSeparator":"","_EventTimeRangeSeparator":"","_EventOrganizerID":[],"_EventVenueID":[],"_OrganizerEmail":"","_OrganizerPhone":"","_OrganizerWebsite":"","_VenueAddress":"","_VenueCity":"","_VenueCountry":"","_VenueProvince":"","_VenueState":"","_VenueZip":"","_VenuePhone":"","_VenueURL":"","_VenueStateProvince":"","_VenueLat":"","_VenueLng":"","_VenueShowMap":false,"_VenueShowMapLink":false,"activitypub_content_warning":"","activitypub_content_visibility":"","activitypub_max_image_attachments":4,"activitypub_interaction_policy_quote":"anyone","activitypub_status":"","footnotes":""},"class_list":["post-13699","page","type-page","status-publish","hentry"],"translation":{"provider":"WPGlobus","version":"3.0.2","language":"es","enabled_languages":["gb","fr","es","pt"],"languages":{"gb":{"title":true,"content":true,"excerpt":false},"fr":{"title":false,"content":false,"excerpt":false},"es":{"title":false,"content":false,"excerpt":false},"pt":{"title":false,"content":false,"excerpt":false}}},"acf":[],"yoast_head":"<!-- This site is optimized with the Yoast SEO plugin v27.5 - https:\/\/yoast.com\/product\/yoast-seo-wordpress\/ -->\n<title>ICPF 2023 \u2013 Tentative Agenda - Instituto Europeo Del Bosque Cultivado - IEFC<\/title>\n<meta name=\"robots\" content=\"index, follow, max-snippet:-1, max-image-preview:large, max-video-preview:-1\" \/>\n<link rel=\"canonical\" href=\"https:\/\/www.plantedforests.org\/es\/icpf-2023\/tentative-agenda\/\" \/>\n<meta property=\"og:locale\" content=\"es_ES\" \/>\n<meta property=\"og:type\" content=\"article\" \/>\n<meta property=\"og:title\" content=\"ICPF 2023 \u2013 Tentative Agenda - Instituto Europeo Del Bosque Cultivado - IEFC\" \/>\n<meta property=\"og:url\" content=\"https:\/\/www.plantedforests.org\/es\/icpf-2023\/tentative-agenda\/\" \/>\n<meta property=\"og:site_name\" content=\"Instituto Europeo Del Bosque Cultivado - IEFC\" \/>\n<meta property=\"article:modified_time\" content=\"2023-10-12T13:27:43+00:00\" \/>\n<meta property=\"og:image\" content=\"https:\/\/www.plantedforests.org\/wp-content\/uploads\/2023\/10\/Tentative-Agenda_ICPF-20232-1024x805.png\" \/>\n<meta name=\"twitter:card\" content=\"summary_large_image\" \/>\n<meta name=\"twitter:site\" content=\"@IEFCPlantForest\" \/>\n<meta name=\"twitter:label1\" content=\"Tiempo de lectura\" \/>\n\t<meta name=\"twitter:data1\" content=\"1 minuto\" \/>\n<script type=\"application\/ld+json\" class=\"yoast-schema-graph\">{\"@context\":\"https:\\\/\\\/schema.org\",\"@graph\":[{\"@type\":\"WebPage\",\"@id\":\"https:\\\/\\\/www.plantedforests.org\\\/es\\\/icpf-2023\\\/tentative-agenda\\\/\",\"url\":\"https:\\\/\\\/www.plantedforests.org\\\/es\\\/icpf-2023\\\/tentative-agenda\\\/\",\"name\":\"ICPF 2023 \u2013 Tentative Agenda - Instituto Europeo Del Bosque Cultivado - IEFC\",\"isPartOf\":{\"@id\":\"https:\\\/\\\/www.plantedforests.org\\\/fr\\\/#website\"},\"primaryImageOfPage\":{\"@id\":\"https:\\\/\\\/www.plantedforests.org\\\/es\\\/icpf-2023\\\/tentative-agenda\\\/#primaryimage\"},\"image\":{\"@id\":\"https:\\\/\\\/www.plantedforests.org\\\/es\\\/icpf-2023\\\/tentative-agenda\\\/#primaryimage\"},\"thumbnailUrl\":\"https:\\\/\\\/www.plantedforests.org\\\/wp-content\\\/uploads\\\/2023\\\/10\\\/Tentative-Agenda_ICPF-20232-1024x805.png\",\"datePublished\":\"2023-09-15T12:07:49+00:00\",\"dateModified\":\"2023-10-12T13:27:43+00:00\",\"breadcrumb\":{\"@id\":\"https:\\\/\\\/www.plantedforests.org\\\/es\\\/icpf-2023\\\/tentative-agenda\\\/#breadcrumb\"},\"inLanguage\":\"es\",\"potentialAction\":[{\"@type\":\"ReadAction\",\"target\":[\"https:\\\/\\\/www.plantedforests.org\\\/es\\\/icpf-2023\\\/tentative-agenda\\\/\"]}]},{\"@type\":\"ImageObject\",\"inLanguage\":\"es\",\"@id\":\"https:\\\/\\\/www.plantedforests.org\\\/es\\\/icpf-2023\\\/tentative-agenda\\\/#primaryimage\",\"url\":\"https:\\\/\\\/www.plantedforests.org\\\/wp-content\\\/uploads\\\/2023\\\/10\\\/Tentative-Agenda_ICPF-20232-1024x805.png\",\"contentUrl\":\"https:\\\/\\\/www.plantedforests.org\\\/wp-content\\\/uploads\\\/2023\\\/10\\\/Tentative-Agenda_ICPF-20232-1024x805.png\"},{\"@type\":\"BreadcrumbList\",\"@id\":\"https:\\\/\\\/www.plantedforests.org\\\/es\\\/icpf-2023\\\/tentative-agenda\\\/#breadcrumb\",\"itemListElement\":[{\"@type\":\"ListItem\",\"position\":1,\"name\":\"Accueil\",\"item\":\"https:\\\/\\\/www.plantedforests.org\\\/\"},{\"@type\":\"ListItem\",\"position\":2,\"name\":\"ICPF 2023\",\"item\":\"https:\\\/\\\/www.plantedforests.org\\\/pt\\\/icpf-2023\\\/\"},{\"@type\":\"ListItem\",\"position\":3,\"name\":\"ICPF 2023 \u2013 Tentative Agenda\"}]},{\"@type\":\"WebSite\",\"@id\":\"https:\\\/\\\/www.plantedforests.org\\\/fr\\\/#website\",\"url\":\"https:\\\/\\\/www.plantedforests.org\\\/fr\\\/\",\"name\":\"Instituto Europeo Del Bosque Cultivado - IEFC\",\"description\":\"La red para la gesti\u00f3n sostenible y la resiliencia de los bosques cultivados \",\"publisher\":{\"@id\":\"https:\\\/\\\/www.plantedforests.org\\\/fr\\\/#organization\"},\"potentialAction\":[{\"@type\":\"SearchAction\",\"target\":{\"@type\":\"EntryPoint\",\"urlTemplate\":\"https:\\\/\\\/www.plantedforests.org\\\/fr\\\/?s={search_term_string}\"},\"query-input\":{\"@type\":\"PropertyValueSpecification\",\"valueRequired\":true,\"valueName\":\"search_term_string\"}}],\"inLanguage\":\"es\"},{\"@type\":\"Organization\",\"@id\":\"https:\\\/\\\/www.plantedforests.org\\\/fr\\\/#organization\",\"name\":\"Institut Europ\u00e9en de la For\u00eat Cultiv\u00e9e - Plantedforests.org\",\"url\":\"https:\\\/\\\/www.plantedforests.org\\\/fr\\\/\",\"logo\":{\"@type\":\"ImageObject\",\"inLanguage\":\"es\",\"@id\":\"https:\\\/\\\/www.plantedforests.org\\\/fr\\\/#\\\/schema\\\/logo\\\/image\\\/\",\"url\":\"https:\\\/\\\/www.plantedforests.org\\\/wp-content\\\/uploads\\\/2022\\\/07\\\/Logo_iefc__FR.png\",\"contentUrl\":\"https:\\\/\\\/www.plantedforests.org\\\/wp-content\\\/uploads\\\/2022\\\/07\\\/Logo_iefc__FR.png\",\"width\":2031,\"height\":1001,\"caption\":\"Institut Europ\u00e9en de la For\u00eat Cultiv\u00e9e - Plantedforests.org\"},\"image\":{\"@id\":\"https:\\\/\\\/www.plantedforests.org\\\/fr\\\/#\\\/schema\\\/logo\\\/image\\\/\"},\"sameAs\":[\"https:\\\/\\\/x.com\\\/IEFCPlantForest\",\"https:\\\/\\\/www.linkedin.com\\\/company\\\/71728047\\\/\"]}]}<\/script>\n<!-- \/ Yoast SEO plugin. -->","yoast_head_json":{"title":"ICPF 2023 \u2013 Tentative Agenda - Instituto Europeo Del Bosque Cultivado - IEFC","robots":{"index":"index","follow":"follow","max-snippet":"max-snippet:-1","max-image-preview":"max-image-preview:large","max-video-preview":"max-video-preview:-1"},"canonical":"https:\/\/www.plantedforests.org\/es\/icpf-2023\/tentative-agenda\/","og_locale":"es_ES","og_type":"article","og_title":"ICPF 2023 \u2013 Tentative Agenda - Instituto Europeo Del Bosque Cultivado - IEFC","og_url":"https:\/\/www.plantedforests.org\/es\/icpf-2023\/tentative-agenda\/","og_site_name":"Instituto Europeo Del Bosque Cultivado - IEFC","article_modified_time":"2023-10-12T13:27:43+00:00","og_image":[{"url":"https:\/\/www.plantedforests.org\/wp-content\/uploads\/2023\/10\/Tentative-Agenda_ICPF-20232-1024x805.png","type":"","width":"","height":""}],"twitter_card":"summary_large_image","twitter_site":"@IEFCPlantForest","twitter_misc":{"Tiempo de lectura":"1 minuto"},"schema":{"@context":"https:\/\/schema.org","@graph":[{"@type":"WebPage","@id":"https:\/\/www.plantedforests.org\/es\/icpf-2023\/tentative-agenda\/","url":"https:\/\/www.plantedforests.org\/es\/icpf-2023\/tentative-agenda\/","name":"ICPF 2023 \u2013 Tentative Agenda - Instituto Europeo Del Bosque Cultivado - IEFC","isPartOf":{"@id":"https:\/\/www.plantedforests.org\/fr\/#website"},"primaryImageOfPage":{"@id":"https:\/\/www.plantedforests.org\/es\/icpf-2023\/tentative-agenda\/#primaryimage"},"image":{"@id":"https:\/\/www.plantedforests.org\/es\/icpf-2023\/tentative-agenda\/#primaryimage"},"thumbnailUrl":"https:\/\/www.plantedforests.org\/wp-content\/uploads\/2023\/10\/Tentative-Agenda_ICPF-20232-1024x805.png","datePublished":"2023-09-15T12:07:49+00:00","dateModified":"2023-10-12T13:27:43+00:00","breadcrumb":{"@id":"https:\/\/www.plantedforests.org\/es\/icpf-2023\/tentative-agenda\/#breadcrumb"},"inLanguage":"es","potentialAction":[{"@type":"ReadAction","target":["https:\/\/www.plantedforests.org\/es\/icpf-2023\/tentative-agenda\/"]}]},{"@type":"ImageObject","inLanguage":"es","@id":"https:\/\/www.plantedforests.org\/es\/icpf-2023\/tentative-agenda\/#primaryimage","url":"https:\/\/www.plantedforests.org\/wp-content\/uploads\/2023\/10\/Tentative-Agenda_ICPF-20232-1024x805.png","contentUrl":"https:\/\/www.plantedforests.org\/wp-content\/uploads\/2023\/10\/Tentative-Agenda_ICPF-20232-1024x805.png"},{"@type":"BreadcrumbList","@id":"https:\/\/www.plantedforests.org\/es\/icpf-2023\/tentative-agenda\/#breadcrumb","itemListElement":[{"@type":"ListItem","position":1,"name":"Accueil","item":"https:\/\/www.plantedforests.org\/"},{"@type":"ListItem","position":2,"name":"ICPF 2023","item":"https:\/\/www.plantedforests.org\/pt\/icpf-2023\/"},{"@type":"ListItem","position":3,"name":"ICPF 2023 \u2013 Tentative Agenda"}]},{"@type":"WebSite","@id":"https:\/\/www.plantedforests.org\/fr\/#website","url":"https:\/\/www.plantedforests.org\/fr\/","name":"Instituto Europeo Del Bosque Cultivado - IEFC","description":"La red para la gesti\u00f3n sostenible y la resiliencia de los bosques cultivados ","publisher":{"@id":"https:\/\/www.plantedforests.org\/fr\/#organization"},"potentialAction":[{"@type":"SearchAction","target":{"@type":"EntryPoint","urlTemplate":"https:\/\/www.plantedforests.org\/fr\/?s={search_term_string}"},"query-input":{"@type":"PropertyValueSpecification","valueRequired":true,"valueName":"search_term_string"}}],"inLanguage":"es"},{"@type":"Organization","@id":"https:\/\/www.plantedforests.org\/fr\/#organization","name":"Institut Europ\u00e9en de la For\u00eat Cultiv\u00e9e - Plantedforests.org","url":"https:\/\/www.plantedforests.org\/fr\/","logo":{"@type":"ImageObject","inLanguage":"es","@id":"https:\/\/www.plantedforests.org\/fr\/#\/schema\/logo\/image\/","url":"https:\/\/www.plantedforests.org\/wp-content\/uploads\/2022\/07\/Logo_iefc__FR.png","contentUrl":"https:\/\/www.plantedforests.org\/wp-content\/uploads\/2022\/07\/Logo_iefc__FR.png","width":2031,"height":1001,"caption":"Institut Europ\u00e9en de la For\u00eat Cultiv\u00e9e - Plantedforests.org"},"image":{"@id":"https:\/\/www.plantedforests.org\/fr\/#\/schema\/logo\/image\/"},"sameAs":["https:\/\/x.com\/IEFCPlantForest","https:\/\/www.linkedin.com\/company\/71728047\/"]}]}},"_links":{"self":[{"href":"https:\/\/www.plantedforests.org\/es\/wp-json\/wp\/v2\/pages\/13699","targetHints":{"allow":["GET"]}}],"collection":[{"href":"https:\/\/www.plantedforests.org\/es\/wp-json\/wp\/v2\/pages"}],"about":[{"href":"https:\/\/www.plantedforests.org\/es\/wp-json\/wp\/v2\/types\/page"}],"author":[{"embeddable":true,"href":"https:\/\/www.plantedforests.org\/es\/wp-json\/wp\/v2\/users\/101"}],"replies":[{"embeddable":true,"href":"https:\/\/www.plantedforests.org\/es\/wp-json\/wp\/v2\/comments?post=13699"}],"version-history":[{"count":23,"href":"https:\/\/www.plantedforests.org\/es\/wp-json\/wp\/v2\/pages\/13699\/revisions"}],"predecessor-version":[{"id":14124,"href":"https:\/\/www.plantedforests.org\/es\/wp-json\/wp\/v2\/pages\/13699\/revisions\/14124"}],"up":[{"embeddable":true,"href":"https:\/\/www.plantedforests.org\/es\/wp-json\/wp\/v2\/pages\/7848"}],"wp:attachment":[{"href":"https:\/\/www.plantedforests.org\/es\/wp-json\/wp\/v2\/media?parent=13699"}],"curies":[{"name":"wp","href":"https:\/\/api.w.org\/{rel}","templated":true}]}}